{"id":679,"date":"2016-09-19T13:08:53","date_gmt":"2016-09-19T11:08:53","guid":{"rendered":"http:\/\/www.windenergietage.de\/?page_id=679"},"modified":"2024-10-24T21:21:14","modified_gmt":"2024-10-24T19:21:14","slug":"unterstuetzerkatalog","status":"publish","type":"page","link":"https:\/\/windenergietage.de\/2024\/unterstuetzerkatalog\/","title":{"rendered":"Unterst\u00fctzer"},"content":{"rendered":"<h5><a href=\"https:\/\/windenergietage.de\/2024\/wp-content\/uploads\/sites\/9\/2024\/10\/241017-Unterstuetzerkatalog-Linstow-2024-komplett.pdf\" target=\"_blank\" rel=\"noopener\">UNTERST\u00dcTZER KATALOG: IHRE W\u00dcNSCHE &#8211; ALLE M\u00d6GLICHKEITEN<\/a><\/h5>\n<p>(Stand 17.10.2024)<\/p>\n<p><a href=\"https:\/\/windenergietage.de\/2024\/wp-content\/uploads\/sites\/9\/2024\/10\/241017-Unterstuetzerkatalog-Linstow-2024-komplett.pdf\" target=\"_blank\" rel=\"noopener\"><img loading=\"lazy\" decoding=\"async\" class=\"alignnone wp-image-4980 size-large\" src=\"https:\/\/windenergietage.de\/2024\/wp-content\/uploads\/sites\/9\/2024\/02\/Preview-Unterstuetzerkatalog-Linstow-2024-1024x768.png\" alt=\"\" width=\"640\" height=\"480\" srcset=\"https:\/\/windenergietage.de\/2024\/wp-content\/uploads\/sites\/9\/2024\/02\/Preview-Unterstuetzerkatalog-Linstow-2024-1024x768.png 1024w, https:\/\/windenergietage.de\/2024\/wp-content\/uploads\/sites\/9\/2024\/02\/Preview-Unterstuetzerkatalog-Linstow-2024-300x225.png 300w, https:\/\/windenergietage.de\/2024\/wp-content\/uploads\/sites\/9\/2024\/02\/Preview-Unterstuetzerkatalog-Linstow-2024-768x576.png 768w, https:\/\/windenergietage.de\/2024\/wp-content\/uploads\/sites\/9\/2024\/02\/Preview-Unterstuetzerkatalog-Linstow-2024.png 1200w\" sizes=\"auto, (max-width: 640px) 100vw, 640px\" \/><\/a><\/p>\n<p style=\"text-align: center\"><strong>Premiumsponsoren<br \/>\n<\/strong><a href=\"https:\/\/www.dkb.de\/\" target=\"_blank\" rel=\"noopener\"><img loading=\"lazy\" decoding=\"async\" class=\"alignnone wp-image-690 size-full\" src=\"https:\/\/windenergietage.de\/2022\/wp-content\/uploads\/sites\/7\/2016\/10\/DKB_web.png\" alt=\"\" width=\"156\" height=\"118\" \/><\/a><br \/>\n<strong>RWE Plaza<br \/>\n<a href=\"https:\/\/www.rwe.com\" target=\"_blank\" rel=\"noopener\"><img loading=\"lazy\" decoding=\"async\" class=\"alignnone wp-image-4936\" src=\"https:\/\/windenergietage.de\/2024\/wp-content\/uploads\/sites\/9\/2018\/01\/RWE_Logo-2019_Blue_sRGB-1024x294.png\" alt=\"\" width=\"157\" height=\"45\" srcset=\"https:\/\/windenergietage.de\/2024\/wp-content\/uploads\/sites\/9\/2018\/01\/RWE_Logo-2019_Blue_sRGB-1024x294.png 1024w, https:\/\/windenergietage.de\/2024\/wp-content\/uploads\/sites\/9\/2018\/01\/RWE_Logo-2019_Blue_sRGB-300x86.png 300w, https:\/\/windenergietage.de\/2024\/wp-content\/uploads\/sites\/9\/2018\/01\/RWE_Logo-2019_Blue_sRGB-768x220.png 768w, https:\/\/windenergietage.de\/2024\/wp-content\/uploads\/sites\/9\/2018\/01\/RWE_Logo-2019_Blue_sRGB-1536x441.png 1536w, https:\/\/windenergietage.de\/2024\/wp-content\/uploads\/sites\/9\/2018\/01\/RWE_Logo-2019_Blue_sRGB.png 2000w\" sizes=\"auto, (max-width: 157px) 100vw, 157px\" \/><\/a><br \/>\n<\/strong><\/p>\n<p style=\"text-align: center\"><strong>Begr\u00fc\u00dfungstaschen<br \/>\n<a href=\"https:\/\/www.eon.de\/de\/pk.html\" target=\"_blank\" rel=\"noopener\"><img loading=\"lazy\" decoding=\"async\" class=\"alignnone wp-image-977 size-full\" src=\"https:\/\/windenergietage.de\/2022\/wp-content\/uploads\/sites\/7\/2016\/05\/eon_web.png\" alt=\"\" width=\"156\" height=\"118\" \/><\/a><br \/>\nmit Naschboxen von<br \/>\n<a href=\"https:\/\/www.reyher.de\/\" target=\"_blank\" rel=\"noopener\"><img loading=\"lazy\" decoding=\"async\" class=\"alignnone wp-image-979 size-full\" src=\"https:\/\/windenergietage.de\/2024\/wp-content\/uploads\/sites\/9\/2016\/05\/Reyher_web.png\" alt=\"\" width=\"156\" height=\"118\" \/><\/a><br \/>\n<\/strong><\/p>\n<p style=\"text-align: center\"><strong>Namensschilder<\/strong><\/p>\n<p style=\"text-align: center\"><a href=\"https:\/\/www.oelservice-gmbh.de\/de\/\" target=\"_blank\" rel=\"noopener\"><img loading=\"lazy\" decoding=\"async\" class=\"alignnone wp-image-3787\" src=\"https:\/\/windenergietage.de\/2022\/wp-content\/uploads\/sites\/7\/2022\/02\/CD-O\u0308lservice-Logo.png\" alt=\"\" width=\"156\" height=\"28\" \/><\/a><a href=\"https:\/\/de.ramboll.com\/\" target=\"_blank\" rel=\"noopener\"><br \/>\n<img loading=\"lazy\" decoding=\"async\" class=\"wp-image-965 size-full aligncenter\" src=\"https:\/\/windenergietage.de\/2022\/wp-content\/uploads\/sites\/7\/2016\/05\/Ramboll_web.png\" alt=\"\" width=\"156\" height=\"118\" \/><\/a><strong>Taschenlampen Zimmerschl\u00fcssel<br \/>\n<a href=\"https:\/\/www.hseq-experts.com\/\" target=\"_blank\" rel=\"noopener\"><img loading=\"lazy\" decoding=\"async\" class=\"alignnone wp-image-4152\" src=\"https:\/\/windenergietage.de\/2022\/wp-content\/uploads\/sites\/7\/2022\/07\/HSEQ-Experts-GmbH.png\" alt=\"\" width=\"156\" height=\"53\" srcset=\"https:\/\/windenergietage.de\/2024\/wp-content\/uploads\/sites\/9\/2022\/07\/HSEQ-Experts-GmbH.png 2700w, https:\/\/windenergietage.de\/2024\/wp-content\/uploads\/sites\/9\/2022\/07\/HSEQ-Experts-GmbH-300x102.png 300w, https:\/\/windenergietage.de\/2024\/wp-content\/uploads\/sites\/9\/2022\/07\/HSEQ-Experts-GmbH-1024x348.png 1024w, https:\/\/windenergietage.de\/2024\/wp-content\/uploads\/sites\/9\/2022\/07\/HSEQ-Experts-GmbH-768x261.png 768w, https:\/\/windenergietage.de\/2024\/wp-content\/uploads\/sites\/9\/2022\/07\/HSEQ-Experts-GmbH-1536x522.png 1536w, https:\/\/windenergietage.de\/2024\/wp-content\/uploads\/sites\/9\/2022\/07\/HSEQ-Experts-GmbH-2048x696.png 2048w\" sizes=\"auto, (max-width: 156px) 100vw, 156px\" \/><\/a><br \/>\n<\/strong><\/p>\n<p style=\"text-align: center\"><strong>Schl\u00fcsselb\u00e4nder<br \/>\n<\/strong><a href=\"https:\/\/www.baywa-re.de\/de\/\" target=\"_blank\" rel=\"noopener\"><img loading=\"lazy\" decoding=\"async\" class=\"alignnone wp-image-3296 aligncenter\" src=\"https:\/\/windenergietage.de\/2022\/wp-content\/uploads\/sites\/7\/2018\/01\/BayWa.re_.jpg\" alt=\"\" width=\"157\" height=\"60\" srcset=\"https:\/\/windenergietage.de\/2024\/wp-content\/uploads\/sites\/9\/2018\/01\/BayWa.re_.jpg 596w, https:\/\/windenergietage.de\/2024\/wp-content\/uploads\/sites\/9\/2018\/01\/BayWa.re_-300x115.jpg 300w\" sizes=\"auto, (max-width: 157px) 100vw, 157px\" \/><\/a><\/p>\n<p style=\"text-align: center\"><strong>Wasser auf den Resort-Zimmern<br \/>\n<a href=\"https:\/\/telis-energie.de\/\" target=\"_blank\" rel=\"noopener\"><img loading=\"lazy\" decoding=\"async\" class=\"alignnone wp-image-5268\" src=\"https:\/\/windenergietage.de\/2024\/wp-content\/uploads\/sites\/9\/2024\/08\/telis-Deutschland-1024x241.png\" alt=\"\" width=\"157\" height=\"37\" srcset=\"https:\/\/windenergietage.de\/2024\/wp-content\/uploads\/sites\/9\/2024\/08\/telis-Deutschland-1024x241.png 1024w, https:\/\/windenergietage.de\/2024\/wp-content\/uploads\/sites\/9\/2024\/08\/telis-Deutschland-300x70.png 300w, https:\/\/windenergietage.de\/2024\/wp-content\/uploads\/sites\/9\/2024\/08\/telis-Deutschland-768x180.png 768w, https:\/\/windenergietage.de\/2024\/wp-content\/uploads\/sites\/9\/2024\/08\/telis-Deutschland-1536x361.png 1536w, https:\/\/windenergietage.de\/2024\/wp-content\/uploads\/sites\/9\/2024\/08\/telis-Deutschland.png 1681w\" sizes=\"auto, (max-width: 157px) 100vw, 157px\" \/><\/a><br \/>\n<\/strong><\/p>\n<p style=\"text-align: center\"><strong>Servietten<br \/>\n<\/strong><strong><a href=\"https:\/\/www.airwin.de\/\" target=\"_blank\" rel=\"noopener\"><img loading=\"lazy\" decoding=\"async\" class=\"alignnone wp-image-3957\" src=\"https:\/\/windenergietage.de\/2022\/wp-content\/uploads\/sites\/7\/2022\/03\/Airwin.png\" alt=\"\" width=\"156\" height=\"110\" \/><\/a><br \/>\nRestaurants &amp; Caf\u00e9`s<\/strong><\/p>\n<p style=\"text-align: center\"><a href=\"https:\/\/www.juwi.de\/\" target=\"_blank\" rel=\"noopener\"><img loading=\"lazy\" decoding=\"async\" class=\"alignnone wp-image-4498\" src=\"https:\/\/windenergietage.de\/2024\/wp-content\/uploads\/sites\/9\/2018\/01\/JUWI_Logo_mit_Verlauf_Digital_sRGB-scaled-1-1024x292.jpg\" alt=\"\" width=\"156\" height=\"45\" srcset=\"https:\/\/windenergietage.de\/2024\/wp-content\/uploads\/sites\/9\/2018\/01\/JUWI_Logo_mit_Verlauf_Digital_sRGB-scaled-1-1024x292.jpg 1024w, https:\/\/windenergietage.de\/2024\/wp-content\/uploads\/sites\/9\/2018\/01\/JUWI_Logo_mit_Verlauf_Digital_sRGB-scaled-1-300x86.jpg 300w, https:\/\/windenergietage.de\/2024\/wp-content\/uploads\/sites\/9\/2018\/01\/JUWI_Logo_mit_Verlauf_Digital_sRGB-scaled-1-768x219.jpg 768w, https:\/\/windenergietage.de\/2024\/wp-content\/uploads\/sites\/9\/2018\/01\/JUWI_Logo_mit_Verlauf_Digital_sRGB-scaled-1-1536x439.jpg 1536w, https:\/\/windenergietage.de\/2024\/wp-content\/uploads\/sites\/9\/2018\/01\/JUWI_Logo_mit_Verlauf_Digital_sRGB-scaled-1-2048x585.jpg 2048w\" sizes=\"auto, (max-width: 156px) 100vw, 156px\" \/><\/a><\/p>\n<p style=\"text-align: center\"><a href=\"https:\/\/www.mvv.de\/\" target=\"_blank\" rel=\"noopener\"><img loading=\"lazy\" decoding=\"async\" class=\"wp-image-4871 aligncenter\" src=\"https:\/\/windenergietage.de\/2024\/wp-content\/uploads\/sites\/9\/2023\/12\/MVV_Logo-1024x727.png\" alt=\"\" width=\"156\" height=\"111\" srcset=\"https:\/\/windenergietage.de\/2024\/wp-content\/uploads\/sites\/9\/2023\/12\/MVV_Logo-1024x727.png 1024w, https:\/\/windenergietage.de\/2024\/wp-content\/uploads\/sites\/9\/2023\/12\/MVV_Logo-300x213.png 300w, https:\/\/windenergietage.de\/2024\/wp-content\/uploads\/sites\/9\/2023\/12\/MVV_Logo-768x545.png 768w, https:\/\/windenergietage.de\/2024\/wp-content\/uploads\/sites\/9\/2023\/12\/MVV_Logo-1536x1090.png 1536w, https:\/\/windenergietage.de\/2024\/wp-content\/uploads\/sites\/9\/2023\/12\/MVV_Logo-2048x1453.png 2048w\" sizes=\"auto, (max-width: 156px) 100vw, 156px\" \/><\/a><br \/>\n<a href=\"http:\/\/https:\/\/www.baywa-re.de\/de\/\" target=\"_blank\" rel=\"noopener\"><img loading=\"lazy\" decoding=\"async\" class=\"wp-image-3296 aligncenter\" src=\"https:\/\/windenergietage.de\/2024\/wp-content\/uploads\/sites\/9\/2018\/01\/BayWa.re_.jpg\" alt=\"\" width=\"157\" height=\"60\" srcset=\"https:\/\/windenergietage.de\/2024\/wp-content\/uploads\/sites\/9\/2018\/01\/BayWa.re_.jpg 596w, https:\/\/windenergietage.de\/2024\/wp-content\/uploads\/sites\/9\/2018\/01\/BayWa.re_-300x115.jpg 300w\" sizes=\"auto, (max-width: 157px) 100vw, 157px\" \/><\/a><br \/>\n<a href=\"https:\/\/top-vlm.de\/\" target=\"_blank\" rel=\"noopener\"><img loading=\"lazy\" decoding=\"async\" class=\"wp-image-2378 size-full aligncenter\" src=\"https:\/\/windenergietage.de\/2024\/wp-content\/uploads\/sites\/9\/2018\/06\/TOP_bearbeitet_web.png\" alt=\"\" width=\"156\" height=\"118\" \/><\/a><a href=\"https:\/\/www.iberdrola.de\/\" target=\"_blank\" rel=\"noopener\"><img loading=\"lazy\" decoding=\"async\" class=\"alignnone wp-image-5153\" src=\"https:\/\/windenergietage.de\/2024\/wp-content\/uploads\/sites\/9\/2024\/06\/Iberdrola-1024x217.png\" alt=\"\" width=\"156\" height=\"33\" srcset=\"https:\/\/windenergietage.de\/2024\/wp-content\/uploads\/sites\/9\/2024\/06\/Iberdrola-1024x217.png 1024w, https:\/\/windenergietage.de\/2024\/wp-content\/uploads\/sites\/9\/2024\/06\/Iberdrola-300x64.png 300w, https:\/\/windenergietage.de\/2024\/wp-content\/uploads\/sites\/9\/2024\/06\/Iberdrola-768x163.png 768w, https:\/\/windenergietage.de\/2024\/wp-content\/uploads\/sites\/9\/2024\/06\/Iberdrola-1536x326.png 1536w, https:\/\/windenergietage.de\/2024\/wp-content\/uploads\/sites\/9\/2024\/06\/Iberdrola-2048x435.png 2048w\" sizes=\"auto, (max-width: 156px) 100vw, 156px\" \/><\/a><\/p>\n<p style=\"text-align: center\"><a href=\"https:\/\/www.sanyglobal.com\/de\/\" target=\"_blank\" rel=\"noopener\"><img loading=\"lazy\" decoding=\"async\" class=\"alignnone wp-image-5270\" src=\"https:\/\/windenergietage.de\/2024\/wp-content\/uploads\/sites\/9\/2024\/08\/SANY-Europe.jpg\" alt=\"\" width=\"156\" height=\"41\" srcset=\"https:\/\/windenergietage.de\/2024\/wp-content\/uploads\/sites\/9\/2024\/08\/SANY-Europe.jpg 400w, https:\/\/windenergietage.de\/2024\/wp-content\/uploads\/sites\/9\/2024\/08\/SANY-Europe-300x80.jpg 300w\" sizes=\"auto, (max-width: 156px) 100vw, 156px\" \/><\/a><\/p>\n<p style=\"text-align: center\"><a href=\"https:\/\/www.rwe.com\" target=\"_blank\" rel=\"noopener\"><img loading=\"lazy\" decoding=\"async\" class=\"alignnone wp-image-4936\" src=\"https:\/\/windenergietage.de\/2024\/wp-content\/uploads\/sites\/9\/2018\/01\/RWE_Logo-2019_Blue_sRGB-1024x294.png\" alt=\"\" width=\"156\" height=\"45\" srcset=\"https:\/\/windenergietage.de\/2024\/wp-content\/uploads\/sites\/9\/2018\/01\/RWE_Logo-2019_Blue_sRGB-1024x294.png 1024w, https:\/\/windenergietage.de\/2024\/wp-content\/uploads\/sites\/9\/2018\/01\/RWE_Logo-2019_Blue_sRGB-300x86.png 300w, https:\/\/windenergietage.de\/2024\/wp-content\/uploads\/sites\/9\/2018\/01\/RWE_Logo-2019_Blue_sRGB-768x220.png 768w, https:\/\/windenergietage.de\/2024\/wp-content\/uploads\/sites\/9\/2018\/01\/RWE_Logo-2019_Blue_sRGB-1536x441.png 1536w, https:\/\/windenergietage.de\/2024\/wp-content\/uploads\/sites\/9\/2018\/01\/RWE_Logo-2019_Blue_sRGB.png 2000w\" sizes=\"auto, (max-width: 156px) 100vw, 156px\" \/><\/a><br \/>\n<a href=\"https:\/\/www.alterric.com\/\" target=\"_blank\" rel=\"noopener\"><img loading=\"lazy\" decoding=\"async\" class=\"alignnone wp-image-3784\" src=\"https:\/\/windenergietage.de\/2024\/wp-content\/uploads\/sites\/9\/2018\/01\/alterric-logo.png\" alt=\"\" width=\"156\" height=\"35\" srcset=\"https:\/\/windenergietage.de\/2024\/wp-content\/uploads\/sites\/9\/2018\/01\/alterric-logo.png 500w, https:\/\/windenergietage.de\/2024\/wp-content\/uploads\/sites\/9\/2018\/01\/alterric-logo-300x67.png 300w\" sizes=\"auto, (max-width: 156px) 100vw, 156px\" \/><\/a><\/p>\n<p style=\"text-align: center\"><a href=\"https:\/\/businessinwind.com\/\" target=\"_blank\" rel=\"noopener\"><img loading=\"lazy\" decoding=\"async\" class=\"alignnone wp-image-5271\" src=\"https:\/\/windenergietage.de\/2024\/wp-content\/uploads\/sites\/9\/2024\/08\/Business-in-Wind.png\" alt=\"\" width=\"156\" height=\"36\" srcset=\"https:\/\/windenergietage.de\/2024\/wp-content\/uploads\/sites\/9\/2024\/08\/Business-in-Wind.png 650w, https:\/\/windenergietage.de\/2024\/wp-content\/uploads\/sites\/9\/2024\/08\/Business-in-Wind-300x69.png 300w\" sizes=\"auto, (max-width: 156px) 100vw, 156px\" \/><\/a><br \/>\n<a href=\"https:\/\/www.verbund.com\/\" target=\"_blank\" rel=\"noopener\"><img loading=\"lazy\" decoding=\"async\" class=\"alignnone wp-image-5527\" src=\"https:\/\/windenergietage.de\/2024\/wp-content\/uploads\/sites\/9\/2024\/10\/VERBUND.jpeg\" alt=\"\" width=\"156\" height=\"72\" \/><\/a><\/p>\n<p style=\"text-align: center\"><a href=\"https:\/\/www.uka-gruppe.de\/\" target=\"_blank\" rel=\"noopener\"><img loading=\"lazy\" decoding=\"async\" class=\"wp-image-3623 aligncenter\" src=\"https:\/\/windenergietage.de\/2024\/wp-content\/uploads\/sites\/9\/2020\/05\/UKA_Logo_4c-1024x710.png\" alt=\"\" width=\"156\" height=\"108\" srcset=\"https:\/\/windenergietage.de\/2024\/wp-content\/uploads\/sites\/9\/2020\/05\/UKA_Logo_4c-1024x710.png 1024w, https:\/\/windenergietage.de\/2024\/wp-content\/uploads\/sites\/9\/2020\/05\/UKA_Logo_4c-300x208.png 300w, https:\/\/windenergietage.de\/2024\/wp-content\/uploads\/sites\/9\/2020\/05\/UKA_Logo_4c-768x532.png 768w, https:\/\/windenergietage.de\/2024\/wp-content\/uploads\/sites\/9\/2020\/05\/UKA_Logo_4c.png 1072w\" sizes=\"auto, (max-width: 156px) 100vw, 156px\" \/><\/a><a href=\"https:\/\/www.lanthan-safe-sky.com\/\" target=\"_blank\" rel=\"noopener\"><img loading=\"lazy\" decoding=\"async\" class=\"alignnone wp-image-4456\" src=\"https:\/\/windenergietage.de\/2024\/wp-content\/uploads\/sites\/9\/2022\/10\/Lanthan-safe-Sky-1006x1024.jpg\" alt=\"\" width=\"156\" height=\"159\" srcset=\"https:\/\/windenergietage.de\/2024\/wp-content\/uploads\/sites\/9\/2022\/10\/Lanthan-safe-Sky-1006x1024.jpg 1006w, https:\/\/windenergietage.de\/2024\/wp-content\/uploads\/sites\/9\/2022\/10\/Lanthan-safe-Sky-295x300.jpg 295w, https:\/\/windenergietage.de\/2024\/wp-content\/uploads\/sites\/9\/2022\/10\/Lanthan-safe-Sky-768x782.jpg 768w, https:\/\/windenergietage.de\/2024\/wp-content\/uploads\/sites\/9\/2022\/10\/Lanthan-safe-Sky-1509x1536.jpg 1509w, https:\/\/windenergietage.de\/2024\/wp-content\/uploads\/sites\/9\/2022\/10\/Lanthan-safe-Sky-2013x2048.jpg 2013w\" sizes=\"auto, (max-width: 156px) 100vw, 156px\" \/><\/a><br \/>\n<a href=\"https:\/\/www.aboenergy.com\/de\/\" target=\"_blank\" rel=\"noopener\"><img loading=\"lazy\" decoding=\"async\" class=\"alignnone wp-image-5404\" src=\"https:\/\/windenergietage.de\/2024\/wp-content\/uploads\/sites\/9\/2024\/09\/Logo_ABO-Energy_transparent.png\" alt=\"\" width=\"156\" height=\"41\" srcset=\"https:\/\/windenergietage.de\/2024\/wp-content\/uploads\/sites\/9\/2024\/09\/Logo_ABO-Energy_transparent.png 400w, https:\/\/windenergietage.de\/2024\/wp-content\/uploads\/sites\/9\/2024\/09\/Logo_ABO-Energy_transparent-300x80.png 300w\" sizes=\"auto, (max-width: 156px) 100vw, 156px\" \/><\/a><\/p>\n<p style=\"text-align: center\"><strong>Tombola Hauptgewinn:<\/strong><br \/>\n<strong>ein Umweltgutachten im Wert von 5.000\u20ac<br \/>\n<a href=\"https:\/\/orchis-eco.de\/\" target=\"_blank\" rel=\"noopener\"><img loading=\"lazy\" decoding=\"async\" class=\"alignnone wp-image-3916\" src=\"https:\/\/windenergietage.de\/2024\/wp-content\/uploads\/sites\/9\/2022\/03\/ORCHIS-Logo.png\" alt=\"\" width=\"156\" height=\"77\" \/><\/a><\/p>\n<p><\/strong><strong>Networktainment<\/strong><\/p>\n<p style=\"text-align: center\"><a href=\"https:\/\/www.bachmann.info\/de\" target=\"_blank\" rel=\"noopener\"><img loading=\"lazy\" decoding=\"async\" class=\"alignnone wp-image-2726\" src=\"https:\/\/windenergietage.de\/2024\/wp-content\/uploads\/sites\/9\/2018\/01\/bachmann.jpg\" alt=\"\" width=\"156\" height=\"64\" srcset=\"https:\/\/windenergietage.de\/2024\/wp-content\/uploads\/sites\/9\/2018\/01\/bachmann.jpg 474w, https:\/\/windenergietage.de\/2024\/wp-content\/uploads\/sites\/9\/2018\/01\/bachmann-300x122.jpg 300w\" sizes=\"auto, (max-width: 156px) 100vw, 156px\" \/><\/a><br \/>\n<a href=\"https:\/\/www.ramboll.com\/de-de\/energie\/windkraft-und-photovoltaik\" target=\"_blank\" rel=\"noopener\"><img loading=\"lazy\" decoding=\"async\" class=\"alignnone wp-image-965 size-full\" src=\"https:\/\/windenergietage.de\/2024\/wp-content\/uploads\/sites\/9\/2016\/05\/Ramboll_web.png\" alt=\"\" width=\"156\" height=\"118\" \/><\/a><br \/>\n<a href=\"https:\/\/rgp-team.de\/\" target=\"_blank\" rel=\"noopener\"><img loading=\"lazy\" decoding=\"async\" class=\"alignnone wp-image-3518\" src=\"https:\/\/windenergietage.de\/2024\/wp-content\/uploads\/sites\/9\/2020\/02\/RGP-Team.png\" alt=\"\" width=\"156\" height=\"33\" srcset=\"https:\/\/windenergietage.de\/2024\/wp-content\/uploads\/sites\/9\/2020\/02\/RGP-Team.png 379w, https:\/\/windenergietage.de\/2024\/wp-content\/uploads\/sites\/9\/2020\/02\/RGP-Team-300x63.png 300w\" sizes=\"auto, (max-width: 156px) 100vw, 156px\" \/><\/a><\/p>\n<p style=\"text-align: center\"><a href=\"https:\/\/www.acp-gruppe.com\/de-de\/\" target=\"_blank\" rel=\"noopener\"><img loading=\"lazy\" decoding=\"async\" class=\"alignnone wp-image-4960\" src=\"https:\/\/windenergietage.de\/2024\/wp-content\/uploads\/sites\/9\/2024\/02\/ACP-IT.png\" alt=\"\" width=\"156\" height=\"155\" srcset=\"https:\/\/windenergietage.de\/2024\/wp-content\/uploads\/sites\/9\/2024\/02\/ACP-IT.png 225w, https:\/\/windenergietage.de\/2024\/wp-content\/uploads\/sites\/9\/2024\/02\/ACP-IT-150x150.png 150w\" sizes=\"auto, (max-width: 156px) 100vw, 156px\" \/><\/a><\/p>\n<p style=\"text-align: center\"><a href=\"https:\/\/al-pro.eu\/\" target=\"_blank\" rel=\"noopener\"><img loading=\"lazy\" decoding=\"async\" class=\"alignnone wp-image-4962\" src=\"https:\/\/windenergietage.de\/2024\/wp-content\/uploads\/sites\/9\/2024\/02\/AL-PRO.jpeg\" alt=\"\" width=\"156\" height=\"82\" srcset=\"https:\/\/windenergietage.de\/2024\/wp-content\/uploads\/sites\/9\/2024\/02\/AL-PRO.jpeg 590w, https:\/\/windenergietage.de\/2024\/wp-content\/uploads\/sites\/9\/2024\/02\/AL-PRO-300x159.jpeg 300w\" sizes=\"auto, (max-width: 156px) 100vw, 156px\" \/><\/a><\/p>\n<p style=\"text-align: center\"><a href=\"https:\/\/www.juwi.de\/\" target=\"_blank\" rel=\"noopener\"><img loading=\"lazy\" decoding=\"async\" class=\"alignnone wp-image-4498\" src=\"https:\/\/windenergietage.de\/2024\/wp-content\/uploads\/sites\/9\/2018\/01\/JUWI_Logo_mit_Verlauf_Digital_sRGB-scaled-1-1024x292.jpg\" alt=\"\" width=\"158\" height=\"45\" srcset=\"https:\/\/windenergietage.de\/2024\/wp-content\/uploads\/sites\/9\/2018\/01\/JUWI_Logo_mit_Verlauf_Digital_sRGB-scaled-1-1024x292.jpg 1024w, https:\/\/windenergietage.de\/2024\/wp-content\/uploads\/sites\/9\/2018\/01\/JUWI_Logo_mit_Verlauf_Digital_sRGB-scaled-1-300x86.jpg 300w, https:\/\/windenergietage.de\/2024\/wp-content\/uploads\/sites\/9\/2018\/01\/JUWI_Logo_mit_Verlauf_Digital_sRGB-scaled-1-768x219.jpg 768w, https:\/\/windenergietage.de\/2024\/wp-content\/uploads\/sites\/9\/2018\/01\/JUWI_Logo_mit_Verlauf_Digital_sRGB-scaled-1-1536x439.jpg 1536w, https:\/\/windenergietage.de\/2024\/wp-content\/uploads\/sites\/9\/2018\/01\/JUWI_Logo_mit_Verlauf_Digital_sRGB-scaled-1-2048x585.jpg 2048w\" sizes=\"auto, (max-width: 158px) 100vw, 158px\" \/><\/a><br \/>\n<a href=\"https:\/\/www.mvv.de\/\" target=\"_blank\" rel=\"noopener\"><img loading=\"lazy\" decoding=\"async\" class=\"alignnone wp-image-4871\" src=\"https:\/\/windenergietage.de\/2024\/wp-content\/uploads\/sites\/9\/2023\/12\/MVV_Logo-1024x727.png\" alt=\"\" width=\"156\" height=\"111\" srcset=\"https:\/\/windenergietage.de\/2024\/wp-content\/uploads\/sites\/9\/2023\/12\/MVV_Logo-1024x727.png 1024w, https:\/\/windenergietage.de\/2024\/wp-content\/uploads\/sites\/9\/2023\/12\/MVV_Logo-300x213.png 300w, https:\/\/windenergietage.de\/2024\/wp-content\/uploads\/sites\/9\/2023\/12\/MVV_Logo-768x545.png 768w, https:\/\/windenergietage.de\/2024\/wp-content\/uploads\/sites\/9\/2023\/12\/MVV_Logo-1536x1090.png 1536w, https:\/\/windenergietage.de\/2024\/wp-content\/uploads\/sites\/9\/2023\/12\/MVV_Logo-2048x1453.png 2048w\" sizes=\"auto, (max-width: 156px) 100vw, 156px\" \/><\/a><br \/>\n<a href=\"https:\/\/www.baywa-re.de\/de\/\" target=\"_blank\" rel=\"noopener\"><img loading=\"lazy\" decoding=\"async\" class=\"alignnone wp-image-3296\" src=\"https:\/\/windenergietage.de\/2024\/wp-content\/uploads\/sites\/9\/2018\/01\/BayWa.re_.jpg\" alt=\"\" width=\"156\" height=\"60\" srcset=\"https:\/\/windenergietage.de\/2024\/wp-content\/uploads\/sites\/9\/2018\/01\/BayWa.re_.jpg 596w, https:\/\/windenergietage.de\/2024\/wp-content\/uploads\/sites\/9\/2018\/01\/BayWa.re_-300x115.jpg 300w\" sizes=\"auto, (max-width: 156px) 100vw, 156px\" \/><\/a><br \/>\n<a href=\"http:\/\/www.lorenz-kommunikation.de\/\" target=\"_blank\" rel=\"noopener\"><img loading=\"lazy\" decoding=\"async\" class=\"alignnone wp-image-2418\" src=\"https:\/\/windenergietage.de\/2024\/wp-content\/uploads\/sites\/9\/2018\/01\/lorenz_logo.jpg\" alt=\"\" width=\"156\" height=\"42\" srcset=\"https:\/\/windenergietage.de\/2024\/wp-content\/uploads\/sites\/9\/2018\/01\/lorenz_logo.jpg 449w, https:\/\/windenergietage.de\/2024\/wp-content\/uploads\/sites\/9\/2018\/01\/lorenz_logo-300x81.jpg 300w\" sizes=\"auto, (max-width: 156px) 100vw, 156px\" \/><\/a><\/p>\n<p style=\"text-align: center\"><a href=\"https:\/\/idaswind.de\/\" target=\"_blank\" rel=\"noopener\"><img loading=\"lazy\" decoding=\"async\" class=\"alignnone wp-image-3578\" src=\"https:\/\/windenergietage.de\/2024\/wp-content\/uploads\/sites\/9\/2020\/03\/idaswind_logo.png\" alt=\"\" width=\"155\" height=\"37\" srcset=\"https:\/\/windenergietage.de\/2024\/wp-content\/uploads\/sites\/9\/2020\/03\/idaswind_logo.png 707w, https:\/\/windenergietage.de\/2024\/wp-content\/uploads\/sites\/9\/2020\/03\/idaswind_logo-300x72.png 300w\" sizes=\"auto, (max-width: 155px) 100vw, 155px\" \/><\/a><\/p>\n<p style=\"text-align: center\"><a href=\"https:\/\/www.enbw.com\/\" target=\"_blank\" rel=\"noopener\"><img loading=\"lazy\" decoding=\"async\" class=\"alignnone wp-image-4491\" src=\"https:\/\/windenergietage.de\/2024\/wp-content\/uploads\/sites\/9\/2018\/01\/EnBW_Logo_Standard_BlauOrange_sRGB.png\" alt=\"\" width=\"156\" height=\"28\" srcset=\"https:\/\/windenergietage.de\/2024\/wp-content\/uploads\/sites\/9\/2018\/01\/EnBW_Logo_Standard_BlauOrange_sRGB.png 1007w, https:\/\/windenergietage.de\/2024\/wp-content\/uploads\/sites\/9\/2018\/01\/EnBW_Logo_Standard_BlauOrange_sRGB-300x54.png 300w, https:\/\/windenergietage.de\/2024\/wp-content\/uploads\/sites\/9\/2018\/01\/EnBW_Logo_Standard_BlauOrange_sRGB-768x138.png 768w\" sizes=\"auto, (max-width: 156px) 100vw, 156px\" \/><\/a><\/p>\n<p style=\"text-align: center\"><a href=\"https:\/\/bn-kollegen.de\/\" target=\"_blank\" rel=\"noopener\"><img loading=\"lazy\" decoding=\"async\" class=\"alignnone wp-image-3771\" src=\"https:\/\/windenergietage.de\/2024\/wp-content\/uploads\/sites\/9\/2018\/01\/Brahms-Nebel-Kollegen.png\" alt=\"\" width=\"156\" height=\"66\" srcset=\"https:\/\/windenergietage.de\/2024\/wp-content\/uploads\/sites\/9\/2018\/01\/Brahms-Nebel-Kollegen.png 344w, https:\/\/windenergietage.de\/2024\/wp-content\/uploads\/sites\/9\/2018\/01\/Brahms-Nebel-Kollegen-300x127.png 300w\" sizes=\"auto, (max-width: 156px) 100vw, 156px\" \/><\/a><\/p>\n<p style=\"text-align: center\"><a href=\"https:\/\/www.phoenixcontact.com\/de-de\/\" target=\"_blank\" rel=\"noopener\"><img loading=\"lazy\" decoding=\"async\" class=\"alignnone wp-image-5071\" src=\"https:\/\/windenergietage.de\/2024\/wp-content\/uploads\/sites\/9\/2024\/04\/Phoenix_Contact_Logo_2024-1024x252.png\" alt=\"\" width=\"156\" height=\"38\" srcset=\"https:\/\/windenergietage.de\/2024\/wp-content\/uploads\/sites\/9\/2024\/04\/Phoenix_Contact_Logo_2024-1024x252.png 1024w, https:\/\/windenergietage.de\/2024\/wp-content\/uploads\/sites\/9\/2024\/04\/Phoenix_Contact_Logo_2024-300x74.png 300w, https:\/\/windenergietage.de\/2024\/wp-content\/uploads\/sites\/9\/2024\/04\/Phoenix_Contact_Logo_2024-768x189.png 768w, https:\/\/windenergietage.de\/2024\/wp-content\/uploads\/sites\/9\/2024\/04\/Phoenix_Contact_Logo_2024.png 1420w\" sizes=\"auto, (max-width: 156px) 100vw, 156px\" \/><\/a><\/p>\n<p style=\"text-align: center\"><a href=\"https:\/\/www.neowa.de\/\" target=\"_blank\" rel=\"noopener\"><img loading=\"lazy\" decoding=\"async\" class=\"alignnone wp-image-3820 aligncenter\" src=\"https:\/\/windenergietage.de\/2024\/wp-content\/uploads\/sites\/9\/2022\/02\/neowa-Logo.png\" alt=\"\" width=\"156\" height=\"38\" srcset=\"https:\/\/windenergietage.de\/2024\/wp-content\/uploads\/sites\/9\/2022\/02\/neowa-Logo.png 450w, https:\/\/windenergietage.de\/2024\/wp-content\/uploads\/sites\/9\/2022\/02\/neowa-Logo-300x73.png 300w\" sizes=\"auto, (max-width: 156px) 100vw, 156px\" \/><\/a><br \/>\n<a href=\"https:\/\/www.gip-sd.de\/\" target=\"_blank\" rel=\"noopener\"><img loading=\"lazy\" decoding=\"async\" class=\"alignnone wp-image-5223 aligncenter\" src=\"https:\/\/windenergietage.de\/2024\/wp-content\/uploads\/sites\/9\/2024\/07\/gip-1024x409.jpg\" alt=\"\" width=\"156\" height=\"62\" srcset=\"https:\/\/windenergietage.de\/2024\/wp-content\/uploads\/sites\/9\/2024\/07\/gip-1024x409.jpg 1024w, https:\/\/windenergietage.de\/2024\/wp-content\/uploads\/sites\/9\/2024\/07\/gip-300x120.jpg 300w, https:\/\/windenergietage.de\/2024\/wp-content\/uploads\/sites\/9\/2024\/07\/gip-768x307.jpg 768w, https:\/\/windenergietage.de\/2024\/wp-content\/uploads\/sites\/9\/2024\/07\/gip-1536x613.jpg 1536w, https:\/\/windenergietage.de\/2024\/wp-content\/uploads\/sites\/9\/2024\/07\/gip-2048x818.jpg 2048w\" sizes=\"auto, (max-width: 156px) 100vw, 156px\" \/><\/a><br \/>\n<a href=\"https:\/\/www.quadra-energy.com\/home\" target=\"_blank\" rel=\"noopener\"><img loading=\"lazy\" decoding=\"async\" class=\"alignnone wp-image-5225 aligncenter\" src=\"https:\/\/windenergietage.de\/2024\/wp-content\/uploads\/sites\/9\/2024\/07\/Quadra.jpeg\" alt=\"\" width=\"156\" height=\"56\" \/><\/a><a href=\"https:\/\/www.lanthan-safe-sky.com\/\" target=\"_blank\" rel=\"noopener\"><img loading=\"lazy\" decoding=\"async\" class=\"alignnone wp-image-4456\" src=\"https:\/\/windenergietage.de\/2024\/wp-content\/uploads\/sites\/9\/2022\/10\/Lanthan-safe-Sky-1006x1024.jpg\" alt=\"\" width=\"156\" height=\"159\" srcset=\"https:\/\/windenergietage.de\/2024\/wp-content\/uploads\/sites\/9\/2022\/10\/Lanthan-safe-Sky-1006x1024.jpg 1006w, https:\/\/windenergietage.de\/2024\/wp-content\/uploads\/sites\/9\/2022\/10\/Lanthan-safe-Sky-295x300.jpg 295w, https:\/\/windenergietage.de\/2024\/wp-content\/uploads\/sites\/9\/2022\/10\/Lanthan-safe-Sky-768x782.jpg 768w, https:\/\/windenergietage.de\/2024\/wp-content\/uploads\/sites\/9\/2022\/10\/Lanthan-safe-Sky-1509x1536.jpg 1509w, https:\/\/windenergietage.de\/2024\/wp-content\/uploads\/sites\/9\/2022\/10\/Lanthan-safe-Sky-2013x2048.jpg 2013w\" sizes=\"auto, (max-width: 156px) 100vw, 156px\" \/><\/a><br \/>\n<a href=\"https:\/\/www.sanyglobal.com\/de\/\" target=\"_blank\" rel=\"noopener\"><img loading=\"lazy\" decoding=\"async\" class=\"alignnone wp-image-5270 aligncenter\" src=\"https:\/\/windenergietage.de\/2024\/wp-content\/uploads\/sites\/9\/2024\/08\/SANY-Europe.jpg\" alt=\"\" width=\"156\" height=\"41\" srcset=\"https:\/\/windenergietage.de\/2024\/wp-content\/uploads\/sites\/9\/2024\/08\/SANY-Europe.jpg 400w, https:\/\/windenergietage.de\/2024\/wp-content\/uploads\/sites\/9\/2024\/08\/SANY-Europe-300x80.jpg 300w\" sizes=\"auto, (max-width: 156px) 100vw, 156px\" \/><\/a><\/p>\n<p style=\"text-align: center\"><a href=\"https:\/\/windadvice.net\/\" target=\"_blank\" rel=\"noopener\"><img loading=\"lazy\" decoding=\"async\" class=\"alignnone wp-image-5606\" src=\"https:\/\/windenergietage.de\/2024\/wp-content\/uploads\/sites\/9\/2024\/10\/WindAdvice.png\" alt=\"\" width=\"156\" height=\"58\" \/><\/a><\/p>\n<p style=\"text-align: center\"><strong>Wasserflaschen Verabschiedung<br \/>\n<\/strong><br \/>\n<a href=\"https:\/\/orchis-eco.de\/\" target=\"_blank\" rel=\"noopener\"><img loading=\"lazy\" decoding=\"async\" class=\"wp-image-3916\" src=\"https:\/\/windenergietage.de\/2024\/wp-content\/uploads\/sites\/9\/2022\/03\/ORCHIS-Logo.png\" alt=\"\" width=\"156\" height=\"77\" \/><\/a><\/p>\n<p style=\"text-align: center\"><strong>Abschiedsbeutel<br \/>\n<\/strong><br \/>\n<a href=\"https:\/\/orchis-eco.de\/\" target=\"_blank\" rel=\"noopener\"><img loading=\"lazy\" decoding=\"async\" class=\"wp-image-3916 aligncenter\" src=\"https:\/\/windenergietage.de\/2024\/wp-content\/uploads\/sites\/9\/2022\/03\/ORCHIS-Logo.png\" alt=\"\" width=\"156\" height=\"77\" \/><\/a><\/p>\n<p style=\"text-align: center\"><strong>Veranstaltungsstrom<br \/>\n<a href=\"https:\/\/www.naturstrom.de\/\" target=\"_blank\" rel=\"noopener\"><img loading=\"lazy\" decoding=\"async\" class=\"alignnone wp-image-988 size-full\" src=\"https:\/\/windenergietage.de\/2024\/wp-content\/uploads\/sites\/9\/2016\/05\/Naturstrom_web.png\" alt=\"\" width=\"156\" height=\"118\" \/><\/a><br \/>\n<\/strong><\/p>\n<p style=\"text-align: center\"><strong>Medienpartner<br \/>\n<\/strong><strong><a href=\"https:\/\/www.erneuerbareenergien.de\/\" target=\"_blank\" rel=\"noopener\"><img loading=\"lazy\" decoding=\"async\" class=\"alignnone wp-image-4172\" src=\"https:\/\/windenergietage.de\/2022\/wp-content\/uploads\/sites\/7\/2022\/07\/erneuerbare-energien.jpeg\" alt=\"\" width=\"156\" height=\"42\" srcset=\"https:\/\/windenergietage.de\/2024\/wp-content\/uploads\/sites\/9\/2022\/07\/erneuerbare-energien.jpeg 872w, https:\/\/windenergietage.de\/2024\/wp-content\/uploads\/sites\/9\/2022\/07\/erneuerbare-energien-300x82.jpeg 300w, https:\/\/windenergietage.de\/2024\/wp-content\/uploads\/sites\/9\/2022\/07\/erneuerbare-energien-768x209.jpeg 768w\" sizes=\"auto, (max-width: 156px) 100vw, 156px\" \/><\/a><br \/>\n<a href=\"https:\/\/www.neueenergie.net\/\" target=\"_blank\" rel=\"noopener\"><img loading=\"lazy\" decoding=\"async\" class=\"alignnone wp-image-4231 aligncenter\" src=\"https:\/\/windenergietage.de\/2022\/wp-content\/uploads\/sites\/7\/2022\/08\/neue-energie-Logo_neg_RGB.jpg\" alt=\"\" width=\"220\" height=\"69\" srcset=\"https:\/\/windenergietage.de\/2024\/wp-content\/uploads\/sites\/9\/2022\/08\/neue-energie-Logo_neg_RGB.jpg 944w, https:\/\/windenergietage.de\/2024\/wp-content\/uploads\/sites\/9\/2022\/08\/neue-energie-Logo_neg_RGB-300x94.jpg 300w, https:\/\/windenergietage.de\/2024\/wp-content\/uploads\/sites\/9\/2022\/08\/neue-energie-Logo_neg_RGB-768x240.jpg 768w\" sizes=\"auto, (max-width: 220px) 100vw, 220px\" \/><\/a><\/strong><\/p>\n<p style=\"text-align: center\">\n","protected":false},"excerpt":{"rendered":"<p>UNTERST\u00dcTZER KATALOG: IHRE W\u00dcNSCHE &#8211; ALLE M\u00d6GLICHKEITEN (Stand 17.10.2024) Premiumsponsoren RWE Plaza Begr\u00fc\u00dfungstaschen mit Naschboxen von Namensschilder Taschenlampen Zimmerschl\u00fcssel Schl\u00fcsselb\u00e4nder Wasser auf den Resort-Zimmern Servietten Restaurants &amp; Caf\u00e9`s Tombola Hauptgewinn:&#8230;<\/p>\n","protected":false},"author":1,"featured_media":0,"parent":0,"menu_order":0,"comment_status":"closed","ping_status":"closed","template":"","meta":{"_acf_changed":false,"footnotes":""},"class_list":["post-679","page","type-page","status-publish","hentry"],"acf":[],"_links":{"self":[{"href":"https:\/\/windenergietage.de\/2024\/wp-json\/wp\/v2\/pages\/679","targetHints":{"allow":["GET"]}}],"collection":[{"href":"https:\/\/windenergietage.de\/2024\/wp-json\/wp\/v2\/pages"}],"about":[{"href":"https:\/\/windenergietage.de\/2024\/wp-json\/wp\/v2\/types\/page"}],"author":[{"embeddable":true,"href":"https:\/\/windenergietage.de\/2024\/wp-json\/wp\/v2\/users\/1"}],"replies":[{"embeddable":true,"href":"https:\/\/windenergietage.de\/2024\/wp-json\/wp\/v2\/comments?post=679"}],"version-history":[{"count":46,"href":"https:\/\/windenergietage.de\/2024\/wp-json\/wp\/v2\/pages\/679\/revisions"}],"predecessor-version":[{"id":5714,"href":"https:\/\/windenergietage.de\/2024\/wp-json\/wp\/v2\/pages\/679\/revisions\/5714"}],"wp:attachment":[{"href":"https:\/\/windenergietage.de\/2024\/wp-json\/wp\/v2\/media?parent=679"}],"curies":[{"name":"wp","href":"https:\/\/api.w.org\/{rel}","templated":true}]}}