{"id":613,"date":"2016-05-31T14:31:59","date_gmt":"2016-05-31T12:31:59","guid":{"rendered":"http:\/\/www.go-seminare.de\/?page_id=2"},"modified":"2025-11-28T10:27:24","modified_gmt":"2025-11-28T09:27:24","slug":"startseite","status":"publish","type":"page","link":"https:\/\/windenergietage.de\/2025\/","title":{"rendered":"Startseite \/ Programm"},"content":{"rendered":"<h1 style=\"text-align: center\">Entscheidungen &#8211;<br \/>\ndenn es ist ihre Welt<\/h1>\n<h1 style=\"text-align: center\"><img loading=\"lazy\" decoding=\"async\" class=\"alignnone size-large wp-image-5605\" src=\"https:\/\/windenergietage.de\/2025\/wp-content\/uploads\/sites\/10\/2024\/06\/Entscheidung_ohne_Text_final-1024x656.png\" alt=\"\" width=\"640\" height=\"410\" srcset=\"https:\/\/windenergietage.de\/2025\/wp-content\/uploads\/sites\/10\/2024\/06\/Entscheidung_ohne_Text_final-1024x656.png 1024w, https:\/\/windenergietage.de\/2025\/wp-content\/uploads\/sites\/10\/2024\/06\/Entscheidung_ohne_Text_final-300x192.png 300w, https:\/\/windenergietage.de\/2025\/wp-content\/uploads\/sites\/10\/2024\/06\/Entscheidung_ohne_Text_final-768x492.png 768w, https:\/\/windenergietage.de\/2025\/wp-content\/uploads\/sites\/10\/2024\/06\/Entscheidung_ohne_Text_final.png 1497w\" sizes=\"auto, (max-width: 640px) 100vw, 640px\" \/><\/h1>\n<p>&nbsp;<\/p>\n<p>Gerne k\u00f6nnen Sie sich bereits f\u00fcr die Windenergietage 2026 in Linstow anmelden:<br \/>\n<strong><a style=\"color: #263e62\" href=\"https:\/\/windenergietage.de\/2026\/anmeldung\/\" target=\"_blank\" rel=\"noopener\">Anmeldung Windenergietage 2026<\/a><\/strong><\/p>\n<div class=\"clear line\"><\/div>\n<h4 style=\"text-align: center\"><a href=\"https:\/\/windenergietage.de\/2025\/wp-content\/uploads\/sites\/10\/2025\/11\/Programmheft-Spreewindtage-2025-neu-online.pdf\" target=\"_blank\" rel=\"noopener\">DAS PROGRAMMHEFT ALS PDF<\/a><\/h4>\n<div class=\"clear line\"><\/div>\n<h4 style=\"text-align: center\"><a href=\"https:\/\/www.erneuerbareenergien.de\/sites\/default\/files\/ere_2025-11_gesamt.pdf\" target=\"_blank\" rel=\"noopener\">DER SPREEWINDSPIEGEL ALS PDF<\/a><\/h4>\n<div class=\"clear line\"><\/div>\n<p><span style=\"color: #263e62\"><strong>Der Einlass zu den Windenergietagen beginnt am Mittwoch, den 12. November 2025, bereits um 11:00 Uhr \u2013 inklusive Mittagessen. Eine fr\u00fchzeitige Anreise ist ausdr\u00fccklich erw\u00fcnscht.<\/strong><\/span><\/p>\n<p>Die Windenergietage beinhalten drei Dinge:<\/p>\n<p><strong>Information, Kommunikation und Erlebnis,<\/strong><\/p>\n<p>also ureigene Bestandteile im Sozialleben des Menschen. Sie sind\u00a0eine Tagung mit begleitender Ausstellung.<\/p>\n<div class=\"clear line\"><\/div>\n<p><strong><a href=\"https:\/\/windenergietage.de\/2025\/teilnehmerliste\/\" target=\"_blank\" rel=\"noopener\">Teilnehmerliste 2025 (4419 Teilnehmer, Stand 14.11.2025)<\/a><\/strong><\/p>\n<p><a href=\"https:\/\/windenergietage.de\/2024\/teilnehmerliste\/\" target=\"_blank\" rel=\"noopener\"><b>Teilnehmerliste 2024 (3861 Teilnehmer, Stand 07.11.2024)<\/b><\/a><\/p>\n<div class=\"clear line\"><\/div>\n<h2>Programm durchsuchen<\/h2>\n<div class=\"asl_w_container asl_w_container_1\" data-id=\"1\" data-instance=\"1\">\n\t<div id='ajaxsearchlite1'\n\t\tdata-id=\"1\"\n\t\tdata-instance=\"1\"\n\t\tclass=\"asl_w asl_m asl_m_1 asl_m_1_1\">\n\t\t<div class=\"probox\">\n\n\t\n\t<div class='prosettings' style='display:none;' data-opened=0>\n\t\t\t\t<div class='innericon'>\n\t\t\t<svg version=\"1.1\" xmlns=\"http:\/\/www.w3.org\/2000\/svg\" xmlns:xlink=\"http:\/\/www.w3.org\/1999\/xlink\" x=\"0px\" y=\"0px\" width=\"22\" height=\"22\" viewBox=\"0 0 512 512\" enable-background=\"new 0 0 512 512\" xml:space=\"preserve\">\n\t\t\t\t\t<polygon transform = \"rotate(90 256 256)\" points=\"142.332,104.886 197.48,50 402.5,256 197.48,462 142.332,407.113 292.727,256 \"\/>\n\t\t\t\t<\/svg>\n\t\t<\/div>\n\t<\/div>\n\n\t\n\t\n\t<div class='proinput'>\n\t\t<form role=\"search\" action='#' autocomplete=\"off\"\n\t\t\t\taria-label=\"Search form\">\n\t\t\t<input aria-label=\"Search input\"\n\t\t\t\t\ttype='search' class='orig'\n\t\t\t\t\ttabindex=\"0\"\n\t\t\t\t\tname='phrase'\n\t\t\t\t\tplaceholder='Programm durchsuchen...'\n\t\t\t\t\tvalue=''\n\t\t\t\t\tautocomplete=\"off\"\/>\n\t\t\t<input aria-label=\"Search autocomplete\"\n\t\t\t\t\ttype='text'\n\t\t\t\t\tclass='autocomplete'\n\t\t\t\t\ttabindex=\"-1\"\n\t\t\t\t\tname='phrase'\n\t\t\t\t\tvalue=''\n\t\t\t\t\tautocomplete=\"off\" disabled\/>\n\t\t\t<input type='submit' value=\"Start search\" style='width:0; height: 0; visibility: hidden;'>\n\t\t<\/form>\n\t<\/div>\n\n\t\n\t\n\t<button class='promagnifier' tabindex=\"0\" aria-label=\"Search magnifier\">\n\t\t\t\t<span class='innericon' style=\"display:block;\">\n\t\t\t<svg version=\"1.1\" xmlns=\"http:\/\/www.w3.org\/2000\/svg\" xmlns:xlink=\"http:\/\/www.w3.org\/1999\/xlink\" x=\"0px\" y=\"0px\" width=\"22\" height=\"22\" viewBox=\"0 0 512 512\" enable-background=\"new 0 0 512 512\" xml:space=\"preserve\">\n\t\t\t\t\t<path d=\"M460.355,421.59L353.844,315.078c20.041-27.553,31.885-61.437,31.885-98.037\n\t\t\t\t\t\tC385.729,124.934,310.793,50,218.686,50C126.58,50,51.645,124.934,51.645,217.041c0,92.106,74.936,167.041,167.041,167.041\n\t\t\t\t\t\tc34.912,0,67.352-10.773,94.184-29.158L419.945,462L460.355,421.59z M100.631,217.041c0-65.096,52.959-118.056,118.055-118.056\n\t\t\t\t\t\tc65.098,0,118.057,52.959,118.057,118.056c0,65.096-52.959,118.056-118.057,118.056C153.59,335.097,100.631,282.137,100.631,217.041\n\t\t\t\t\t\tz\"\/>\n\t\t\t\t<\/svg>\n\t\t<\/span>\n\t<\/button>\n\n\t\n\t\n\t<div class='proloading'>\n\n\t\t<div class=\"asl_loader\"><div class=\"asl_loader-inner asl_simple-circle\"><\/div><\/div>\n\n\t\t\t<\/div>\n\n\t\t\t<div class='proclose'>\n\t\t\t<svg version=\"1.1\" xmlns=\"http:\/\/www.w3.org\/2000\/svg\" xmlns:xlink=\"http:\/\/www.w3.org\/1999\/xlink\" x=\"0px\"\n\t\t\t\ty=\"0px\"\n\t\t\t\twidth=\"12\" height=\"12\" viewBox=\"0 0 512 512\" enable-background=\"new 0 0 512 512\"\n\t\t\t\txml:space=\"preserve\">\n\t\t\t\t<polygon points=\"438.393,374.595 319.757,255.977 438.378,137.348 374.595,73.607 255.995,192.225 137.375,73.622 73.607,137.352 192.246,255.983 73.622,374.625 137.352,438.393 256.002,319.734 374.652,438.378 \"\/>\n\t\t\t<\/svg>\n\t\t<\/div>\n\t\n\t\n<\/div>\t<\/div>\n\t<div class='asl_data_container' style=\"display:none !important;\">\n\t\t<div class=\"asl_init_data wpdreams_asl_data_ct\"\n\tstyle=\"display:none !important;\"\n\tid=\"asl_init_id_1\"\n\tdata-asl-id=\"1\"\n\tdata-asl-instance=\"1\"\n\tdata-settings=\"{&quot;homeurl&quot;:&quot;https:\\\/\\\/windenergietage.de\\\/2025\\\/&quot;,&quot;resultstype&quot;:&quot;vertical&quot;,&quot;resultsposition&quot;:&quot;hover&quot;,&quot;itemscount&quot;:4,&quot;charcount&quot;:0,&quot;highlight&quot;:false,&quot;highlightWholewords&quot;:true,&quot;singleHighlight&quot;:true,&quot;scrollToResults&quot;:{&quot;enabled&quot;:false,&quot;offset&quot;:0},&quot;resultareaclickable&quot;:1,&quot;autocomplete&quot;:{&quot;enabled&quot;:false,&quot;lang&quot;:&quot;de&quot;,&quot;trigger_charcount&quot;:0},&quot;mobile&quot;:{&quot;menu_selector&quot;:&quot;#menu-toggle, .menu-toggle&quot;},&quot;trigger&quot;:{&quot;click&quot;:&quot;results_page&quot;,&quot;click_location&quot;:&quot;new&quot;,&quot;update_href&quot;:false,&quot;return&quot;:&quot;results_page&quot;,&quot;return_location&quot;:&quot;new&quot;,&quot;facet&quot;:false,&quot;type&quot;:false,&quot;redirect_url&quot;:&quot;?s={phrase}&quot;,&quot;delay&quot;:300},&quot;animations&quot;:{&quot;pc&quot;:{&quot;settings&quot;:{&quot;anim&quot;:&quot;fadedrop&quot;,&quot;dur&quot;:300},&quot;results&quot;:{&quot;anim&quot;:&quot;fadedrop&quot;,&quot;dur&quot;:300},&quot;items&quot;:&quot;voidanim&quot;},&quot;mob&quot;:{&quot;settings&quot;:{&quot;anim&quot;:&quot;fadedrop&quot;,&quot;dur&quot;:300},&quot;results&quot;:{&quot;anim&quot;:&quot;fadedrop&quot;,&quot;dur&quot;:300},&quot;items&quot;:&quot;voidanim&quot;}},&quot;autop&quot;:{&quot;state&quot;:true,&quot;phrase&quot;:&quot;&quot;,&quot;count&quot;:&quot;1&quot;},&quot;resPage&quot;:{&quot;useAjax&quot;:false,&quot;selector&quot;:&quot;#main&quot;,&quot;trigger_type&quot;:true,&quot;trigger_facet&quot;:true,&quot;trigger_magnifier&quot;:false,&quot;trigger_return&quot;:false},&quot;resultsSnapTo&quot;:&quot;left&quot;,&quot;results&quot;:{&quot;width&quot;:&quot;auto&quot;,&quot;width_tablet&quot;:&quot;auto&quot;,&quot;width_phone&quot;:&quot;auto&quot;},&quot;settingsimagepos&quot;:&quot;right&quot;,&quot;closeOnDocClick&quot;:true,&quot;overridewpdefault&quot;:true,&quot;override_method&quot;:&quot;get&quot;}\"><\/div>\n\t<div id=\"asl_hidden_data\">\n\t\t<svg style=\"position:absolute\" height=\"0\" width=\"0\">\n\t\t\t<filter id=\"aslblur\">\n\t\t\t\t<feGaussianBlur in=\"SourceGraphic\" stdDeviation=\"4\"\/>\n\t\t\t<\/filter>\n\t\t<\/svg>\n\t\t<svg style=\"position:absolute\" height=\"0\" width=\"0\">\n\t\t\t<filter id=\"no_aslblur\"><\/filter>\n\t\t<\/svg>\n\t<\/div>\n\t<\/div>\n\n\t<div id='ajaxsearchliteres1'\n\tclass='vertical wpdreams_asl_results asl_w asl_r asl_r_1 asl_r_1_1'>\n\n\t\n\t<div class=\"results\">\n\n\t\t\n\t\t<div class=\"resdrg\">\n\t\t<\/div>\n\n\t\t\n\t<\/div>\n\n\t\n\t\n<\/div>\n\n\t<div id='__original__ajaxsearchlitesettings1'\n\t\tdata-id=\"1\"\n\t\tclass=\"searchsettings wpdreams_asl_settings asl_w asl_s asl_s_1\">\n\t\t<form name='options'\n\t\taria-label=\"Search settings form\"\n\t\tautocomplete = 'off'>\n\n\t\n\t\n\t<input type=\"hidden\" name=\"filters_changed\" style=\"display:none;\" value=\"0\">\n\t<input type=\"hidden\" name=\"filters_initial\" style=\"display:none;\" value=\"1\">\n\n\t<div class=\"asl_option_inner hiddend\">\n\t\t<input type='hidden' name='qtranslate_lang' id='qtranslate_lang'\n\t\t\t\tvalue='0'\/>\n\t<\/div>\n\n\t\n\t\n\t<fieldset class=\"asl_sett_scroll\">\n\t\t<legend style=\"display: none;\">Generic selectors<\/legend>\n\t\t<div class=\"asl_option hiddend\" tabindex=\"0\">\n\t\t\t<div class=\"asl_option_inner\">\n\t\t\t\t<input type=\"checkbox\" value=\"exact\"\n\t\t\t\t\t\taria-label=\"Exact matches only\"\n\t\t\t\t\t\tname=\"asl_gen[]\" \/>\n\t\t\t\t<div class=\"asl_option_checkbox\"><\/div>\n\t\t\t<\/div>\n\t\t\t<div class=\"asl_option_label\">\n\t\t\t\tExact matches only\t\t\t<\/div>\n\t\t<\/div>\n\t\t<div class=\"asl_option hiddend\" tabindex=\"0\">\n\t\t\t<div class=\"asl_option_inner\">\n\t\t\t\t<input type=\"checkbox\" value=\"title\"\n\t\t\t\t\t\taria-label=\"Search in title\"\n\t\t\t\t\t\tname=\"asl_gen[]\"  checked=\"checked\"\/>\n\t\t\t\t<div class=\"asl_option_checkbox\"><\/div>\n\t\t\t<\/div>\n\t\t\t<div class=\"asl_option_label\">\n\t\t\t\tSearch in title\t\t\t<\/div>\n\t\t<\/div>\n\t\t<div class=\"asl_option hiddend\" tabindex=\"0\">\n\t\t\t<div class=\"asl_option_inner\">\n\t\t\t\t<input type=\"checkbox\" value=\"content\"\n\t\t\t\t\t\taria-label=\"Search in content\"\n\t\t\t\t\t\tname=\"asl_gen[]\"  checked=\"checked\"\/>\n\t\t\t\t<div class=\"asl_option_checkbox\"><\/div>\n\t\t\t<\/div>\n\t\t\t<div class=\"asl_option_label\">\n\t\t\t\tSearch in content\t\t\t<\/div>\n\t\t<\/div>\n\t\t<div class=\"asl_option_inner hiddend\">\n\t\t\t<input type=\"checkbox\" value=\"excerpt\"\n\t\t\t\t\taria-label=\"Search in excerpt\"\n\t\t\t\t\tname=\"asl_gen[]\"  checked=\"checked\"\/>\n\t\t\t<div class=\"asl_option_checkbox\"><\/div>\n\t\t<\/div>\n\t<\/fieldset>\n\t<fieldset class=\"asl_sett_scroll\">\n\t\t<legend style=\"display: none;\">Post Type Selectors<\/legend>\n\t\t\t\t\t<div class=\"asl_option_inner hiddend\">\n\t\t\t\t<input type=\"checkbox\" value=\"talk\"\n\t\t\t\t\t\taria-label=\"Hidden option, ignore please\"\n\t\t\t\t\t\tname=\"customset[]\" checked=\"checked\"\/>\n\t\t\t<\/div>\n\t\t\t\t<\/fieldset>\n\t<\/form>\n\t<\/div>\n<\/div>\n\n<div class=\"clear line\"><\/div>\n<h2>Programm Foren<\/h2>\n<div class=\"list event-list toggle\"><article class=\"talk-date\"><header class=\"field-title closed\"><h2 class=\"post-title\">12. November 2025 (17:00 \u2013 19:00 Uhr)<\/h2><span class=\"ui-toggle-header-icon\"><\/span><\/header><div class=\"post-wrapper\" style=\"display:none;\"><div class=\"post-content\"><div class=\"toggle group-field\"><div class=\"single-field odd\"><h3 class=\"field-title closed\">Forum 1 \u2013 BDO &amp; eueco B\u00fcrgerbeteiligung<span class=\"ui-toggle-header-icon\"><\/span><\/h3><div class=\"field-text\" style=\"display:none;\"><div class=\"location-logos\"><div><a href=\"https:\/\/www.bdo.de\/\" target=\"_blank\"><img loading=\"lazy\" decoding=\"async\" width=\"300\" height=\"116\" src=\"https:\/\/windenergietage.de\/2025\/wp-content\/uploads\/sites\/10\/2020\/10\/BDO-Logo-300x116.png\" class=\"attachment-medium size-medium\" alt=\"\" srcset=\"https:\/\/windenergietage.de\/2025\/wp-content\/uploads\/sites\/10\/2020\/10\/BDO-Logo-300x116.png 300w, https:\/\/windenergietage.de\/2025\/wp-content\/uploads\/sites\/10\/2020\/10\/BDO-Logo.png 638w\" sizes=\"auto, (max-width: 300px) 100vw, 300px\" \/><\/a><\/div><div><a href=\"https:\/\/www.eueco.de\" target=\"_blank\"><img loading=\"lazy\" decoding=\"async\" width=\"300\" height=\"100\" src=\"https:\/\/windenergietage.de\/2025\/wp-content\/uploads\/sites\/10\/2018\/01\/thumbnail_Eueco_LogoNeuerClaim_rgb_gruen-300x100.png\" class=\"attachment-medium size-medium\" alt=\"\" srcset=\"https:\/\/windenergietage.de\/2025\/wp-content\/uploads\/sites\/10\/2018\/01\/thumbnail_Eueco_LogoNeuerClaim_rgb_gruen-300x100.png 300w, https:\/\/windenergietage.de\/2025\/wp-content\/uploads\/sites\/10\/2018\/01\/thumbnail_Eueco_LogoNeuerClaim_rgb_gruen-1024x342.png 1024w, https:\/\/windenergietage.de\/2025\/wp-content\/uploads\/sites\/10\/2018\/01\/thumbnail_Eueco_LogoNeuerClaim_rgb_gruen-768x256.png 768w, https:\/\/windenergietage.de\/2025\/wp-content\/uploads\/sites\/10\/2018\/01\/thumbnail_Eueco_LogoNeuerClaim_rgb_gruen-1536x512.png 1536w, https:\/\/windenergietage.de\/2025\/wp-content\/uploads\/sites\/10\/2018\/01\/thumbnail_Eueco_LogoNeuerClaim_rgb_gruen.png 1772w\" sizes=\"auto, (max-width: 300px) 100vw, 300px\" \/><\/a><\/div><\/div><p>Moderation Fabian Zuber<\/p>\n<h4>17:00 \u2013 17:30 Uhr<\/h4><p><strong>Standardisierung statt Chaos: Finanzielle Beteiligung zukunftssicher aufstellen. Zahlen, Fakten, Markt.<\/strong><br \/>Josef Baur \u2013 eueco GmbH  <\/p><p><strong><a href=\"https:\/\/windenergietage.de\/2025\/wp-content\/uploads\/sites\/10\/2025\/09\/1_Spreewind_Forum1_Buergerbeteiligung_Struktur-eueco-1.pdf\" target=\"_blank\">Vortrag zum Abruf als PDF<\/a><\/strong><p><h4>17:30 \u2013 18:00 Uhr<\/h4><p><strong>Wo geht\u00b4s hin bei den L\u00e4ndergesetzen B\u00fcrgerbeteiligung? Was kommt noch, von was darf man ausgehen?<\/strong><br \/>Sonja Hann\u00f6ver \u2013 BDO Oldenburg GmbH &amp; Co. KG Wirtschaftspr\u00fcfungsgesellschaft  <\/p><p><strong><a href=\"https:\/\/windenergietage.de\/2025\/wp-content\/uploads\/sites\/10\/2025\/09\/2_WET2025_Final_BDO_Laenderbeteiligungsgesetze.pdf\" target=\"_blank\">Vortrag zum Abruf als PDF<\/a><\/strong><p><h4>18:00 \u2013 18:30 Uhr<\/h4><p><strong>Praxisf\u00e4lle B\u00fcrgerbeteiligung - Investition, Strombonus und L\u00e4ndergesetze mit Projektierer (UKA, Naturenergie Zeilinger)<\/strong><br \/>Katrin Held \u2013 Naturenergie Zeilinger GmbH, Matthias Verleger \u2013 UKA-Gruppe, Josef Baur \u2013 eueco GmbH<\/p><p><strong><a href=\"https:\/\/windenergietage.de\/2025\/wp-content\/uploads\/sites\/10\/2026\/01\/4_UKA_Praesentation-Praxisbeispiele-Strombonus_33.-Windenergietage.pdf\" target=\"_blank\" rel=\"noopener\">Vortrag Matthias Verleger \u2013 UKA-Gruppe zum Abruf als PDF<\/a><\/strong><\/p>\n<p><strong><a href=\"https:\/\/windenergietage.de\/2025\/wp-content\/uploads\/sites\/10\/2026\/01\/5_Postsdam2025_Forum1_Buergerbeteiligung_Laender_Praxis.pdf\" target=\"_blank\" rel=\"noopener\">Vortrag Josef Baur \u2013 eueco GmbH zum Abruf als PDF<\/a><\/strong><\/p>\n<p><strong><a href=\"https:\/\/windenergietage.de\/2025\/wp-content\/uploads\/sites\/10\/2025\/09\/3_Praxisfaelle-Buergerbeteiligung-NEZ.pdf\" target=\"_blank\">Vortrag zum Abruf als PDF<\/a><\/strong><p><h4>18:30 \u2013 19:00 Uhr<\/h4><p><strong>Was ist erlaubt, was funktioniert? Sonderformen der B\u00fcrgerbeteiligung in der Praxis: Beteiligung an Batteriespeichern, B\u00fcrgerenergiegesellschaften nach EEG und Mitarbeiterbeteiligungen<\/strong><br \/>Sonja Hann\u00f6ver \u2013 BDO Oldenburg GmbH &amp; Co. KG Wirtschaftspr\u00fcfungsgesellschaft  <\/p><p><strong><a href=\"https:\/\/windenergietage.de\/2025\/wp-content\/uploads\/sites\/10\/2025\/09\/6_WET2025_Final_BDO_Sonderformen.pdf\" target=\"_blank\">Vortrag zum Abruf als PDF<\/a><\/strong><p><\/div><\/div><\/div><div class=\"toggle group-field\"><div class=\"single-field odd\"><h3 class=\"field-title closed\">Forum 2 \u2013 Windmarkt Schweiz- Gleich hinter dem Schwarzwald mit Basler &amp; Hofmann AG <span class=\"ui-toggle-header-icon\"><\/span><\/h3><div class=\"field-text\" style=\"display:none;\"><div class=\"location-logos\"><div><a href=\"https:\/\/www.baslerhofmann.ch\/\" target=\"_blank\"><img loading=\"lazy\" decoding=\"async\" width=\"300\" height=\"58\" src=\"https:\/\/windenergietage.de\/2025\/wp-content\/uploads\/sites\/10\/2025\/06\/Logo-BH-300x58.jpg\" class=\"attachment-medium size-medium\" alt=\"\" srcset=\"https:\/\/windenergietage.de\/2025\/wp-content\/uploads\/sites\/10\/2025\/06\/Logo-BH-300x58.jpg 300w, https:\/\/windenergietage.de\/2025\/wp-content\/uploads\/sites\/10\/2025\/06\/Logo-BH.jpg 474w\" sizes=\"auto, (max-width: 300px) 100vw, 300px\" \/><\/a><\/div><\/div><h4>17:00 \u2013 17:10 Uhr<\/h4><p><strong>Begr\u00fc\u00dfung<\/strong><br \/>Dipl. Ing. Peter Schwer \u2013 Basler&amp;Hofmann AG  <\/p><h4>17:10 \u2013 17:40 Uhr<\/h4><p><strong>Windenergie in der Schweiz - steht die Schweiz vor der Windwende?<\/strong><br \/>Jonas M\u00fcller \u2013 Basler&amp;Hofmann AG  <\/p><p>Entwicklungen des Marktes in Bezug auf Reglementation und Projekten<\/p>\n<p><strong><a href=\"https:\/\/windenergietage.de\/2025\/wp-content\/uploads\/sites\/10\/2025\/09\/33WET12_F2_1710_BaslerHofmann.pdf\" target=\"_blank\">Vortrag zum Abruf als PDF<\/a><\/strong><p><h4>17:40 \u2013 18:10 Uhr<\/h4><p><strong>Erfahrungen eines Deutschen Entwicklers in der CH.<\/strong><br \/>Georg Persigehl \u2013 Windenergie Schweiz AG, Herr Stefan Schindler \u2013 reencon GmbH <\/p><p><strong><a href=\"https:\/\/windenergietage.de\/2025\/wp-content\/uploads\/sites\/10\/2025\/09\/33WET12_F2_17_40_WESAG.pdf\" target=\"_blank\">Vortrag zum Abruf als PDF<\/a><\/strong><p><h4>18:10 \u2013 18:30 Uhr<\/h4><p><strong>Rekordhalter - Es kann auch schnell gehen<\/strong><br \/>Dipl. Ing. Peter Schwer \u2013 Basler&amp;Hofmann AG  <\/p><p>Herausforerungen und Erfolgsfaktoren vom Ausbau des Windpark G\u00fctsch auf 2300m.\u00fc.M<\/p>\n<p><strong><a href=\"https:\/\/windenergietage.de\/2025\/wp-content\/uploads\/sites\/10\/2025\/09\/33WET12_F2_18_10_BaslerHofmann.pdf\" target=\"_blank\">Vortrag zum Abruf als PDF<\/a><\/strong><p><h4>18:30 \u2013 19:00 Uhr<\/h4><p><strong>Nachhaltige Investitionen in Erneuerbare Energien: die Erfolgsgeschichte der aventron AG<\/strong><br \/>Markus Kohler \u2013 aventron AG, Oliver Stock \u2013 greenmatch AG<\/p><p>&#8211; Gr\u00fcndungsgeschichte aventron AG<br \/>\n&#8211; Warum Investitionen ausserhalb der Schweiz und warum Deutschland?<br \/>\n&#8211; aventron&#8217;s Investment Management<br \/>\n&#8211; finanzielles Management von EE-Projekten in greenmatch<\/p>\n<p><strong><a href=\"https:\/\/windenergietage.de\/2025\/wp-content\/uploads\/sites\/10\/2025\/10\/33WET12_F2_18_30_aventronAGgreenmatchAG.pdf\" target=\"_blank\">Vortrag zum Abruf als PDF<\/a><\/strong><p><h4>19:00 \u2013 21:00 Uhr<\/h4><p><strong>Ap\u00e9ro mit K\u00e4se-Fondue, B\u00fcndnerfleisch &amp; Toblerone-Mousse<\/strong><br \/> <\/p><p>Im Anschluss an das Forum laden wir Sie herzlich ein mit uns im lockeren Gespr\u00e4ch den Abend ausklingen zu lassen.<\/p>\n<\/div><\/div><\/div><div class=\"toggle group-field\"><div class=\"single-field odd\"><h3 class=\"field-title closed\">Forum 3 \u2013 Effektive Ma\u00dfnahmen f\u00fcr nachhaltige Windenergie (Zustandsbewertung, Analyse &amp; Pr\u00fcfung)<span class=\"ui-toggle-header-icon\"><\/span><\/h3><div class=\"field-text\" style=\"display:none;\"><div class=\"location-logos\"><div><a href=\"https:\/\/www.omicronenergy.com\/de\/\" target=\"_blank\"><img loading=\"lazy\" decoding=\"async\" width=\"300\" height=\"84\" src=\"https:\/\/windenergietage.de\/2025\/wp-content\/uploads\/sites\/10\/2025\/03\/Omicron-300x84.png\" class=\"attachment-medium size-medium\" alt=\"\" srcset=\"https:\/\/windenergietage.de\/2025\/wp-content\/uploads\/sites\/10\/2025\/03\/Omicron-300x84.png 300w, https:\/\/windenergietage.de\/2025\/wp-content\/uploads\/sites\/10\/2025\/03\/Omicron.png 424w\" sizes=\"auto, (max-width: 300px) 100vw, 300px\" \/><\/a><\/div><div><a href=\"https:\/\/www.hgmes.de\/\" target=\"_blank\"><img loading=\"lazy\" decoding=\"async\" width=\"300\" height=\"152\" src=\"https:\/\/windenergietage.de\/2025\/wp-content\/uploads\/sites\/10\/2025\/08\/Logo-Goebel-300x152.png\" class=\"attachment-medium size-medium\" alt=\"\" srcset=\"https:\/\/windenergietage.de\/2025\/wp-content\/uploads\/sites\/10\/2025\/08\/Logo-Goebel-300x152.png 300w, https:\/\/windenergietage.de\/2025\/wp-content\/uploads\/sites\/10\/2025\/08\/Logo-Goebel-1024x518.png 1024w, https:\/\/windenergietage.de\/2025\/wp-content\/uploads\/sites\/10\/2025\/08\/Logo-Goebel-768x389.png 768w, https:\/\/windenergietage.de\/2025\/wp-content\/uploads\/sites\/10\/2025\/08\/Logo-Goebel.png 1059w\" sizes=\"auto, (max-width: 300px) 100vw, 300px\" \/><\/a><\/div><\/div><h4>17:00 \u2013 17:30 Uhr<\/h4><p><strong>St\u00f6rungsanalyse: Wenn der Wind nicht nur die Haare zerzaust<\/strong><br \/>Marcus Stenner \u2013 Hubert G\u00f6bel GmbH  <\/p><p><strong><a href=\"https:\/\/windenergietage.de\/2025\/wp-content\/uploads\/sites\/10\/2025\/09\/133WET_12_F03_1700_OMICRONenergyStoerungsanalyse-Wenn-der-Wind-nicht-nur-die-Haare-zerzaust.pdf\" target=\"_blank\">Vortrag zum Abruf als PDF<\/a><\/strong><p><h4>17:30 \u2013 18:00 Uhr<\/h4><p><strong>Zustandsdiagnose vs. Glaskugelleserei<\/strong><br \/>Ulrike Broniecki \u2013 OMICRON Energy Solutions GmbH  <\/p><p><strong><a href=\"https:\/\/windenergietage.de\/2025\/wp-content\/uploads\/sites\/10\/2025\/09\/133WET_12_F03_1730_OMICRONenergySolutionsGmbh_Zustandsdiagnose-vs-Glaskugelleserei.pdf\" target=\"_blank\">Vortrag zum Abruf als PDF<\/a><\/strong><p><h4>18:00 \u2013 18:30 Uhr<\/h4><p><strong>Netzanschlusspunkt unter der Lupe: Schutztechnik im Fokus<\/strong><br \/>Christian-Marcel Hintea \u2013 OMICRON electronics GmbH  <\/p><p><strong><a href=\"https:\/\/windenergietage.de\/2025\/wp-content\/uploads\/sites\/10\/2025\/09\/133WET_12_F03_1800_OMICRONelectronicsGmbH_Netzanschlusspunkt-unter-der-Lupe_Schutztechnik-im-Fokus.pdf\" target=\"_blank\">Vortrag zum Abruf als PDF<\/a><\/strong><p><h4>18:30 \u2013 19:00 Uhr<\/h4><p><strong>Damit Daten nicht im Wind verwehen<\/strong><br \/>Marcus Stenner \u2013 Hubert G\u00f6bel GmbH   <\/p><p><strong><a href=\"https:\/\/windenergietage.de\/2025\/wp-content\/uploads\/sites\/10\/2025\/09\/133WET_12_F03_1830_OMICRONelectronicsGmbH_Damit-Daten-nicht-im-Wind-verwehen.pdf\" target=\"_blank\">Vortrag zum Abruf als PDF<\/a><\/strong><p><\/div><\/div><\/div><div class=\"toggle group-field\"><div class=\"single-field odd\"><h3 class=\"field-title closed\">Forum 4 \u2013 Turbit Forum \u2013 Was kommt als N\u00e4chstes?<span class=\"ui-toggle-header-icon\"><\/span><\/h3><div class=\"field-text\" style=\"display:none;\"><div class=\"location-logos\"><div><a href=\"https:\/\/www.turbit.com\/?lang=de\" target=\"_blank\"><img loading=\"lazy\" decoding=\"async\" width=\"300\" height=\"118\" src=\"https:\/\/windenergietage.de\/2025\/wp-content\/uploads\/sites\/10\/2025\/03\/turbit-300x118.png\" class=\"attachment-medium size-medium\" alt=\"\" srcset=\"https:\/\/windenergietage.de\/2025\/wp-content\/uploads\/sites\/10\/2025\/03\/turbit-300x118.png 300w, https:\/\/windenergietage.de\/2025\/wp-content\/uploads\/sites\/10\/2025\/03\/turbit.png 600w\" sizes=\"auto, (max-width: 300px) 100vw, 300px\" \/><\/a><\/div><\/div><h4>Moderation Michael Tegtmeier &#8211;\u00a0 Gesch\u00e4ftsf\u00fchrer Turbit<\/h4>\n<h4>17:00 \u2013 17:40 Uhr<\/h4><p><strong>KI-Versicherung - Wo stehen wir heute und geht da noch mehr?<\/strong><br \/>Christian Fontius \u2013 Turbit, Jan Volkmann \u2013 HDI Global SE <\/p><p>Vortr\u00e4ge in einer Datei, siehe unten.<\/p>\n<p><strong><a href=\"https:\/\/windenergietage.de\/2025\/wp-content\/uploads\/sites\/10\/2025\/10\/Spreewindtage_2025.pdf\" target=\"_blank\">Vortrag zum Abruf als PDF<\/a><\/strong><p><h4>17:40 \u2013 18:20 Uhr<\/h4><p><strong>Fr\u00fchwarnsystem Rotorblatt - Mit smarter Sensorik und KI Sch\u00e4den rechtzeitig erkennen.<\/strong><br \/>Richard Kunert \u2013 Turbit<\/p><h4>18:20 \u2013 19:00 Uhr<\/h4><p><strong>Assistant - Automatisierung im Tagesgesch\u00e4ft in der TBF<\/strong><br \/>Clemens Edler \u2013 Turbit<\/p><\/div><\/div><\/div><div class=\"toggle group-field\"><div class=\"single-field odd\"><h3 class=\"field-title closed\">Forum 5 \u2013 ABO Energy<span class=\"ui-toggle-header-icon\"><\/span><\/h3><div class=\"field-text\" style=\"display:none;\"><div class=\"location-logos\"><div><a href=\"https:\/\/www.aboenergy.com\/de\/\" target=\"_blank\"><img loading=\"lazy\" decoding=\"async\" width=\"300\" height=\"78\" src=\"https:\/\/windenergietage.de\/2025\/wp-content\/uploads\/sites\/10\/2025\/03\/abo-energy-300x78.png\" class=\"attachment-medium size-medium\" alt=\"\" srcset=\"https:\/\/windenergietage.de\/2025\/wp-content\/uploads\/sites\/10\/2025\/03\/abo-energy-300x78.png 300w, https:\/\/windenergietage.de\/2025\/wp-content\/uploads\/sites\/10\/2025\/03\/abo-energy.png 600w\" sizes=\"auto, (max-width: 300px) 100vw, 300px\" \/><\/a><\/div><\/div><p><strong>Keine Ver\u00f6ffentlichung der Vortr\u00e4ge.<\/strong><\/p>\n<h4>17:00 \u2013 17:30 Uhr<\/h4><p><strong>Energievertr\u00e4ge entschl\u00fcsselt - welcher Vertrag passt zu meinem Projekt?<\/strong><br \/>Daniel Bisson \u2013 ABO Energy  <\/p><h4>17:30 \u2013 18:00 Uhr<\/h4><p><strong>Erneuerbare Energien im Strommarkt: Fokus Windenergie<\/strong><br \/>Sabrina Schmitt \u2013 ABO Energy  <\/p><h4>18:00 \u2013 18:30 Uhr<\/h4><p><strong>Gr\u00fcnstrom trifft gr\u00fcnen Wasserstoff: Praxiserfahrung aus einem umgesetzten Projekt<\/strong><br \/>Ashis Gurung \u2013 ABO Energy  <\/p><h4>18:30 \u2013 19:00 Uhr<\/h4><p><strong>Mut gegen Wut \u2013 Werkzeuge einer transparenten Projektkummunikation<\/strong><br \/>Dr. Daniel Duben \u2013 ABO Energy  <\/p><\/div><\/div><\/div><div class=\"toggle group-field\"><div class=\"single-field odd\"><h3 class=\"field-title closed\">Forum 6 \u2013 Deutsche Windtechnik<span class=\"ui-toggle-header-icon\"><\/span><\/h3><div class=\"field-text\" style=\"display:none;\"><div class=\"location-logos\"><div><a href=\"https:\/\/www.deutsche-windtechnik.com\/\" target=\"_blank\"><img loading=\"lazy\" decoding=\"async\" width=\"300\" height=\"65\" src=\"https:\/\/windenergietage.de\/2025\/wp-content\/uploads\/sites\/10\/2020\/08\/Deutsche-Windtechnik-300x65.png\" class=\"attachment-medium size-medium\" alt=\"\" srcset=\"https:\/\/windenergietage.de\/2025\/wp-content\/uploads\/sites\/10\/2020\/08\/Deutsche-Windtechnik-300x65.png 300w, https:\/\/windenergietage.de\/2025\/wp-content\/uploads\/sites\/10\/2020\/08\/Deutsche-Windtechnik-768x167.png 768w, https:\/\/windenergietage.de\/2025\/wp-content\/uploads\/sites\/10\/2020\/08\/Deutsche-Windtechnik.png 812w\" sizes=\"auto, (max-width: 300px) 100vw, 300px\" \/><\/a><\/div><\/div><p>Die Spreewindtage und die Deutsche Windtechnik verbindet eine lange Historie. In Magdeburg<br \/>\nvor 20 Jahren trat unser heutiger CEO und Vorstand Matthias Brandt zum ersten Mal in den<br \/>\nKosmos des Spreewindtage ein. Damals noch in kleinerer Runde mit ca. 100 Personen. Heute<br \/>\ntreffen wir uns in Potsdam mit mehreren tausend Menschen\u2026 und damit sich der weite Weg aus<br \/>\nallen Ecken der Republik lohnt sprechen wir in diesem Jahr \u00fcber alles was die Branche bewegt<br \/>\nABER: in einer etwas anderen Atmosph\u00e4re \u2013 lieeeebe Gr\u00fc\u00dfe<\/p>\n<h4>17:00 \u2013 17:05 Uhr<\/h4><p><strong>Begr\u00fc\u00dfung &amp; Einf\u00fchrung<\/strong><br \/>Linda Neddermann \u2013 Head of Marketing<\/p><h4>17:05 \u2013 17:30 Uhr<\/h4><p><strong>Gepr\u00fcft und f\u00fcr gut befunden\u201c: Highlights der  Inspektionsstelle<\/strong><br \/>Helge Brau, Leon D\u00fcbbelde<\/p><p>Einblick auf die bedeutendsten Meilensteine und Momente der Inspektionsstelle im Jahr 2025<br \/>\nzur\u00fcck. Wir zeigen, wie hohe Qualit\u00e4tsanspr\u00fcche, innovative Verfahren und unser engagiertes<br \/>\nTeam dazu beigetragen haben, die Windenergiebranche weiter zu verbessern.<\/p>\n<p><strong><a href=\"https:\/\/windenergietage.de\/2025\/wp-content\/uploads\/sites\/10\/2025\/11\/33.WT_12_F6_1705_DT.Windtechnik.pdf\" target=\"_blank\">Vortrag zum Abruf als PDF<\/a><\/strong><p><h4>17:30 \u2013 17:55 Uhr<\/h4><p><strong>Vorstellung BBG+ und BNK-Systeme<\/strong><br \/>Eike-Cedric Feder, Martin Lassen<\/p><p>Darstellung der Funktionen, Anwendungsfelder und Vorteile der Systeme BBG+ und BNK. Im<br \/>\nFokus stehen deren Beitrag zur Prozessoptimierung und Schnittstellen zu anderen<br \/>\nUnternehmensbereichen.<\/p>\n<p><strong><a href=\"https:\/\/windenergietage.de\/2025\/wp-content\/uploads\/sites\/10\/2025\/11\/33.WT_12_F6_1730_DT.Windtechnik.pdf\" target=\"_blank\">Vortrag zum Abruf als PDF<\/a><\/strong><p><h4>18:00 \u2013 18:25 Uhr<\/h4><p><strong>Mensch bleibt Mensch: Wie KI unsere Kundenbeziehungen auf  ein neues Level hebt.<\/strong><br \/>Lennart Jessen<\/p><p>Erlebe, wie k\u00fcnstliche Intelligenz unseren Arbeitsalltag smarter macht \u2013 ohne uns zu ersetzen.<br \/>\nWir zeigen, wie KI als kollegiale Unterst\u00fctzung komplexe Anfragen beschleunigt, Pr\u00e4zision<br \/>\nsteigert und gleichzeitig mehr Raum f\u00fcr echte, menschliche Verbindungen schafft.<\/p>\n<p><strong><a href=\"https:\/\/windenergietage.de\/2025\/wp-content\/uploads\/sites\/10\/2025\/11\/33.WT_12_F6_1800_Dt.Windtechnik.pdf\" target=\"_blank\">Vortrag zum Abruf als PDF<\/a><\/strong><p><h4>18:25 \u2013 18:30 Uhr<\/h4><p><strong>Abschluss &amp; Umbau!<\/strong><br \/> <\/p><p>Kurze Zusammenfassung der zentralen Inhalte und Dank an die Vortragenden. Anschlie\u00dfend<br \/>\n\u00dcberleitung in den informellen Teil des Abends.<\/p>\n<p><strong>BEERPONG - Austausch mal anders!<\/strong><br \/> <\/p><p>Nach den Fachvortr\u00e4gen hei\u00dft es: Austausch mal anders! Beim Beerpong-Turnier steht<br \/>\nTeamgeist, Spa\u00df und Vernetzung im Mittelpunkt. Ob ehrgeizig oder entspannt \u2013 hier z\u00e4hlt der<br \/>\nAustausch und das Miteinander. Ein idealer Abschluss, um den Tag gemeinsam und mit guter<br \/>\nLaune ausklingen zu lassen und in den Abend zu starten!<\/p>\n<\/div><\/div><\/div><div class=\"toggle group-field\"><div class=\"single-field odd\"><h3 class=\"field-title closed\">Forum 7 \u2013 PREDIXXION Insights \u2013 Data. Risk. Zukunftssicherheit.<span class=\"ui-toggle-header-icon\"><\/span><\/h3><div class=\"field-text\" style=\"display:none;\"><div class=\"location-logos\"><div><a href=\"https:\/\/www.predixxion.com\/\" target=\"_blank\"><img loading=\"lazy\" decoding=\"async\" width=\"200\" height=\"200\" src=\"https:\/\/windenergietage.de\/2025\/wp-content\/uploads\/sites\/10\/2025\/10\/predixxon-1.jpg\" class=\"attachment-medium size-medium\" alt=\"\" srcset=\"https:\/\/windenergietage.de\/2025\/wp-content\/uploads\/sites\/10\/2025\/10\/predixxon-1.jpg 200w, https:\/\/windenergietage.de\/2025\/wp-content\/uploads\/sites\/10\/2025\/10\/predixxon-1-150x150.jpg 150w\" sizes=\"auto, (max-width: 200px) 100vw, 200px\" \/><\/a><\/div><\/div><h4>17:00 \u2013 17:05 Uhr<\/h4><p><strong>Begr\u00fc\u00dfung &amp; Einf\u00fchrung<\/strong><br \/>Dirk Reinhold \u2013 PREDIXXION - WSO GmbH  <\/p><p>Kurzvorstellung der Fachreihe und Leitidee \u201eData. Risk. Zukunftssicherheit<\/p>\n<h4>17:05 \u2013 17:35 Uhr<\/h4><p><strong>Das Problem der stillen Verluste - Warum viele Windparks unbemerkt 5% Ertrag verlieren<\/strong><br \/>Christian M\u00fcller \u2013 PREDIXXION - WSO GmbH  <\/p><p><strong>Keine Ver\u00f6ffentlichung des Vortrags.<\/strong><\/p>\n<p>Warum erkennen klassische Monitoring-Systeme diese Verluste nicht und wie KI sie sichtbar und messbar macht.<\/p>\n<h4>17:35 \u2013 18:05 Uhr<\/h4><p><strong>Vom KI-Monitoring zur KI-Intelligence - Zusammenh\u00e4nge verstehen, L\u00f6sungen finden<\/strong><br \/>Christian M\u00fclle \u2013 PREDIXXION - WSO GmbH<\/p><p><strong>Keine Ver\u00f6ffentlichung des Vortrags<\/strong><\/p>\n<p>Warum Erkennen allein nicht reicht und wie KI datenbasierte Entscheidungen m\u00f6glich macht.<\/p>\n<h4>18:05 \u2013 18:35 Uhr<\/h4><p><strong>Wind of Change \u2013 Erfolgreiches Change-Management in IT-Projekten<\/strong><br \/>Julia Sergon \u2013 ACP IT Solutions GmbH  <\/p><p>Erfolgsfaktoren f\u00fcr digitale Transformation in der Energiewirtschaft. Wie Wandel in Projekten gelingt \u2013 und warum Change-Management entscheidend ist.<\/p>\n<p><strong><a href=\"https:\/\/windenergietage.de\/2025\/wp-content\/uploads\/sites\/10\/2025\/10\/33WET12_F07_1805_ACP-ITSolutions.pdf\" target=\"_blank\">Vortrag zum Abruf als PDF<\/a><\/strong><p><h4>18:35 \u2013 18:55 Uhr<\/h4><p><strong>NIS2 Compliance &amp; Cybersecurity \u2013 Sicherheit als Erfolgsfaktor digitaler Energiewelten<\/strong><br \/>Holger Ahrend \u2013 Aiosec e.K.  <\/p><p>Wie integrierte Cybersecurity-Plattformen Energieunternehmen sch\u00fctzen und NIS2-Vorgaben effizient erf\u00fcllen.<\/p>\n<p><strong><a href=\"https:\/\/windenergietage.de\/2025\/wp-content\/uploads\/sites\/10\/2025\/10\/33WET12_F07_1835_AIOSECeK.pdf\" target=\"_blank\">Vortrag zum Abruf als PDF<\/a><\/strong><p><h4>18:55 \u2013 19:00 Uhr<\/h4><p><strong>Abschluss &amp; Ausblick<\/strong><br \/>Dirk Reinhold \u2013 PREDIXXION - WSO GmbH<\/p><p>Zusammenfassung der Kernbotschaften: Wie Daten, IT und Sicherheit gemeinsam die Zukunftsf\u00e4higkeit der Windbranche pr\u00e4gen.<\/p>\n<\/div><\/div><\/div><div class=\"toggle group-field\"><div class=\"single-field odd\"><h3 class=\"field-title closed\">Forum 8 \u2013 BWE Sachverst\u00e4ndigenbeirat<span class=\"ui-toggle-header-icon\"><\/span><\/h3><div class=\"field-text\" style=\"display:none;\"><div class=\"location-logos\"><div><a href=\"https:\/\/www.wind-energie.de\/\" target=\"_blank\"><img loading=\"lazy\" decoding=\"async\" width=\"300\" height=\"123\" src=\"https:\/\/windenergietage.de\/2025\/wp-content\/uploads\/sites\/10\/2018\/01\/BWE_Logo-300x123.jpg\" class=\"attachment-medium size-medium\" alt=\"\" srcset=\"https:\/\/windenergietage.de\/2025\/wp-content\/uploads\/sites\/10\/2018\/01\/BWE_Logo-300x123.jpg 300w, https:\/\/windenergietage.de\/2025\/wp-content\/uploads\/sites\/10\/2018\/01\/BWE_Logo.jpg 474w\" sizes=\"auto, (max-width: 300px) 100vw, 300px\" \/><\/a><\/div><\/div><h4>17:00 \u2013 17:30 Uhr<\/h4><p><strong>Auswirkungen von Rotorunwucht auf das Hauptlager<\/strong><br \/>Michael Melsheimer \u2013 ReProjekt, Werner G\u00f6bel <\/p><p><strong><a href=\"https:\/\/windenergietage.de\/2025\/wp-content\/uploads\/sites\/10\/2025\/10\/33WET12_F08_1700_reprojekt.pdf\" target=\"_blank\">Vortrag zum Abruf als PDF<\/a><\/strong><p><h4>17:30 \u2013 18:00 Uhr<\/h4><p><strong>Sanierung von typengepr\u00fcften Tragstrukturen \u2013 Anforderungen, Betreiberpflichten und Risiken<\/strong><br \/>Martina Beese \u2013 Engemann &amp; Partner, Rechtsanw\u00e4lte mbB<\/p><h4>18:00 \u2013 18:30 Uhr<\/h4><p><strong>20 Jahre \u2013 und jetzt? Bewertung und Pr\u00fcfung des Weiterbetriebs als fundierte Entscheidungsgrundlage f\u00fcr Betreiber<\/strong><br \/>Christian Saathoff \u2013 Rosendahl Windtechnik GmbH  <\/p><p><strong><a href=\"https:\/\/windenergietage.de\/2025\/wp-content\/uploads\/sites\/10\/2025\/10\/33WET12_F08_1800_RosendahlWindtechnikGmbH_Weiterbetrieb_s.pdf\" target=\"_blank\">Vortrag zum Abruf als PDF<\/a><\/strong><p><h4>18:30 \u2013 19:00 Uhr<\/h4><p><strong>Weiterbetrieb \u00fcber 20 Jahre \u2013 Bewertung von Erm\u00fcdung und Sicherheit durch standortspezifische Lastvergleiche<\/strong><br \/>Nico Kaldun \u2013 IDASWIND  <\/p><p><strong><a href=\"https:\/\/windenergietage.de\/2025\/wp-content\/uploads\/sites\/10\/2025\/10\/33WET12_F08_1830_Idaswind.pdf\" target=\"_blank\">Vortrag zum Abruf als PDF<\/a><\/strong><p><\/div><\/div><\/div><div class=\"toggle group-field\"><div class=\"single-field odd\"><h3 class=\"field-title closed\">Forum 9 \u2013 Recht &amp; Paragraphenreiterei<span class=\"ui-toggle-header-icon\"><\/span><\/h3><div class=\"field-text\" style=\"display:none;\"><h4>17:00 \u2013 17:30 Uhr<\/h4><p><strong>Neues unter der Sonne: Novelle zum Stromsteuerrecht<\/strong><br \/>Andreas Gro\u00dfe \u2013 Becker B\u00fcttner Held  <\/p><p><strong><a href=\"https:\/\/windenergietage.de\/2025\/wp-content\/uploads\/sites\/10\/2025\/10\/33WET12_F09_1700_BBH.pdf\" target=\"_blank\">Vortrag zum Abruf als PDF<\/a><\/strong><p><h4>17:30 \u2013 18:00 Uhr<\/h4><p><strong>Bewertung = Kaufpreis? Wie ein stringenter M&amp;A Prozess Preis und Transaktionssicherheit maximiert<\/strong><br \/>Julia Braun \u2013 Sterr-K\u00f6lln &amp; Partner, Christoph Schweizer \u2013 Sterr-K\u00f6lln &amp; Partner <\/p><p><strong><a href=\"https:\/\/windenergietage.de\/2025\/wp-content\/uploads\/sites\/10\/2025\/10\/33WET12_F09_1730_Sterr-KoellnundPartnermbB_CS_BN_final.pdf\" target=\"_blank\">Vortrag zum Abruf als PDF<\/a><\/strong><p><h4>18:00 \u2013 18:30 Uhr<\/h4><p><strong>Haben Sie an alles gedacht? Stolperfallen bei der Gr\u00fcndung von Projektgesellschaften<\/strong><br \/>Dr. Daniel Berg \u2013 RITTERSHAUS Rechtsanw\u00e4lte PartmbB  <\/p><p><strong><a href=\"https:\/\/windenergietage.de\/2025\/wp-content\/uploads\/sites\/10\/2025\/10\/33WET12_F09_1800_RITTERSHAUS-4022733.1.pdf\" target=\"_blank\">Vortrag zum Abruf als PDF<\/a><\/strong><p><h4>18:30 \u2013 19:00 Uhr<\/h4><p><strong>Grauzone Poolfl\u00e4chenmodel \u2013 Voraussetzungen und Risken aus vertragsrechtlicher Sicht<\/strong><br \/>Felix Daum \u2013 Satell Rechtswanw\u00e4lte  <\/p><p><strong><a href=\"https:\/\/windenergietage.de\/2025\/wp-content\/uploads\/sites\/10\/2025\/10\/33WET12_F09_1830_33WET_12.11.25_F09_Uhrzeit1830_SATELL.pdf\" target=\"_blank\">Vortrag zum Abruf als PDF<\/a><\/strong><p><\/div><\/div><\/div><div class=\"toggle group-field\"><div class=\"single-field odd\"><h3 class=\"field-title closed\">Forum 10 \u2013 wpd windmanager: Havarie-Management - Was tun, wenn die Anlage brennt? Oder umf\u00e4llt. Oder leckt\u2026<span class=\"ui-toggle-header-icon\"><\/span><\/h3><div class=\"field-text\" style=\"display:none;\"><h4>Moderation: Jonas Lesch -Abteilungsleitung Vertrieb und Dienstleistungsentwicklung, wpd windmanager GmbH &amp; Co. KG<\/h4>\n<h4>17:00 \u2013 17:30 Uhr<\/h4><p><strong>Bei dir brennt\u2018s doch! Was m\u00fcssen Betreiber und Betriebsf\u00fchrer tun, wenn eine Anlage Feuer f\u00e4ngt, ein Rotorblatt abf\u00e4llt oder zum Beispiel \u00d6l austritt? Und wir kl\u00e4ren auch die Frage: Was ist \u00fcberhaupt eine Havarie?<\/strong><br \/>Andreas Greulich \u2013 Technisches Management bei wpd windmanager  <\/p><p><strong><a href=\"https:\/\/windenergietage.de\/2025\/wp-content\/uploads\/sites\/10\/2025\/11\/Vortrag-1_Bei-dir-brennts-doch_Andreas-Greulich.pdf\" target=\"_blank\">Vortrag zum Abruf als PDF<\/a><\/strong><p><h4>17:30 \u2013 17:50 Uhr<\/h4><p><strong>Wenn\u2019s mal nicht rund l\u00e4uft: Was m\u00fcssen Betreiber im Gro\u00dfschadensfall besonders beachten? Ein Blick aus der Versicherungsperspektive.\u201c<\/strong><br \/>Tim Armbr\u00f6ster \u2013 Insurance Broker bei Nordwest Assekuranz  <\/p><p><strong><a href=\"https:\/\/windenergietage.de\/2025\/wp-content\/uploads\/sites\/10\/2025\/11\/NWA.pdf\" target=\"_blank\">Vortrag zum Abruf als PDF<\/a><\/strong><p><h4>17:50 \u2013 18:20 Uhr<\/h4><p><strong>Du hast \u2018nen Schaden? Kein Problem. Sanieren ist nachhaltiger als eine Neuanschaffung. Und g\u00fcnstiger. Wir zeigen dir, worauf es bei der Sanierung ankommt.<\/strong><br \/>Antonio Rubio \u2013 Stellv. Regionalleiter bei Belfor  <\/p><p><strong><a href=\"https:\/\/windenergietage.de\/2025\/wp-content\/uploads\/sites\/10\/2025\/11\/Belfor.pdf\" target=\"_blank\">Vortrag zum Abruf als PDF<\/a><\/strong><p><h4>18:20 \u2013 18:40 Uhr<\/h4><p><strong>W\u00e4r das doch nie passiert\u2026Havarien lassen sich nicht vollst\u00e4ndig verhindern. Welche M\u00f6glichkeiten haben Betreiber und Betriebsf\u00fchrer das Schadensausma\u00df und die Auftrittswahrscheinlichkeit zu minimieren.<\/strong><br \/>Axel Stelzer \u2013 Director Technical Operations bei wpd windmanager  <\/p><p><strong><a href=\"https:\/\/windenergietage.de\/2025\/wp-content\/uploads\/sites\/10\/2025\/11\/Vortrag-4_Waer-das-doch-nie-passiert_Axel-Stelzer.pdf\" target=\"_blank\">Vortrag zum Abruf als PDF<\/a><\/strong><p><h4>18:40 \u2013 19:00 Uhr<\/h4><p><strong>Networking<\/strong><br \/>   <\/p><p><strong><a href=\"https:\/\/windenergietage.de\/2025\/wp-content\/uploads\/sites\/10\/2025\/11\/Intro_Jonas-Lesch.pdf\" target=\"_blank\">Vortrag zum Abruf als PDF<\/a><\/strong><p><\/div><\/div><\/div><div class=\"toggle group-field\"><div class=\"single-field odd\"><h3 class=\"field-title closed\">Forum 11 \u2013 Wenn das Rettungskonzept funktionieren muss, kann keiner Stolpersteine gebrauchen!<span class=\"ui-toggle-header-icon\"><\/span><\/h3><div class=\"field-text\" style=\"display:none;\"><div class=\"location-logos\"><div><a href=\"https:\/\/www.utw-gmbh.de\/\" target=\"_blank\"><img loading=\"lazy\" decoding=\"async\" width=\"299\" height=\"169\" src=\"https:\/\/windenergietage.de\/2025\/wp-content\/uploads\/sites\/10\/2025\/03\/UTW.png\" class=\"attachment-medium size-medium\" alt=\"\" \/><\/a><\/div><\/div><h4>17:00 \u2013 17:05 Uhr<\/h4><p><strong>Einleitung zum Thema \/ kurze Vorstellung<\/strong><br \/>Dinah Timmerhues \u2013 UTW Dienstleistungs GmbH  <\/p><h4>17:05 \u2013 17:35 Uhr<\/h4><p><strong>Wenn wir nicht die richtigen Fragen stellen? - Kommunikation in Leitstellen sch\u00e4rfen<\/strong><br \/>Sebastian Berndt \u2013 LeitKompetenz UG haftungsbeschr\u00e4nkt  <\/p><p><strong><a href=\"https:\/\/windenergietage.de\/2025\/wp-content\/uploads\/sites\/10\/2025\/10\/33WET_12_F11_1705_LeitKompetenz_Kommunikation-in-Leitstellen-schaerfen-1.pdf\" target=\"_blank\">Vortrag zum Abruf als PDF<\/a><\/strong><p><h4>17:35 \u2013 18:05 Uhr<\/h4><p><strong>Wenn es wirklich eilig ist - Lichtkennzeichnung der Windenergieanlage im Notfall<\/strong><br \/>Marcus Wrobel \u2013 Ingenieurb\u00fcro Wrotech  <\/p><p><strong><a href=\"https:\/\/windenergietage.de\/2025\/wp-content\/uploads\/sites\/10\/2025\/10\/33WET_12_F11_1735_Ingenieurbuero-Wrotech.pdf\" target=\"_blank\">Vortrag zum Abruf als PDF<\/a><\/strong><p><h4>18:05 \u2013 18:20 Uhr<\/h4><p><strong>Rettungskonzepte: Anforderungen und Herausforderungen<\/strong><br \/>Dinah Timmerhues \u2013 UTW Dienstleistungs GmbH  <\/p><p><strong><a href=\"https:\/\/windenergietage.de\/2025\/wp-content\/uploads\/sites\/10\/2025\/10\/33WET_12_F11_1805_UTW.pdf\" target=\"_blank\">Vortrag zum Abruf als PDF<\/a><\/strong><p><h4>18:20 \u2013 19:00 Uhr<\/h4><p><strong>Diskussion Rettungskonzept: Erfahrungen in der Umsetzung der Nebenbestimmungen der Genehmigung und sonstiger AnforderungenAnschlie\u00dfend Abschlussdiskussion, Fragerunde<\/strong><br \/>Marco Wagner \u2013 BayWa r.e. Wind GmbH  <\/p><h4>Moderation: Dinah Timmerhues<\/h4>\n<p>Marco Wagner, BayWa r.e. Wind GmbH,<br \/>\nAndreas B\u00e4cker, wiwi consult GmbH &amp; Co. KG<br \/>\nSebastian Berndt, LeitKompetenz UG haftungsbeschr\u00e4nkt<br \/>\nMarcus Wrobel, Ingenieurb\u00fcro Wrotech<\/p>\n<\/div><\/div><\/div><div class=\"toggle group-field\"><div class=\"single-field odd\"><h3 class=\"field-title closed\">Forum 12 \u2013 Vermarktung und Finanzmanagement<span class=\"ui-toggle-header-icon\"><\/span><\/h3><div class=\"field-text\" style=\"display:none;\"><h4>17:00 \u2013 17:30 Uhr<\/h4><p><strong>Regelenergie<\/strong><br \/>Lena Lehmeier \u2013 Engelhart CTP Renewables GmbH  <\/p><p><strong><a href=\"https:\/\/windenergietage.de\/2025\/wp-content\/uploads\/sites\/10\/2025\/10\/33WET12_F12-1700-Engelhart-CTP-Renewables.pdf\" target=\"_blank\">Vortrag zum Abruf als PDF<\/a><\/strong><p><h4>17:30 \u2013 18:00 Uhr<\/h4><p><strong>KlimaInvest \u2013 Ihr Partner f\u00fcr \u00d6kostrom Herkunftsnachweise und kommunale PPA-Vermarktung in Deutschland<\/strong><br \/>Kai Ristau \u2013 KlimaInvest Green Concepts GmbH  <\/p><p><strong>Keine Ver\u00f6ffentlichung des Vortrags.<\/strong><\/p>\n<h4>18:00 \u2013 18:30 Uhr<\/h4><p><strong>Marktwert, Spot, Festpreise, dynamische und fixe Entgelte - Wie w\u00e4hle ich das richtige Direktvermarktungsangebot mit PPA-CONNECT?<\/strong><br \/>Hardy Kallsen \u2013 PPA-CONNECT GmbH  <\/p><p><strong><a href=\"https:\/\/windenergietage.de\/2025\/wp-content\/uploads\/sites\/10\/2025\/10\/33WET12_F12_1800_PPA-CONNECTGmbH.pdf\" target=\"_blank\">Vortrag zum Abruf als PDF<\/a><\/strong><p><h4>18:30 \u2013 19:00 Uhr<\/h4><p><strong>Transparentes Maklermodell als Renditehebel f\u00fcr die Spot-Direktvermarktung<\/strong><br \/>Marco Borghesi \u2013 Lumenaza GmbH<\/p><p><strong>Keine Ver\u00f6ffentlichung des Vortrags<\/strong><strong>.<\/strong><\/p>\n<\/div><\/div><\/div><div class=\"toggle group-field\"><div class=\"single-field odd\"><h3 class=\"field-title closed\">Forum 13 \u2013 Bis zum Horizont und weiter: Mit IWP zum Ziel(typ) und an's Netz<span class=\"ui-toggle-header-icon\"><\/span><\/h3><div class=\"field-text\" style=\"display:none;\"><div class=\"location-logos\"><div><a href=\"https:\/\/iw-partner.de\/\" target=\"_blank\"><img loading=\"lazy\" decoding=\"async\" width=\"300\" height=\"97\" src=\"https:\/\/windenergietage.de\/2025\/wp-content\/uploads\/sites\/10\/2025\/04\/Ikert-Tharun-300x97.png\" class=\"attachment-medium size-medium\" alt=\"\" srcset=\"https:\/\/windenergietage.de\/2025\/wp-content\/uploads\/sites\/10\/2025\/04\/Ikert-Tharun-300x97.png 300w, https:\/\/windenergietage.de\/2025\/wp-content\/uploads\/sites\/10\/2025\/04\/Ikert-Tharun.png 395w\" sizes=\"auto, (max-width: 300px) 100vw, 300px\" \/><\/a><\/div><\/div><h4><strong>17:00 &#8211; 19:00 Uhr<\/strong><\/h4>\n<p>St\u00e4ndig neue Vorgaben, steigende Dynamik, stetiger Erfolgsdruck: Wer Projekte in Wind, Solar oder Speichertechnologie entwickelt, muss rechtlich up to date sein. Sie erhalten einen kompakten \u00dcberblick \u00fcber aktuelle Entwicklungen, Fallstricke und Chancen im Projektablauf.<\/p>\n<p><strong>Neue Spielregeln, neue Chancen \u2013 Gebietsausweisung unter RED III<\/strong><br \/>Rechtsanwalt und Partner Philipp D\u00f6hmel \u2013 Ikert-Tharun W\u00e4hling und Partner Rechtsanw\u00e4lte PartG mbB  <\/p><p><strong><a href=\"https:\/\/windenergietage.de\/2025\/wp-content\/uploads\/sites\/10\/2025\/09\/Vortrag_Doehmel.pdf\" target=\"_blank\">Vortrag zum Abruf als PDF<\/a><\/strong><p><p><strong>Zeit ist Geld - Genehmigungsrisiken durch kluge Antragstellung steuern<\/strong><br \/>Rechtsanw\u00e4ltin und Partnerin Gabi Ikert-Tharun \u2013 Ikert-Tharun W\u00e4hling und Partner Rechtsanw\u00e4lte PartG mbB  <\/p><p><strong>Vollst\u00e4ndig oder versp\u00e4tet - Wie Antragsunterlagen \u00fcber Projektzeitpl\u00e4ne entscheiden<\/strong><br \/>Rechtsanw\u00e4ltin und Partnerin Gabi Ikert-Tharun \u2013 Ikert-Tharun W\u00e4hling und Partner Rechtsanw\u00e4lte PartG mbB  <\/p><p><strong><a href=\"https:\/\/windenergietage.de\/2025\/wp-content\/uploads\/sites\/10\/2025\/09\/Vortrag_Ikert-Tharun.pdf\" target=\"_blank\">Vortrag zum Abruf als PDF<\/a><\/strong><p><p><strong>Genehmigungsf(r)iktion - \u00a7 16 b Abs. 7 ff. BImschG in der Praxis<\/strong><br \/>Rechtsanwalt Thomas Malsy \u2013 Ikert-Tharun W\u00e4hling und Partner Rechtsanw\u00e4lte PartG mbB, Rechtsanw\u00e4ltin und Partnerin Gabi Ikert-Tharun \u2013 Ikert-Tharun W\u00e4hling und Partner Rechtsanw\u00e4lte PartG mbB <\/p><p><strong><a href=\"https:\/\/windenergietage.de\/2025\/wp-content\/uploads\/sites\/10\/2025\/09\/Vortrag_Malsy_Ikert-Tharun.pdf\" target=\"_blank\">Vortrag zum Abruf als PDF<\/a><\/strong><p><p><strong>Wenn Stillstand teuer wird - Unt\u00e4tigkeitsklagen und Amtshaftung als Instrumente f\u00fcr Projektentwickler<\/strong><br \/>Rechtsanw\u00e4ltin, MLE Susanne Schaeffer \u2013 Ikert-Tharun W\u00e4hling und Partner Rechtsanw\u00e4lte PartG mbB  <\/p><p><strong><a href=\"https:\/\/windenergietage.de\/2025\/wp-content\/uploads\/sites\/10\/2025\/09\/Vortrag_Schaeffer.pdf\" target=\"_blank\">Vortrag zum Abruf als PDF<\/a><\/strong><p><p><strong>Zwischen Kooperation und Kartell - Wie Sie Risiken vermeiden<\/strong><br \/>Rechtsanw\u00e4ltin Christiane Strohmer \u2013 Ikert-Tharun W\u00e4hling und Partner Rechtsanw\u00e4lte PartG mbB  <\/p><p><strong><a href=\"https:\/\/windenergietage.de\/2025\/wp-content\/uploads\/sites\/10\/2025\/09\/Vortrag_Strohmer.pdf\" target=\"_blank\">Vortrag zum Abruf als PDF<\/a><\/strong><p><p><strong>Vom Engpass zur L\u00f6sung - Netzanschluss im Wandel<\/strong><br \/>Rechtsanwalt und Fachanwalt f\u00fcr Steuerrecht Christian B\u00f6gl \u2013 Ikert-Tharun W\u00e4hling und Partner Rechtsanw\u00e4lte PartG mbB, Rechtsanwalt und Partner Ingo Eisenreich \u2013 Ikert-Tharun W\u00e4hling und Partner Rechtsanw\u00e4lte PartG mbB <\/p><p><strong><a href=\"https:\/\/windenergietage.de\/2025\/wp-content\/uploads\/sites\/10\/2025\/09\/Vortrag_Eisenreich_Boegl.pdf\" target=\"_blank\">Vortrag zum Abruf als PDF<\/a><\/strong><p><p><strong>Laden erfolgreich - Zur rechtssicheren Genehmigung von Batteriegro\u00dfspeichern<\/strong><br \/>Rechtsanw\u00e4ltin Christiane Strohmer \u2013 Ikert-Tharun W\u00e4hling und Partner Rechtsanw\u00e4lte PartG mbB, Rechtsanwalt und Partner Philipp D\u00f6hmel \u2013 Ikert-Tharun W\u00e4hling und Partner Rechtsanw\u00e4lte PartG mbB <\/p><p><strong><a href=\"https:\/\/windenergietage.de\/2025\/wp-content\/uploads\/sites\/10\/2025\/09\/Vortrag_Doehmel_Strohmer.pdf\" target=\"_blank\">Vortrag zum Abruf als PDF<\/a><\/strong><p><\/div><\/div><\/div><div class=\"toggle group-field\"><div class=\"single-field odd\"><h3 class=\"field-title closed\">Forum 14 \u2013 KI-Forum mit Tedexa <span class=\"ui-toggle-header-icon\"><\/span><\/h3><div class=\"field-text\" style=\"display:none;\"><div class=\"location-logos\"><div><a href=\"https:\/\/www.tedexa.de\/\" target=\"_blank\"><img loading=\"lazy\" decoding=\"async\" width=\"200\" height=\"49\" src=\"https:\/\/windenergietage.de\/2025\/wp-content\/uploads\/sites\/10\/2025\/03\/tedexa_trans.png\" class=\"attachment-medium size-medium\" alt=\"\" \/><\/a><\/div><div><a href=\"https:\/\/www.avameo.de\/\" target=\"_blank\"><img loading=\"lazy\" decoding=\"async\" width=\"200\" height=\"49\" src=\"https:\/\/windenergietage.de\/2025\/wp-content\/uploads\/sites\/10\/2025\/03\/avameo_trans.png\" class=\"attachment-medium size-medium\" alt=\"\" \/><\/a><\/div><div><a href=\"https:\/\/varyfy.de\/\" target=\"_blank\"><img loading=\"lazy\" decoding=\"async\" width=\"300\" height=\"108\" src=\"https:\/\/windenergietage.de\/2025\/wp-content\/uploads\/sites\/10\/2025\/10\/Logo-RZ-300x108.png\" class=\"attachment-medium size-medium\" alt=\"\" srcset=\"https:\/\/windenergietage.de\/2025\/wp-content\/uploads\/sites\/10\/2025\/10\/Logo-RZ-300x108.png 300w, https:\/\/windenergietage.de\/2025\/wp-content\/uploads\/sites\/10\/2025\/10\/Logo-RZ-1024x367.png 1024w, https:\/\/windenergietage.de\/2025\/wp-content\/uploads\/sites\/10\/2025\/10\/Logo-RZ-768x275.png 768w, https:\/\/windenergietage.de\/2025\/wp-content\/uploads\/sites\/10\/2025\/10\/Logo-RZ.png 1196w\" sizes=\"auto, (max-width: 300px) 100vw, 300px\" \/><\/a><\/div><\/div><p>Weiterf\u00fchrende Informationen <span style=\"color: #00ccff\"><a style=\"color: #00ccff\" href=\"https:\/\/tedexa.de\/downloads\/tedexa-booklet-spreewind-2025-web.pdf\" target=\"_blank\" rel=\"noopener\"><strong>HIER<\/strong><\/a><\/span><\/p>\n<h4>17:00 \u2013 19:00 Uhr<\/h4><p><strong>Verleihung 2. KI-Award \"Der Goldene Humphrey\"<\/strong><br \/>Michael Darnieder \u2013 TEDEXA  <\/p><p>Zum zweiten Mal zeichnet TEDEXA das innovativste KI-Projekt der Windbranche aus. In einem spannenden Live-Pitch pr\u00e4sentieren Unternehmen ihre L\u00f6sungen vor einer Expertenjury aus Wirtschaft, Recht und Technik. Am Ende entscheidet die Jury, wer den begehrten \u201eGoldenen Humphrey\u201c gewinnt.<\/p>\n<p>Live auf der B\u00fchne und im YouTube-Stream \u2013 vision\u00e4re Ideen, echte Pioniere, ein Gewinner!<\/p>\n<p><strong>Die Verleihung und Pr\u00e4sentationen zum nachschauen <span style=\"color: #00ccff\"><a style=\"color: #00ccff\" href=\"https:\/\/www.youtube.com\/watch?v=kJTdJhqpEiQ\" target=\"_blank\" rel=\"noopener\">HIER<\/a>\u00a0<\/span><\/strong><\/p>\n<p>&nbsp;<\/p>\n<\/div><\/div><\/div><div class=\"toggle group-field\"><div class=\"single-field odd\"><h3 class=\"field-title closed\">Forum 15 \u2013 tettau Partnerschaft: RED III kompakt \u2013   Planung und Genehmigung von Windenergieanlagen und Speichern<span class=\"ui-toggle-header-icon\"><\/span><\/h3><div class=\"field-text\" style=\"display:none;\"><div class=\"location-logos\"><div><a href=\"https:\/\/www.tettaupartners.de\/\" target=\"_blank\"><img loading=\"lazy\" decoding=\"async\" width=\"300\" height=\"114\" src=\"https:\/\/windenergietage.de\/2025\/wp-content\/uploads\/sites\/10\/2018\/01\/tettau-logo-300x114.png\" class=\"attachment-medium size-medium\" alt=\"\" srcset=\"https:\/\/windenergietage.de\/2025\/wp-content\/uploads\/sites\/10\/2018\/01\/tettau-logo-300x114.png 300w, https:\/\/windenergietage.de\/2025\/wp-content\/uploads\/sites\/10\/2018\/01\/tettau-logo.png 364w\" sizes=\"auto, (max-width: 300px) 100vw, 300px\" \/><\/a><\/div><\/div><p>Seit rund vier Monaten ist RED III nun \u00fcberwiegend ins deutsche Recht umgesetzt. Daraus<br \/>\nsind viele <strong>Genehmigungserleichterungen in Beschleunigungsgebieten und \u00c4nderungen <\/strong><br \/>\n<strong>im Raumordnungs- und Bauplanungsrecht<\/strong> entstanden. Sie haben unmittelbare Auswirkun<br \/>\ngen auf laufende und geplante Windenergie- und Speicherprojekte.<\/p>\n<p>Der Gesetzgeber hat mit diesem Gesetzespaket auch weitere wichtige \u00c4nderungen beschlos<br \/>\nsen, die u.a. <strong>zus\u00e4tzliche gemeindliche Windenergiegebiete und \u00c4nderungen von Anla<\/strong><br \/>\n<strong>gentypen<\/strong> betreffen. Gleichzeitig hat er auch H\u00fcrden erh\u00f6ht, vor allem f\u00fcr Vorhaben au\u00dfer<br \/>\nhalb von Windenergiegebieten.<\/p>\n<p>Doch was bedeutet das konkret f\u00fcr Projektierer? In unserem Forum 15 am 12. November<br \/>\n2025 ab 17 Uhr erhalten Sie einen <strong>praxisnahen \u00dcberblick<\/strong> \u00fcber die wichtigsten Neuregelun<br \/>\ngen, potenzielle Stolpersteine und Handlungsempfehlungen f\u00fcr Ihre Planungspraxis. Das geschieht anhand von <strong>drei Praxisbeispielen. <\/strong><\/p>\n<h4>17:00 \u2013 17:30 Uhr<\/h4><p><strong>Teil 1: Planung<\/strong><br \/> <\/p><ul>\n<li>Windenergiegebiete, Beschleunigungsgebiete sowie der Au\u00dfenbereich: In welchen<br \/>\nFl\u00e4chenkategorien planen wir?<\/li>\n<li>Zus\u00e4tzliche gemeindliche Windenergiegebiete: St\u00e4rkung durch das neue Recht<\/li>\n<li>Speicher auf Planebene: Anforderungen und Wirkungen<\/li>\n<\/ul>\n<p><strong><a href=\"https:\/\/windenergietage.de\/2025\/wp-content\/uploads\/sites\/10\/2025\/11\/WEA-Tage-Forum15_Tettau-251112.pdf\" target=\"_blank\">Vortrag zum Abruf als PDF<\/a><\/strong><p><h4>17:30 \u2013 18:00 Uhr<\/h4><p><strong>Teil 2: Genehmigung<\/strong><br \/> <\/p><ul>\n<li>Das neue Genehmigungsverfahren: erste Praxiserfahrungen<\/li>\n<li>Das Herzst\u00fcck: Die \u201e\u00dcberpr\u00fcfung\u201c anhand der gesetzlichen Vorgaben f\u00fcr Daten<\/li>\n<li>Anlagentyp\u00e4nderungen: Rechtslage und Stand der Rechtsprechung<\/li>\n<li>Vorhaben au\u00dferhalb von beplanten Gebieten: Neue Rechtslage \/ wie geht es weiter<\/li>\n<\/ul>\n<h4>18:00 \u2013 18:30 Uhr<\/h4><p><strong>Zeit f\u00fcr Fragen!<\/strong><br \/> <\/p><\/div><\/div><\/div><div class=\"toggle group-field\"><div class=\"single-field odd\"><h3 class=\"field-title closed\">Forum 16 \u2013 30 Jahre 8.2 - mit Erfahrung Zukunft gestalten<span class=\"ui-toggle-header-icon\"><\/span><\/h3><div class=\"field-text\" style=\"display:none;\"><div class=\"location-logos\"><div><a href=\"https:\/\/www.8p2.de\/\" target=\"_blank\"><img loading=\"lazy\" decoding=\"async\" width=\"300\" height=\"46\" src=\"https:\/\/windenergietage.de\/2025\/wp-content\/uploads\/sites\/10\/2018\/01\/8.2-Logo_cmyk_print-2-300x46.png\" class=\"attachment-medium size-medium\" alt=\"\" srcset=\"https:\/\/windenergietage.de\/2025\/wp-content\/uploads\/sites\/10\/2018\/01\/8.2-Logo_cmyk_print-2-300x46.png 300w, https:\/\/windenergietage.de\/2025\/wp-content\/uploads\/sites\/10\/2018\/01\/8.2-Logo_cmyk_print-2.png 722w\" sizes=\"auto, (max-width: 300px) 100vw, 300px\" \/><\/a><\/div><\/div><p>Unter diesem <a href=\"https:\/\/forms.office.com\/e\/xgSpF4ZCXa?origin=lprLink\" target=\"_blank\" rel=\"noopener\"><span style=\"color: #ff9900\"><em><strong>Link<\/strong><\/em><\/span><\/a> k\u00f6nnen Sie sich f\u00fcr unsere Vortr\u00e4ge registrieren<\/p>\n<h4>17:00 \u2013 17:05 Uhr<\/h4><p><strong>Begr\u00fcssungsrede<\/strong><br \/>Lauritz Hamm \u2013 8.2 Obst & Hamm GmbH  <\/p><p>Willkommen<\/p>\n<h4>17:05 \u2013 17:25 Uhr<\/h4><p><strong>Havarie- und Brandschadenmanagement<\/strong><br \/>Jonas Beseler \u2013 8.2 QHSE GmbH &amp; Co. KG  <\/p><p><strong>Keine Ver\u00f6ffentlichung des Vortrags.<\/strong><\/p>\n<p>Der Vortrag zeigt typische Brand- und Havariesch\u00e4den an Windenergieanlagen, ordnet deren Ursachen ein und stellt praxisbew\u00e4hrte Vorgehensweisen zur technischen Aufarbeitung und Pr\u00e4vention vor.<\/p>\n<h4>17:30 \u2013 17:50 Uhr<\/h4><p><strong>Weiterbetrieb@8p2<\/strong><br \/>Philipp Stukenbrock \u2013 8.2 Consulting AG  <\/p><p>Wie lassen sich wirtschaftlicher Weiterbetrieb und technische Sicherheit verbinden? Welche M\u00f6glichkeiten bietet ein Gutachten \u00fcber den Weiterbetrieb und wie kann ich die Anlage weiterhin \u00fcberwachen, um die Nutzungsdauer zu erreichen.<\/p>\n<p><strong><a href=\"https:\/\/windenergietage.de\/2025\/wp-content\/uploads\/sites\/10\/2025\/10\/33WET13_F16_1730_8.2_Consulting_AG_Philipp-Stukenbrock_Weiterberieb.pdf\" target=\"_blank\">Vortrag zum Abruf als PDF<\/a><\/strong><p><h4>17:55 \u2013 18:15 Uhr<\/h4><p><strong>Condition Monitoring und Weiterbetriebsversicherung f\u00fcr Enercon-Anlagen (HDI Global)<\/strong><br \/>Lennart Behn \u2013 8.2 Obst &amp; Hamm GmbH  <\/p><p>Der Vortrag beleuchtet die Rolle von Condition Monitoring im Weiterbetrieb, speziell bei Altanlagen. Im Fokus steht die Zusammenarbeit mit der HDI Global in Verbindung mit Enercon Anlagen.<\/p>\n<p><strong><a href=\"https:\/\/windenergietage.de\/2025\/wp-content\/uploads\/sites\/10\/2025\/10\/33WET_12_F16_1700_8.2.pdf\" target=\"_blank\">Vortrag zum Abruf als PDF<\/a><\/strong><p><h4>18:20 \u2013 18:40 Uhr<\/h4><p><strong>Projektentwicklung und Bau von Batteriespeichern<\/strong><br \/>Dr. Henrik Zahn \u2013 8.2 Obst &amp; Hamm GmbH  <\/p><p><strong>Vortrag f\u00e4llt krankheitsbedingt aus.<\/strong><\/p>\n<h4>18:40 \u2013 19:00 Uhr<\/h4><p><strong>Offene Diskussionsrunde mit Fragen zu den Vortr\u00e4gen<\/strong><br \/> <\/p><\/div><\/div><\/div><div class=\"toggle group-field\"><div class=\"single-field odd\"><h3 class=\"field-title closed\">Forum 17 \u2013 Gesch\u00e4ftsmodell Windpark im Wandel \u2013 Erl\u00f6se sichern in einer volatilen Welt<span class=\"ui-toggle-header-icon\"><\/span><\/h3><div class=\"field-text\" style=\"display:none;\"><div class=\"location-logos\"><div><a href=\"https:\/\/www.node.energy\" target=\"_blank\"><img loading=\"lazy\" decoding=\"async\" width=\"300\" height=\"55\" src=\"https:\/\/windenergietage.de\/2025\/wp-content\/uploads\/sites\/10\/2025\/11\/node.energy-300x55.png\" class=\"attachment-medium size-medium\" alt=\"\" srcset=\"https:\/\/windenergietage.de\/2025\/wp-content\/uploads\/sites\/10\/2025\/11\/node.energy-300x55.png 300w, https:\/\/windenergietage.de\/2025\/wp-content\/uploads\/sites\/10\/2025\/11\/node.energy.png 525w\" sizes=\"auto, (max-width: 300px) 100vw, 300px\" \/><\/a><\/div><\/div><h4>17:05 \u2013 17:15 Uhr<\/h4><p><strong>Begr\u00fc\u00dfung und Einf\u00fchrung<\/strong><br \/>Matthias Karger \u2013 Gesch\u00e4ftsf\u00fchrer node.energy<\/p><h4>17:15 \u2013 17:40 Uhr<\/h4><p><strong>Die Energiewende meistern \u2013 Mit node.energy zur strombasierten Wirtschaft<\/strong><br \/>Matthias Karger Gesch\u00e4ftsf\u00fchrer  \u2013 node.energy<\/p><p>Der Wandel der Energiewirtschaft stellt Betreiber und Betriebsf\u00fchrer vor neue Aufgaben: Redispatch, Flexibilit\u00e4tsm\u00e4rkte und PPAs pr\u00e4gen das neue Normal.<br \/>\nMatthias Karger zeigt, wie node.energy Informationsasymmetrien zwischen Netzbetreibern und Anlagenbetreibern aufl\u00f6st, digitale Transparenz schafft und den Weg in eine marktorientierte Betriebsf\u00fchrung ebnet.<\/p>\n<p><strong><a href=\"https:\/\/windenergietage.de\/2025\/wp-content\/uploads\/sites\/10\/2025\/10\/33WET12_F17_1715_node.energy.pdf\" target=\"_blank\">Vortrag zum Abruf als PDF<\/a><\/strong><p><h4>17:40 \u2013 18:15 Uhr<\/h4><p><strong>\u201eMarktwerte unter Druck \u2013 Kannibalisierungseffekte und Perspektiven bis 2028\u201c<\/strong><br \/>Christian Schock Senior Consultant \u2013 enervis energy advisors<\/p><p>Einblick in die aktuelle Kurzstudie von enervis zur <em>Marktwertentwicklung von Wind und PV bis 2028<\/em>. Welche Faktoren treiben den R\u00fcckgang der Marktwerte? Wie hat sich die Situation seit der Ver\u00f6ffentlichung der Studie im Juni 2025 weiterentwickelt \u2013 und was bedeutet das f\u00fcr Betreiber?<\/p>\n<p>&nbsp;<\/p>\n<p><strong>Keine Ver\u00f6ffentlichung des Vortrags.<\/strong><\/p>\n<h4>18:15 \u2013 18:45 Uhr<\/h4><p><strong>\u201eErl\u00f6se verstehen, pr\u00fcfen, optimieren \u2013 das neue Erl\u00f6smonitoring im Praxiseinsatz\u201c<\/strong><br \/>Falco Meyer-H\u00fcbner Experte f\u00fcr digitale Betriebsf\u00fchrung \u2013 node.energy<\/p><p>Vorstellung des neuen <em>Erl\u00f6smonitoring Add-on <\/em>f\u00fcr opti.node Cockpit. Wie Betreiber und Betriebsf\u00fchrer ihre Vermarktungserl\u00f6se k\u00fcnftig automatisiert pr\u00fcfen, Abweichungen erkennen und ihre wirtschaftliche Steuerung verbessern k\u00f6nnen.<\/p>\n<p><strong><a href=\"https:\/\/windenergietage.de\/2025\/wp-content\/uploads\/sites\/10\/2025\/10\/33WET12_F17_1815_node.energy.pdf\" target=\"_blank\">Vortrag zum Abruf als PDF<\/a><\/strong><p><h4>18:45 \u2013 19:00 Uhr<\/h4><p><strong>Fragen, Diskussion &amp; Get-together<\/strong><br \/> <\/p><p>Austausch mit den Referenten bei einem Getr\u00e4nk im Anschluss an das Forum<\/p>\n<\/div><\/div><\/div><div class=\"toggle group-field\"><div class=\"single-field odd\"><h3 class=\"field-title closed\">Forum 18 \u2013 EOLOGIX-PING<span class=\"ui-toggle-header-icon\"><\/span><\/h3><div class=\"field-text\" style=\"display:none;\"><p><strong>Keine Ver\u00f6ffentlichung der Vortr\u00e4ge.<\/strong><\/p>\n<h4>17:00 \u2013 17:05 Uhr<\/h4><p><strong>Er\u00f6ffnung\/Begr\u00fc\u00dfung<\/strong><br \/>Jens M\u00fcller-Nielsen \u2013 EOLOGIX-PING  <\/p><p>Begr\u00fc\u00dfung der G\u00e4ste und einleitende Worte zum Thema des Forums &#8222;Von Blitz bis Eis: Intelligente Systeme f\u00fcr Rotorbl\u00e4tter&#8220;<\/p>\n<h4>17:05 \u2013 17:30 Uhr<\/h4><p><strong>Akustisches Blattmonitoring<\/strong><br \/>Dr.-Ing. Harald Hohlen \u2013 EOLOGIX-PING  <\/p><p>Der Vortrag thematisiert die Blattschadenserkennung, erl\u00e4lutert das System zum akustischen Blattmonitoring und pr\u00e4sentiert die Funktionsweise<\/p>\n<h4>17:30 \u2013 17:55 Uhr<\/h4><p><strong>Are lightning standards useful?<\/strong><br \/>Peter Johansen \u2013 Jomitek  <\/p><p>Der Vortrag kl\u00e4rt die Frage, ob Blitzschutznormen sinnvoll sind<\/p>\n<h4>17:55 \u2013 18:20 Uhr<\/h4><p><strong>Xweather Blitzdetektion<\/strong><br \/>Dipl.- Ing. (Fh) Michael Kalkum \u2013 Vaisala GmbH  <\/p><p>Der Vortrag erkl\u00e4rt, wie Vaisala Xweather Blitzdetektion funktioniert.<\/p>\n<h4>18:20 \u2013 18:45 Uhr<\/h4><p><strong>Blattheizungssteuerung mittels On-Blade-Eissensoren - Erste Betriebs- und Ertragskenntnisse<\/strong><br \/>Kurt St\u00fcrken \u2013 RE2E  <\/p><p>Der Vortrag bietet einen Praxisbericht mit ersten Erkenntnisses zur Blattheizungssteuerung mit On-Blade Eissensoren<\/p>\n<h4>18:45 \u2013 18:55 Uhr<\/h4><p><strong>Eiserkennung an Rotorbl\u00e4ttern<\/strong><br \/>Jens M\u00fcller-Nielsen \u2013 EOLOGIX-PING  <\/p><p>Der Vortrag erl\u00e4utert, wie rotorblattbasierte Eiserkennung funktioniert<\/p>\n<h4>18:55 \u2013 19:00 Uhr<\/h4><p><strong>Offene Fragen und Diskussion<\/strong><br \/>Jens M\u00fcller-Nielsen \u2013 EOLOGIX-PING, Harald Hohlen \u2013 EOLOGIX-PING <\/p><p>Beantwortung offener Fragen<\/p>\n<\/div><\/div><\/div><div class=\"toggle group-field\"><div class=\"single-field odd\"><h3 class=\"field-title closed\">Forum 19 \u2013 Luther Rechtsanwaltsgesellschaft mbH<span class=\"ui-toggle-header-icon\"><\/span><\/h3><div class=\"field-text\" style=\"display:none;\"><div class=\"location-logos\"><div><a href=\"https:\/\/www.luther-lawfirm.com\/home\" target=\"_blank\"><img loading=\"lazy\" decoding=\"async\" width=\"300\" height=\"78\" src=\"https:\/\/windenergietage.de\/2025\/wp-content\/uploads\/sites\/10\/2025\/06\/Luther-300x78.png\" class=\"attachment-medium size-medium\" alt=\"\" srcset=\"https:\/\/windenergietage.de\/2025\/wp-content\/uploads\/sites\/10\/2025\/06\/Luther-300x78.png 300w, https:\/\/windenergietage.de\/2025\/wp-content\/uploads\/sites\/10\/2025\/06\/Luther-1024x266.png 1024w, https:\/\/windenergietage.de\/2025\/wp-content\/uploads\/sites\/10\/2025\/06\/Luther-768x200.png 768w, https:\/\/windenergietage.de\/2025\/wp-content\/uploads\/sites\/10\/2025\/06\/Luther-1536x399.png 1536w, https:\/\/windenergietage.de\/2025\/wp-content\/uploads\/sites\/10\/2025\/06\/Luther-2048x532.png 2048w\" sizes=\"auto, (max-width: 300px) 100vw, 300px\" \/><\/a><\/div><\/div><h4>Vortr\u00e4ge nur auf Anfrage<\/h4>\n<h4>17:00 \u2013 19:00 Uhr<\/h4>\n<p><strong>Wind it up!<br \/>\n<\/strong><strong>\u2013 Rechtsgebiets\u00fcbergreifende Case Study am Beispiel einer Finanzierungstransaktion \u2013<br \/>\n<\/strong><strong>Wie lassen sich Co-located Renewables Projekte trotz rechtlichem Gegenwind auf Kurs halten?\u00a0 \u00a0 \u00a0 \u00a0 \u00a0 \u00a0 \u00a0 \u00a0 \u00a0 \u00a0 \u00a0\u00a0<\/strong><\/p>\n<p>Im Rahmen einer Finanzierungstransaktion pr\u00e4sentieren wir eine interdisziplin\u00e4re Case Study, die die zentralen Rechtsgebiete f\u00fcr die erfolgreiche Umsetzung von Co-located Renewables Projekten umfassend beleuchtet. Im Fokus stehen dabei insbesondere die Bereiche: Capital Markets, Banking &amp; Finance, Corporate \/ M&amp;A, Real Estate, Energie-, Umwelt-, Planungs- und Regulierungsrecht.<\/p>\n<p><strong>Einf\u00fchrung &amp; Capital Markets, Banking &amp; Finance<\/strong><br \/>Volkan Top \u2013 Senior Associate<\/p><p><strong>Corporate &amp; M&amp;A<\/strong><br \/>Jacqueline Dutz \u2013 Senior Associate<\/p><p><strong>Umwelt-, Planungs- &amp; Regulierungsrecht<\/strong><br \/>Bernhard Burkert, LL.M. (Stellenbosch) \u2013 Partner<\/p><p><strong>Energierecht<\/strong><br \/>Benedikt Rechner \u2013 Counsel<\/p><p><strong>Real Estate<\/strong><br \/>Dr. Frederic Tewes \u2013 Partner, Elisa  R\u00f6hr \u2013 Assocciate<\/p><\/div><\/div><\/div><div class=\"toggle group-field\"><div class=\"single-field odd\"><h3 class=\"field-title closed\">Forum 20 \u2013 Recht So! Weiter geht's mit EEG, RED III &amp; Vertr\u00e4gen<span class=\"ui-toggle-header-icon\"><\/span><\/h3><div class=\"field-text\" style=\"display:none;\"><h4>17:00 \u2013 17:30 Uhr<\/h4><p><strong>Direktvermarktungsvertr\u00e4ge im Wandel: Umgang mit negativen Strompreisen und neuem Redispatch-Regime<\/strong><br \/>Pavlos Konstantinidis \u2013 von Bredow Valentin Herz  <\/p><p><strong><a href=\"https:\/\/windenergietage.de\/2025\/wp-content\/uploads\/sites\/10\/2025\/10\/33WET12_F20_1700_Konstantinidis_vbvh.pdf\" target=\"_blank\">Vortrag zum Abruf als PDF<\/a><\/strong><p><h4>17:30 \u2013 18:00 Uhr<\/h4><p><strong>Vertrag macht Wind: Wie gute Nutzungsvereinbarungen Projekte in der Praxis tragen<\/strong><br \/>Dr. Marina Sch\u00e4uble \u2013 RITTERSHAUS Rechtsanw\u00e4lte PartmbB, Dr. Anna Ga\u00dfner \u2013 Tion Renewables GmbH <\/p><p><strong><a href=\"https:\/\/windenergietage.de\/2025\/wp-content\/uploads\/sites\/10\/2025\/10\/33WET12_F20_1730_Rittershaus_Tion.pdf\" target=\"_blank\">Vortrag zum Abruf als PDF<\/a><\/strong><p><h4>18:00 \u2013 18:30 Uhr<\/h4><p><strong>Nutzungsvertr\u00e4ge bei Agri-PV<\/strong><br \/>Katharina Kortbein \u2013 Kapellmann und Partner Rechtsanw\u00e4lte  <\/p><p><strong><a href=\"https:\/\/windenergietage.de\/2025\/wp-content\/uploads\/sites\/10\/2025\/10\/33WET12_F20_1800_Kapellmann-und-Partner-Rechtsanwaelte_Kortbein.pdf\" target=\"_blank\">Vortrag zum Abruf als PDF<\/a><\/strong><p><h4>18:30 \u2013 19:00 Uhr<\/h4><p><strong>Grundst\u00fcckskauf f\u00fcr UW\u2018s &amp; Co. - Tipps zum richtigen Umgang mit dem GrdstVG<\/strong><br \/>Antje B\u00f6hlmann \u2013 PROMETHEUS  Rechtsanwaltsgesellschaft mbH<\/p><p><strong><a href=\"https:\/\/windenergietage.de\/2025\/wp-content\/uploads\/sites\/10\/2025\/10\/33WET_12_F20_1830_prometheus.pdf\" target=\"_blank\">Vortrag zum Abruf als PDF<\/a><\/strong><p><\/div><\/div><\/div><div class=\"toggle group-field\"><div class=\"single-field odd\"><h3 class=\"field-title closed\">Forum 21 \u2013 Elektrotechnische Infrastruktur f\u00fcr Windparks effizient umsetzen und betreiben - Mittelspannungsebene im Fokus<span class=\"ui-toggle-header-icon\"><\/span><\/h3><div class=\"field-text\" style=\"display:none;\"><div class=\"location-logos\"><div><a href=\"https:\/\/www.energygridservice.de\/\" target=\"_blank\"><img loading=\"lazy\" decoding=\"async\" width=\"300\" height=\"88\" src=\"https:\/\/windenergietage.de\/2025\/wp-content\/uploads\/sites\/10\/2025\/06\/Logo-egs-300x88.png\" class=\"attachment-medium size-medium\" alt=\"\" srcset=\"https:\/\/windenergietage.de\/2025\/wp-content\/uploads\/sites\/10\/2025\/06\/Logo-egs-300x88.png 300w, https:\/\/windenergietage.de\/2025\/wp-content\/uploads\/sites\/10\/2025\/06\/Logo-egs-1024x299.png 1024w, https:\/\/windenergietage.de\/2025\/wp-content\/uploads\/sites\/10\/2025\/06\/Logo-egs-768x224.png 768w, https:\/\/windenergietage.de\/2025\/wp-content\/uploads\/sites\/10\/2025\/06\/Logo-egs-1536x449.png 1536w, https:\/\/windenergietage.de\/2025\/wp-content\/uploads\/sites\/10\/2025\/06\/Logo-egs.png 2047w\" sizes=\"auto, (max-width: 300px) 100vw, 300px\" \/><\/a><\/div><div><a href=\"https:\/\/www.wpd.de\/\" target=\"_blank\"><img loading=\"lazy\" decoding=\"async\" width=\"300\" height=\"252\" src=\"https:\/\/windenergietage.de\/2025\/wp-content\/uploads\/sites\/10\/2025\/06\/wpd_Logo_claim_RGB-300x252.png\" class=\"attachment-medium size-medium\" alt=\"\" srcset=\"https:\/\/windenergietage.de\/2025\/wp-content\/uploads\/sites\/10\/2025\/06\/wpd_Logo_claim_RGB-300x252.png 300w, https:\/\/windenergietage.de\/2025\/wp-content\/uploads\/sites\/10\/2025\/06\/wpd_Logo_claim_RGB-1024x860.png 1024w, https:\/\/windenergietage.de\/2025\/wp-content\/uploads\/sites\/10\/2025\/06\/wpd_Logo_claim_RGB-768x645.png 768w, https:\/\/windenergietage.de\/2025\/wp-content\/uploads\/sites\/10\/2025\/06\/wpd_Logo_claim_RGB-1536x1290.png 1536w, https:\/\/windenergietage.de\/2025\/wp-content\/uploads\/sites\/10\/2025\/06\/wpd_Logo_claim_RGB-2048x1719.png 2048w\" sizes=\"auto, (max-width: 300px) 100vw, 300px\" \/><\/a><\/div><div><a href=\"https:\/\/www.isoblock.de\/\" target=\"_blank\"><img loading=\"lazy\" decoding=\"async\" width=\"300\" height=\"66\" src=\"https:\/\/windenergietage.de\/2025\/wp-content\/uploads\/sites\/10\/2025\/06\/ISO-22-12-150-Isoblock-Logoueberarbeitung_RZ_RGB-scaled-1-300x66.jpg\" class=\"attachment-medium size-medium\" alt=\"\" srcset=\"https:\/\/windenergietage.de\/2025\/wp-content\/uploads\/sites\/10\/2025\/06\/ISO-22-12-150-Isoblock-Logoueberarbeitung_RZ_RGB-scaled-1-300x66.jpg 300w, https:\/\/windenergietage.de\/2025\/wp-content\/uploads\/sites\/10\/2025\/06\/ISO-22-12-150-Isoblock-Logoueberarbeitung_RZ_RGB-scaled-1-1024x227.jpg 1024w, https:\/\/windenergietage.de\/2025\/wp-content\/uploads\/sites\/10\/2025\/06\/ISO-22-12-150-Isoblock-Logoueberarbeitung_RZ_RGB-scaled-1-768x170.jpg 768w, https:\/\/windenergietage.de\/2025\/wp-content\/uploads\/sites\/10\/2025\/06\/ISO-22-12-150-Isoblock-Logoueberarbeitung_RZ_RGB-scaled-1-1536x340.jpg 1536w, https:\/\/windenergietage.de\/2025\/wp-content\/uploads\/sites\/10\/2025\/06\/ISO-22-12-150-Isoblock-Logoueberarbeitung_RZ_RGB-scaled-1-2048x454.jpg 2048w\" sizes=\"auto, (max-width: 300px) 100vw, 300px\" \/><\/a><\/div><\/div><h4>17:00 \u2013 17:15 Uhr<\/h4><p><strong>Begr\u00fc\u00dfung und Unternehmensvorstellung<\/strong><br \/>Benedikt Reckemeyer \u2013 energy grid service  <\/p><h4>17:15 \u2013 17:25 Uhr<\/h4><p><strong>Die ersten Schritte - Projektentwicklung<\/strong><br \/>Ferdinand Steinmetz \u2013 wpd infrastruktur  <\/p><p>Elektrotechnische Herausforderungen in der fr\u00fchen Planungsphase<\/p>\n<p><span style=\"color: #ff0000\"><strong>ALLE Vortr\u00e4ge aus dem Forum in folgender Datei zusammengefasst:<\/strong><\/span><\/p>\n<p><strong><a href=\"https:\/\/windenergietage.de\/2025\/wp-content\/uploads\/sites\/10\/2025\/09\/33.WT_12_F21_1715_wpd.pdf\" target=\"_blank\">Vortrag zum Abruf als PDF<\/a><\/strong><p><h4>17:25 \u2013 17:40 Uhr<\/h4><p><strong>Das R\u00fcckgrat entsteht - Netzanschluss + Elektrotechnik<\/strong><br \/>Sebastian Schleef \u2013 Isoblock  <\/p><p>Worauf es beim Netzanschluss wirklich ankommt<\/p>\n<h4>17:40 \u2013 18:10 Uhr<\/h4><p><strong>Der Bau beginnt - Bauphase<\/strong><br \/>Markus Heimann \u2013 Isoblock, Ferdinand Steinmetz \u2013 wpd Infrastruktur <\/p><p>Von der Theorie zur Praxis: Herausforderungen w\u00e4hrend der Bauzeit<\/p>\n<h4>18:10 \u2013 18:25 Uhr<\/h4><p><strong>Der erste Strom - Inbetriebnahme + Probebetrieb<\/strong><br \/>Oliver Klausch \u2013 energy grid service, Ferdinand Steinmetz \u2013 wpd Infrastruktur, Sebastian Schleef \u2013 Isoblock<\/p><p>Was beim Hochfahren der Anlage zu beachten ist<\/p>\n<h4>18:25 \u2013 18:40 Uhr<\/h4><p><strong>Die Bew\u00e4hrung - Betrieb + Wartung<\/strong><br \/>Oliver Klausch \u2013 energy grid service  <\/p><p>Erfolgsfaktor langfristige Betriebsf\u00fchrung<\/p>\n<h4>18:40 \u2013 19:00 Uhr<\/h4><p><strong>Offene Diskussionsrunde<\/strong><br \/>   <\/p><p>Fragen, Austausch + Ausblick mit allen Referenten und Teilnehmenden<\/p>\n<\/div><\/div><\/div><div class=\"toggle group-field\"><div class=\"single-field odd\"><h3 class=\"field-title closed\">Forum 22 \u2013 Geb\u00fcndelte Energien: Gemeinsame Nutzung von Fl\u00e4chen und Infrastruktur<span class=\"ui-toggle-header-icon\"><\/span><\/h3><div class=\"field-text\" style=\"display:none;\"><div class=\"location-logos\"><div><a href=\"https:\/\/bn-kollegen.de\/\" target=\"_blank\"><img loading=\"lazy\" decoding=\"async\" width=\"156\" height=\"56\" src=\"https:\/\/windenergietage.de\/2025\/wp-content\/uploads\/sites\/10\/2023\/09\/BNK_Logo_Name_positiv.png\" class=\"attachment-medium size-medium\" alt=\"\" \/><\/a><\/div><\/div><h4>Moderation: Dr. Julian Nebel<\/h4>\n<h4>17:00 \u2013 17:20 Uhr<\/h4><p><strong>Hybridisierung: Eine Neudefinition des Investment Cases erneuerbarer Energien?<\/strong><br \/>Dr. Ole J\u00fcrgens \u2013 CEE Group<\/p><p><strong><a href=\"https:\/\/windenergietage.de\/2025\/wp-content\/uploads\/sites\/10\/2025\/11\/33WET12_F22_1700_BrahmsNebelKollegen.pdf\" target=\"_blank\">Vortrag zum Abruf als PDF<\/a><\/strong><p><h4>17:20 \u2013 17:40 Uhr<\/h4><p><strong>Gemeinsame Nutzung von Netzanschl\u00fcssen und flexible Netzanschlussvereinbarungen aus rechtlicher Perspektive<\/strong><br \/>Dr. Mirko Sauer \u2013 BNK  <\/p><p><strong>Keine Ver\u00f6ffentlichung des Vortrags.<\/strong><\/p>\n<h4>17:40 \u2013 18:00 Uhr<\/h4><p><strong>Eine Fl\u00e4che, zwei Energien - Planungrechtliche Aspekte der Doppelnutzung durch Solar- und Windenergieanlagen<\/strong><br \/>Dr. Patrick Schulz \u2013 BNK  <\/p><p><strong><a href=\"https:\/\/windenergietage.de\/2025\/wp-content\/uploads\/sites\/10\/2025\/10\/33WET12_F22_1740-1800_Doppelnutzung_Solar-und_Wind_Planungsrecht_Patrick_Schulz.pdf\" target=\"_blank\">Vortrag zum Abruf als PDF<\/a><\/strong><p><h4>18:00 \u2013 18:20 Uhr<\/h4><p><strong>Hybridnetze, \u00dcberbauung von Windparks, integrierte Messkonzepte<\/strong><br \/>Wolfgang Krauss \u2013 acteno energy GmbH  <\/p><p><strong>Keine Ver\u00f6ffentlichung des Vortrags.<\/strong><\/p>\n<h4>18:20 \u2013 18:40 Uhr<\/h4><p><strong>Doppelt nutzt besser: Grundst\u00fccks- und Gesellschaftsrecht bei gemeinsam genutzter Infrastruktur<\/strong><br \/>Catharina Post \u2013 BNK  <\/p><p><strong><a href=\"https:\/\/windenergietage.de\/2025\/wp-content\/uploads\/sites\/10\/2025\/10\/33WET12_F22_1820-1840_Gemeinsame_Infrastruktur_Catharina_Post.pdf\" target=\"_blank\">Vortrag zum Abruf als PDF<\/a><\/strong><p><h4>18:40 \u2013 19:00 Uhr<\/h4><p><strong>Abschlussdiskussion<\/strong><br \/> <\/p><\/div><\/div><\/div><div class=\"toggle group-field\"><div class=\"single-field odd\"><h3 class=\"field-title closed\">Forum 23 \u2013 Butter bei die Fische<span class=\"ui-toggle-header-icon\"><\/span><\/h3><div class=\"field-text\" style=\"display:none;\"><h4>17:00 \u2013 17:55 Uhr<\/h4><p><strong>\u201eGeiht nich, givt nich. \u2013 Krise beim Netzanschluss von BESS und EE-Anlagen\u201c<\/strong><br \/>Yvonne Strzyz \u2013 MaxSolar, Julian Helmich \u2013 E-TIB Ingenieurgesellschaft mbH<\/p><p>Moderation: Dr. Florian Brahms<\/p>\n<p><strong><a href=\"https:\/\/windenergietage.de\/2025\/wp-content\/uploads\/sites\/10\/2025\/11\/33WET12_F23_1700_BrahmsNebelKollegen.pdf\" target=\"_blank\">Vortrag zum Abruf als PDF<\/a><\/strong><p><h4>18:00 \u2013 18:55 Uhr<\/h4><p><strong>Wenn uns Katt ne Koh weer, kunnen wi mit Bodder to'n Markt* \u2013 Neue Entwicklungen am Strommarkt und Auswirkungen auf die Direktvermarktung<\/strong><br \/>Dr. Florian Brahms \u2013 Brahms, Nebel &amp; Kollegen, Josef Werum \u2013 in.power  Services GmbH , Henrik Tietje \u2013 EWE TRADING GmbH , Dr. Lennard Wilkening \u2013 suena GmbH<\/p><p>*Wenn unsere Katze eine Kuh w\u00e4re, k\u00f6nnten wir mit Butter zum Markt<\/p>\n<\/div><\/div><\/div><div class=\"toggle group-field\"><div class=\"single-field odd\"><h3 class=\"field-title closed\">Forum 24 \u2013 Kooperation statt Konfrontation: Akzeptanzkommunikation mit B\u00fcrgerinitiativen bei Windenergie-Projekten<span class=\"ui-toggle-header-icon\"><\/span><\/h3><div class=\"field-text\" style=\"display:none;\"><div class=\"location-logos\"><div><a href=\"https:\/\/www.steinbeis-mediation.com\/\" target=\"_blank\"><img loading=\"lazy\" decoding=\"async\" width=\"300\" height=\"97\" src=\"https:\/\/windenergietage.de\/2025\/wp-content\/uploads\/sites\/10\/2025\/06\/IKOME-Steinbeis-Mediation-transparent-300x97-1.png\" class=\"attachment-medium size-medium\" alt=\"\" \/><\/a><\/div><\/div><p><strong>Moderation Prof Dr. Gernot Barth Leiter IKOME | Steinbeis Mediation<\/strong><\/p>\n<h4>17:00 \u2013 17:10 Uhr<\/h4><p><strong>Begr\u00fc\u00dfung und Einf\u00fchrung<\/strong><br \/>Prof. Dr. Gernot Barth \u2013 IKOME | Steinbeis Mediation  <\/p><h4>17:10 \u2013 17:30 Uhr<\/h4><p><strong>Mit den B\u00fcrgern statt f\u00fcr die B\u00fcrger \u2013 Perspektivwechsel bei der Kommunikation mit B\u00fcrgeriniativen bei Windenergie-Projekten<\/strong><br \/>Prof. Dr. Gernot Barth \u2013 IKOME | Steinbeis Mediation  <\/p><p><strong><a href=\"https:\/\/windenergietage.de\/2025\/wp-content\/uploads\/sites\/10\/2025\/09\/33WET12_FO24_1710_IKOME-Steinbeis-Mediation1.pdf\" target=\"_blank\">Vortrag zum Abruf als PDF<\/a><\/strong><p><h4>17:30 \u2013 17:50 Uhr<\/h4><p><strong>Kommunikation mit B\u00fcrgerinitiativen bei Windenergie-Projekten aus Sicht eines Vorhabentr\u00e4gers<\/strong><br \/>Dr. Elisabeth J\u00fcschke \u2013 JUWI GmbH  <\/p><p><strong><a href=\"https:\/\/windenergietage.de\/2025\/wp-content\/uploads\/sites\/10\/2025\/09\/33WET12_FO24_1730_JUWI.pdf\" target=\"_blank\">Vortrag zum Abruf als PDF<\/a><\/strong><p><h4>17:50 \u2013 18:10 Uhr<\/h4><p><strong>Gemeinsam gewinnen \u2013 Akzeptanz von Windenergie-Projekten durch B\u00fcrgerbeteiligung<\/strong><br \/>Christina Hasse \u2013 Bundesverband WindEnergie e. V.  <\/p><p><strong><a href=\"https:\/\/windenergietage.de\/2025\/wp-content\/uploads\/sites\/10\/2025\/09\/33WET12_FO24_1750_BWE.pdf\" target=\"_blank\">Vortrag zum Abruf als PDF<\/a><\/strong><p><h4>18:10 \u2013 18:30 Uhr<\/h4><p><strong>Umgang mit Widerst\u00e4nden beim Ausbau der Windenergie. Erlebnisse und Erfahrungen eines privaten Projektentwicklers und Betreibers<\/strong><br \/>Steffen Fl\u00e4mig \u2013 Projektentwickler und Betreiber von Windenergieanlagen  <\/p><p><strong>Keine Ver\u00f6ffentlichung des Vortrags.<\/strong><\/p>\n<h4>18:30 \u2013 19:00 Uhr<\/h4><p><strong>Podium - Diskussion der Referenten mit Teilnehmern des Forums<\/strong><br \/>   <\/p><\/div><\/div><\/div><div class=\"toggle group-field\"><div class=\"single-field odd\"><h3 class=\"field-title closed\">Forum 25 \u2013 Wind im Wald. Wie schaffen wir Akzeptanz?<span class=\"ui-toggle-header-icon\"><\/span><\/h3><div class=\"field-text\" style=\"display:none;\"><div class=\"location-logos\"><div><a href=\"https:\/\/www.neowa.de\/\" target=\"_blank\"><img loading=\"lazy\" decoding=\"async\" width=\"300\" height=\"114\" src=\"https:\/\/windenergietage.de\/2025\/wp-content\/uploads\/sites\/10\/2018\/01\/Logo-Qair-2000px-300x114.png\" class=\"attachment-medium size-medium\" alt=\"\" srcset=\"https:\/\/windenergietage.de\/2025\/wp-content\/uploads\/sites\/10\/2018\/01\/Logo-Qair-2000px-300x114.png 300w, https:\/\/windenergietage.de\/2025\/wp-content\/uploads\/sites\/10\/2018\/01\/Logo-Qair-2000px-1024x391.png 1024w, https:\/\/windenergietage.de\/2025\/wp-content\/uploads\/sites\/10\/2018\/01\/Logo-Qair-2000px-768x293.png 768w, https:\/\/windenergietage.de\/2025\/wp-content\/uploads\/sites\/10\/2018\/01\/Logo-Qair-2000px-1536x586.png 1536w, https:\/\/windenergietage.de\/2025\/wp-content\/uploads\/sites\/10\/2018\/01\/Logo-Qair-2000px.png 2000w\" sizes=\"auto, (max-width: 300px) 100vw, 300px\" \/><\/a><\/div><\/div><h4>17:00 \u2013 17:30 Uhr<\/h4><p><strong>Klimaschutz durch Windenergie im Wald<\/strong><br \/>S\u00f6ren Krekeler \u2013 Bereichsleiter Immobilien Bayerische Staatsforsten  <\/p><p><strong><a href=\"https:\/\/windenergietage.de\/2025\/wp-content\/uploads\/sites\/10\/2025\/09\/BaySF_Klimaschutz-durch-Windenergie-im-Wald_Versand.pdf\" target=\"_blank\">Vortrag zum Abruf als PDF<\/a><\/strong><p><h4>17:30 \u2013 18:00 Uhr<\/h4><p><strong>Windprojekte im Wald durch Akzeptanzdialog beschleunigen<\/strong><br \/>Dr. Andreas Bachmeier \u2013 Gesch\u00e4ftsf\u00fchrer Engel &amp; Zimmermann GmbH  <\/p><p><strong><a href=\"https:\/\/windenergietage.de\/2025\/wp-content\/uploads\/sites\/10\/2025\/09\/EZ_Windenergietage_PPT_20251112.pdf\" target=\"_blank\">Vortrag zum Abruf als PDF<\/a><\/strong><p><h4>18:00 \u2013 18:30 Uhr<\/h4><p><strong>Wind im Wald \u2013 Technische Risikoanalyse als Grundlage f\u00fcr Akzeptanz<\/strong><br \/>Timmo Seebo \u2013 Senior Consultant Wind Energy 8.2 Consulting AG  <\/p><p>Keine Ver\u00f6ffentlichung des Vortrags.<\/p>\n<h4>18:30 \u2013 19:00 Uhr<\/h4><p><strong>Zukunftssichere Energie f\u00fcr das ChemDelta Bavaria: der Windpark Alt\u00f6tting<\/strong><br \/>Peter Reidelbach \u2013 Projekt Manager Wind Qair Deutschland GmbH  <\/p><p>Keine Ver\u00f6ffentlichung des Vortrags.<\/p>\n<h4>19:00 \u2013 21:00 Uhr<\/h4><p><strong>K\u00e4se und Wein<\/strong><br \/> <\/p><p>Im Anschluss an das Forum laden wir Sie herzlich ein mit uns im lockeren Gespr\u00e4ch den Abend ausklingen zu lassen.<\/p>\n<\/div><\/div><\/div><div class=\"toggle group-field\"><div class=\"single-field odd\"><h3 class=\"field-title closed\">Forum 26 \u2013 Dombert Rechtsanw\u00e4lte: Schnecke oder Windhund? Aktuelles aus Rechtsprechung und Praxis zu den Beschleunigungsgesetzen <span class=\"ui-toggle-header-icon\"><\/span><\/h3><div class=\"field-text\" style=\"display:none;\"><div class=\"location-logos\"><div><a href=\"https:\/\/dombert.de\/\" target=\"_blank\"><img loading=\"lazy\" decoding=\"async\" width=\"259\" height=\"60\" src=\"https:\/\/windenergietage.de\/2025\/wp-content\/uploads\/sites\/10\/2018\/01\/Dombert-e1544449708175.png\" class=\"attachment-medium size-medium\" alt=\"\" \/><\/a><\/div><\/div><h4>17:00 \u2013 19:00 Uhr<\/h4><p><strong>Schnecke oder Windhund? Aktuelles aus Rechtsprechung und Praxis zu den Beschleunigungsgesetzen.<\/strong><br \/>Rechtsanwalt Janko Ge\u00dfner, Rechtsanwalt Prof. Dr. Jan Thiele, Rechtsanwalt Tobias Ro\u00df<\/p><p><strong><a href=\"https:\/\/windenergietage.de\/2025\/wp-content\/uploads\/sites\/10\/2025\/09\/Schnecke_oder_Windhund._33WET12_F26_1700_1900_DOMBERT_Rechtsanwaelte.pdf\" target=\"_blank\">Vortrag zum Abruf als PDF<\/a><\/strong><p><\/div><\/div><\/div><div class=\"toggle group-field\"><div class=\"single-field odd\"><h3 class=\"field-title closed\">Forum 27 \u2013 NextGen Erneuerbare! <span class=\"ui-toggle-header-icon\"><\/span><\/h3><div class=\"field-text\" style=\"display:none;\"><div class=\"location-logos\"><div><img loading=\"lazy\" decoding=\"async\" width=\"300\" height=\"74\" src=\"https:\/\/windenergietage.de\/2025\/wp-content\/uploads\/sites\/10\/2023\/05\/Sterr-Koelln-Partner-300x74.jpeg\" class=\"attachment-medium size-medium\" alt=\"\" srcset=\"https:\/\/windenergietage.de\/2025\/wp-content\/uploads\/sites\/10\/2023\/05\/Sterr-Koelln-Partner-300x74.jpeg 300w, https:\/\/windenergietage.de\/2025\/wp-content\/uploads\/sites\/10\/2023\/05\/Sterr-Koelln-Partner-1024x251.jpeg 1024w, https:\/\/windenergietage.de\/2025\/wp-content\/uploads\/sites\/10\/2023\/05\/Sterr-Koelln-Partner-768x188.jpeg 768w, https:\/\/windenergietage.de\/2025\/wp-content\/uploads\/sites\/10\/2023\/05\/Sterr-Koelln-Partner.jpeg 1200w\" sizes=\"auto, (max-width: 300px) 100vw, 300px\" \/><\/div><\/div><p><strong>Neu auf den Windenergietagen?<\/strong><br \/>\nDu bist neu in der Branche, siehst quasi keine bekannten Gesichter und wei\u00dft nicht so recht, wo du anfangen sollst?<\/p>\n<p>Kein Problem &#8211; das l\u00e4sst sich \u00e4ndern.<\/p>\n<p>Starte direkt in <strong>Forum 27 NextGen Erneuerbare<\/strong> &#8211; Wir zeigen dir, wie du das Beste aus den Windenergietagen f\u00fcr dich herausholst. Mit praktischen Tipps und Insider Wissen, damit du dich schnell zurechtfindest.<\/p>\n<p>Kn\u00fcpfe neue Kontakte, schaffe dein eigenes Netzwerk und werde so Teil der n\u00e4chsten Generation, die die Zukunft der erneuerbaren Branche aktiv mitgestaltet!<\/p>\n<p>&nbsp;<\/p>\n<h4>17:00 \u2013 17:15 Uhr<\/h4><p><strong>Willkommen auf den 33. Windenergietagen!<\/strong><br \/>V\u00e9ronique Seitz \u2013 Spreewind GmbH<\/p><p>Windenergietage &#8211; wof\u00fcr stehen wir und worum geht es \u00fcberhaupt?<\/p>\n<h4>17:15 \u2013 17:30 Uhr<\/h4><p><strong>Tipps &amp; Insider-Infos f\u00fcr deinen Einstieg\u00a0<\/strong><br \/>Carolin Schr\u00f6der \u2013 Sterr-K\u00f6lln &amp; Partner, David Steimle \u2013 Sterr-K\u00f6lln &amp; Partner<\/p><p>Zwei Profis im Interview: Spannende Einblicke von <strong>Amrei Kammesheidt (\u00d8rsted)<\/strong> und <strong>Matthias Brandt (Deutsche Windtechnik) <\/strong>zum Thema Networking<\/p>\n<h4>17:30 \u2013 20:00 Uhr<\/h4><p><strong>Fingerfood, Drinks und Networking<\/strong><br \/> <\/p><p>Ihr seid herzlich Willkommen hier eure ersten Kontakte zu kn\u00fcpfen &#8211; Kommt ins Gespr\u00e4ch, tauscht euch aus, vernetzt euch.<\/p>\n<\/div><\/div><\/div><div class=\"toggle group-field\"><div class=\"single-field odd\"><h3 class=\"field-title closed\">Forum 29 \u2013 Siemens AG<span class=\"ui-toggle-header-icon\"><\/span><\/h3><div class=\"field-text\" style=\"display:none;\"><div class=\"location-logos\"><div><a href=\"https:\/\/www.siemens.com\/de\/de.html\" target=\"_blank\"><img loading=\"lazy\" decoding=\"async\" width=\"156\" height=\"118\" src=\"https:\/\/windenergietage.de\/2025\/wp-content\/uploads\/sites\/10\/2016\/05\/Siemens_web.png\" class=\"attachment-medium size-medium\" alt=\"\" \/><\/a><\/div><\/div><p><strong>Keine Ver\u00f6ffentlichung der Vortr\u00e4ge.<\/strong><\/p>\n<h4>17:00 \u2013 17:30 Uhr<\/h4><p><strong>8DAB40: F-Gas-frei bei 36 kV \u2013 Die Revolution f\u00fcr Ihr digitales Windumspannwerk.<\/strong><br \/>Christoph Fr\u00f6hlich \u2013 Siemens AG  <\/p><h4>17:30 \u2013 18:00 Uhr<\/h4><p><strong>Electrification X: Ihr Schl\u00fcssel zu maximaler Verf\u00fcgbarkeit im Windumspannwerk.<\/strong><br \/>Sarah Riena\u00df \u2013 Siemens AG  <\/p><h4>18:00 \u2013 18:30 Uhr<\/h4><p><strong>Siemens Service: F\u00fcr nachhaltigen und sicheren Betrieb Ihrer erneuerbaren Anlagen<\/strong><br \/>Max Kirschner \u2013 Siemens AG  <\/p><h4>18:30 \u2013 19:00 Uhr<\/h4><p><strong>Praxisbeispiele: Von der Theorie zur Anwendung \u2013 Mit anschlie\u00dfender Fragerunde<\/strong><br \/>Patrick Granzow \u2013 Siemens AG  <\/p><\/div><\/div><\/div><div class=\"toggle group-field\"><div class=\"single-field odd\"><h3 class=\"field-title closed\">Forum 29A \u2013 D\u00e4nische Wind-Hygge (10 Jahre WEA)<span class=\"ui-toggle-header-icon\"><\/span><\/h3><div class=\"field-text\" style=\"display:none;\"><div class=\"location-logos\"><div><a href=\"http:\/\/tyskland.um.dk\" target=\"_blank\"><img loading=\"lazy\" decoding=\"async\" width=\"300\" height=\"63\" src=\"https:\/\/windenergietage.de\/2025\/wp-content\/uploads\/sites\/10\/2018\/01\/Daenisches-Generalkonsulat_Hamburg-German-300x63.png\" class=\"attachment-medium size-medium\" alt=\"\" srcset=\"https:\/\/windenergietage.de\/2025\/wp-content\/uploads\/sites\/10\/2018\/01\/Daenisches-Generalkonsulat_Hamburg-German-300x63.png 300w, https:\/\/windenergietage.de\/2025\/wp-content\/uploads\/sites\/10\/2018\/01\/Daenisches-Generalkonsulat_Hamburg-German-768x162.png 768w, https:\/\/windenergietage.de\/2025\/wp-content\/uploads\/sites\/10\/2018\/01\/Daenisches-Generalkonsulat_Hamburg-German.png 951w\" sizes=\"auto, (max-width: 300px) 100vw, 300px\" \/><\/a><\/div><\/div><p><strong>10 Jahre Wind Energy Advisory Hamburg \u2013 grenz\u00fcberschreitend f\u00fcr die Energiewende<\/strong><br \/>\nWie kann der Blick \u00fcber die Grenze die Energiewende voranbringen?<\/p>\n<p>10 Jahre Wind Energy Advisory Hamburg \u2013 Kooperation, Austausch und Zukunft<br \/>\nGemeinsam mit Partnern aus D\u00e4nemark und Deutschland feiern wir 10 Jahre Wind Energy Advisory Hamburg \u2013 und laden zum Erfahrungsaustausch bei den Windenergietagen ein.<\/p>\n<h4>17:00 \u2013 17:15 Uhr<\/h4><p><strong>Willkommensgru\u00df<\/strong><br \/> <\/p><h4>17:15 \u2013 19:00 Uhr<\/h4><p><strong>Hygge im d\u00e4nischen Stil<\/strong><br \/> <\/p><p>Wir laden zu d\u00e4nischem Bier, Softgetr\u00e4nken, Chips und typisch salziger Lakritze ein.<\/p>\n<p>Du bist herzlich eingeladen, die Windenergietage mit uns zu er\u00f6ffnen. Wir freuen uns auf informelles Networking, tolle Gespr\u00e4che, eine spannende Messe und einen sch\u00f6nen ersten Abend.<\/p>\n<\/div><\/div><\/div><div class=\"toggle group-field\"><div class=\"single-field odd\"><h3 class=\"field-title closed\">Forum 30 \u2013 Drohnen, Windmessung und Zustands\u00fcberwachung im Fokus<span class=\"ui-toggle-header-icon\"><\/span><\/h3><div class=\"field-text\" style=\"display:none;\"><h4>17:00 \u2013 17:30 Uhr<\/h4><p><strong>5 aktuelle Tipps f\u00fcr Projektierer bei Ertragsprognosen \u2013 und wo Windmessungen helfen\u2026<\/strong><br \/>Dominik Adler \u2013 GEO-NET Umweltconsulting GmbH<\/p><p><strong><a href=\"https:\/\/windenergietage.de\/2025\/wp-content\/uploads\/sites\/10\/2025\/10\/33WET12_F30_1700_GEO-NET_v00.pdf\" target=\"_blank\">Vortrag zum Abruf als PDF<\/a><\/strong><p><h4>17:30 \u2013 18:00 Uhr<\/h4><p><strong>Einsatz von fliegenden Windmess-Systemen<\/strong><br \/>Dr. William Thielicke \u2013 OPTOLUTION Messtechnik GmbH  <\/p><p><strong><a href=\"https:\/\/windenergietage.de\/2025\/wp-content\/uploads\/sites\/10\/2025\/10\/33WET12_F30_1730_WMS.pdf\" target=\"_blank\">Vortrag zum Abruf als PDF<\/a><\/strong><p><h4>18:00 \u2013 18:30 Uhr<\/h4><p><strong>KI in der Zustands\u00fcberwachung \u2013 Chancen und Herausforderungen<\/strong><br \/>Adam Kulpa \u2013 Aerospection  <\/p><p><strong>Keine Ver\u00f6ffentlichung des Vortrags.<\/strong><\/p>\n<h4>18:30 \u2013 19:00 Uhr<\/h4><p><strong>Fliegende Bolzen, hohe Sch\u00e4den - BOLTcontrol setzt dem ein Ende!<\/strong><br \/>Christian Hokamp \u2013 Weidm\u00fcller Interface GmbH &amp; Co. KG  <\/p><p><strong><a href=\"https:\/\/windenergietage.de\/2025\/wp-content\/uploads\/sites\/10\/2025\/10\/33WET12_F30_1830_WMS.pdf\" target=\"_blank\">Vortrag zum Abruf als PDF<\/a><\/strong><p><\/div><\/div><\/div><div class=\"toggle group-field\"><div class=\"single-field odd\"><h3 class=\"field-title closed\">Forum 31 \u2013 Netzzugangsstrategien und Bess Einkauf \u2013 Lets move things forward<span class=\"ui-toggle-header-icon\"><\/span><\/h3><div class=\"field-text\" style=\"display:none;\"><div class=\"location-logos\"><div><a href=\"https:\/\/carneades.com\/\" target=\"_blank\"><img loading=\"lazy\" decoding=\"async\" width=\"300\" height=\"69\" src=\"https:\/\/windenergietage.de\/2025\/wp-content\/uploads\/sites\/10\/2025\/06\/carneades-300x69.png\" class=\"attachment-medium size-medium\" alt=\"\" srcset=\"https:\/\/windenergietage.de\/2025\/wp-content\/uploads\/sites\/10\/2025\/06\/carneades-300x69.png 300w, https:\/\/windenergietage.de\/2025\/wp-content\/uploads\/sites\/10\/2025\/06\/carneades.png 467w\" sizes=\"auto, (max-width: 300px) 100vw, 300px\" \/><\/a><\/div><div><a href=\"https:\/\/gridside.de\/\" target=\"_blank\"><img loading=\"lazy\" decoding=\"async\" width=\"300\" height=\"110\" src=\"https:\/\/windenergietage.de\/2025\/wp-content\/uploads\/sites\/10\/2025\/08\/Gridsidelogo-final_rgb-300x110.png\" class=\"attachment-medium size-medium\" alt=\"\" srcset=\"https:\/\/windenergietage.de\/2025\/wp-content\/uploads\/sites\/10\/2025\/08\/Gridsidelogo-final_rgb-300x110.png 300w, https:\/\/windenergietage.de\/2025\/wp-content\/uploads\/sites\/10\/2025\/08\/Gridsidelogo-final_rgb-1024x377.png 1024w, https:\/\/windenergietage.de\/2025\/wp-content\/uploads\/sites\/10\/2025\/08\/Gridsidelogo-final_rgb-768x282.png 768w, https:\/\/windenergietage.de\/2025\/wp-content\/uploads\/sites\/10\/2025\/08\/Gridsidelogo-final_rgb-1536x565.png 1536w, https:\/\/windenergietage.de\/2025\/wp-content\/uploads\/sites\/10\/2025\/08\/Gridsidelogo-final_rgb-2048x753.png 2048w\" sizes=\"auto, (max-width: 300px) 100vw, 300px\" \/><\/a><\/div><\/div><p><strong>Keine Ver\u00f6ffentlichung der Vortr\u00e4ge.<\/strong><\/p>\n<h4>17:05 \u2013 17:30 Uhr<\/h4><p><strong>Hei\u00dfbegehrter NAP: Wenn Windparks, PV, BESS &amp; Rechenzentren gleichzeitig nach rechts swipen<\/strong><br \/>Mirko Danzmann \u2013 Gridside Energy Consult GmbH  <\/p><p>Netzanschlusspunkte (NAPs) sind zum Flaschenhals der Energiewende geworden: begehrt von Windparks, PV-Anlagen, Batteriespeichern und zunehmend auch von Rechenzentren. Doch ihre Anforderungen an Leistung, Verf\u00fcgbarkeit und Standort unterscheiden sich stark, was Fragen nach technischer Machbarkeit, fairer Priorisierung und strategischer Koordination aufwirft.<\/p>\n<h4>17:35 \u2013 18:00 Uhr<\/h4><p><strong>Einkauf BESS - Einzelkomponenten oder \"all inclusive\"?<\/strong><br \/>Alexander Kruse \u2013 Carneades Project Services GmbH  <\/p><p>BESS werden derzeit in unterschiedlichen Gr\u00f6\u00dfen von bis zu 600 MW eingekauft und gebaut. Welches Beschaffungskonzept und welche Vertragsbasis ist geeignet, um die Themen Design, Beschaffung, Bau und Betrieb bestm\u00f6glich in den Griff zu bekommen?<\/p>\n<h4>18:00 \u2013 18:30 Uhr<\/h4><p><strong>BESS: Best Practise &amp; Commercial Construction Management<\/strong><br \/>Alexander Kruse \u2013 Carneades Project Services GmbH  <\/p><p>Welche Erfahrungen gibt es aus den ersten BESS Projekten und wie kann die Branche schnellstm\u00f6glich in den &#8222;Delivery Modus&#8220; kommen?<\/p>\n<h4>18:35 \u2013 19:00 Uhr<\/h4><p><strong>Liebe auf den zweiten Blick: BESS-Co-Location, die funkt<\/strong><br \/>Toni Derlig \u2013 Gridside Energy Consult GmbH  <\/p><p>Technische und wirtschaftliche Dimensionierung einer BESS f\u00fcr einen Bestandspark (Wind\/PV) unter Beachtung der gegebenen Infrastruktur und des bestehenden Netzanschlusses. Schaffung einer Diskussionsgrundlage f\u00fcr die Erweiterung des Netzanschlusses auf Bezug.<\/p>\n<h4>19:00 \u2013 22:00 Uhr<\/h4><p><strong>Ausklang mit Franzbr\u00f6tchen, Fischbr\u00f6tchen, Franzi und Astra<\/strong><br \/> <\/p><p>Im Anschluss an das Forum laden wir Sie herzlich ein mit uns im lockeren Gespr\u00e4ch den Abend ausklingen zu lassen.<\/p>\n<\/div><\/div><\/div><div class=\"toggle group-field\"><div class=\"single-field odd\"><h3 class=\"field-title closed\">Forum 32 \u2013 Markt und Stakeholdermanagement<span class=\"ui-toggle-header-icon\"><\/span><\/h3><div class=\"field-text\" style=\"display:none;\"><h4>17:00 \u2013 17:30 Uhr<\/h4><p><strong>Stakeholdermanagement f\u00fcr Windparkprojekte - besser, schneller, kl\u00fcger<\/strong><br \/>Michael Krieger \u2013 mkrieger UG  <\/p><p><strong><a href=\"https:\/\/windenergietage.de\/2025\/wp-content\/uploads\/sites\/10\/2025\/10\/33WET12_F32_1700_mkriegerUG.pdf\" target=\"_blank\">Vortrag zum Abruf als PDF<\/a><\/strong><p><h4>17:30 \u2013 18:00 Uhr<\/h4><p><strong>Negative Preisstundenentwicklung und die Auswirkung der 1h-Regel f\u00fcr Bestandsanlagen<\/strong><br \/>Lukas G\u00fcnner \u2013 Aurora Energy Research<\/p><p><strong><a href=\"https:\/\/windenergietage.de\/2025\/wp-content\/uploads\/sites\/10\/2025\/10\/33WET12_F32_1730_AuroraEnergyResearch.pdf\" target=\"_blank\">Vortrag zum Abruf als PDF<\/a><\/strong><p><h4>18:00 \u2013 18:30 Uhr<\/h4><p><strong>Mit Blindleistung Geld verdienen und das Stromnetz stabilisieren<\/strong><br \/>Niklas Reinhardt \u2013 Blindleister GmbH  <\/p><p><strong>Keine Ver\u00f6ffentlichung<\/strong><\/p>\n<h4>18:30 \u2013 19:00 Uhr<\/h4><p><strong>Der Markt f\u00fcr \u00d6kostrom Herkunftsnachweise in Deutschland - Einflussgr\u00f6\u00dfen, Preisentwicklungen und Vertriebsstrategien<\/strong><br \/>Hannah J\u00f6ne \u2013 KlimaInvest Green Concepts GmbH  <\/p><p><strong>Keine Ver\u00f6ffentlichung<\/strong><\/p>\n<\/div><\/div><\/div><div class=\"toggle group-field\"><div class=\"single-field odd\"><h3 class=\"field-title closed\">Forum 33 \u2013 Standortbewertung und Simulation von Windparks<span class=\"ui-toggle-header-icon\"><\/span><\/h3><div class=\"field-text\" style=\"display:none;\"><h4>17:00 \u2013 17:30 Uhr<\/h4><p><strong>Unsicherheitsbetrachtungen bei CFD in der Standortbewertung<\/strong><br \/>Bernhard Stoevesandt \u2013 Fraunhofer IWES  <\/p><p><strong><a href=\"https:\/\/windenergietage.de\/2025\/wp-content\/uploads\/sites\/10\/2025\/10\/33WET_12_F33_1700_Fraunhofer.pdf\" target=\"_blank\">Vortrag zum Abruf als PDF<\/a><\/strong><p><h4>17:30 \u2013 18:00 Uhr<\/h4><p><strong>Modellierung von Windparks<\/strong><br \/>Dr. Wolfgang Schlez \u2013 ProPlanEn GmbH  <\/p><p><strong><a href=\"https:\/\/windenergietage.de\/2025\/wp-content\/uploads\/sites\/10\/2025\/10\/33WET12_F33_1730_ProPlanEnGmbHv2.pdf\" target=\"_blank\">Vortrag zum Abruf als PDF<\/a><\/strong><p><h4>18:00 \u2013 18:30 Uhr<\/h4><p><strong>Einfluss von Baumreihen auf Windenergieanlagen: Geringerer Ertrag und h\u00f6here Lasten?<\/strong><br \/>Konstantin Zacharias \u2013 Hochschule Ansbach  <\/p><p><strong>Keine Ver\u00f6ffentlichung<\/strong><\/p>\n<h4>18:30 \u2013 19:00 Uhr<\/h4><p><strong>M\u00e4rkisches Modell \u2013 alles auf Sand gebaut ?<\/strong><br \/>Johanna Haberland \u2013 KS Umweltgutachten GmbH  <\/p><p><strong>Keine Ver\u00f6ffentlichung<\/strong><\/p>\n<\/div><\/div><\/div><div class=\"toggle group-field\"><div class=\"single-field odd\"><h3 class=\"field-title closed\">Forum 34 \u2013 Business-Speed-Dating mit Lorenz Kommunikation<span class=\"ui-toggle-header-icon\"><\/span><\/h3><div class=\"field-text\" style=\"display:none;\"><div class=\"location-logos\"><div><a href=\"https:\/\/www.lorenz-kommunikation.de\/\" target=\"_blank\"><img loading=\"lazy\" decoding=\"async\" width=\"300\" height=\"81\" src=\"https:\/\/windenergietage.de\/2025\/wp-content\/uploads\/sites\/10\/2018\/01\/lorenz_logo-300x81.jpg\" class=\"attachment-medium size-medium\" alt=\"\" srcset=\"https:\/\/windenergietage.de\/2025\/wp-content\/uploads\/sites\/10\/2018\/01\/lorenz_logo-300x81.jpg 300w, https:\/\/windenergietage.de\/2025\/wp-content\/uploads\/sites\/10\/2018\/01\/lorenz_logo.jpg 449w\" sizes=\"auto, (max-width: 300px) 100vw, 300px\" \/><\/a><\/div><\/div><h4>17:00 \u2013 18:30 Uhr<\/h4><p><strong>Wind-Speed-Dating<\/strong><br \/> Lorenz Kommunikation<\/p><p>Das kostenfreie Wind-Speed-Dating bietet Ihnen eine hervorragende Plattform, um neue Kontakte in k\u00fcrzester Zeit zu kn\u00fcpfen. Bitte beachten Sie, dass die Personenanzahl limitiert ist.<\/p>\n<p>Anmeldung bitte unter:<\/p>\n<p><strong><a href=\"https:\/\/form.jotform.com\/212502556850351\" target=\"_blank\" rel=\"noopener\">Anmeldung Speed Dating<\/a><\/strong><\/p>\n<\/div><\/div><\/div><div class=\"toggle group-field\"><div class=\"single-field odd\"><h3 class=\"field-title closed\">Forum 37 \u2013 Software, Digitalisierung &amp; Informationssicherheit<span class=\"ui-toggle-header-icon\"><\/span><\/h3><div class=\"field-text\" style=\"display:none;\"><h4>17:00 \u2013 17:15 Uhr<\/h4><p><strong>KI: Allheilmittel oder Risiko?<\/strong><br \/>Heiko Wiese \u2013 CM Software &amp; Consulting GmbH<\/p><p><strong><a href=\"https:\/\/windenergietage.de\/2025\/wp-content\/uploads\/sites\/10\/2025\/11\/KI_Risiken_Praesentation-Handout.pdf\" target=\"_blank\">Vortrag zum Abruf als PDF<\/a><\/strong><p><h4>17:15 \u2013 17:45 Uhr<\/h4><p><strong>Trusted Advisor Insights:\u00a0Die Kunst der erfolgreichen Software-Einf\u00fchrung<\/strong><br \/>Tobias Marquardt \u2013 ACP IT Solutions GmbH  <\/p><p><strong><a href=\"https:\/\/windenergietage.de\/2025\/wp-content\/uploads\/sites\/10\/2025\/10\/33WET12_F37_1715_ACP-IT-Solutions-GmbH.pdf\" target=\"_blank\">Vortrag zum Abruf als PDF<\/a><\/strong><p><h4>18:15 \u2013 18:45 Uhr<\/h4><p><strong>Alle reden \u00fcber KI \u2013\u202faber wie l\u00e4uft\u2018s wirklich?<\/strong><br \/>Ingo M\u00fcller-Dormann \u2013 gip software development GmbH, Cornelius  Stiegler-Duwe \u2013 Senior Berater \/ Projektmanager - neusta GmbH | Ein team neusta Unternehmen <\/p><p><strong>Keine Ver\u00f6ffentlichung des Vortrags.<\/strong><\/p>\n<\/div><\/div><\/div><div class=\"toggle group-field\"><div class=\"single-field odd\"><h3 class=\"field-title closed\">Forum 38 \u2013 Vom H\u00f6henwind zum Hybridkraftwerk - Gamechanger der Energiewende<span class=\"ui-toggle-header-icon\"><\/span><\/h3><div class=\"field-text\" style=\"display:none;\"><div class=\"location-logos\"><div><a href=\"https:\/\/www.gicon.de\/\" target=\"_blank\"><img loading=\"lazy\" decoding=\"async\" width=\"200\" height=\"188\" src=\"https:\/\/windenergietage.de\/2025\/wp-content\/uploads\/sites\/10\/2025\/04\/GICON.jpg\" class=\"attachment-medium size-medium\" alt=\"\" \/><\/a><\/div><\/div><p><strong>Keine Ver\u00f6ffentlichung der Vortr\u00e4ge.<\/strong><\/p>\n<h4>17:00 \u2013 17:05 Uhr<\/h4><p><strong>Pitch und Impulse zum Hybridkraftwerk<\/strong><br \/>Dr. Hagen Hilse \u2013 GICON Energy  <\/p><p>Begr\u00fc\u00dfung und \u00fcbergeordnete Einf\u00fchrung in das Thema<\/p>\n<h4>17:05 \u2013 17:30 Uhr<\/h4><p><strong>300m Windmessungen als Basis f\u00fcr ein solides Design und die Ertragsabsch\u00e4tzung<\/strong><br \/>Dr. Carsten Ropeter \u2013 GeNet  <\/p><p>300m\u00a0Windmessmast: Herausforderungen bei der Planung und Errichtung sowie Pr\u00e4sentation der Messergebnisse<\/p>\n<h4>17:30 \u2013 17:55 Uhr<\/h4><p><strong>Die H\u00f6henwindenergieanlage - vom Basis Design zum Bau<\/strong><br \/>Dr. Frank Adam \u2013 GICON Energy  <\/p><p>Einf\u00fchrung und \u00dcbersicht zum Bau des GICON H\u00f6henwindturms, dem h\u00f6chsten Windrad der Welt im s\u00fcdlichen Brandenburg und wie es die lokale Wirtschaft befl\u00fcgeln und st\u00fctzen kann. Zudem werden Einblicke in den Design Prozess und gel\u00f6ste Herausforderungen gegeben.<\/p>\n<h4>17:55 \u2013 18:20 Uhr<\/h4><p><strong>Das Hybridkraftwerk - Design und Auslegung sowie Wirtschaftlichkeit<\/strong><br \/>Falk Wittmann \u2013 GICON Energy  <\/p><p>Die Kombination von H\u00f6henwind-, Windenergie- und PV Anlagen auf einer gemeinsam genutzen Fl\u00e4che stellt das R\u00fcckrad des Hybridkraftwerks dar, welches im Anwendungsfall und der geschickten Kombination mit Speicher zu einem lokalen erneuerbaren sowie grundlastf\u00e4higen Kraftwerk f\u00fchrt. Zudem werden bei diesem Anwendungsfall Netze deutlich besser ausgelastet.<\/p>\n<h4>18:20 \u2013 19:00 Uhr<\/h4><p><strong>Diskussionsforum zu allen drei Hauptvort\u00e4gen sowie Frage und Antwortrunde<\/strong><br \/>Dr. Hagen Hilse \u2013 GICON Energy  <\/p><p>In den folgenden drei\u00dfig Minuten richten wir den Blick auf die Energiewende nicht in Form eines einzelnen Vortrags, sondern durch den Austausch untereinander. Dieser Zeitblock dient dazu, unterschiedliche Perspektiven zusammenzuf\u00fchren, Erfahrungen zu teilen und m\u00f6gliche Ankn\u00fcpfungspunkte f\u00fcr Kooperationen sichtbar zu machen. Ziel ist es, die fachlichen Impulse aus dem Programm in konkrete Gespr\u00e4che zu \u00fcberf\u00fchren und so die Diskussion \u00fcber Chancen und Herausforderungen der Energiewende zu vertiefen.<\/p>\n<h4>19:00 \u2013 21:00 Uhr<\/h4><p><strong>Ausklang<\/strong><br \/> <\/p><p>Im Anschluss an das Forum laden wir Sie herzlich ein mit uns im lockeren Gespr\u00e4ch den Abend ausklingen zu lassen.<\/p>\n<\/div><\/div><\/div><div class=\"toggle group-field\"><div class=\"single-field odd\"><h3 class=\"field-title closed\">Forum 42 \u2013 RANKING MASCHINE WIND-TURBINE.COM  - MIT TOP CONTENT UND DATEN VON NULL AUF 100!<span class=\"ui-toggle-header-icon\"><\/span><\/h3><div class=\"field-text\" style=\"display:none;\"><div class=\"location-logos\"><div><a href=\"https:\/\/wind-turbine.com\/\" target=\"_blank\"><img loading=\"lazy\" decoding=\"async\" width=\"156\" height=\"118\" src=\"https:\/\/windenergietage.de\/2025\/wp-content\/uploads\/sites\/10\/2016\/05\/wind-turbine_web.png\" class=\"attachment-medium size-medium\" alt=\"\" \/><\/a><\/div><\/div><p><strong>Keine Ver\u00f6ffentlichung der Vortr\u00e4ge.<\/strong><\/p>\n<p>Viele Unternehmen der Windbranche haben moderne Image-Webseiten \u2013 aber kaum Sichtbarkeit im Netz. wind-turbine.com \u00e4ndert das. Als f\u00fchrender digitaler Marktplatz ist die Plattform l\u00e4ngst zur <strong>Ranking-Maschine<\/strong> f\u00fcr Google &amp; Co. geworden. Unternehmen nutzen sie gezielt, um mit relevantem Content ihre Expertise zu zeigen, Reichweite aufzubauen und damit qualifizierte Leads zu gewinnen.<\/p>\n<h4>17:00 \u2013 17:25 Uhr<\/h4><p><strong>Begr\u00fc\u00dfung &amp; Einf\u00fchrung<\/strong><br \/>Bernd Weidmann  \u2013 wind-turbine.com<\/p><p>PRAXIS-Beispiele \u2013 Live!<\/p>\n<ul>\n<li><em>ENERTRAG Betrieb GmbH<\/em>: Wenn Servicetechniker im Internet zum Top Verk\u00e4ufer werden und\u00a0<strong><em>DGUV V3 Pr\u00fcfungen f\u00fcr WEA`s<\/em><\/strong>\u00a0\u00a0\u201everkaufen\u201c.<\/li>\n<li><em>Light:Guard<\/em>: Wie wir es geschafft haben light:Guard mit Hilfe einer Plattformstrategie zum Thema <strong><em>BNK<\/em><\/strong> international sichtbarerer zu machen!<\/li>\n<\/ul>\n<p>Konkrete Praxisbeispiele und Handlungsempfehlungen, mit denen Sie sofort beginnen k\u00f6nnen!<\/p>\n<h4>17:30 \u2013 17:45 Uhr<\/h4><p><strong>LIVE-DEMO! In 2 Stunden von NULL auf 1!<\/strong><br \/>Bernd Weidmann  \u2013 wind-turbine.com<\/p><p>In 2 Stunden von NULL auf die Pole-Position in Google &amp; Co<\/p>\n<p>Erleben Sie wie in 2 Praxisbeispielen wie das LIVE funktioniert<\/p>\n<h4>17:45 \u2013 18:00 Uhr<\/h4><p><strong>Synergien nutzen \u2013 Wie ein Marktplatz unterst\u00fctzen kann Auftr\u00e4ge zu gewinnen.<\/strong><br \/>Michael Pickel \u2013 Hagedorn Service GmbH<\/p><h4>18:00 \u2013 18:15 Uhr<\/h4><p><strong>Gebrauchte WEA inkl. sicherer Transport \u2013 Das Sorglospaket f\u00fcr K\u00e4ufer aus aller Welt<\/strong><br \/>Maida Zeric \u2013 Transway Internationale Spedition<\/p><h4>18:15 \u2013 18:30 Uhr<\/h4><p><strong>Live Check: Von Null auf 100!? Hat die Rankingmaschine tats\u00e4chlich abgeliefert und sein Versprechen aus der LIVE DEMO gehalten?<\/strong><br \/>Bernd Weidmann \u2013 wind-turbine.com<\/p><p>Offene Fragerunde zum Thema Suchmaschinen Optimierung, Chat GPT &amp; Co<\/p>\n<h4>18:30 \u2013 18:45 Uhr<\/h4><p><strong>OT-Security und NIS2 \u2013 Herausforderungen und Chancen f\u00fcr Betreiber<\/strong><br \/>Torsten Gast \u2013 PHOENIX CONTACT<\/p><h4>18:45 \u2013 19:00 Uhr<\/h4><p><strong>Retrofit &amp; Gebrauchsdauer von Sicherheitsbauteilen \u2013 Verl\u00e4ngern statt ersetzen<\/strong><br \/>Torsten Gast \u2013 PHOENIX CONTACT<\/p><\/div><\/div><\/div><\/div><\/div><\/article><article class=\"talk-date\"><header class=\"field-title closed\"><h2 class=\"post-title\">13. November 2025 (09:30 \u2013 18:00 Uhr)<\/h2><span class=\"ui-toggle-header-icon\"><\/span><\/header><div class=\"post-wrapper\" style=\"display:none;\"><div class=\"post-content\"><div class=\"toggle group-field\"><div class=\"single-field odd\"><h3 class=\"field-title closed\">Der Breakfast Club \u2013 Ein intergenerationaler Dialog f\u00fcr die Energiewende von morgen<span class=\"ui-toggle-header-icon\"><\/span><\/h3><div class=\"field-text\" style=\"display:none;\"><div class=\"location-logos\"><div><a href=\"https:\/\/re-solut.de\/\" target=\"_blank\"><img loading=\"lazy\" decoding=\"async\" width=\"300\" height=\"75\" src=\"https:\/\/windenergietage.de\/2025\/wp-content\/uploads\/sites\/10\/2025\/09\/250904_BreakfastClub_ReSolut_RGB-300x75.png\" class=\"attachment-medium size-medium\" alt=\"\" srcset=\"https:\/\/windenergietage.de\/2025\/wp-content\/uploads\/sites\/10\/2025\/09\/250904_BreakfastClub_ReSolut_RGB-300x75.png 300w, https:\/\/windenergietage.de\/2025\/wp-content\/uploads\/sites\/10\/2025\/09\/250904_BreakfastClub_ReSolut_RGB-1024x257.png 1024w, https:\/\/windenergietage.de\/2025\/wp-content\/uploads\/sites\/10\/2025\/09\/250904_BreakfastClub_ReSolut_RGB-768x193.png 768w, https:\/\/windenergietage.de\/2025\/wp-content\/uploads\/sites\/10\/2025\/09\/250904_BreakfastClub_ReSolut_RGB-1536x386.png 1536w, https:\/\/windenergietage.de\/2025\/wp-content\/uploads\/sites\/10\/2025\/09\/250904_BreakfastClub_ReSolut_RGB-2048x514.png 2048w\" sizes=\"auto, (max-width: 300px) 100vw, 300px\" \/><\/a><\/div><\/div><p>Der Breakfast Club feiert seine Premiere auf den 33. Windenergietagen 2025 in Potsdam. Das neue Format bietet Raum f\u00fcr echten Austausch in der Windenergie \u2013 zwischen erfahrenen Fachleuten, jungen Talenten und allen, die die Branche bewegen. Hier stehen nicht Technik oder Zahlen im Mittelpunkt, sondern die Menschen, ihre Geschichten und Perspektiven.<\/p>\n<p>Durch den hybriden Charakter der Veranstaltung k\u00f6nnen auch diejenigen teilnehmen, die nicht vor Ort sind: Der Livestream macht den Dialog f\u00fcr die gesamte Branche erlebbar.<\/p>\n<p>Genaueres zu Kaffee, Menschen &amp; Geschichten schaut <strong><a href=\"https:\/\/www.youtube.com\/watch?v=oG97dNrTrQE\" target=\"_blank\" rel=\"noopener\">HIER<\/a><\/strong><\/p>\n<p>Marco Scharobe und Vincent J. N\u00f6lting, RE:Solut GmbH<\/p>\n<h4>08:30 \u2013 10:00 Uhr<\/h4><p><strong>Early Bird Breakfast Time<\/strong><br \/>Marco Scharobe \u2013 RE:Solut GmbH, Vincent N\u00f6lting \u2013 RE:Solut<\/p><p>Angela Wefing, Enercity<\/p>\n<p>Janina Wloka, Team Wloka<\/p>\n<p>Katja Gall, Enertrag<\/p>\n<p>Andreas Kronfu\u00df, AK Fehmarn<\/p>\n<p>Prof. Dr. Jochen Twele<\/p>\n<p>Carsten Bovenschen<\/p>\n<h4>10:30 \u2013 12:00 Uhr<\/h4><p><strong>Brunch Time Gastgeber Marco Scharobe &amp; Vincent N\u00f6lting RE:Solut GmbH<\/strong><br \/> <\/p><p>Sarina von Wensierski, PNE<\/p>\n<p>Lukas J\u00f6rgens, EEF<\/p>\n<p>Sophie L\u00fclsdorf, Aurevo Energy<\/p>\n<p>Tobias Heyen, ENGIE<\/p>\n<p>Torsten Levsen, Denker &amp; Wulf<\/p>\n<p>Christian Schnibbe, wpd<\/p>\n<\/div><\/div><\/div><div class=\"toggle group-field\"><div class=\"single-field odd\"><h3 class=\"field-title closed\">Forum 1 \u2013 Windenergie und Umweltschutz \u2013 Politik trifft Wissenschaft<span class=\"ui-toggle-header-icon\"><\/span><\/h3><div class=\"field-text\" style=\"display:none;\"><div class=\"location-logos\"><div><a href=\"https:\/\/www.umweltbundesamt.de\/\" target=\"_blank\"><img loading=\"lazy\" decoding=\"async\" width=\"300\" height=\"149\" src=\"https:\/\/windenergietage.de\/2025\/wp-content\/uploads\/sites\/10\/2025\/04\/umweltbundesamt-300x149.png\" class=\"attachment-medium size-medium\" alt=\"\" srcset=\"https:\/\/windenergietage.de\/2025\/wp-content\/uploads\/sites\/10\/2025\/04\/umweltbundesamt-300x149.png 300w, https:\/\/windenergietage.de\/2025\/wp-content\/uploads\/sites\/10\/2025\/04\/umweltbundesamt.png 318w\" sizes=\"auto, (max-width: 300px) 100vw, 300px\" \/><\/a><\/div><\/div><h4>09:30 \u2013 09:40 Uhr<\/h4><p><strong>Begr\u00fc\u00dfung und Moderation<\/strong><br \/>Andrea Bauerdorff \u2013 Umweltbundesamt  <\/p><h4>09:40 \u2013 10:30 Uhr<\/h4><p><strong>Neuausrichtung der Strategischen Umweltpr\u00fcfung f\u00fcr Windenergie an Land<\/strong><br \/>Jan-Christoph Sicard \u2013 Planungsgruppe Umwelt  <\/p><p>Vorstellung der Ergebnisse des aktuellen Forschungsprojektes &#8222;Neuausrichtung der SUP als Pr\u00fcfinstrument f\u00fcr ein beschleunigtes Verfahren f\u00fcr die Ausweisungen von Fl\u00e4chen f\u00fcr die Windenergie an Land&#8220;<\/p>\n<p><strong><a href=\"https:\/\/windenergietage.de\/2025\/wp-content\/uploads\/sites\/10\/2025\/09\/33WET13_F01_0940_PlanungsgruppeUmwelt.pdf\" target=\"_blank\">Vortrag zum Abruf als PDF<\/a><\/strong><p><h4>10:30 \u2013 11:00 Uhr<\/h4><p><strong>Fl\u00e4chen f\u00fcr Windenergie: Potenziale und r\u00e4umliche Steuerung von Repowering<\/strong><br \/>Kai F\u00f6disch \u2013 Umweltbundesamt, Marie-Luise Plappert \u2013 Umweltbundesamt <\/p><p>Zur Umsetzung von Windenergieprojekten bedarf es geeigneter Fl\u00e4chen. Neben einem allgemeinen Blick auf Fl\u00e4chen und deren Nutzbarkeit wird der Fokus im Vortrag auf das Repowering von Altstandorten gelegt, welches neben der Erschlie\u00dfung neuer Standorte eine zunehmend wichtige Rolle zur Erreichung der Ausbauziele spielt. Dargestellt werden Potenziale f\u00fcr ein Repowering mit Blick auf 2030, aktuelle Umsetzung in den Genehmigungen sowie M\u00f6glichkeiten und Grenzen r\u00e4umlicher Steuerung.<\/p>\n<p><strong><a href=\"https:\/\/windenergietage.de\/2025\/wp-content\/uploads\/sites\/10\/2025\/09\/20251117_Flaechen_Windenergie_Foedisch_Plappert_uba.pdf\" target=\"_blank\">Vortrag zum Abruf als PDF<\/a><\/strong><p><h4>11:00 \u2013 11:30 Uhr<\/h4><p><strong>Windenergie im Wald: Standortwahl und Umsetzung f\u00fcr klimaresiliente W\u00e4lder<\/strong><br \/>Wolfram Eilbacher \u2013 Umweltbundesamt, Marie-Luise Plappert \u2013 Umweltbundesamt <\/p><p>Der Wald in Deutschland ist unter Druck: Trockenjahre, K\u00e4ferbefall, St\u00fcrme. Mit dem Wald als CO2-Quelle wird Deutschland seine Klimaziele nicht erreichen. Wird der Klimadruck gr\u00f6\u00dfer, nimmt auch das Waldsterben weiter zu. Wind im Wald kann eine M\u00f6glichkeit bieten, aus der Abw\u00e4rtsspirale auszubrechen und bei dem Umbau zu einem ges\u00fcnderen und klimaresilienten Wald zu unterst\u00fctzen.<\/p>\n<p><strong><a href=\"https:\/\/windenergietage.de\/2025\/wp-content\/uploads\/sites\/10\/2025\/09\/20251117_Windenergie_Wald_Eilbacher_Plappert_uba.pdf\" target=\"_blank\">Vortrag zum Abruf als PDF<\/a><\/strong><p><h4>11:30 \u2013 12:00 Uhr<\/h4><p><strong>Emissionsbilanz erneuerbarer Energietr\u00e4ger mit dem Fokus auf Windenergie<\/strong><br \/>Thomas Lauf \u2013 Umweltbundesamt  <\/p><p>Im Vortrag werden die Methodik und Ergebnisse der Emissionsbilanz erneuerbarer Energietr\u00e4ger mit dem Fokus auf Windenergie vorgestellt. Neben den allgemeinen Bilanzierungsaufbau werden vor allem die Studien zu den Eingangsdaten der Windenergie pr\u00e4sentiert. Die aufgef\u00fchrten Ergebnisse der Bilanz f\u00fcr das Jahr 2024 zeigen, dass der Ausbau erneuerbarer Energien und insbesondere der Ausbau der Windenergie wesentlich zur Erreichung der Klimaschutzziele in Deutschland beitr\u00e4gt. So werden fossile Energietr\u00e4ger zunehmend durch erneuerbare Energien ersetzt und damit dauerhaft \u2060Treibhausgas\u2060- und Luftschadstoffemissionen vermieden.<\/p>\n<p><strong><a href=\"https:\/\/windenergietage.de\/2025\/wp-content\/uploads\/sites\/10\/2025\/09\/Lauf-Emmissionsbilanz.pdf\" target=\"_blank\">Vortrag zum Abruf als PDF<\/a><\/strong><p><h4>12:00 \u2013 13:00 Uhr<\/h4><p><strong>Mittagspause<\/strong><br \/>   <\/p><h4>13:00 \u2013 13:30 Uhr<\/h4><p><strong>Das Referenzertragsmodell und seine (Fehl-) Anreize<\/strong><br \/>Dr. Alexander Basse \u2013 Umweltbundesamt  <\/p><p>Prim\u00e4res Ziel des Referenzertragsmodells (REM) ist die sog. Standortdifferenzierung: Windenergieprojekte an windschwachen Standorten erhalten eine h\u00f6here F\u00f6rderung pro kWh als Projekte an windstarken Standorten. Damit soll ein regional gleichm\u00e4\u00dfigerer Windenergieausbau unterst\u00fctzt werden. Doch im REM treten jenseits der Standortdifferenzierung (teils ungew\u00fcnschte) Nebeneffekte auf. Im Vortrag werden die Grundz\u00fcge des REM erl\u00e4utert und dargestellt, welche Anreize das Modell setzt, beispielsweise hinsichtlich der Anlagentechnologie.<\/p>\n<p><strong><a href=\"https:\/\/windenergietage.de\/2025\/wp-content\/uploads\/sites\/10\/2025\/09\/33WET13_F01_1300_Basse-Referenzertragsmodell_Anreize.pdf\" target=\"_blank\">Vortrag zum Abruf als PDF<\/a><\/strong><p><h4>13:30 \u2013 14:00 Uhr<\/h4><p><strong>Nicht nur die DB sind wichtig<\/strong><br \/>Christian Fabris \u2013 Umweltbundesamt  <\/p><p>Hauptwirkungen des L\u00e4rms sind Bel\u00e4stigungen &#8211; viele unterschiedliche Faktoren beeinflussen den Grad der Bel\u00e4stigung bei Betroffenen<\/p>\n<p><strong><a href=\"https:\/\/windenergietage.de\/2025\/wp-content\/uploads\/sites\/10\/2025\/09\/Fabris-Laermwirkungen.pdf\" target=\"_blank\">Vortrag zum Abruf als PDF<\/a><\/strong><p><h4>14:00 \u2013 14:30 Uhr<\/h4><p><strong>Messen und Kalibrieren f\u00fcr den Infraschallfrequenzbereich<\/strong><br \/>Dr. Christian Koch \u2013 Physikalisch-Technische Bundesanstalt  <\/p><p>Das Messen mit kalibrierten Messger\u00e4ten im Infraschallfrequenzbereich ist kein Hexenwerk. Die PTB verf\u00fcgt \u00fcber Erfahrungen und Know-how auf diesem Gebiet.<\/p>\n<p><strong><a href=\"https:\/\/windenergietage.de\/2025\/wp-content\/uploads\/sites\/10\/2025\/09\/33WET13_F01_1400_Koch-Messen_und_kalibrieren-fuer-den-Infraschall.pdf\" target=\"_blank\">Vortrag zum Abruf als PDF<\/a><\/strong><p><h4>14:30 \u2013 15:00 Uhr<\/h4><p><strong>Kaffeepause<\/strong><br \/>   <\/p><h4>15:00 \u2013 15:30 Uhr<\/h4><p><strong>Mythos Infraschall bei Windenergieanlagen<\/strong><br \/>Christian Fabris \u2013 Umweltbundesamt  <\/p><p>Realistische Betrachtung tats\u00e4chlicher Pegel<\/p>\n<p><strong><a href=\"https:\/\/windenergietage.de\/2025\/wp-content\/uploads\/sites\/10\/2025\/09\/33WET13_F01_1500_Fabris-InfraschallWEA.pdf\" target=\"_blank\">Vortrag zum Abruf als PDF<\/a><\/strong><p><h4>15:30 \u2013 16:00 Uhr<\/h4><p><strong>Was hat die TA L\u00e4rm mit Windenergieanlagen zu tun?<\/strong><br \/>Andrea Bauerdorff \u2013 Umweltbundesamt  <\/p><p>F\u00fcr Windenergieanlagen gibt es einige Besonderheiten, die zu beachten sind.<\/p>\n<p><strong><a href=\"https:\/\/windenergietage.de\/2025\/wp-content\/uploads\/sites\/10\/2025\/09\/33WET13_F01_1530_Bauerdorff-TA_Laerm.pdf\" target=\"_blank\">Vortrag zum Abruf als PDF<\/a><\/strong><p><h4>16:00 \u2013 16:30 Uhr<\/h4><p><strong>Messequipment zum Anfassen<\/strong><br \/>Jan Gebhardt \u2013 Umweltbundesamt, Julia Treichel \u2013 Umweltbundesamt, Sascha Friese \u2013 Umweltbundesamt<\/p><p>Technik hilft beim Aufkl\u00e4ren und macht Manches anschaulicher<\/p>\n<h4>16:30 \u2013 18:00 Uhr<\/h4><p><strong>Das wollte ich schon immer mal Wissen!<\/strong><br \/>Andrea Bauerdorff \u2013 Umweltbundesamt , Marie-Luise Plappert \u2013 Umweltbundesamt, Dr. Wolfgang Straff \u2013 Umweltbundesamt et al.<\/p><p>Frage- und Diskussionsrunde mit Mitarbeiterinnen und Mitarbeitern des Umweltbundesamtes rund um das Thema Windenergie von A wie Akustik bis W wie Wirkungen<\/p>\n<\/div><\/div><\/div><div class=\"toggle group-field\"><div class=\"single-field odd\"><h3 class=\"field-title closed\">Forum 2 \u2013 Das Wind &amp; Site-Forum by PAVANA<span class=\"ui-toggle-header-icon\"><\/span><\/h3><div class=\"field-text\" style=\"display:none;\"><div class=\"location-logos\"><div><a href=\"https:\/\/www.pavana-wind.com\/\" target=\"_blank\"><img loading=\"lazy\" decoding=\"async\" width=\"300\" height=\"141\" src=\"https:\/\/windenergietage.de\/2025\/wp-content\/uploads\/sites\/10\/2020\/11\/Pavana-GmbH-Logo-scaled-1-300x141.jpg\" class=\"attachment-medium size-medium\" alt=\"\" srcset=\"https:\/\/windenergietage.de\/2025\/wp-content\/uploads\/sites\/10\/2020\/11\/Pavana-GmbH-Logo-scaled-1-300x141.jpg 300w, https:\/\/windenergietage.de\/2025\/wp-content\/uploads\/sites\/10\/2020\/11\/Pavana-GmbH-Logo-scaled-1-1024x481.jpg 1024w, https:\/\/windenergietage.de\/2025\/wp-content\/uploads\/sites\/10\/2020\/11\/Pavana-GmbH-Logo-scaled-1-768x361.jpg 768w, https:\/\/windenergietage.de\/2025\/wp-content\/uploads\/sites\/10\/2020\/11\/Pavana-GmbH-Logo-scaled-1-1536x722.jpg 1536w, https:\/\/windenergietage.de\/2025\/wp-content\/uploads\/sites\/10\/2020\/11\/Pavana-GmbH-Logo-scaled-1-2048x962.jpg 2048w\" sizes=\"auto, (max-width: 300px) 100vw, 300px\" \/><\/a><\/div><\/div><h4>09:30 \u2013 09:40 Uhr<\/h4><p><strong>Einleitung: Pavana-Pr\u00e4sentation<\/strong><br \/>Lars Levermann \u2013 PAVANA GmbH  <\/p><h4>09:40 \u2013 10:05 Uhr<\/h4><p><strong>Schallimmissionsprognosen und Optimierung - Welche M\u00f6glichkeiten gibt es?<\/strong><br \/>Kevin Gutbrod \u2013 PAVANA GmbH  <\/p><p><strong><a href=\"https:\/\/windenergietage.de\/2025\/wp-content\/uploads\/sites\/10\/2025\/10\/01_33WET_F2_09-40_NOISE.pdf\" target=\"_blank\">Vortrag zum Abruf als PDF<\/a><\/strong><p><h4>10:05 \u2013 10:30 Uhr<\/h4><p><strong>Frostige Gefahr - Risikoanalysen und zeitreihenbasierte Vereisungsverluste<\/strong><br \/>Lea Kastner \u2013 PAVANA GmbH  <\/p><p><strong><a href=\"https:\/\/windenergietage.de\/2025\/wp-content\/uploads\/sites\/10\/2025\/10\/02_33WET_F2_10-05_Frostige-Gefahr.pdf\" target=\"_blank\">Vortrag zum Abruf als PDF<\/a><\/strong><p><h4>10:30 \u2013 10:55 Uhr<\/h4><p><strong>Chancen und Herausforderungen von Next-Generation T\u00fcrmen &gt;200m, &gt;10 MW<\/strong><br \/>Holger Lange \u2013 P.E. Concepts GmbH  <\/p><p><strong><a href=\"https:\/\/windenergietage.de\/2025\/wp-content\/uploads\/sites\/10\/2025\/10\/03_33WET_F2_10-30_Standsicherheit.pdf\" target=\"_blank\">Vortrag zum Abruf als PDF<\/a><\/strong><p><h4>10:55 \u2013 11:20 Uhr<\/h4><p><strong>Negative Strompreise und EEG-F\u00f6rderung: Ursachen, Auswirkungen auf die Wirtschaftlichkeit und Handlungsoptionen<\/strong><br \/>Nils Kompe \u2013 PNE  AG  <\/p><p><strong><a href=\"https:\/\/windenergietage.de\/2025\/wp-content\/uploads\/sites\/10\/2025\/10\/04_33WET_F2_10-55_Strompreise.pdf\" target=\"_blank\">Vortrag zum Abruf als PDF<\/a><\/strong><p><h4>11:20 \u2013 11:30 Uhr<\/h4><p><strong>Kaffeepause 1<\/strong><br \/>   <\/p><h4>11:30 \u2013 11:55 Uhr<\/h4><p><strong>Grenzen testen, Qualit\u00e4t von Windmessungen sichern: Lidar-Verifikationen in Norddeutschland und S\u00fcdafrika im Vergleich<\/strong><br \/>Annika Baltzer \u2013 PAVANA GmbH  <\/p><p><strong><a href=\"https:\/\/windenergietage.de\/2025\/wp-content\/uploads\/sites\/10\/2025\/10\/05_33WET_F2_11-30_PAVANA_Verifikation.pdf\" target=\"_blank\">Vortrag zum Abruf als PDF<\/a><\/strong><p><h4>11:55 \u2013 12:20 Uhr<\/h4><p><strong>K\u00f6nnen Lidar-Profiler mit KI Turbulenz-Messungen lernen<\/strong><br \/>Florian J\u00e4ger \u2013 Fraunhofer IEE  <\/p><p><strong><a href=\"https:\/\/windenergietage.de\/2025\/wp-content\/uploads\/sites\/10\/2025\/10\/06_33WET_F2_11-55_Ki-Turbulenzen.pdf\" target=\"_blank\">Vortrag zum Abruf als PDF<\/a><\/strong><p><h4>12:20 \u2013 12:45 Uhr<\/h4><p><strong>Windprofilmessungen am Puls der Zeit<\/strong><br \/>Ludwig Wagner \u2013 GWU-Umwelttechnik GmbH  <\/p><p><strong><a href=\"https:\/\/windenergietage.de\/2025\/wp-content\/uploads\/sites\/10\/2025\/10\/07_33WET_F2_12-20_WindCube-2.1-XP.pdf\" target=\"_blank\">Vortrag zum Abruf als PDF<\/a><\/strong><p><h4>12:45 \u2013 13:10 Uhr<\/h4><p><strong>New Continuous Wave Lidar Performance Verifications at 200m and 300m<\/strong><br \/>Matthew Smith \u2013 ZX Lidars  <\/p><p><strong><a href=\"https:\/\/windenergietage.de\/2025\/wp-content\/uploads\/sites\/10\/2025\/10\/08_33WET_F2_12-45_New-Continuous-Wave-Lidar.pdf\" target=\"_blank\">Vortrag zum Abruf als PDF<\/a><\/strong><p><h4>13:10 \u2013 13:45 Uhr<\/h4><p><strong>Mittagspause<\/strong><br \/>   <\/p><h4>13:45 \u2013 14:10 Uhr<\/h4><p><strong>Turbulente Erkenntnisse? \u2013 Was uns der BWE-Ringversuch 2025 zur Umgebungsturbulenz wirklich gezeigt hat<\/strong><br \/>Martin Richter-Rose \u2013 PAVANA GmbH und BWE  <\/p><p><strong><a href=\"https:\/\/windenergietage.de\/2025\/wp-content\/uploads\/sites\/10\/2025\/10\/09_33WET_F2_13_45_BWE_Ringversuch.pdf\" target=\"_blank\">Vortrag zum Abruf als PDF<\/a><\/strong><p><h4>14:10 \u2013 14:35 Uhr<\/h4><p><strong>Zeitreihenbasierte Verlustberechnung in Energieertragsermittlungen<\/strong><br \/>Alexander Mainka \u2013 PAVANA GmbH  <\/p><p><strong><a href=\"https:\/\/windenergietage.de\/2025\/wp-content\/uploads\/sites\/10\/2025\/10\/10_33WET_F2_14-10_Verlustberechnung.pdf\" target=\"_blank\">Vortrag zum Abruf als PDF<\/a><\/strong><p><h4>14:35 \u2013 15:00 Uhr<\/h4><p><strong>Wind- und Ertragspotential berechnen mit dem neuen anemos 1km Windatlas f\u00fcr Deutschland<\/strong><br \/>Markus Kilian \u2013 anemos Gesellschaft f\u00fcr Umweltmeteorologie mbH  <\/p><p><strong><a href=\"https:\/\/windenergietage.de\/2025\/wp-content\/uploads\/sites\/10\/2025\/10\/2025-11-13-Spreewind-Pavanaforum-Kilian_final.pdf\" target=\"_blank\">Vortrag zum Abruf als PDF<\/a><\/strong><p><h4>15:00 \u2013 15:25 Uhr<\/h4><p><strong>Betriebs- und Performance-Monitoring mittels automatisierter skalierbarer Datenanalyse im PNE-Eigenportfolio<\/strong><br \/>Devyd Goussanou \u2013 PNE AG  <\/p><p><strong><a href=\"https:\/\/windenergietage.de\/2025\/wp-content\/uploads\/sites\/10\/2025\/10\/12_33WET_F2_15-00_Betriebsmonitoring.pdf\" target=\"_blank\">Vortrag zum Abruf als PDF<\/a><\/strong><p><h4>15:25 \u2013 15:40 Uhr<\/h4><p><strong>Kaffeepause 2<\/strong><br \/>   <\/p><h4>15:40 \u2013 16:05 Uhr<\/h4><p><strong>Vind AI: Accelerating Wind Power Development with Smart Algorithms<\/strong><br \/>Marius Olavesen \u2013 Vind AI  <\/p><p><strong><a href=\"https:\/\/windenergietage.de\/2025\/wp-content\/uploads\/sites\/10\/2025\/10\/13_33WET_F2_15-40_Vind-AI.pdf\" target=\"_blank\">Vortrag zum Abruf als PDF<\/a><\/strong><p><h4>16:05 \u2013 16:30 Uhr<\/h4><p><strong>Large Cluster Wakes in der Ertragsberechnung<\/strong><br \/>Tobias Ahsbahs \u2013 EMD International A\/S  <\/p><p><strong><a href=\"https:\/\/windenergietage.de\/2025\/wp-content\/uploads\/sites\/10\/2025\/10\/20251114_Spreewindtage_EWW.pdf\" target=\"_blank\">Vortrag zum Abruf als PDF<\/a><\/strong><p><h4>16:30 \u2013 16:55 Uhr<\/h4><p><strong>Was ist \u00fcberhaupt Blockage?<\/strong><br \/>Herbert Schwartz \u2013 anemos-jacob GmbH  <\/p><p><strong><a href=\"https:\/\/windenergietage.de\/2025\/wp-content\/uploads\/sites\/10\/2025\/10\/15_33WET_F2_16-30_Blockage.pdf\" target=\"_blank\">Vortrag zum Abruf als PDF<\/a><\/strong><p><h4>18:00 \u2013 23:00 Uhr<\/h4><p><strong>Gin-Tonic mit Caeli Wind<\/strong><br \/> <\/p><\/div><\/div><\/div><div class=\"toggle group-field\"><div class=\"single-field odd\"><h3 class=\"field-title closed\">Forum 3 \u2013 Greenwind: So ein WEA-Leben braucht Weitblick und Fokus<span class=\"ui-toggle-header-icon\"><\/span><\/h3><div class=\"field-text\" style=\"display:none;\"><div class=\"location-logos\"><div><a href=\"https:\/\/www.greenwindgroup.de\/\" target=\"_blank\"><img loading=\"lazy\" decoding=\"async\" width=\"298\" height=\"91\" src=\"https:\/\/windenergietage.de\/2025\/wp-content\/uploads\/sites\/10\/2025\/09\/greenwind.png\" class=\"attachment-medium size-medium\" alt=\"\" \/><\/a><\/div><\/div><h4>09:30 \u2013 10:00 Uhr<\/h4><p><strong>Windenergieanlagen - immer in Schwung<\/strong><br \/>Dr. Christoph Heilmann \u2013 Green Wind Engineering GmbH, Georg Meyer \u2013 Green Wind Engineering GmbH<\/p><p><strong><a href=\"https:\/\/windenergietage.de\/2025\/wp-content\/uploads\/sites\/10\/2025\/11\/33WET13_F03_0930_GWN_WEA-immer-in-Schwung_CHE251118-final-korr.pdf\" target=\"_blank\">Vortrag zum Abruf als PDF<\/a><\/strong><p><h4>10:00 \u2013 10:30 Uhr<\/h4><p><strong>W\u00e4rmewende \u2013 Potentiale f\u00fcr Windpark-Entwickler<\/strong><br \/>Jacob Fegler \u2013 Green Wind Innovation GmbH &amp; Co. KG<\/p><p><strong><a href=\"https:\/\/windenergietage.de\/2025\/wp-content\/uploads\/sites\/10\/2025\/11\/251112_Spreewindtage_2025_JFE.pdf\" target=\"_blank\">Vortrag zum Abruf als PDF<\/a><\/strong><p><h4>10:30 \u2013 11:00 Uhr<\/h4><p><strong>Projektentwicklung eines Batteriespeichers in Co-location - L\u00f6sungsbaustein f\u00fcr das erneuerbare Energiesystem der Zukunft<\/strong><br \/>Philipp Geuss \u2013 Green Wind Innovation GmbH &amp; Co. KG<\/p><p><strong>Keine Ver\u00f6ffentlichung des Vortrags.<\/strong><\/p>\n<h4>11:00 \u2013 11:30 Uhr<\/h4><p><strong>Kaffeepause 1<\/strong><br \/> <\/p><h4>11:30 \u2013 12:00 Uhr<\/h4><p><strong>Nichtverf\u00fcgbarkeiten- Schnittstelle - Next steps - Wo wollen wir hin?<\/strong><br \/>Georg Meyer \u2013 Green Wind Engineering GmbH, Frank Fuhrmeister \u2013 Landwind GmbH<\/p><p><strong><a href=\"https:\/\/windenergietage.de\/2025\/wp-content\/uploads\/sites\/10\/2025\/11\/33WET13_F03_1130_GWO_Vortrag-BWE-Schnittstelle-Spreewindtage-2025_gme_ffu.pdf\" target=\"_blank\">Vortrag zum Abruf als PDF<\/a><\/strong><p><h4>12:00 \u2013 12:30 Uhr<\/h4><p><strong>Ein Standard f\u00fcr die WEA-Abschaltung?<\/strong><br \/>Mario Neugebauer \u2013 Sciota GmbH, Falk Hartmann \u2013 Sciota GmbH<\/p><p><strong><a href=\"https:\/\/windenergietage.de\/2025\/wp-content\/uploads\/sites\/10\/2025\/11\/33WET13_F03_1200_sciota.pdf\" target=\"_blank\">Vortrag zum Abruf als PDF<\/a><\/strong><p><h4>12:30 \u2013 13:00 Uhr<\/h4><p><strong>Neuer Typ schnell fingiert - Anlagenwechsel in der Wirklichkeit<\/strong><br \/>Dr. Dana Kupke, \u2013 Peter Rauschenbach - PROMETHEUS  Rechtsanwaltsgesellschaft mbH<\/p><p><strong>Keine Ver\u00f6ffentlichung des Vortrags.<\/strong><\/p>\n<h4>13:00 \u2013 13:30 Uhr<\/h4><p><strong>Erste Erfahrungen mit schnellerer \u00c4nderungs-Genehmigung nach \u00a716b Abs 8<\/strong><br \/>Achim Fischer \u2013 Dezibel Engineering GmbH, Peter Rauschenbach \u2013 PROMETHEUS  Rechtsanwaltsgesellschaft mbH<\/p><p><strong><a href=\"https:\/\/windenergietage.de\/2025\/wp-content\/uploads\/sites\/10\/2025\/11\/33WET13_F03_1300_Vortrag-DEZE-Spreewindtage-2025_1-1pro.pdf\" target=\"_blank\">Vortrag zum Abruf als PDF<\/a><\/strong><p><h4>13:30 \u2013 14:15 Uhr<\/h4><p><strong>Mittagspause<\/strong><br \/> <\/p><h4>14:15 \u2013 14:45 Uhr<\/h4><p><strong>Wake me up when iMSys-Rollout begins  - Strategische Vorteile f\u00fcr Betreiber und Betriebsf\u00fchrer einer fr\u00fchen Teilnahme am Smart Grid<\/strong><br \/>Sandra Zanzig \u2013 Green Wind Operations GmbH, Simon Radtke \u2013 Green Wind Operations GmbH<\/p><p><strong><a href=\"https:\/\/windenergietage.de\/2025\/wp-content\/uploads\/sites\/10\/2025\/11\/251113_GWO_iMSysy_FINAL.pdf\" target=\"_blank\">Vortrag zum Abruf als PDF<\/a><\/strong><p><h4>14:45 \u2013 15:15 Uhr<\/h4><p><strong>Standortspezifische Bewertung f\u00fcr intelligente und vorausschauende Wartung<\/strong><br \/>J\u00fcrgen Hesselmann \u2013 WindNow! , Matthias Saathoff \u2013 apera engineers GmbH<\/p><p><strong><a href=\"https:\/\/windenergietage.de\/2025\/wp-content\/uploads\/sites\/10\/2025\/11\/33WET13_F03_1445_WN_APERA-12_11_2025-Fehler-analysieren.pdf\" target=\"_blank\">Vortrag zum Abruf als PDF<\/a><\/strong><p><h4>15:15 \u2013 15:45 Uhr<\/h4><p><strong>\u201eVorteile einer aktiven \u00dcberwachung von Blatt-CMS und Eisdetektoren \u2013 Spannende Praxisbeispiele aus dem Feld\u201c; 1st Level Monitoring<\/strong><br \/>Lars Kretschmer \u2013 Weidm\u00fcller Monitoring GmbH<\/p><h4>15:45 \u2013 16:00 Uhr<\/h4><p><strong>Kaffeepause 2<\/strong><br \/> <\/p><h4>16:00 \u2013 16:30 Uhr<\/h4><p><strong>Weiterbetrieb: Aktueller Stand und (ganz) neue Herausforderungen<\/strong><br \/>Martina Beese \u2013 Engemann &amp; Partner, Rechtsanw\u00e4lte mbB<\/p><p><strong>Keine Ver\u00f6ffentlichung des Vortrags.<\/strong><\/p>\n<h4>16:30 \u2013 17:00 Uhr<\/h4><p><strong>Don't stop me now \u2013 weiter geht\u2019s! Hier oder woanders?<\/strong><br \/>Federico  Osvald \u2013 UL GmbH<\/p><p><strong>Keine Ver\u00f6ffentlichung des Vortrags.<\/strong><\/p>\n<h4>17:00 \u2013 17:30 Uhr<\/h4><p><strong>Kabelpr\u00fcfungen und Diagnosemessungen an MS-Kabeln und Transformatoren<\/strong><br \/>Andreas Porsche \u2013 Elektro KOOPMANN GmbH<\/p><p><strong><a href=\"https:\/\/windenergietage.de\/2025\/wp-content\/uploads\/sites\/10\/2025\/11\/33WET13_F03_1700_Praesentation_Kabelpruefungen-und-Diagnosemessungen-an-MS-Kabeln-und-Transformatoren.pdf\" target=\"_blank\">Vortrag zum Abruf als PDF<\/a><\/strong><p><h4>18:00 \u2013 23:00 Uhr<\/h4><p><strong>Boule, Wein und Franz\u00f6sische Snacks mit ENGIE<\/strong><br \/>   <\/p><\/div><\/div><\/div><div class=\"toggle group-field\"><div class=\"single-field odd\"><h3 class=\"field-title closed\">Forum 4 Vormittag \u2013 DIE ENERGIEVERSORGUNG EINER NEUEN GENERATION. GigawattFactory powered by LEAG Renewables<span class=\"ui-toggle-header-icon\"><\/span><\/h3><div class=\"field-text\" style=\"display:none;\"><div class=\"location-logos\"><div><a href=\"https:\/\/www.leag.de\/de\/\" target=\"_blank\"><img loading=\"lazy\" decoding=\"async\" width=\"300\" height=\"131\" src=\"https:\/\/windenergietage.de\/2025\/wp-content\/uploads\/sites\/10\/2025\/10\/LEAG_LO_Renewables_CMYK_Schutzzone_Blaugrau_2025-300x131.png\" class=\"attachment-medium size-medium\" alt=\"\" srcset=\"https:\/\/windenergietage.de\/2025\/wp-content\/uploads\/sites\/10\/2025\/10\/LEAG_LO_Renewables_CMYK_Schutzzone_Blaugrau_2025-300x131.png 300w, https:\/\/windenergietage.de\/2025\/wp-content\/uploads\/sites\/10\/2025\/10\/LEAG_LO_Renewables_CMYK_Schutzzone_Blaugrau_2025-1024x446.png 1024w, https:\/\/windenergietage.de\/2025\/wp-content\/uploads\/sites\/10\/2025\/10\/LEAG_LO_Renewables_CMYK_Schutzzone_Blaugrau_2025-768x334.png 768w, https:\/\/windenergietage.de\/2025\/wp-content\/uploads\/sites\/10\/2025\/10\/LEAG_LO_Renewables_CMYK_Schutzzone_Blaugrau_2025-1536x669.png 1536w, https:\/\/windenergietage.de\/2025\/wp-content\/uploads\/sites\/10\/2025\/10\/LEAG_LO_Renewables_CMYK_Schutzzone_Blaugrau_2025.png 1805w\" sizes=\"auto, (max-width: 300px) 100vw, 300px\" \/><\/a><\/div><div><a href=\"https:\/\/www.leag.de\/de\/\" target=\"_blank\"><img loading=\"lazy\" decoding=\"async\" width=\"300\" height=\"61\" src=\"https:\/\/windenergietage.de\/2025\/wp-content\/uploads\/sites\/10\/2025\/10\/LEAG_LO_2022_Leag_Blau_RGB-300x61.png\" class=\"attachment-medium size-medium\" alt=\"\" srcset=\"https:\/\/windenergietage.de\/2025\/wp-content\/uploads\/sites\/10\/2025\/10\/LEAG_LO_2022_Leag_Blau_RGB-300x61.png 300w, https:\/\/windenergietage.de\/2025\/wp-content\/uploads\/sites\/10\/2025\/10\/LEAG_LO_2022_Leag_Blau_RGB-1024x209.png 1024w, https:\/\/windenergietage.de\/2025\/wp-content\/uploads\/sites\/10\/2025\/10\/LEAG_LO_2022_Leag_Blau_RGB-768x157.png 768w, https:\/\/windenergietage.de\/2025\/wp-content\/uploads\/sites\/10\/2025\/10\/LEAG_LO_2022_Leag_Blau_RGB-1536x314.png 1536w, https:\/\/windenergietage.de\/2025\/wp-content\/uploads\/sites\/10\/2025\/10\/LEAG_LO_2022_Leag_Blau_RGB-2048x419.png 2048w\" sizes=\"auto, (max-width: 300px) 100vw, 300px\" \/><\/a><\/div><\/div><h4>09:30 \u2013 10:10 Uhr<\/h4><p><strong>Keynote                                               GigawattFactory<\/strong><br \/>Dominique Guillou \u2013 LEAG Renewables  <\/p><p>Aktueller Stand und Ausblick auf die Energieversorgung der n\u00e4chsten Generation<\/p>\n<p><strong><a href=\"https:\/\/windenergietage.de\/2025\/wp-content\/uploads\/sites\/10\/2025\/10\/33WET_Tag13__F04_0930_LEAGRenewables.pdf\" target=\"_blank\">Vortrag zum Abruf als PDF<\/a><\/strong><p><h4>10:15 \u2013 10:55 Uhr<\/h4><p><strong>Planung und Entwicklung ganzer Energielandschaften<\/strong><br \/>Dr. Ralf Schwarz \u2013 LEAG Renewables  <\/p><p>Vom Einzelprojekt zur vernetzten Infrastruktur am Beispiel Revier J\u00e4nschwalde<\/p>\n<p><strong><a href=\"https:\/\/windenergietage.de\/2025\/wp-content\/uploads\/sites\/10\/2025\/10\/33WET_Tag13__F04_1015_LEAGRenewables.pdf\" target=\"_blank\">Vortrag zum Abruf als PDF<\/a><\/strong><p><h4>11:00 \u2013 11:40 Uhr<\/h4><p><strong>Auf der aktuell gr\u00f6\u00dften Wind-Baustelle Deutschlands<\/strong><br \/>Linda Glasenapp \u2013 LEAG Renewables  <\/p><p>Herausforderungen im Bau von Gro\u00df-Windprojekten auf Tagebau- und Konversionsfl\u00e4chen<\/p>\n<p><strong>Der Vortrag wird nicht ver\u00f6ffentlicht.<\/strong><\/p>\n<p>&nbsp;<\/p>\n<h4>11:45 \u2013 12:25 Uhr<\/h4><p><strong>Netzanschluss neu denken<\/strong><br \/>Tobias Funk \u2013 LEAG Renewables  <\/p><p>Technische Grenzen &amp; innovative Konzepte f\u00fcr Hybrid-Anschl\u00fcsse am Beispiel der LEAG Energielandschaften<\/p>\n<p><strong><a href=\"https:\/\/windenergietage.de\/2025\/wp-content\/uploads\/sites\/10\/2025\/10\/33WET_Tag13__F04_1145_LEAGRenewables.pdf\" target=\"_blank\">Vortrag zum Abruf als PDF<\/a><\/strong><p><h4>12:30 \u2013 13:15 Uhr<\/h4><p><strong>Strommarkt im Wandel<\/strong><br \/>Daniel Genz \u2013 LEAG  <\/p><p>Politische Entscheidungen zu EEG, Speichern, Kapazit\u00e4tsmarkt und Gaskraftwerken<\/p>\n<p><strong><a href=\"https:\/\/windenergietage.de\/2025\/wp-content\/uploads\/sites\/10\/2025\/10\/33WET_Tag13__F04_1230_LEAGRenewables.pdf\" target=\"_blank\">Vortrag zum Abruf als PDF<\/a><\/strong><p><\/div><\/div><\/div><div class=\"toggle group-field\"><div class=\"single-field odd\"><h3 class=\"field-title closed\">Forum 4 Nachmittag \u2013 IDASWIND \u2013 Betrieb von WEA nach Ablauf des EEG<span class=\"ui-toggle-header-icon\"><\/span><\/h3><div class=\"field-text\" style=\"display:none;\"><div class=\"location-logos\"><div><a href=\"https:\/\/idaswind.com\/\" target=\"_blank\"><img loading=\"lazy\" decoding=\"async\" width=\"300\" height=\"72\" src=\"https:\/\/windenergietage.de\/2025\/wp-content\/uploads\/sites\/10\/2021\/10\/idaswind_logo-300x72.png\" class=\"attachment-medium size-medium\" alt=\"\" srcset=\"https:\/\/windenergietage.de\/2025\/wp-content\/uploads\/sites\/10\/2021\/10\/idaswind_logo-300x72.png 300w, https:\/\/windenergietage.de\/2025\/wp-content\/uploads\/sites\/10\/2021\/10\/idaswind_logo.png 707w\" sizes=\"auto, (max-width: 300px) 100vw, 300px\" \/><\/a><\/div><\/div><h4>14:00 \u2013 14:25 Uhr<\/h4><p><strong>Planungssicherheit durch standortspezifische Lebensdauer nachweise<\/strong><br \/>Nico Kaldun \u2013 IDASWIND<\/p><h4>14:30 \u2013 14:55 Uhr<\/h4><p><strong>20 Jahre \u2013 und jetzt? Bewertung und Pr\u00fcfung des Weiterbetriebs als fundierte Entscheidungsgrundlage f\u00fcr Betreiber<\/strong><br \/>Christian Saathoff \u2013 Rosendahl Windtechnik GmbH<\/p><h4>15:00 \u2013 15:25 Uhr<\/h4><p><strong>Erfolgreiche W\u00e4lzlager\u00fcberwachung an getriebelosen WEA und Hauptlagern.<\/strong><br \/>Dipl.-Ing. Axel Haubold \u2013 GfM Gesellschaft f\u00fcr Maschinendiagnose mbH<\/p><h4>15:30 \u2013 15:55 Uhr<\/h4><p><strong>Investitionsstrategie und Herausforderungen im Weiterbetrieb<\/strong><br \/>Sophie L\u00fclsdorf \u2013 Aurevo Energy GmbH<\/p><h4>16:00 \u2013 16:25 Uhr<\/h4><p><strong>Versicherung von WEA 20+<\/strong><br \/>Martin Grenzinger \u2013 NW Assekuranz, Kamil Firganek \u2013 NW Assekuranz<\/p><h4>16:30 \u2013 16:55 Uhr<\/h4><p><strong>Schadensbeseitigung und Instandsetzung bei Havarien<\/strong><br \/>Volker Schl\u00e4rmann \u2013 Polygon Deutschland, Andreas Ferdinand \u2013 Polygon Deutschland<\/p><h4>17:00 \u2013 17:25 Uhr<\/h4><p><strong>Next Level Windservice: Projekte, Komponenten &amp; digitaler Ersatzteilshop<\/strong><br \/>Andreas Kronfu\u00df \u2013 AK Fehmarn <\/p><h4>17:30 \u2013 17:55 Uhr<\/h4><p><strong>Handlungsoptionen und Optimierungspotenziale<\/strong><br \/>Marco Scharobe \u2013 RE:Solut <\/p><h4>18:00 \u2013 23:00 Uhr<\/h4><p><strong>Flying D\u00f6ner bei XXL Jenga &amp; Vier Gewinnt<\/strong><br \/> <\/p><p>Flying D\u00f6ner bei XXL Jenga &amp; Vier Gewinnt mit lokalen Absackern aus Berlin, K\u00f6ln, Freiburg, Emden und weiteren Regionen<\/p>\n<\/div><\/div><\/div><div class=\"toggle group-field\"><div class=\"single-field odd\"><h3 class=\"field-title closed\">Forum 5 Vormittag \u2013 Eigenstromversorgung durch Direktleitungen und Energy Sharing \u2013 Zukunftswege oder Sackgassen?<span class=\"ui-toggle-header-icon\"><\/span><\/h3><div class=\"field-text\" style=\"display:none;\"><div class=\"location-logos\"><div><a href=\"https:\/\/www.ggsc.de\/\" target=\"_blank\"><img loading=\"lazy\" decoding=\"async\" width=\"300\" height=\"154\" src=\"https:\/\/windenergietage.de\/2025\/wp-content\/uploads\/sites\/10\/2025\/03\/Gassner-Groth-300x154.png\" class=\"attachment-medium size-medium\" alt=\"\" srcset=\"https:\/\/windenergietage.de\/2025\/wp-content\/uploads\/sites\/10\/2025\/03\/Gassner-Groth-300x154.png 300w, https:\/\/windenergietage.de\/2025\/wp-content\/uploads\/sites\/10\/2025\/03\/Gassner-Groth.png 314w\" sizes=\"auto, (max-width: 300px) 100vw, 300px\" \/><\/a><\/div><\/div><h4>09:30 \u2013 10:30 Uhr<\/h4><p><strong>Der Rechtsrahmen und praktische Herausforderungen f\u00fcr Strombezug aus Direktleitungen und beim Energy Sharing<\/strong><br \/>Dr. Markus Behnisch \u2013 Ga\u00dfner, Groth, Siederer &amp; Coll.  <\/p><p><strong><a href=\"https:\/\/windenergietage.de\/2025\/wp-content\/uploads\/sites\/10\/2025\/10\/1222611-33WET13_F5A_930_GGSC_rechtlicher-Rahmen-Direktleitung_final.pdf\" target=\"_blank\">Vortrag zum Abruf als PDF<\/a><\/strong><p><h4>10:30 \u2013 11:00 Uhr<\/h4><p><strong>Aktuelle Herausforderungen bei der Vermarktung von Strom \u00fcber Direktleitungen<\/strong><br \/>Nemanja Kati\u0107 \u2013 Lintas Green Energy GmbH  <\/p><p><strong><a href=\"https:\/\/windenergietage.de\/2025\/wp-content\/uploads\/sites\/10\/2025\/10\/33WET13_F05A_1030_LintasGreenEnergy.pdf\" target=\"_blank\">Vortrag zum Abruf als PDF<\/a><\/strong><p><h4>11:00 \u2013 11:30 Uhr<\/h4><p><strong>Realisierung von Direktleitungen und Energy Sharing Projekten aus technischer Sicht<\/strong><br \/>Michael Schmidt \u2013 Fichtner GmbH & Co. KG  <\/p><h4>11:30 \u2013 12:15 Uhr<\/h4><p><strong>Windprojekte im industriellen Gesamtsystem denken \u2013 von Direktleitungen zu integrierten Energiestrategien<\/strong><br \/>Dr. Lucas Schmeling \u2013 DBI AG  <\/p><p><strong><a href=\"https:\/\/windenergietage.de\/2025\/wp-content\/uploads\/sites\/10\/2025\/10\/33WET13_F05A_1130_LUPIX-Energy.pdf\" target=\"_blank\">Vortrag zum Abruf als PDF<\/a><\/strong><p><h4>12:30 \u2013 13:00 Uhr<\/h4><p><strong>Schwerpunkte in der Praxis bei der Umsetzung von Energy Sharingkonzepten<\/strong><br \/>Nemanja Kati\u0107 \u2013 Lintas Green Energy GmbH  <\/p><p><strong><a href=\"https:\/\/windenergietage.de\/2025\/wp-content\/uploads\/sites\/10\/2025\/10\/33WET13_F05A_1230_LintasGreenEnergy.pdf\" target=\"_blank\">Vortrag zum Abruf als PDF<\/a><\/strong><p><\/div><\/div><\/div><div class=\"toggle group-field\"><div class=\"single-field odd\"><h3 class=\"field-title closed\">Forum 5 Nachmittag \u2013 Zwischen WEA-Service &amp; Repowering: Nachhaltigkeit &amp; Herausforderungen im Fokus<span class=\"ui-toggle-header-icon\"><\/span><\/h3><div class=\"field-text\" style=\"display:none;\"><div class=\"location-logos\"><div><a href=\"https:\/\/www.unternehmensgruppe-hagedorn.de\/\" target=\"_blank\"><img loading=\"lazy\" decoding=\"async\" width=\"300\" height=\"200\" src=\"https:\/\/windenergietage.de\/2025\/wp-content\/uploads\/sites\/10\/2018\/01\/Logo-Hagedorn.png\" class=\"attachment-medium size-medium\" alt=\"\" \/><\/a><\/div><\/div><h4>13:30 \u2013 13:45 Uhr<\/h4><p><strong>Er\u00f6ffnung &amp; Begr\u00fc\u00dfung<\/strong><br \/>Michael Pickel \u2013 Hagedorn Service GmbH<\/p><h4>13:45 \u2013 14:15 Uhr<\/h4><p><strong>Von Wartung bis Support: Wie Kunden den WEA-Service erleben<\/strong><br \/>Matthias Morthorst \u2013 ENOVA Service GmbH  <\/p><p><strong><a href=\"https:\/\/windenergietage.de\/2025\/wp-content\/uploads\/sites\/10\/2025\/09\/13_Forum05_1345_ENOVA.pdf\" target=\"_blank\">Vortrag zum Abruf als PDF<\/a><\/strong><p><h4>14:15 \u2013 14:45 Uhr<\/h4><p><strong>Repowering clever nutzen: Ersatzteile aus alten WEA<\/strong><br \/>Stefan Wolf \u2013 Hagedorn Service GmbH  <\/p><p><strong><a href=\"https:\/\/windenergietage.de\/2025\/wp-content\/uploads\/sites\/10\/2025\/09\/13_Forum05_1415_HAGEDORN_WOLF.pdf\" target=\"_blank\">Vortrag zum Abruf als PDF<\/a><\/strong><p><h4>14:45 \u2013 15:00 Uhr<\/h4><p><strong>Kaffeepause<\/strong><br \/>   <\/p><h4>15:00 \u2013 15:30 Uhr<\/h4><p><strong>Repowering und Service sicher gestalten: HSE-Besonderheiten in der Praxis<\/strong><br \/>Kathleen D\u00fcspohl \u2013 Hagedorn Service GmbH  <\/p><p><strong><a href=\"https:\/\/windenergietage.de\/2025\/wp-content\/uploads\/sites\/10\/2025\/09\/13_Forum05_1500_HAGEDORN_DUESPOHL.pdf\" target=\"_blank\">Vortrag zum Abruf als PDF<\/a><\/strong><p><h4>15:30 \u2013 16:00 Uhr<\/h4><p><strong>Herausforderungen der EBV beim Repowering<\/strong><br \/>Dr. rer. nat. Jan Unverf\u00e4rth \u2013 GEOlogik GmbH  <\/p><p><strong><a href=\"https:\/\/windenergietage.de\/2025\/wp-content\/uploads\/sites\/10\/2025\/09\/13_Forum05_1530_GEOLOGIK.pdf\" target=\"_blank\">Vortrag zum Abruf als PDF<\/a><\/strong><p><h4>16:00 \u2013 16:30 Uhr<\/h4><p><strong>R\u00fcckbaukosten im Fokus: Aktuelle Rechtsprechung zur Verantwortung beim R\u00fcckbau von Windkraftanlagen<\/strong><br \/>Moritz M\u00fcller \u2013 RDRWind e.V.   <\/p><p><strong><a href=\"https:\/\/windenergietage.de\/2025\/wp-content\/uploads\/sites\/10\/2025\/09\/13_Forum05_1600_MASLATON.pdf\" target=\"_blank\">Vortrag zum Abruf als PDF<\/a><\/strong><p><h4>16:30 \u2013 16:45 Uhr<\/h4><p><strong>Kaffeepause<\/strong><br \/> <\/p><h4>16:45 \u2013 17:15 Uhr<\/h4><p><strong>Repowering aus Betreibersicht \u2013 Praxis, Chancen und Herausforderungen<\/strong><br \/>Dominique Engel \u2013 EEF Erneuerbare Energien Fabrik GmbH  <\/p><p><strong><a href=\"https:\/\/windenergietage.de\/2025\/wp-content\/uploads\/sites\/10\/2025\/09\/13_Forum05_1645_HAGEDORN_PICKEL.pdf\" target=\"_blank\">Vortrag zum Abruf als PDF<\/a><\/strong><p><h4>17:15 \u2013 17:45 Uhr<\/h4><p><strong>Wertstoff Schrott \u2013 Herausforderung beim Recycling von WEA<\/strong><br \/>Moritz B\u00f6hm \u2013 Hagedorn G\u00fctersloh GmbH  <\/p><p><strong><a href=\"https:\/\/windenergietage.de\/2025\/wp-content\/uploads\/sites\/10\/2025\/09\/13_Forum05_1715_HAGEDORN_BOEHM.pdf\" target=\"_blank\">Vortrag zum Abruf als PDF<\/a><\/strong><p><h4>17:45 \u2013 17:55 Uhr<\/h4><p><strong>Schlusswort<\/strong><br \/>Michael Pickel \u2013 Hagedorn Service GmbH  <\/p><h4>18:00 \u2013 23:00 Uhr<\/h4><p><strong>Kick &amp; Stick mit PHOENIX CONTACT<\/strong><br \/> <\/p><\/div><\/div><\/div><div class=\"toggle group-field\"><div class=\"single-field odd\"><h3 class=\"field-title closed\">Forum 6 \u2013 BayWa r.e. - Entscheiden. Gestalten. Wachsen.<span class=\"ui-toggle-header-icon\"><\/span><\/h3><div class=\"field-text\" style=\"display:none;\"><div class=\"location-logos\"><div><a href=\"https:\/\/www.baywa-re.com\/de\/\" target=\"_blank\"><img loading=\"lazy\" decoding=\"async\" width=\"300\" height=\"72\" src=\"https:\/\/windenergietage.de\/2025\/wp-content\/uploads\/sites\/10\/2020\/04\/BayWa.re-II-300x72.png\" class=\"attachment-medium size-medium\" alt=\"\" srcset=\"https:\/\/windenergietage.de\/2025\/wp-content\/uploads\/sites\/10\/2020\/04\/BayWa.re-II-300x72.png 300w, https:\/\/windenergietage.de\/2025\/wp-content\/uploads\/sites\/10\/2020\/04\/BayWa.re-II.png 458w\" sizes=\"auto, (max-width: 300px) 100vw, 300px\" \/><\/a><\/div><\/div><h4>09:30 \u2013 10:25 Uhr<\/h4><p><strong>Update deutsche Energiepolitik<\/strong><br \/>Wolfram Axthelm \u2013 BWE, Daniel H\u00f6lder \u2013 BayWa r.e. AG <\/p><p>Q&amp;A moderated by Daniel H\u00f6lder<\/p>\n<p><strong><a href=\"https:\/\/windenergietage.de\/2025\/wp-content\/uploads\/sites\/10\/2025\/10\/BWE-Update-deutsche-Energiepolitik.pdf\" target=\"_blank\">Vortrag zum Abruf als PDF<\/a><\/strong><p><h4>10:30 \u2013 11:15 Uhr<\/h4><p><strong>Live long or live fast \u2013 BESS-Betrieb und Vermarktung in der Praxis<\/strong><br \/>Konstantin Fellner \u2013 BayWa r.e. AG, Tobias Weist \u2013 BayWa r.e. AG <\/p><p>Gro\u00dfspeichersysteme (BESS) sind f\u00fcr die Energiewende unverzichtbar. Aber wie betreibt und vermarktet man sie richtig? Konzentriert man sich auf schnelle Renditen mit einer hohen Anzahl von Zyklen (\u201eLive Fast\u201c) oder auf technische Langlebigkeit und Stabilit\u00e4t (\u201eLive Long\u201c)?<\/p>\n<p><strong><a href=\"https:\/\/windenergietage.de\/2025\/wp-content\/uploads\/sites\/10\/2025\/10\/BayWa-r.e.-\u2013-BESS-Betrieb-und-Vermarktung-in-der-Praxis.pdf\" target=\"_blank\">Vortrag zum Abruf als PDF<\/a><\/strong><p><h4>11:15 \u2013 11:30 Uhr<\/h4><p><strong>Pause<\/strong><br \/>   <\/p><h4>11:30 \u2013 11:55 Uhr<\/h4><p><strong>Marktpr\u00e4mienabtretung \u2013 Rettung bei negativen Preisen<\/strong><br \/>Mike Kutzner \u2013 BayWa r.e. AG  <\/p><p>Zunehmenden negative Preise am Strommarkt erfordern neue Instrumente, um die Rentabilit\u00e4t von Erneuerbaren Energien Asset sicherzustellen. Mit der Marktpr\u00e4mienabsicherung bietet BayWa r.e. Anlagenbetreiber die M\u00f6glichkeit, sich gegen die Risiken negativer Preise abzusichern.<\/p>\n<p><strong><a href=\"https:\/\/windenergietage.de\/2025\/wp-content\/uploads\/sites\/10\/2025\/10\/BayWa-r.e.-Marktpraemienabsicherung-als-Instrument-bei-negativen-Preisen.pdf\" target=\"_blank\">Vortrag zum Abruf als PDF<\/a><\/strong><p><h4>12:00 \u2013 12:25 Uhr<\/h4><p><strong>QR statt Klingelton! Ein aktueller Einblick in den BWE-Arbeitskreis \u201eDigitalisierung der An- und Abmeldungen an Windenergieanlagen\u201c<\/strong><br \/>Manuel Gy\u00f6rgy \u2013 BayWa r.e. AG, Wolf St\u00f6tzel \u2013 BWE <\/p><p>Der BWE-Arbeitskreis \u201eRufvogel\u201c zeigt, wie eine digitale, schnittstellenoffene L\u00f6sung die manuelle Technikeranmeldung abl\u00f6st \u2013 f\u00fcr mehr Effizienz, Sicherheit und Echtzeit-Datenaustausch in der Branche.<\/p>\n<p><strong><a href=\"https:\/\/windenergietage.de\/2025\/wp-content\/uploads\/sites\/10\/2025\/10\/BayWa_re_QRCode-statt-Klingelton_Windenergietage_2025Gyoergy_Stoetzel.pdf\" target=\"_blank\">Vortrag zum Abruf als PDF<\/a><\/strong><p><h4>12:25 \u2013 13:30 Uhr<\/h4><p><strong>Mittagspause<\/strong><br \/>   <\/p><h4>13:30 \u2013 13:55 Uhr<\/h4><p><strong>Wie KI die Erneuerbaren ver\u00e4ndert: Innovationen oder Halluzination?<\/strong><br \/>Simon Slapka \u2013 BayWa r.e. AG  <\/p><p>KI-basierte Datenanalysen erm\u00f6glichen schnelle Auswertungen, pr\u00e4zise Prognosen und automatisierte Entscheidungsvorlagen \u2013 ein klarer Effizienzgewinn f\u00fcr die Betriebsf\u00fchrung. Doch was passiert, wenn Entscheidungen nur noch auf Algorithmen beruhen, ohne menschliche Pr\u00fcfung? In unserem Vortrag zeigen wir, wo KI echten Mehrwert bietet, wo ihre Grenzen liegen \u2013 und warum es dennoch der Fachkenntnisse von Industrieexperten bedarf.<\/p>\n<p><strong><a href=\"https:\/\/windenergietage.de\/2025\/wp-content\/uploads\/sites\/10\/2025\/10\/BayWa_re_Innovationen-oder-Halluzination_Windenergeitage_2025_Slapka.pdf\" target=\"_blank\">Vortrag zum Abruf als PDF<\/a><\/strong><p><h4>14:00 \u2013 14:25 Uhr<\/h4><p><strong>Next-Level WEA-Performance: Optimierung und KI-gest\u00fctzte \u00dcberwachung durch Ihre TBF mit InSite Pro<\/strong><br \/>Kenneth Laureys \u2013 BayWa r.e. AG, Lachlen Gosper \u2013 BayWa r.e. AG <\/p><p>Mithilfe KI- gest\u00fctzter \u00dcberwachung k\u00f6nnen Windenergieanlagen zunehmend optimiert betrieben werden. Echtzeitdaten in Kombination mit KI- und ML-Modellen erm\u00f6glichen pr\u00e4zisere Analysen und mehr Zuverl\u00e4ssigkeit. Doch wie k\u00f6nnen Fehler fr\u00fchzeitig erkannt und Stillst\u00e4nde vermieden werden? In unserem Vortrag stellen wir technische und kaufm\u00e4nnische Optimierungen im WEA Monitoring aus der Praxis vor.<\/p>\n<p><strong><a href=\"https:\/\/windenergietage.de\/2025\/wp-content\/uploads\/sites\/10\/2025\/10\/BayWa_re_Next_Level_WEA_Performance_Windenergietage-2025_-Gosper_Laureys.pdf\" target=\"_blank\">Vortrag zum Abruf als PDF<\/a><\/strong><p><h4>14:30 \u2013 14:45 Uhr<\/h4><p><strong>Pause 2<\/strong><br \/>   <\/p><h4>14:45 \u2013 15:10 Uhr<\/h4><p><strong>Gemeinsam zum Windpark: Wie Kommunikation Projekte zum Erfolg f\u00fchrt<\/strong><br \/>Anika Kraft \u2013 BayWa r.e. AG  <\/p><p><strong><a href=\"https:\/\/windenergietage.de\/2025\/wp-content\/uploads\/sites\/10\/2025\/10\/BayWa_re_Gemeinsam-zum-Windpark-Wie-Kommunikation-Projekte-zum-Erfolg-fuehrt_Windenergietage_2025_Kraft.pdf\" target=\"_blank\">Vortrag zum Abruf als PDF<\/a><\/strong><p><h4>15:15 \u2013 15:40 Uhr<\/h4><p><strong>Vom Engpass zur L\u00f6sung: Wie flexible Netzanschl\u00fcsse neue Wege er\u00f6ffnen<\/strong><br \/>Guntram Bevensee \u2013 BayWa r.e. AG  <\/p><p><strong><a href=\"https:\/\/windenergietage.de\/2025\/wp-content\/uploads\/sites\/10\/2025\/10\/BayWa_re_Vom-Engpass-zur-Loesung_Windenergietage2025_Bevensee.pdf\" target=\"_blank\">Vortrag zum Abruf als PDF<\/a><\/strong><p><h4>15:45 \u2013 16:15 Uhr<\/h4><p><strong>St\u00fcrmische Zeiten: Hilfe, meine Talente laufen davon! Was Sie jetzt tun k\u00f6nnen, um den Kurs zu halten.<\/strong><br \/>Laura Frank \u2013 BayWa r.e. AG  <\/p><p>Fachkr\u00e4ftemangel und steigende Fluktuation sind l\u00e4ngst Realit\u00e4t \u2013 sie gef\u00e4hrden die Stabilit\u00e4t vieler Unternehmen in der Windenergiebranche. Wir zeigen Ihnen, wo die gr\u00f6\u00dften Risiken liegen und warum Mitarbeitendenbindung zur strategischen F\u00fchrungsaufgabe wird. Sie nehmen konkrete Ma\u00dfnahmen mit, die Sie sofort umsetzen k\u00f6nnen: praxiserprobte Leadership-Ans\u00e4tze, Best Practices und einfache Schritte, um Ihr Team zu st\u00e4rken und den Erfolg Ihres Unternehmens nachhaltig zu sichern.<\/p>\n<p><strong><a href=\"https:\/\/windenergietage.de\/2025\/wp-content\/uploads\/sites\/10\/2025\/10\/BayWa_re_Stuermische-Zeiten_Windenergietage_2025_Frank.pdf\" target=\"_blank\">Vortrag zum Abruf als PDF<\/a><\/strong><p><\/div><\/div><\/div><div class=\"toggle group-field\"><div class=\"single-field odd\"><h3 class=\"field-title closed\">Forum 7 \u2013 Netzforum M.O.E.<span class=\"ui-toggle-header-icon\"><\/span><\/h3><div class=\"field-text\" style=\"display:none;\"><div class=\"location-logos\"><div><a href=\"https:\/\/moe-service.com\/\" target=\"_blank\"><img loading=\"lazy\" decoding=\"async\" width=\"300\" height=\"120\" src=\"https:\/\/windenergietage.de\/2025\/wp-content\/uploads\/sites\/10\/2018\/01\/MOE_logo-300x120.png\" class=\"attachment-medium size-medium\" alt=\"\" srcset=\"https:\/\/windenergietage.de\/2025\/wp-content\/uploads\/sites\/10\/2018\/01\/MOE_logo-300x120.png 300w, https:\/\/windenergietage.de\/2025\/wp-content\/uploads\/sites\/10\/2018\/01\/MOE_logo.png 339w\" sizes=\"auto, (max-width: 300px) 100vw, 300px\" \/><\/a><\/div><\/div><h4>09:30 \u2013 10:00 Uhr<\/h4><p><strong>Begr\u00fc\u00dfung &amp; Kurzvorstellung von M.O.E., M.P.E. &amp; den Referent*innen<\/strong><br \/>Tobias Busboom \u2013 M.O.E., Jochen M\u00f6ller \u2013 M.O.E. <\/p><p><strong><a href=\"https:\/\/windenergietage.de\/2025\/wp-content\/uploads\/sites\/10\/2025\/09\/NetzforumMOE_Unternehmensvorstellung_MOE_09.30.pdf\" target=\"_blank\">Vortrag zum Abruf als PDF<\/a><\/strong><p><h4>10:00 \u2013 10:45 Uhr<\/h4><p><strong>Mehr Ertrag durch Systemdienstleistung: Netzbildende Eigenschaften als Eintrittskarte in den Momentanreserve-Markt<\/strong><br \/>Tobias Busboom \u2013 M.O.E.<\/p><p><strong><a href=\"https:\/\/windenergietage.de\/2025\/wp-content\/uploads\/sites\/10\/2025\/09\/NetzforumMOE_NES_Momentanreserve-Markt_10.00.pdf\" target=\"_blank\">Vortrag zum Abruf als PDF<\/a><\/strong><p><h4>10:45 \u2013 11:15 Uhr<\/h4><p><strong>Netzverkn\u00fcpfungspunktuntersuchung - Wie Sie Ihr Recht auf den gesamtwirtschaftlich g\u00fcnstigsten NVP nutzen<\/strong><br \/>Tim Pullmann \u2013 M.P.E. GmbH, Ninja Steffen \u2013 M.O.E.<\/p><p><strong><a href=\"https:\/\/windenergietage.de\/2025\/wp-content\/uploads\/sites\/10\/2025\/09\/NetzforumMOE_MPE_NVP_Ueberpruefungen_10.45.pdf\" target=\"_blank\">Vortrag zum Abruf als PDF<\/a><\/strong><p><h4>11:45 \u2013 12:15 Uhr<\/h4><p><strong>Energiewende bei E.DIS - Erreichtes und Herausforderungen des Netzausbaues\/Netzbetrieb<\/strong><br \/>Christian W\u00f6\u00dfner \u2013 e.dis  <\/p><p><strong><a href=\"https:\/\/windenergietage.de\/2025\/wp-content\/uploads\/sites\/10\/2025\/09\/NetzforumMOE_E.DIS_11.45.pdf\" target=\"_blank\">Vortrag zum Abruf als PDF<\/a><\/strong><p><h4>12:15 \u2013 12:45 Uhr<\/h4><p><strong>Regelung von Batteriespeichern<\/strong><br \/>Andreas Nitsch \u2013 Opoura<\/p><p><strong><a href=\"https:\/\/windenergietage.de\/2025\/wp-content\/uploads\/sites\/10\/2025\/11\/NetzforumMOE_Opoura_EZA-Regler-Hybridparks_12.15.pdf\" target=\"_blank\">Vortrag zum Abruf als PDF<\/a><\/strong><p><h4>13:30 \u2013 14:15 Uhr<\/h4><p><strong>Wissen auf ein Medium \"ZEREZ Datenbank\" und die neuen FGW Beibl\u00e4tter zu netzdienlichen Eigenschaften<\/strong><br \/>Simon Borsutzki \u2013 FGW<\/p><p><strong><a href=\"https:\/\/windenergietage.de\/2025\/wp-content\/uploads\/sites\/10\/2025\/09\/33WET13_F07_NetzforumMOE_FGW_ZEREZ.pdf\" target=\"_blank\">Vortrag zum Abruf als PDF<\/a><\/strong><p><h4>14:15 \u2013 14:45 Uhr<\/h4><p><strong>technische L\u00f6sungen \u00dcberbauung und Hybridparks am Beispiel eines UW und deren Zertifizierung<\/strong><br \/>Tim Pullmann \u2013 MPE GmbH, Ninja Steffen \u2013 MOE GmbH <\/p><p><strong><a href=\"https:\/\/windenergietage.de\/2025\/wp-content\/uploads\/sites\/10\/2025\/09\/NetzforumMOE_Technische-Loesungen-Ueberbauung-und-Hybridparks_14.15.pdf\" target=\"_blank\">Vortrag zum Abruf als PDF<\/a><\/strong><p><h4>15:00 \u2013 15:30 Uhr<\/h4><p><strong>Gro\u00dfbatteriespeicher - Von den potenziellen Erl\u00f6smodellen bis zur erfolgreichen Projektierung<\/strong><br \/>Jannik Heyer \u2013 be.storaged  <\/p><p><strong><a href=\"https:\/\/windenergietage.de\/2025\/wp-content\/uploads\/sites\/10\/2025\/09\/NetzforumMOE_-be.storaged_Grossbatteriespeicher_15.00.pdf\" target=\"_blank\">Vortrag zum Abruf als PDF<\/a><\/strong><p><h4>15:30 \u2013 16:00 Uhr<\/h4><p><strong>Welche heutigen und zuk\u00fcnstigen Verdienstm\u00f6glichkeiten gibt es f\u00fcr netz- und systemdienliches Verhalten?<\/strong><br \/>Stefan Chun \u2013 smartOPS  <\/p><p><strong><a href=\"https:\/\/windenergietage.de\/2025\/wp-content\/uploads\/sites\/10\/2025\/09\/NetzforumMOE_smartOPS_Netzdienstleistungen_15.30.pdf\" target=\"_blank\">Vortrag zum Abruf als PDF<\/a><\/strong><p><h4>16:00 \u2013 16:30 Uhr<\/h4><p><strong>Pr\u00fcfung in der Betriebsphase \/ Entkupplungsschutzpr\u00fcfung in Verbindung mit der DGUV V3 Pr\u00fcfung - spart Zeit und Geld<\/strong><br \/>Henning Hinrichs \u2013 M.O.E., Michael Vo\u00df \u2013 M.O.E.<\/p><p><strong><a href=\"https:\/\/windenergietage.de\/2025\/wp-content\/uploads\/sites\/10\/2025\/09\/NetzforumMOE_Entkupplungsschutzpruefung-DGUV-V3-spart-Zeit-und-Geld_16.00.pdf\" target=\"_blank\">Vortrag zum Abruf als PDF<\/a><\/strong><p><\/div><\/div><\/div><div class=\"toggle group-field\"><div class=\"single-field odd\"><h3 class=\"field-title closed\">Forum 7 Abends \u2013 3D Windmodellierung mit AL-PRO - Meteodyn <span class=\"ui-toggle-header-icon\"><\/span><\/h3><div class=\"field-text\" style=\"display:none;\"><div class=\"location-logos\"><div><a href=\"https:\/\/al-pro.eu\/\" target=\"_blank\"><img loading=\"lazy\" decoding=\"async\" width=\"300\" height=\"159\" src=\"https:\/\/windenergietage.de\/2025\/wp-content\/uploads\/sites\/10\/2025\/09\/alpro-300x159.jpg\" class=\"attachment-medium size-medium\" alt=\"\" srcset=\"https:\/\/windenergietage.de\/2025\/wp-content\/uploads\/sites\/10\/2025\/09\/alpro-300x159.jpg 300w, https:\/\/windenergietage.de\/2025\/wp-content\/uploads\/sites\/10\/2025\/09\/alpro.jpg 590w\" sizes=\"auto, (max-width: 300px) 100vw, 300px\" \/><\/a><\/div><div><a href=\"https:\/\/meteodyn.com\/\" target=\"_blank\"><img loading=\"lazy\" decoding=\"async\" width=\"300\" height=\"55\" src=\"https:\/\/windenergietage.de\/2025\/wp-content\/uploads\/sites\/10\/2025\/09\/Logo-Meteodyn-CLS-red-grey-300x55.png\" class=\"attachment-medium size-medium\" alt=\"\" srcset=\"https:\/\/windenergietage.de\/2025\/wp-content\/uploads\/sites\/10\/2025\/09\/Logo-Meteodyn-CLS-red-grey-300x55.png 300w, https:\/\/windenergietage.de\/2025\/wp-content\/uploads\/sites\/10\/2025\/09\/Logo-Meteodyn-CLS-red-grey-1024x187.png 1024w, https:\/\/windenergietage.de\/2025\/wp-content\/uploads\/sites\/10\/2025\/09\/Logo-Meteodyn-CLS-red-grey-768x140.png 768w, https:\/\/windenergietage.de\/2025\/wp-content\/uploads\/sites\/10\/2025\/09\/Logo-Meteodyn-CLS-red-grey-1536x280.png 1536w, https:\/\/windenergietage.de\/2025\/wp-content\/uploads\/sites\/10\/2025\/09\/Logo-Meteodyn-CLS-red-grey.png 2041w\" sizes=\"auto, (max-width: 300px) 100vw, 300px\" \/><\/a><\/div><\/div><p><strong>Keine Ver\u00f6ffentlichung der Vortr\u00e4ge.<\/strong><\/p>\n<h4>16:45 \u2013 16:50 Uhr<\/h4><p><strong>Introduction Session 3 - O&amp;M<\/strong><br \/>Robin Gummels \u2013 AL-PRO GmbH &amp; Co. KG  <\/p><h4>16:50 \u2013 17:05 Uhr<\/h4><p><strong>Wind performance Analysis: How to analyze SCADA data without a headache?<\/strong><br \/>Edouard Leonard \u2013 Meteodyn SAS  <\/p><p>Introduction of Meteodyn WPA software (Wind Power Post Assessment) dedicated to SCADA analysis and power curve reconstruction.<\/p>\n<p><strong><a href=\"https:\/\/windenergietage.de\/2025\/wp-content\/uploads\/sites\/10\/2025\/09\/33WET13_F07_1650_Meteodyn_AL_PRO.pdf\" target=\"_blank\">Vortrag zum Abruf als PDF<\/a><\/strong><p><h4>17:05 \u2013 17:20 Uhr<\/h4><p><strong>Analyzing Wind Farm AEP Deficit: Separating Wind Resource and Turbine Performance Impacts<\/strong><br \/>Edouard Leonard \u2013 Meteodyn SAS  <\/p><p>Meteodyn WPA product is a powerful tool dedicated to SCADA analysis and power curve reconstruction. We will show how this tool can assist users in making better decisions by assisting them in comprehending the reasons behind AEP deficits.<\/p>\n<p><strong><a href=\"https:\/\/windenergietage.de\/2025\/wp-content\/uploads\/sites\/10\/2025\/09\/33WET13_F07_1705_Meteodyn_AL_PRO.pdf\" target=\"_blank\">Vortrag zum Abruf als PDF<\/a><\/strong><p><h4>17:20 \u2013 17:30 Uhr<\/h4><p><strong>Wrap Up, Q&amp;A<\/strong><br \/>   <\/p><h4>18:00 \u2013 23:00 Uhr<\/h4><p><strong>Basketball &amp; Kotzgurke<\/strong><br \/> <\/p><\/div><\/div><\/div><div class=\"toggle group-field\"><div class=\"single-field odd\"><h3 class=\"field-title closed\">Forum 8 Vormittag \u2013 Wind &amp; Ertrag - schneller und genauer<span class=\"ui-toggle-header-icon\"><\/span><\/h3><div class=\"field-text\" style=\"display:none;\"><div class=\"location-logos\"><div><a href=\"https:\/\/www.anemos.de\/de\/index.php\" target=\"_blank\"><img loading=\"lazy\" decoding=\"async\" width=\"300\" height=\"46\" src=\"https:\/\/windenergietage.de\/2025\/wp-content\/uploads\/sites\/10\/2025\/03\/anemos_logo_green_wo_claim_med.png\" class=\"attachment-medium size-medium\" alt=\"\" \/><\/a><\/div><\/div><h4>09:30 \u2013 09:35 Uhr<\/h4><p><strong>Begr\u00fc\u00dfung und Moderation<\/strong><br \/>Martin Schneider \u2013 anemos Gesellschaft f\u00fcr Umweltmeteorologie mbH  <\/p><h4>09:35 \u2013 09:55 Uhr<\/h4><p><strong>Simulation von Wind- und Ertragszeitreihen durch einen Meso-Mikro-Downscaling-Ansatz<\/strong><br \/>Martin Schneider \u2013 anemos Gesellschaft f\u00fcr Umweltmeteorologie mbH  <\/p><p><strong><a href=\"https:\/\/windenergietage.de\/2025\/wp-content\/uploads\/sites\/10\/2025\/09\/33WET13_F8_0935_anemos.pdf\" target=\"_blank\">Vortrag zum Abruf als PDF<\/a><\/strong><p><h4>09:55 \u2013 10:25 Uhr<\/h4><p><strong>Erste Ergebnisse einer deutschlandweiten Modellierung von zeitreihenbasierten Ertragsverlusten<\/strong><br \/>Dr. Doron Callies \u2013 Fraunhofer-Institut f\u00fcr Energiewirtschaft und Energiesystemtechnik IEE  <\/p><h4>10:25 \u2013 11:00 Uhr<\/h4><p><strong>Windpotential berechnen mit dem neuen 1km Windatlas f\u00fcr Deutschland \u2013 Qualit\u00e4tsverbesserungen und Anwendungsm\u00f6glichkeiten<\/strong><br \/>Dr. Markus Kilian \u2013 anemos Gesellschaft f\u00fcr Umweltmeteorologie mbH  <\/p><p><strong><a href=\"https:\/\/windenergietage.de\/2025\/wp-content\/uploads\/sites\/10\/2025\/09\/03-Windatlas-Kilian.pdf\" target=\"_blank\">Vortrag zum Abruf als PDF<\/a><\/strong><p><h4>11:00 \u2013 11:30 Uhr<\/h4><p><strong>Schnelle und genaue Ertragsberechnungen mit dem 1\u00a0km Windatlas \u2013 Qualit\u00e4tsverbesserung durch TI-Zeitreihen<\/strong><br \/>Philine Podein \u2013 anemos Gesellschaft f\u00fcr Umweltmeteorologie mbH  <\/p><p><strong><a href=\"https:\/\/windenergietage.de\/2025\/wp-content\/uploads\/sites\/10\/2025\/09\/04-TI-Podein.pdf\" target=\"_blank\">Vortrag zum Abruf als PDF<\/a><\/strong><p><h4>11:30 \u2013 11:45 Uhr<\/h4><p><strong>Kaffeepause<\/strong><br \/>   <\/p><h4>11:45 \u2013 12:10 Uhr<\/h4><p><strong>Messstrategie statt Lotterie \u2013 so wird ihr Windprojektwert planbar<\/strong><br \/>Martin Richter-Rose \u2013 Pavana GmbH  <\/p><p><strong><a href=\"https:\/\/windenergietage.de\/2025\/wp-content\/uploads\/sites\/10\/2025\/09\/33WET13_F8_1145_PAVANA_Messstrategie-Projektwert.pdf\" target=\"_blank\">Vortrag zum Abruf als PDF<\/a><\/strong><p><h4>12:10 \u2013 12:40 Uhr<\/h4><p><strong>Standortg\u00fcte nach Inbetriebnahme (TR10) \u2013 Kurzpr\u00fcfung, Prognose und Testat<\/strong><br \/>Dr. Anna Siems \u2013 anemos Gesellschaft f\u00fcr Umweltmeteorologie mbH  <\/p><p><strong><a href=\"https:\/\/windenergietage.de\/2025\/wp-content\/uploads\/sites\/10\/2025\/09\/06-TR10-Siems.pdf\" target=\"_blank\">Vortrag zum Abruf als PDF<\/a><\/strong><p><h4>12:40 \u2013 13:10 Uhr<\/h4><p><strong>Von Schall bis Fledermaus: Bewertung von Betriebsauflagen f\u00fcr die Direktvermarktung<\/strong><br \/>Christian Schock \u2013 enervis energy advisors GmbH  <\/p><p><strong><a href=\"https:\/\/windenergietage.de\/2025\/wp-content\/uploads\/sites\/10\/2025\/09\/33WET13_F8_1240_enervis.pdf\" target=\"_blank\">Vortrag zum Abruf als PDF<\/a><\/strong><p><\/div><\/div><\/div><div class=\"toggle group-field\"><div class=\"single-field odd\"><h3 class=\"field-title closed\">Forum 8 Nachmittag \u2013 BWE Sachverst\u00e4ndigenbeirat<span class=\"ui-toggle-header-icon\"><\/span><\/h3><div class=\"field-text\" style=\"display:none;\"><h4>14:00 \u2013 14:30 Uhr<\/h4><p><strong>Bauteile mit rechnerisch abgelaufender Lebensdauer<\/strong><br \/>Bj\u00f6rn Frey \u2013 Ingenieurb\u00fcro Frey  <\/p><p><strong>Keine Ver\u00f6ffentlichung des Vortrags.<\/strong><\/p>\n<h4>14:30 \u2013 15:00 Uhr<\/h4><p><strong>Die hat ja \u00b4ne Schraube locker!      Betriebsrisiken von WEA an Verkehrswegen<\/strong><br \/>Kai Deponte \u2013 F2E Fluid &amp; Energy Engineering  <\/p><p><strong><a href=\"https:\/\/windenergietage.de\/2025\/wp-content\/uploads\/sites\/10\/2025\/10\/33WET13_F08_1430_F2E.pdf\" target=\"_blank\">Vortrag zum Abruf als PDF<\/a><\/strong><p><h4>15:00 \u2013 15:30 Uhr<\/h4><p><strong>Srewlytics - \" -heute schon in die Schraube geschaut?\"<\/strong><br \/>Christoph Schnitger \u2013 TCP Pr\u00fcftechnik  <\/p><p><strong>Keine Ver\u00f6ffentlichung des Vortrags.<\/strong><\/p>\n<h4>15:30 \u2013 16:00 Uhr<\/h4><p><strong>Mal anders draufgeblickt \u2013 Stand der KI in der Anomalie Detektion bei Endoskopie Bildern<\/strong><br \/>Roman Wolff \u2013 GP JOULE Service GmbH &amp; Co. KG  <\/p><p><strong>Keine Ver\u00f6ffentlichung des Vortrags.<\/strong><\/p>\n<h4>16:00 \u2013 16:30 Uhr<\/h4><p><strong>Leiter und Steigschutz in Windenergieanlagen<\/strong><br \/>Dinah Timmerhues \u2013 UTW Dienstleistungs GmbH  <\/p><p><strong><a href=\"https:\/\/windenergietage.de\/2025\/wp-content\/uploads\/sites\/10\/2025\/10\/33WET13_F08_1600_UTW.pdf\" target=\"_blank\">Vortrag zum Abruf als PDF<\/a><\/strong><p><h4>16:30 \u2013 17:00 Uhr<\/h4><p><strong>Herausforderungen an neuen gr\u00f6\u00dferen Windenergieanlagen<\/strong><br \/>Vester Kruse \u2013 Vorsitzender BWE SV-Beirat  <\/p><p><strong><a href=\"https:\/\/windenergietage.de\/2025\/wp-content\/uploads\/sites\/10\/2025\/10\/33WET13_F08_1630_BWE.pdf\" target=\"_blank\">Vortrag zum Abruf als PDF<\/a><\/strong><p><h4>18:00 \u2013 23:00 Uhr<\/h4><p><strong>Hot Dogs und Klask mit \u00d8rsted<\/strong><br \/> <\/p><\/div><\/div><\/div><div class=\"toggle group-field\"><div class=\"single-field odd\"><h3 class=\"field-title closed\">Forum 9 \u2013 Recht &amp; Paragraphenreiterei<span class=\"ui-toggle-header-icon\"><\/span><\/h3><div class=\"field-text\" style=\"display:none;\"><h4>09:30 \u2013 10:00 Uhr<\/h4><p><strong>\u00a7\u00a06 WindBG oder doch besser \u00a7\u00a06b WindBG? \u2013 Voraussetzungen und Auswirkungen der Verfahrenswahl<\/strong><br \/>Benedikt P\u00f6ppel \u2013 RITTERSHAUS Rechtsanw\u00e4lte PartmbB  <\/p><p><strong><a href=\"https:\/\/windenergietage.de\/2025\/wp-content\/uploads\/sites\/10\/2025\/10\/33WET13_F09_0930_RITTERSHAUS-4012981.1.pdf\" target=\"_blank\">Vortrag zum Abruf als PDF<\/a><\/strong><p><h4>10:00 \u2013 10:30 Uhr<\/h4><p><strong>\u00dcberpr\u00fcfung bei \u00a7 6b WindBG: Wie l\u00e4uft das neue Screening, ob das Projekt unvorhersehbare Umweltauswirkungen hat?<\/strong><br \/>Dr. Katharina Schober \u2013 Sterr-K\u00f6lln &amp; Partner  <\/p><p><strong><a href=\"https:\/\/windenergietage.de\/2025\/wp-content\/uploads\/sites\/10\/2025\/10\/33WET13_F09_1000_Sterr-KoellnundPartner.pdf\" target=\"_blank\">Vortrag zum Abruf als PDF<\/a><\/strong><p><h4>10:30 \u2013 11:00 Uhr<\/h4><p><strong>Zu laut oder tonhaltig \u2013 Optionen aus genehmigungsrechtlicher Sicht<\/strong><br \/>Clara Kallen \u2013 von Bredow Valentin Herz<\/p><p><strong><a href=\"https:\/\/windenergietage.de\/2025\/wp-content\/uploads\/sites\/10\/2025\/10\/33WET13_F09_1030_von-Bredow-Valentin-Herz.pdf\" target=\"_blank\">Vortrag zum Abruf als PDF<\/a><\/strong><p><h4>11:00 \u2013 11:30 Uhr<\/h4><p><strong>Zu laut oder tonhaltig \u2013 Anspr\u00fcche gegen den Hersteller?<\/strong><br \/>Cornelius L\u00fcpke \u2013 von Bredow Valentin Herz  <\/p><p><strong><a href=\"https:\/\/windenergietage.de\/2025\/wp-content\/uploads\/sites\/10\/2025\/10\/33WET13_F09_1100_vBVH.pdf\" target=\"_blank\">Vortrag zum Abruf als PDF<\/a><\/strong><p><h4>11:30 \u2013 12:00 Uhr<\/h4><p><strong>Wie sicher ist unsere Energieinfrastruktur \u2013 und was verlangt NIS II von Anlagenbetreibern<\/strong><br \/>Joshua Hansen \u2013 Becker B\u00fcttner Held  <\/p><p><strong><a href=\"https:\/\/windenergietage.de\/2025\/wp-content\/uploads\/sites\/10\/2025\/10\/33WET13_F09_1130_BBH.pdf\" target=\"_blank\">Vortrag zum Abruf als PDF<\/a><\/strong><p><h4>12:00 \u2013 12:30 Uhr<\/h4><p><strong>Einblicke in unsere internationale Onshore-Windstudie: Regulierung und Marktentwicklung in Europa<\/strong><br \/>Volkan Top \u2013 Senior Associate Luther Rechtsanwaltsgesellschaft mbH, Bernhard  Burkert \u2013 Partner Luther Rechtsanwaltsgesellschaft mbH, Benedikt Rechner \u2013 Counsel Luther Rechtsanwaltsgesellschaft mbH<\/p><p><strong><a href=\"https:\/\/windenergietage.de\/2025\/wp-content\/uploads\/sites\/10\/2025\/10\/33WET13_F09_1200_Luther.pdf\" target=\"_blank\">Vortrag zum Abruf als PDF<\/a><\/strong><p><h4>12:30 \u2013 13:00 Uhr<\/h4><p><strong>M\u00f6glichkeiten kommunaler Teilhabe an Windkraftprojekten<\/strong><br \/>Katrin Prechtl \u2013 Kapellmann und Partner Rechtsanw\u00e4lte  <\/p><h4>13:00 \u2013 13:30 Uhr<\/h4><p><strong>Windparks zwischen Akteursvielfalt und Poolingvereinbarungen \u2013 Risiken und Nebenwirkungen aus Sicht Ihrer Anw\u00e4lt:innen<\/strong><br \/>Anna Maria Ziegler \u2013 Satell Rechtswanw\u00e4lte, Dr. Lena Caja <\/p><p><strong><a href=\"https:\/\/windenergietage.de\/2025\/wp-content\/uploads\/sites\/10\/2025\/10\/33WET13_F09_1300_SATELL.pdf\" target=\"_blank\">Vortrag zum Abruf als PDF<\/a><\/strong><p><h4>13:30 \u2013 14:00 Uhr<\/h4><p><strong>Erschwerte K\u00fcndbarkeit von EE-Nutzungsvertr\u00e4gen \u2013 BGH, Urteil vom 12.03.2025 - XII ZR 76\/24<\/strong><br \/>Marion Westphal-Hansen \u2013 tettau Partnerschaft  <\/p><p><strong><a href=\"https:\/\/windenergietage.de\/2025\/wp-content\/uploads\/sites\/10\/2025\/10\/33WET13_F09_1330_TettauPartners_neu.pdf\" target=\"_blank\">Vortrag zum Abruf als PDF<\/a><\/strong><p><h4>14:00 \u2013 14:30 Uhr<\/h4><p><strong>Aktuelles zum Netzanschluss von BESS - BKZ, AgNes, flexible Netzanschlussvertr\u00e4ge etc.<\/strong><br \/>Dr. Marleen Rheker \u2013 Osborne Clarke GmbH &amp; Co. KG  <\/p><p><strong><a href=\"https:\/\/windenergietage.de\/2025\/wp-content\/uploads\/sites\/10\/2025\/10\/33WET13_F09_1400_OC.pdf\" target=\"_blank\">Vortrag zum Abruf als PDF<\/a><\/strong><p><h4>14:30 \u2013 15:00 Uhr<\/h4><p><strong>Liefervertr\u00e4ge: WEA-Einkauf nach MaschinenRiLi \u2013 Anforderungen und Risiken auf  Betreiberseite<\/strong><br \/>Martina Beese \u2013 Engemann &amp; Partner, Rechtsanw\u00e4lte mbB  <\/p><p><strong>Keine Ver\u00f6ffentlichung des Vortrags.<\/strong><\/p>\n<h4>15:00 \u2013 15:30 Uhr<\/h4><p><strong>Erbschaftsteuer bei Fl\u00e4cheneigent\u00fcmer:innen - Aktuelle Entwicklungen und erste L\u00f6sungsans\u00e4tze<\/strong><br \/>Lucas Schwier \u2013 Sterr-K\u00f6lln &amp; Partner, Julia Braun \u2013 Sterr-K\u00f6lln &amp; Partner <\/p><p><strong><a href=\"https:\/\/windenergietage.de\/2025\/wp-content\/uploads\/sites\/10\/2025\/10\/33WET13_F09_1500_Sterr-KoellnundPartnermbB_LS_BN_final.pdf\" target=\"_blank\">Vortrag zum Abruf als PDF<\/a><\/strong><p><h4>15:30 \u2013 16:00 Uhr<\/h4><p><strong>Erbschaftssteuerliche Bewertung energierechtlicher Fl\u00e4chen oder die drei Dschungel des Steuerrechts<\/strong><br \/>Charlotte Greiffenhagen \u2013 Maxsolar GmbH  <\/p><p><strong><a href=\"https:\/\/windenergietage.de\/2025\/wp-content\/uploads\/sites\/10\/2025\/10\/33WET13_F09_1530_MaxSolarGmbH.pdf\" target=\"_blank\">Vortrag zum Abruf als PDF<\/a><\/strong><p><h4>16:00 \u2013 16:30 Uhr<\/h4><p><strong>Aktuelles zur Stromsteuer<\/strong><br \/>Dr. Gregor Weimer \u2013 Grant Thornton AG Wirtschaftspr\u00fcfungsgesellschaft  <\/p><p><strong><a href=\"https:\/\/windenergietage.de\/2025\/wp-content\/uploads\/sites\/10\/2025\/10\/33WET13_F9_1600_GrantThornton.pdf\" target=\"_blank\">Vortrag zum Abruf als PDF<\/a><\/strong><p><h4>16:30 \u2013 17:00 Uhr<\/h4><p><strong>M&amp;A Deals Renewables - Typische Vollzugsbedingungen und Haftungsfalle Konzernumlagen<\/strong><br \/>Sebastian Gutmann \u2013 Oppenhoff &amp; Partner Rechtsanw\u00e4lte Steuerberater mbB, Julian Spruytenburg \u2013 Oppenhoff &amp; Partner Rechtsanw\u00e4lte Steuerberater mbB <\/p><p><strong><a href=\"https:\/\/windenergietage.de\/2025\/wp-content\/uploads\/sites\/10\/2025\/10\/33WET13_F09_1630_1700_Oppenhoff.pdf\" target=\"_blank\">Vortrag zum Abruf als PDF<\/a><\/strong><p><h4>17:00 \u2013 17:30 Uhr<\/h4><p><strong>Prospektpflicht oder Ausnahme? Abgrenzungen und Fallstricke im Verm\u00f6gensanlagengesetz<\/strong><br \/>Dr. Ferdinand Unzicker \u2013 Unzicker Rechtsanw\u00e4lte PartGmbB  <\/p><p><strong><a href=\"https:\/\/windenergietage.de\/2025\/wp-content\/uploads\/sites\/10\/2025\/10\/33WET13_F09_1700_Unzicker.pdf\" target=\"_blank\">Vortrag zum Abruf als PDF<\/a><\/strong><p><h4>17:30 \u2013 18:00 Uhr<\/h4><p><strong>fNAV: Vertragsgestaltung und Sonderfragen: Redispatch und Messkonzepte<\/strong><br \/>Martin Altrock \u2013 Becker B\u00fcttner Held  <\/p><p><strong><a href=\"https:\/\/windenergietage.de\/2025\/wp-content\/uploads\/sites\/10\/2025\/10\/33WET13_F09_1730_Vortrag-Altrock-Forum-9-fNAV_-Vertragsgestaltung-und-Sonderfragen_-Redispatch-und-Messkonzepte.pdf\" target=\"_blank\">Vortrag zum Abruf als PDF<\/a><\/strong><p><h4>18:00 \u2013 23:00 Uhr<\/h4><p><strong>Minigolf und Espresso Martini mit Alterric und dem Jagdhaus Eiden<\/strong><br \/> <\/p><\/div><\/div><\/div><div class=\"toggle group-field\"><div class=\"single-field odd\"><h3 class=\"field-title closed\">Forum 10 \u2013 bachmann: Profi[t] am Wind XI<span class=\"ui-toggle-header-icon\"><\/span><\/h3><div class=\"field-text\" style=\"display:none;\"><div class=\"location-logos\"><div><a href=\"https:\/\/www.bachmann.info\/de\" target=\"_blank\"><img loading=\"lazy\" decoding=\"async\" width=\"156\" height=\"118\" src=\"https:\/\/windenergietage.de\/2025\/wp-content\/uploads\/sites\/10\/2016\/05\/Bachmann_156.png\" class=\"attachment-medium size-medium\" alt=\"\" \/><\/a><\/div><\/div><p>Weiterf\u00fchrende Informationen <a href=\"https:\/\/www.bachmann.info\/de\/unternehmen\/messen-und-events\/windenergietage-potsdam-2025\" target=\"_blank\" rel=\"noopener\"><strong>HIER<\/strong><\/a><\/p>\n<h4>09:30 \u2013 11:30 Uhr<\/h4><p><strong>BLOCK 1: Rotor &amp; Mechanik \u2013 Leistungsf\u00e4higkeit erh\u00f6hen &amp; Sch\u00e4den vermeiden<\/strong><br \/>   <\/p><h4>09:30 \u2013 09:37 Uhr<\/h4><p><strong>Begr\u00fc\u00dfung und Moderation<\/strong><br \/>Prof. Dr.-Ing. Jochen Twele \u2013 HTW Berlin  <\/p><h4>09:37 \u2013 10:00 Uhr<\/h4><p><strong>Getriebe mit Gleitlagerungen: neue Risiken \u2013 neue Monitoringstrategie<\/strong><br \/>David Futter \u2013 Bachmann Monitoring GmbH  <\/p><p><strong>Vortrag wird nicht ver\u00f6ffentlicht.<\/strong><\/p>\n<h4>10:00 \u2013 10:23 Uhr<\/h4><p><strong>Thrive for continuous availability \u2013 Getriebeservicekonzepte zur Ertragssteigerung<\/strong><br \/>Matthias Vittinghoff \u2013 ZF Industrieantriebe Witten GmbH  <\/p><p><strong><a href=\"https:\/\/windenergietage.de\/2025\/wp-content\/uploads\/sites\/10\/2025\/10\/33WET13_F10_1000_Matthias-Vittinghoff.pdf\" target=\"_blank\">Vortrag zum Abruf als PDF<\/a><\/strong><p><h4>10:23 \u2013 10:46 Uhr<\/h4><p><strong>\u00d6lreinheit &amp; Partikelsensorik: Lebensversicherung f\u00fcr Gleitlager<\/strong><br \/>Oliver Passolat \u2013 HYDAC International GmbH  <\/p><p><strong><a href=\"https:\/\/windenergietage.de\/2025\/wp-content\/uploads\/sites\/10\/2025\/10\/33WET13_F10_1023_Oliver-Passolat.pdf\" target=\"_blank\">Vortrag zum Abruf als PDF<\/a><\/strong><p><h4>10:46 \u2013 11:09 Uhr<\/h4><p><strong>Zustandsdiagnose von Blattlagern \u2013 permanente \u00dcberwachung vs periodische Kontrolle<\/strong><br \/>Dr. Valentin Meimann \u2013 MML Service Solutions GmbH  <\/p><p><strong><a href=\"https:\/\/windenergietage.de\/2025\/wp-content\/uploads\/sites\/10\/2025\/10\/Presentation_MML_Windenergietage_BachmannForum_251113.pdf\" target=\"_blank\">Vortrag zum Abruf als PDF<\/a><\/strong><p><h4>11:09 \u2013 11:30 Uhr<\/h4><p><strong>Blattlager verstehen: Risse vs. Pitting \u2013 zwei verschiedene Diagnosen<\/strong><br \/>Wolfgang Losert \u2013 Eolotec GmbH  <\/p><p><strong><a href=\"https:\/\/windenergietage.de\/2025\/wp-content\/uploads\/sites\/10\/2025\/10\/33WET13_F10_1109_Wolfgang-Losert.pdf\" target=\"_blank\">Vortrag zum Abruf als PDF<\/a><\/strong><p><h4>11:30 \u2013 13:35 Uhr<\/h4><p><strong>BLOCK 2: T\u00fcrme &amp; Fundamente \u2013 h\u00f6chste Anspr\u00fcche an die Basis<\/strong><br \/>   <\/p><h4>11:30 \u2013 11:53 Uhr<\/h4><p><strong>Hybrid-\/Betont\u00fcrme: Hotspots, Montage, Betrieb<\/strong><br \/>J\u00fcrgen Joos \u2013 FUCHS Europoles Wind GmbH  <\/p><p><strong>Der Vortrag wird nicht ver\u00f6ffentlicht.<\/strong><\/p>\n<h4>11:53 \u2013 12:16 Uhr<\/h4><p><strong>Holzfachwerkt\u00fcrme: Tragverhalten &amp; Nachhaltigkeit<\/strong><br \/>Thomas Ziegenbein \u2013 HASSLACHER Green Tower GmbH  <\/p><p><strong>Der Vortrag wird nicht ver\u00f6ffentlicht.<\/strong><\/p>\n<h4>12:16 \u2013 12:39 Uhr<\/h4><p><strong>F\u00fcnf Fragen - F\u00fcnf Antworten<\/strong><br \/>Dr. Ing. Frank Adam \u2013 GICON\u00ae\u2011Gro\u00dfmann\u00a0Ingenieur\u00a0Consult\u00a0GmbH  <\/p><h4>12:39 \u2013 13:02 Uhr<\/h4><p><strong>Intelligente Unterlegscheiben: Monitoring an kritischen Turmverbindungen<\/strong><br \/>Susanne Reichel \u2013 LZE GmbH  <\/p><p><strong>Der Vortrag wird nicht ver\u00f6ffentlicht.<\/strong><\/p>\n<h4>13:02 \u2013 13:17 Uhr<\/h4><p><strong>Tower-Monitoring \u2013 Vorstellung von Ergebnissen<\/strong><br \/>Holger Fritsch \u2013 Bachmann Monitoring GmbH  <\/p><h4>13:17 \u2013 13:35 Uhr<\/h4><p><strong>LTE-Bewertung: Welche Daten ab Tag 1?<\/strong><br \/>Holger Lange \u2013 P. E. Concepts GmbH, Matthias Saathoff \u2013 apera engineers GmbH <\/p><p><strong><a href=\"https:\/\/windenergietage.de\/2025\/wp-content\/uploads\/sites\/10\/2025\/10\/33WET13_F10_1317_Saathoff_Lange.pdf\" target=\"_blank\">Vortrag zum Abruf als PDF<\/a><\/strong><p><h4>13:35 \u2013 14:00 Uhr<\/h4><p><strong>Mittagspause<\/strong><br \/>   <\/p><h4>14:05 \u2013 15:34 Uhr<\/h4><p><strong>BLOCK 3: Netzintegration &amp; Hybridparks \u2013 das Windkraftwerk im Energiesystem<\/strong><br \/>   <\/p><p><strong><a href=\"https:\/\/windenergietage.de\/2025\/wp-content\/uploads\/sites\/10\/2025\/10\/33WET13_F10_1405_Matthias-Stark.pdf\" target=\"_blank\">Vortrag zum Abruf als PDF<\/a><\/strong><p><h4>14:05 \u2013 14:28 Uhr<\/h4><p><strong>Vom Engpass zur Systemchance: Warum Hybrid jetzt?<\/strong><br \/>Dr. Matthias Stark \u2013 Bundesverband Erneuerbare Energie e.V. (BEE)  <\/p><p><strong><a href=\"https:\/\/windenergietage.de\/2025\/wp-content\/uploads\/sites\/10\/2025\/10\/33WET13_F10_1405_Matthias-Stark.pptx\" target=\"_blank\">Vortrag zum Abruf als PDF<\/a><\/strong><p><h4>14:28 \u2013 14:51 Uhr<\/h4><p><strong>Die TR-Kette in 6 K\u00e4stchen \u2013 so wird Hybrid pr\u00fcf- und finanzierbar<\/strong><br \/>Jan Liersch \u2013 FGW e.V. - F\u00f6rdergesellschaft Windenergie und andere Dezentrale Energien  <\/p><p><strong><a href=\"https:\/\/windenergietage.de\/2025\/wp-content\/uploads\/sites\/10\/2025\/10\/33WET13_F10_1428_FGW.pdf\" target=\"_blank\">Vortrag zum Abruf als PDF<\/a><\/strong><p><h4>14:51 \u2013 15:14 Uhr<\/h4><p><strong>SPPC als Spielmacher im Hybridpark<\/strong><br \/>Janine Buchwald-Nolte \u2013 Bachmann electronic GmbH  <\/p><p><strong><a href=\"https:\/\/windenergietage.de\/2025\/wp-content\/uploads\/sites\/10\/2025\/10\/33WET13_F10_1451_Janine-BuchwaldNolte.pdf\" target=\"_blank\">Vortrag zum Abruf als PDF<\/a><\/strong><p><h4>15:14 \u2013 15:34 Uhr<\/h4><p><strong>IEC 61400-25 in 2 Mappings: die gemeinsame Sprache f\u00fcr Hybridparks<\/strong><br \/>Alexander Kley \u2013 Bachmann electronic GmbH  <\/p><p><strong><a href=\"https:\/\/windenergietage.de\/2025\/wp-content\/uploads\/sites\/10\/2025\/10\/33WET13_F10_1514_Alexander-Kley.pdf\" target=\"_blank\">Vortrag zum Abruf als PDF<\/a><\/strong><p><h4>15:45 \u2013 18:00 Uhr<\/h4><p><strong>BLOCK 4: Digitale Betriebsf\u00fchrung &amp; Security \u2013 Daten, KI und Sicherheit<\/strong><br \/>   <\/p><h4>15:45 \u2013 16:13 Uhr<\/h4><p><strong>Cross Integrated Monitoring \u2013 f\u00fcr die Betriebsf\u00fchrung 2.0<\/strong><br \/>Helmut Reinke \u2013 Bachmann electronic GmbH  <\/p><p><strong>Der Vortrag wird nicht ver\u00f6ffentlicht.<\/strong><\/p>\n<h4>16:13 \u2013 16:36 Uhr<\/h4><p><strong>Retrofit-Leitwarte: wie sich digitale Betriebsf\u00fchrung rechnet<\/strong><br \/>Elisabeth Beyer \u2013 re:cap global investors ag, Phillip Elflein \u2013 SkySpecs  <\/p><h4>16:36 \u2013 16:59 Uhr<\/h4><p><strong>KI im O&amp;M: betriebswirtschaftliche Hebel &amp; Versicherer-Perspektive<\/strong><br \/>Christian Fontius \u2013 Turbit Systems GmbH  <\/p><p><strong><a href=\"https:\/\/windenergietage.de\/2025\/wp-content\/uploads\/sites\/10\/2025\/10\/33WET13_F10_1636_Christian_Fontius.pdf\" target=\"_blank\">Vortrag zum Abruf als PDF<\/a><\/strong><p><h4>16:59 \u2013 17:22 Uhr<\/h4><p><strong>Von Alarmflut zu Handlungswissen: SCADA-Daten richtig lesen<\/strong><br \/>David Futter \u2013 Bachmann Monitoring GmbH, Ulrich Oertel \u2013 Bachmann Monitoring GmbH <\/p><h4>17:22 \u2013 17:45 Uhr<\/h4><p><strong>OT vs. IT im Windpark: NIS2, KRITIS &amp; CRA-Anforderungen verstehen<\/strong><br \/>Thomas Zedler \u2013 ettex GmbH  <\/p><p><strong>Der Vortrag wird nicht ver\u00f6ffentlicht.<\/strong><\/p>\n<p>Die Pr\u00e4sentation von Thomas Zedler zeigt, wie Cybersecurity zur strategischen Grundlage moderner Energieanlagen wird. Im Spannungsfeld von NIS2, KRITIS und CRA wird deutlich, dass Operational Technology (OT) die Br\u00fccke zwischen Compliance, guten Daten und wirtschaftlicher Effizienz bildet. Eine robuste OT-Architektur erm\u00f6glicht nicht nur den rechtskonformen Betrieb, sondern er\u00f6ffnet durch hochwertige Daten neue Potenziale f\u00fcr KI-basierte Optimierung und h\u00f6here Anlagenverf\u00fcgbarkeit.<\/p>\n<h4>17:45 \u2013 18:00 Uhr<\/h4><p><strong>Schlusswort und Verabschiedung<\/strong><br \/>Prof. Dr.-Ing. Jochen Twele \u2013 HTW Berlin, Holger Fritsch \u2013 Bachmann Monitoring GmbH <\/p><h4>18:00 \u2013 23:00 Uhr<\/h4><p><strong>Tischtennis mit ACP IT Solutions<\/strong><br \/> <\/p><\/div><\/div><\/div><div class=\"toggle group-field\"><div class=\"single-field odd\"><h3 class=\"field-title closed\">Forum 11 \u2013 Normen, Netze, Nerven: Das FGW-Forum<span class=\"ui-toggle-header-icon\"><\/span><\/h3><div class=\"field-text\" style=\"display:none;\"><div class=\"location-logos\"><div><a href=\"https:\/\/wind-fgw.de\/\" target=\"_blank\"><img loading=\"lazy\" decoding=\"async\" width=\"283\" height=\"178\" src=\"https:\/\/windenergietage.de\/2025\/wp-content\/uploads\/sites\/10\/2018\/01\/FGW-Logo.png\" class=\"attachment-medium size-medium\" alt=\"\" \/><\/a><\/div><\/div><h4>09:30 \u2013 09:45 Uhr<\/h4><p><strong>Begr\u00fc\u00dfung und Kurzvorstellung<\/strong><br \/>Jan Liersch \u2013 FGW e.V.  <\/p><h4>09:45 \u2013 10:15 Uhr<\/h4><p><strong>LiDAR-Messungen an komplexen Standorten - Erkenntnisse aus dem LoTar-Projekt: Ringversuch, Korrektur-Framework, Ausblick<\/strong><br \/>Martin Hofs\u00e4\u00df \u2013 Stuttgarter Lehrstuhl f\u00fcr Windenergie, Thomas Neumann \u2013 FGW e. V. <\/p><p><strong>Keine Ver\u00f6ffentlichung des Vortrags.<\/strong><\/p>\n<h4>10:15 \u2013 10:45 Uhr<\/h4><p><strong>Vorstellung des neugegr\u00fcndeten Arbeitskreises Standorteignung<\/strong><br \/>Oliver R\u00f6glin \u2013 i17, Stephan Hohmann \u2013 Enercon, Carsten Albrecht \u2013 AL-PRO<\/p><p><strong><a href=\"https:\/\/windenergietage.de\/2025\/wp-content\/uploads\/sites\/10\/2025\/09\/33WET13_F11_1015_I17_Enercon_Al-pro-2.pdf\" target=\"_blank\">Vortrag zum Abruf als PDF<\/a><\/strong><p><h4>10:45 \u2013 11:00 Uhr<\/h4><p><strong>Kaffeepause<\/strong><br \/>   <\/p><h4>11:00 \u2013 11:30 Uhr<\/h4><p><strong>Mit ZEREZ durch den Daten-Dschungel<\/strong><br \/>Simon Borsutzki \u2013 FGW e. V.  <\/p><p><strong><a href=\"https:\/\/windenergietage.de\/2025\/wp-content\/uploads\/sites\/10\/2025\/09\/33WET13_F11_1100_FGW-2.pdf\" target=\"_blank\">Vortrag zum Abruf als PDF<\/a><\/strong><p><h4>11:30 \u2013 12:00 Uhr<\/h4><p><strong>Stand der netzbildenden Anlagen und was noch auf uns zukommt<\/strong><br \/>Fritz Santjer \u2013 FGW e. V.  <\/p><p><strong><a href=\"https:\/\/windenergietage.de\/2025\/wp-content\/uploads\/sites\/10\/2025\/09\/33WET13_F11_1130_FGW-2.pdf\" target=\"_blank\">Vortrag zum Abruf als PDF<\/a><\/strong><p><h4>12:00 \u2013 12:30 Uhr<\/h4><p><strong>Ein Einblick in die komponentenbasierte Einheitenzertifizierung<\/strong><br \/>Gesa Quistorf \u2013 Fraunhofer Institut, IWES  <\/p><p><strong><a href=\"https:\/\/windenergietage.de\/2025\/wp-content\/uploads\/sites\/10\/2025\/09\/33WET13_F11_1200_ISE-2.pdf\" target=\"_blank\">Vortrag zum Abruf als PDF<\/a><\/strong><p><h4>12:30 \u2013 13:30 Uhr<\/h4><p><strong>Mittagspause<\/strong><br \/>   <\/p><h4>13:30 \u2013 14:00 Uhr<\/h4><p><strong>DEEP - was ist neu bei der DEEP<\/strong><br \/>Alexander M\u00fcller \u2013 FGW e. V.  <\/p><p><strong><a href=\"https:\/\/windenergietage.de\/2025\/wp-content\/uploads\/sites\/10\/2025\/09\/33WET13_F11_1330_FGW.pdf\" target=\"_blank\">Vortrag zum Abruf als PDF<\/a><\/strong><p><h4>14:00 \u2013 14:30 Uhr<\/h4><p><strong>Lichtkennzeichnung von Windenergieanlagen in Notf\u00e4llen<\/strong><br \/>Dinah Timmerhues \u2013 UTW Dienstleistungs GmbH  <\/p><p><strong><a href=\"https:\/\/windenergietage.de\/2025\/wp-content\/uploads\/sites\/10\/2025\/09\/33WET13_F11_1400_UTWDienstleistungsGmbH.pdf\" target=\"_blank\">Vortrag zum Abruf als PDF<\/a><\/strong><p><h4>14:30 \u2013 15:00 Uhr<\/h4><p><strong>50.000 Stunden Immissionsmessung - Ergebnisse der l\u00e4ngsten Messung eines deutschen Windparks<\/strong><br \/>Sebastian Schmitter \u2013 deBAKOM Gesellschaft f\u00fcr sensorische Me\u00dftechnik mbH  <\/p><p><strong><a href=\"https:\/\/windenergietage.de\/2025\/wp-content\/uploads\/sites\/10\/2025\/09\/33WET13_F11_1430_deBAKOM.pdf\" target=\"_blank\">Vortrag zum Abruf als PDF<\/a><\/strong><p><h4>15:00 \u2013 15:15 Uhr<\/h4><p><strong>Kaffeepause<\/strong><br \/>   <\/p><h4>15:15 \u2013 15:45 Uhr<\/h4><p><strong>Dynamische virtuelle Kraftwerke zum Betrieb regenerativer Energiesysteme in aktiven Verteilnetzen<\/strong><br \/>Prof. Dr. Horst Schulte \u2013 HTW  <\/p><p><strong><a href=\"https:\/\/windenergietage.de\/2025\/wp-content\/uploads\/sites\/10\/2025\/09\/33WET13_F11_1515_HTW.pdf\" target=\"_blank\">Vortrag zum Abruf als PDF<\/a><\/strong><p><h4>15:45 \u2013 15:45 Uhr<\/h4><p><strong>Dynamische virtuelle Kraftwerke in Aktion<\/strong><br \/>Alexander M\u00fcller \u2013 FGW e. V.  <\/p><p><strong><a href=\"https:\/\/windenergietage.de\/2025\/wp-content\/uploads\/sites\/10\/2025\/09\/33WET13_F11_1545_FGW.pdf\" target=\"_blank\">Vortrag zum Abruf als PDF<\/a><\/strong><p><h4>16:15 \u2013 16:45 Uhr<\/h4><p><strong>Quantifizierung der Degeneration von Wechselrichtern mittels datenbasierter Sch\u00e4tzmethoden<\/strong><br \/>Felix Dietrich \u2013 HTW  <\/p><p><strong><a href=\"https:\/\/windenergietage.de\/2025\/wp-content\/uploads\/sites\/10\/2025\/09\/33WET13_F11_1615_HTWBerlin.pdf\" target=\"_blank\">Vortrag zum Abruf als PDF<\/a><\/strong><p><h4>16:45 \u2013 17:00 Uhr<\/h4><p><strong>Abschlussworte<\/strong><br \/>Jan Liersch \u2013 FGW e.V.  <\/p><h4>18:00 \u2013 23:00 Uhr<\/h4><p><strong>Mensch \u00e4rgere Dich nicht! mit gip software development<\/strong><br \/> <\/p><\/div><\/div><\/div><div class=\"toggle group-field\"><div class=\"single-field odd\"><h3 class=\"field-title closed\">Forum 12 Vormittag \u2013 Unsere Erfahrung. Ihr Erfolg! JUWI, MVV und Partner pr\u00e4sentieren Best Cases f\u00fcr Wind- und BESS-Projekte<span class=\"ui-toggle-header-icon\"><\/span><\/h3><div class=\"field-text\" style=\"display:none;\"><div class=\"location-logos\"><div><a href=\"https:\/\/www.juwi.de\/\" target=\"_blank\"><img loading=\"lazy\" decoding=\"async\" width=\"300\" height=\"65\" src=\"https:\/\/windenergietage.de\/2025\/wp-content\/uploads\/sites\/10\/2018\/01\/MVV-JUWI_Logo_farbig_Digital_RGB-600x130px-300x65.png\" class=\"attachment-medium size-medium\" alt=\"\" srcset=\"https:\/\/windenergietage.de\/2025\/wp-content\/uploads\/sites\/10\/2018\/01\/MVV-JUWI_Logo_farbig_Digital_RGB-600x130px-300x65.png 300w, https:\/\/windenergietage.de\/2025\/wp-content\/uploads\/sites\/10\/2018\/01\/MVV-JUWI_Logo_farbig_Digital_RGB-600x130px.png 600w\" sizes=\"auto, (max-width: 300px) 100vw, 300px\" \/><\/a><\/div><\/div><p><span style=\"font-size: 1.125em\">Jedes Projekt hat spezifische Herausforderungen, die es zu meistern gilt \u2013 von MVA-Bauh\u00f6henbeschr\u00e4nkungen bei Windenergie-Projekten bis zur wirtschaftlichen Modellierung von Batteriespeicher-Projekten. JUWI und MVV sowie ihre Partner Axsol, PSW Energy und Qualitas teilen ihre Expertise und stellen Best Cases aus der Praxis vor.<\/span><\/p>\n<h4>09:30 \u2013 10:00 Uhr<\/h4><p><strong>Potenziale f\u00fcr die Windenergienutzung: Anpassung der Bauh\u00f6henbeschr\u00e4nkungen in Gebieten f\u00fcr die milit\u00e4rische Luftfahrt (MVA)<\/strong><br \/>Jan Klingner \u2013 JUWI GmbH, Astrid Stork \u2013 JUWI GmbH <\/p><p><strong><a href=\"https:\/\/windenergietage.de\/2025\/wp-content\/uploads\/sites\/10\/2025\/10\/01_Potenziale-fuer-die-Windenergienutzung_JUWI.pdf\" target=\"_blank\">Vortrag zum Abruf als PDF<\/a><\/strong><p><h4>10:05 \u2013 10:50 Uhr<\/h4><p><strong>Milit\u00e4rische Belange: Ein Kampf gegen Windm\u00fchlen?<\/strong><br \/>Astrid Stork \u2013 JUWI GmbH, Alexander Rabuske \u2013 Qualitas <\/p><p><strong><a href=\"https:\/\/windenergietage.de\/2025\/wp-content\/uploads\/sites\/10\/2025\/10\/02_Militaerische-Belange-Ein-Kampf-gegen-Windmuehlen_JUWI.pdf\" target=\"_blank\">Vortrag zum Abruf als PDF<\/a><\/strong><p><h4>11:00 \u2013 11:45 Uhr<\/h4><p><strong>Batteriespeicher als flexible L\u00f6sung: Praxiserfahrungen von der Projektierung bis zum Betrieb<\/strong><br \/>Andreas H\u00f6nig \u2013 JUWI GmbH, Vivien Klein-Campailla \u2013 MVV Trading GmbH, Leon Jacob \u2013 AXSOL GmbH, Felix Beyer \u2013 AXSOL GmbH<\/p><p><strong>Keine Ver\u00f6ffentlichung des Vortrags.<\/strong><\/p>\n<h4>11:55 \u2013 12:25 Uhr<\/h4><p><strong>Dimensionierung, Wirtschaftlichkeitsbewertung und Vermarktung von Batteriespeichern \u2013 Die Modellierung macht den Unterschied!<\/strong><br \/>Richard Plum \u2013 PSW Energy  <\/p><p><strong><a href=\"https:\/\/windenergietage.de\/2025\/wp-content\/uploads\/sites\/10\/2025\/10\/20251113_BESS_Modellierung_Spreewind_HandOut_PDF.pdf\" target=\"_blank\">Vortrag zum Abruf als PDF<\/a><\/strong><p><h4>12:35 \u2013 13:20 Uhr<\/h4><p><strong>Verf\u00fcgbarkeitssteigerung bei Windmessungen: Methoden im (Praxis)Vergleich<\/strong><br \/>Erika Rosati \u2013 JUWI GmbH, Jan Thomas Bei\u00dfwenger \u2013 JUWI GmbH <\/p><p><strong><a href=\"https:\/\/windenergietage.de\/2025\/wp-content\/uploads\/sites\/10\/2025\/10\/05_Verfuegbarkeitssteigerung-bei-Windmessungen_JUWI.pdf\" target=\"_blank\">Vortrag zum Abruf als PDF<\/a><\/strong><p><\/div><\/div><\/div><div class=\"toggle group-field\"><div class=\"single-field odd\"><h3 class=\"field-title closed\">Forum 12 Nachmittag \u2013 Next Level Energy: Mit ENGIE M\u00e4rkte verstehen, Trends erkennen, Chancen nutzen<span class=\"ui-toggle-header-icon\"><\/span><\/h3><div class=\"field-text\" style=\"display:none;\"><div class=\"location-logos\"><div><a href=\"https:\/\/www.engie-deutschland.de\/de\" target=\"_blank\"><img loading=\"lazy\" decoding=\"async\" width=\"300\" height=\"180\" src=\"https:\/\/windenergietage.de\/2025\/wp-content\/uploads\/sites\/10\/2025\/08\/ENGIE_logotype_NEU_solid_BLUE_RGB-300x180.png\" class=\"attachment-medium size-medium\" alt=\"\" srcset=\"https:\/\/windenergietage.de\/2025\/wp-content\/uploads\/sites\/10\/2025\/08\/ENGIE_logotype_NEU_solid_BLUE_RGB-300x180.png 300w, https:\/\/windenergietage.de\/2025\/wp-content\/uploads\/sites\/10\/2025\/08\/ENGIE_logotype_NEU_solid_BLUE_RGB-1024x615.png 1024w, https:\/\/windenergietage.de\/2025\/wp-content\/uploads\/sites\/10\/2025\/08\/ENGIE_logotype_NEU_solid_BLUE_RGB-768x461.png 768w, https:\/\/windenergietage.de\/2025\/wp-content\/uploads\/sites\/10\/2025\/08\/ENGIE_logotype_NEU_solid_BLUE_RGB-1536x922.png 1536w, https:\/\/windenergietage.de\/2025\/wp-content\/uploads\/sites\/10\/2025\/08\/ENGIE_logotype_NEU_solid_BLUE_RGB-2048x1229.png 2048w\" sizes=\"auto, (max-width: 300px) 100vw, 300px\" \/><\/a><\/div><\/div><p>2025 ist ein Jahr der Weichenstellung: Steigende Anforderungen an Flexibilit\u00e4t, ein dynamischer M&amp;A-Markt und neue Erl\u00f6smodelle f\u00fcr Speicher und Gr\u00fcnstrom pr\u00e4gen die Branche. Im ENGIE-Panel diskutieren wir aktuelle Marktentwicklungen, erste Erfahrungen mit BESS-Fl\u00e4chensicherung sowie die Rolle von Offtakern aus Industrie und Rechenzentren. Ein kompaktes Update zu Chancen, Risiken und Gesch\u00e4ftsmodellen im sich ver\u00e4ndernden Energiemarkt.<\/p>\n<h4>14:00 \u2013 14:30 Uhr<\/h4><p><strong>Markt\u00fcberblick 2025 \u2013 Treiber, Trends, To-do\u2019s<\/strong><br \/>Melody Boyer \u2013 Engie Deutschland  <\/p><p>Was bewegt die Branche und wo liegen die Chancen im neuen Marktumfeld?<\/p>\n<p><strong><a href=\"https:\/\/windenergietage.de\/2025\/wp-content\/uploads\/sites\/10\/2025\/09\/ENGIE_Next-Level-Energy_13.11.2025_14.00_Melody-BOYER_Marktueberblick.pdf\" target=\"_blank\">Vortrag zum Abruf als PDF<\/a><\/strong><p><h4>14:30 \u2013 15:00 Uhr<\/h4><p><strong>Gr\u00fcnstrom-F\u00f6rderrahmen im Wandel<\/strong><br \/>Birte Kempe-Samsami \u2013 Engie Deutschland  <\/p><p>Politische Entwicklung und Perspektiven f\u00fcr Erzeuger<\/p>\n<p><strong><a href=\"https:\/\/windenergietage.de\/2025\/wp-content\/uploads\/sites\/10\/2025\/09\/ENGIE_Next-Level-Energy_13.11.2025_14.30_Birte-Kempe-Samsami_Gruenstromfoerderrahmen.pdf\" target=\"_blank\">Vortrag zum Abruf als PDF<\/a><\/strong><p><h4>15:00 \u2013 15:30 Uhr<\/h4><p><strong>BESS im Fokus: Erste Erfahrungen aus der Fl\u00e4chensicherung<\/strong><br \/>Torsten L\u00e4ssig \u2013 Engie Deutschland  <\/p><p>Rahmenbedingungen und Chancen<\/p>\n<p><strong><a href=\"https:\/\/windenergietage.de\/2025\/wp-content\/uploads\/sites\/10\/2025\/09\/ENGIE_Next-Level-Energy_13.11.2025_15.00_Torsten_Laessig_BESS_Flaechensicherung.pdf\" target=\"_blank\">Vortrag zum Abruf als PDF<\/a><\/strong><p><h4>15:30 \u2013 16:00 Uhr<\/h4><p><strong>Erl\u00f6se im Batterie Business Case<\/strong><br \/>Jeroen Baltissen \u2013 Engie Deutschland  <\/p><p>Zwischen ungewissen Aussichten und garantierten Einnahmen<\/p>\n<p><strong><a href=\"https:\/\/windenergietage.de\/2025\/wp-content\/uploads\/sites\/10\/2025\/09\/ENGIE_Next-Level-Energy_13.11.2025_15.30__Jeroen_Baltissen_Revenues-in-battery-storage-business-case.pdf\" target=\"_blank\">Vortrag zum Abruf als PDF<\/a><\/strong><p><h4>16:00 \u2013 16:30 Uhr<\/h4><p><strong>Der Wert von Batteriespeichern<\/strong><br \/>Daniel Scheu \u2013 Engie Deutschland  <\/p><p><strong>Keine Ver\u00f6ffentlichung des Vortrags.<\/strong><\/p>\n<p>Im Spannungsfeld zwischen M\u00e4rkten, Netzen und gr\u00fcnem Strom<\/p>\n<h4>16:30 \u2013 17:00 Uhr<\/h4><p><strong>Offtaker f\u00fcr gr\u00fcne Energie \u2013 neue Partnerschaften<\/strong><br \/>Megan Folkerts \u2013 Engie Deutschland  <\/p><p>Von Datacentern bis Biomethan: Welche Nachfragepotenziale er\u00f6ffnen sich?<\/p>\n<p><strong><a href=\"https:\/\/windenergietage.de\/2025\/wp-content\/uploads\/sites\/10\/2025\/09\/ENGIE_Next-Level-Energy_13.11.2025_16.30_Megan-Folkerts_Offtaker-fuer-gruene-Energie.pdf\" target=\"_blank\">Vortrag zum Abruf als PDF<\/a><\/strong><p><h4>17:00 \u2013 17:30 Uhr<\/h4><p><strong>Transaktionen unter Strom: Konsolidiert sich der Markt f\u00fcr Erneuerbare Energien?<\/strong><br \/>Johannes Rentzsch \u2013 Engie Deutschland, Milena Gertken \u2013 Engie Deutschland <\/p><p>Erkenntnisse aus Due Diligence und Marktanalyse<\/p>\n<p>Im Anschluss geht es in <strong>Forum 3<\/strong> mit Boule, K\u00e4se und Wein weiter&#8230; Seien Sie gerne unser Gast!<\/p>\n<p><strong><a href=\"https:\/\/windenergietage.de\/2025\/wp-content\/uploads\/sites\/10\/2025\/09\/33WET13_F12_1700_25-11-13_Transaktionen-unter-Strom.pdf\" target=\"_blank\">Vortrag zum Abruf als PDF<\/a><\/strong><p><h4>18:00 \u2013 23:00 Uhr<\/h4><p><strong>Tischkicker XL und Gin von Ulf Kirsten mit WT Energiesysteme<\/strong><br \/> <\/p><\/div><\/div><\/div><div class=\"toggle group-field\"><div class=\"single-field odd\"><h3 class=\"field-title closed\">Forum 13 Vormittag \u2013 Akzeptanz und Projektkommunikation<span class=\"ui-toggle-header-icon\"><\/span><\/h3><div class=\"field-text\" style=\"display:none;\"><div class=\"location-logos\"><div><a href=\"https:\/\/www.ahnenenkel.com\/\" target=\"_blank\"><img loading=\"lazy\" decoding=\"async\" width=\"272\" height=\"93\" src=\"https:\/\/windenergietage.de\/2025\/wp-content\/uploads\/sites\/10\/2025\/09\/ahnen.png\" class=\"attachment-medium size-medium\" alt=\"\" \/><\/a><\/div><\/div><h4>09:30 \u2013 10:00 Uhr<\/h4><p><strong>Herausforderungen integrierter Energiekonzepte\/Sektorenkopplung durch Kommunikation und Beteiligung meistern<\/strong><br \/>Dr. Jan Beermann \u2013 ifok GmbH  <\/p><p><strong><a href=\"https:\/\/windenergietage.de\/2025\/wp-content\/uploads\/sites\/10\/2025\/10\/33WET13_F13_0930_ifok.pdf\" target=\"_blank\">Vortrag zum Abruf als PDF<\/a><\/strong><p><h4>10:00 \u2013 10:30 Uhr<\/h4><p><strong>Pitchwinkel Perfect \u2013 Im optimalen Anstellwinkel durch den Vorstand<\/strong><br \/>Johannes Bremberger \u2013 Mainova AG  <\/p><p><em>Praktische Tipps, mit denen Ihre Entscheidungsvorlage \u00fcberzeugt<\/em><\/p>\n<p><strong><a href=\"https:\/\/windenergietage.de\/2025\/wp-content\/uploads\/sites\/10\/2025\/10\/33WET13_F13_1000_MainovaAG_v1.pdf\" target=\"_blank\">Vortrag zum Abruf als PDF<\/a><\/strong><p><h4>10:30 \u2013 11:00 Uhr<\/h4><p><strong>Von NIMBY zum Bescheid: Lokale Akzeptanz als untersch\u00e4tzte KPI f\u00fcr schnellere Genehmigungen und effizientere Investitionen<\/strong><br \/>Sophie Apel \u2013 Avaly  <\/p><p><strong><a href=\"https:\/\/windenergietage.de\/2025\/wp-content\/uploads\/sites\/10\/2025\/10\/33WET13_F13_1030_AVALYGmbH.pptx\" target=\"_blank\">Vortrag zum Abruf als PDF<\/a><\/strong><p><h4>11:00 \u2013 11:30 Uhr<\/h4><p><strong>Kommunale Wertsch\u00f6pfung durch Windenergie - so geht's in der Praxis!<\/strong><br \/>Peter Keller \u2013 WindRat c\/o Protect the Planet GmbH<\/p><p><strong><a href=\"https:\/\/windenergietage.de\/2025\/wp-content\/uploads\/sites\/10\/2025\/11\/33WET13_F13_1100_Protect-the-PlanetGmbH.pdf\" target=\"_blank\">Vortrag zum Abruf als PDF<\/a><\/strong><p><h4>11:30 \u2013 12:00 Uhr<\/h4><p><strong>Von der Eigenbelieferung bis zum B\u00fcrgerstrom \u2013 \u00fcber die gemeinsame Plattform Regiogr\u00f6\u00f6n<\/strong><br \/>Ren\u00e9 Ohm \u2013 Regiogr\u00f6\u00f6n  <\/p><p>Die gemeinsame Plattform Regiogr\u00f6\u00f6n erm\u00f6glicht es Erzeugern, Stadtwerken, Unternehmen, Kommunen und B\u00fcrgern, sich selbst, ihre Kunden oder Mitglieder direkt mit Strom zu beliefern \u2013 vom eigenen Tarif bis hin zu B\u00fcrgerstrommodellen. Das Besondere: Coopetition \u2013 Jeder profitiert nicht nur vom eigenen Erfolg, sondern auch von allen anderen Teilnehmern der Plattform.<\/p>\n<p><strong><a href=\"https:\/\/windenergietage.de\/2025\/wp-content\/uploads\/sites\/10\/2025\/10\/33WET13_F13_1130_Regiogroeoen-GmbH-Co.-KG.pdf\" target=\"_blank\">Vortrag zum Abruf als PDF<\/a><\/strong><p><h4>12:00 \u2013 12:30 Uhr<\/h4><p><strong>Ziele mit Zugkraft: Agiles Zielsystem Objectives &amp; Key Results in der Welt der Gantt-Diagramme<\/strong><br \/>Stella Willborn \u2013 TEALFOX\u00a0  <\/p><p>2025: Euer Windparkprojekt startet. Inbetriebnahme 2030. Laufzeit bis 2050.<br \/>\nEin Vierteljahrhundert Verantwortung \u2013 und Entscheidungen, die heute getroffen werden.<\/p>\n<p>Doch:<br \/>\n&#8211; Was kostet Strom in 20 Jahren?<br \/>\n&#8211; Welche Technik setzt sich durch?<br \/>\n&#8211; Wer sind dann eure Abnehmer?<\/p>\n<p>Wie also planen, wenn sich das Umfeld st\u00e4ndig ver\u00e4ndert?<br \/>\nWas braucht es, um heute sicher zu handeln \u2013 und offen f\u00fcr morgen zu bleiben?<\/p>\n<p>In diesem Impuls zeigt die Gr\u00fcnderin von Tealfox\u00a0 wie das agile Zielsystem OKRs und Projektmanagement gemeinsam genau das erm\u00f6glichen: Struktur, Richtung und Fokus \u2013 in einem dynamischen Energiemarkt.<\/p>\n<p><strong><a href=\"https:\/\/windenergietage.de\/2025\/wp-content\/uploads\/sites\/10\/2025\/10\/33WET13_Forum-13_1200-1230_Tealfox_StellaWillborn.pdf\" target=\"_blank\">Vortrag zum Abruf als PDF<\/a><\/strong><p><h4>12:30 \u2013 13:00 Uhr<\/h4><p><strong>10 Jahre Projektkommunikation - Gute Praxis und neue Herausforderungen bei Wind- und Solarparks\u00a0<\/strong><br \/>Marcus Franken \u2013 Ahnen&amp;Enkel  <\/p><p><strong><a href=\"https:\/\/windenergietage.de\/2025\/wp-content\/uploads\/sites\/10\/2025\/10\/33WET13_F13_1230_Ahnenamp.pdf\" target=\"_blank\">Vortrag zum Abruf als PDF<\/a><\/strong><p><\/div><\/div><\/div><div class=\"toggle group-field\"><div class=\"single-field odd\"><h3 class=\"field-title closed\">Forum 13 Nachmittag \u2013 WAS DATEN VERRATEN -  DIGITALE PROJEKTENTWICKLUNG DER NEUEN GENERATION<span class=\"ui-toggle-header-icon\"><\/span><\/h3><div class=\"field-text\" style=\"display:none;\"><div class=\"location-logos\"><div><a href=\"https:\/\/www.nefino.de\/\" target=\"_blank\"><img loading=\"lazy\" decoding=\"async\" width=\"300\" height=\"79\" src=\"https:\/\/windenergietage.de\/2025\/wp-content\/uploads\/sites\/10\/2018\/01\/Nefino-Logo-300x79.png\" class=\"attachment-medium size-medium\" alt=\"\" srcset=\"https:\/\/windenergietage.de\/2025\/wp-content\/uploads\/sites\/10\/2018\/01\/Nefino-Logo-300x79.png 300w, https:\/\/windenergietage.de\/2025\/wp-content\/uploads\/sites\/10\/2018\/01\/Nefino-Logo.png 497w\" sizes=\"auto, (max-width: 300px) 100vw, 300px\" \/><\/a><\/div><div><a href=\"https:\/\/www.moss.de\/\" target=\"_blank\"><img loading=\"lazy\" decoding=\"async\" width=\"300\" height=\"246\" src=\"https:\/\/windenergietage.de\/2025\/wp-content\/uploads\/sites\/10\/2025\/03\/MOSS_Logo-300x246-2.png\" class=\"attachment-medium size-medium\" alt=\"\" \/><\/a><\/div><\/div><h4>13:30 \u2013 14:00 Uhr<\/h4><p><strong>Alles parat f\u00fcr den Park \u2013 Daten, Karten und Kandidaten - Weiterentwicklungen aus 2025<\/strong><br \/>Henning Arends \u2013 Nefino GmbH<\/p><p><strong>Keine Ver\u00f6ffentlichung des Vortrags.<\/strong><\/p>\n<h4>14:00 \u2013 14:30 Uhr<\/h4><p><strong>Ihr Park a la Carte \u2013 Kollaborative Variantenplanung im moGI Planner WebGIS<\/strong><br \/>Dr. Markus Muerth \u2013 M.O.S.S. Computer Grafik Systeme GmbH<\/p><p><strong><a href=\"https:\/\/windenergietage.de\/2025\/wp-content\/uploads\/sites\/10\/2025\/11\/33WET13_F13_1400_Kollaborative_Variantenplanung-.pdf\" target=\"_blank\">Vortrag zum Abruf als PDF<\/a><\/strong><p><h4>14:30 \u2013 15:00 Uhr<\/h4><p><strong>Beim Betrag wird\u2018s akkurat \u2013 Effiziente Ertragsprognosen<\/strong><br \/>Dr. Doron Callies \u2013 Fraunhofer-Institut f\u00fcr Energiewirtschaft und Energiesystemtechnik IEE<\/p><p><strong>Keine Ver\u00f6ffentlichung des Vortrags.<\/strong><\/p>\n<h4>15:00 \u2013 15:30 Uhr<\/h4><p><strong>PAUSE<\/strong><br \/> <\/p><h4>15:30 \u2013 16:00 Uhr<\/h4><p><strong>Akkurat und smart \u2013 Digitale Netzanschlussplanung<\/strong><br \/>Dr. Jan Hendrick Piel \u2013 Nefino GmbH, Julian Helmich \u2013 E-TIB Ingenieurgesellschaft mbH<\/p><p><strong>Keine Ver\u00f6ffentlichung des Vortrags.<\/strong><\/p>\n<h4>16:00 \u2013 16:30 Uhr<\/h4><p><strong>Smart zum Start \u2013 Intelligente Zuwegungsplanung f\u00fcr optimale Logistik<\/strong><br \/>Dr. Thorsten Reichartz \u2013 Chair for Wind Power Drives, RWTH Aachen<\/p><p><strong><a href=\"https:\/\/windenergietage.de\/2025\/wp-content\/uploads\/sites\/10\/2025\/11\/33WET13_F13_1600_Intelligente_Zuwegungsplanung.pdf\" target=\"_blank\">Vortrag zum Abruf als PDF<\/a><\/strong><p><h4>16:30 \u2013 17:00 Uhr<\/h4><p><strong>Der Start mit 3D-Art \u2013 Windparks zum Anfassen in Augmented Reality<\/strong><br \/>Gerhard Hinnah \u2013 Aratall GmbH<\/p><p><strong><a href=\"https:\/\/windenergietage.de\/2025\/wp-content\/uploads\/sites\/10\/2025\/11\/33WET13_F13_1630_Augmented_Reality_Windparks.pdf\" target=\"_blank\">Vortrag zum Abruf als PDF<\/a><\/strong><p><h4>17:00 \u2013 17:30 Uhr<\/h4><p><strong>Die richtige Art statt Knallhart \u2013 Durch bedarfsgerechte Kombination ideale L\u00f6sungen erschaffen<\/strong><br \/>Henning Arends \u2013 Nefino GmbH, Dr. Markus Muerth \u2013 M.O.S.S. Computer Grafik Systeme GmbH<\/p><p><strong><a href=\"https:\/\/windenergietage.de\/2025\/wp-content\/uploads\/sites\/10\/2025\/11\/33WET13_F13_1700_Richtige_Art_statt_Knallhart.pdf\" target=\"_blank\">Vortrag zum Abruf als PDF<\/a><\/strong><p><h4>17:30 \u2013 18:00 Uhr<\/h4><p><strong>Pretzels &amp; Beer \u2013 Bedarfsgerechte Kombination f\u00fcr einen idealen Abend<\/strong><br \/> <\/p><p>Wir laden Sie im Anschluss an das Forum zu uns an den Stand 112 direkt vor dem Forum ein auf einen lockeren Ausklang bei Pretzls &amp; Beer.<\/p>\n<h4>18:00 \u2013 23:00 Uhr<\/h4><p><strong>Las horas espa\u00f1oles mit IBERDROLA<\/strong><br \/> <\/p><\/div><\/div><\/div><div class=\"toggle group-field\"><div class=\"single-field odd\"><h3 class=\"field-title closed\">Forum 14 \u2013 KI-Forum mit Tedexa <span class=\"ui-toggle-header-icon\"><\/span><\/h3><div class=\"field-text\" style=\"display:none;\"><div class=\"location-logos\"><div><a href=\"https:\/\/www.tedexa.de\/\" target=\"_blank\"><img loading=\"lazy\" decoding=\"async\" width=\"200\" height=\"49\" src=\"https:\/\/windenergietage.de\/2025\/wp-content\/uploads\/sites\/10\/2025\/03\/tedexa_trans.png\" class=\"attachment-medium size-medium\" alt=\"\" \/><\/a><\/div><div><a href=\"https:\/\/www.avameo.de\/\" target=\"_blank\"><img loading=\"lazy\" decoding=\"async\" width=\"200\" height=\"49\" src=\"https:\/\/windenergietage.de\/2025\/wp-content\/uploads\/sites\/10\/2025\/03\/avameo_trans.png\" class=\"attachment-medium size-medium\" alt=\"\" \/><\/a><\/div><div><a href=\"https:\/\/varyfy.de\/\" target=\"_blank\"><img loading=\"lazy\" decoding=\"async\" width=\"300\" height=\"108\" src=\"https:\/\/windenergietage.de\/2025\/wp-content\/uploads\/sites\/10\/2025\/10\/Logo-RZ-300x108.png\" class=\"attachment-medium size-medium\" alt=\"\" srcset=\"https:\/\/windenergietage.de\/2025\/wp-content\/uploads\/sites\/10\/2025\/10\/Logo-RZ-300x108.png 300w, https:\/\/windenergietage.de\/2025\/wp-content\/uploads\/sites\/10\/2025\/10\/Logo-RZ-1024x367.png 1024w, https:\/\/windenergietage.de\/2025\/wp-content\/uploads\/sites\/10\/2025\/10\/Logo-RZ-768x275.png 768w, https:\/\/windenergietage.de\/2025\/wp-content\/uploads\/sites\/10\/2025\/10\/Logo-RZ.png 1196w\" sizes=\"auto, (max-width: 300px) 100vw, 300px\" \/><\/a><\/div><\/div><p>Weiterf\u00fchrende Informationen <span style=\"color: #00ccff\"><a style=\"color: #00ccff\" href=\"https:\/\/tedexa.de\/downloads\/tedexa-booklet-spreewind-2025-web.pdf\" target=\"_blank\" rel=\"noopener\"><strong>HIER<\/strong><\/a><\/span><\/p>\n<p><strong>Die Aufzeichnung der Vortr\u00e4ge finden Sie hier auf <span style=\"color: #ff9900\"><a style=\"color: #ff9900\" href=\"https:\/\/www.youtube.com\/watch?v=mOp_0_vzlDg&amp;list=PLFEHugVAM9eV-32BXXOUVijpfpXPsTiTH\" target=\"_blank\" rel=\"noopener\">YOUTUBE<\/a><\/span><\/strong><\/p>\n<h4>09:00 \u2013 09:15 Uhr<\/h4><p><strong>Begr\u00fc\u00dfung<\/strong><br \/>Manja Kaubisch \u2013 Klartext Consulting  <\/p><h4>09:15 \u2013 09:30 Uhr<\/h4><p><strong>Impuls Vortrag - Vibe-Coding<\/strong><br \/>Ferdinand Biere \u2013 DeepMetis, Michael Darnieder \u2013 TEDEXA <\/p><p><strong>Videoaufzeichnung zum Vortrag<span style=\"color: #ff9900\">\u00a0<a style=\"color: #ff9900\" href=\"https:\/\/www.youtube.com\/watch?v=QQYJyx4lou4&amp;list=PLFEHugVAM9eV-32BXXOUVijpfpXPsTiTH&amp;index=9\" target=\"_blank\" rel=\"noopener\">hier<\/a><\/span><\/strong><\/p>\n<p>Prompting war gestern \u2013 jetzt kommt Vibe Coding.<br \/>\nMensch und KI entwickeln Seite an Seite: Agenten schreiben, testen und verbessern Code in Echtzeit. So entsteht Software in Stunden statt Wochen \u2013 und jeder kann dabei Coder werden.<br \/>\nFerdinand und Michael beleuchten die Zukunft, die sie nicht verpassen sollten. Und nat\u00fcrlich zeigen wir live wie das geht.<\/p>\n<h4>09:30 \u2013 10:00 Uhr<\/h4><p><strong>AI eats inefficient companies \u2013 Warum \u201eAI-First\u201c kein Trend, sondern \u00dcberlebensstrategie ist.<\/strong><br \/>Michael Darnieder \u2013 TEDEXA  <\/p><p><strong>Videoaufzeichnung zum Vortrag<span style=\"color: #ff9900\">\u00a0<a style=\"color: #ff9900\" href=\"https:\/\/www.youtube.com\/watch?v=6ay--lIwLUA&amp;list=PLFEHugVAM9eV-32BXXOUVijpfpXPsTiTH&amp;index=10\" target=\"_blank\" rel=\"noopener\">hier<\/a><\/span><\/strong><\/p>\n<p>Digitalisierung war gestern \u2013 jetzt beginnt das Zeitalter der KI. Michael Darnieder zeigt, warum Unternehmen, die KI nur \u201enutzen\u201c, bald hinter denen zur\u00fcckbleiben, die KI leben. Was \u201eAI-First\u201c wirklich bedeutet, warum es jetzt z\u00e4hlt und wie man den Wandel strategisch meistert. Zus\u00e4tzlich zeigt Michael Darnieder, was seine 3 Game-Changer bez\u00fcglich AI-First sind.<\/p>\n<h4>10:00 \u2013 10:30 Uhr<\/h4><p><strong>Wind of Change: Warum die Energiewende R\u00fcckenwind durch Digitalisierung braucht!\u200b<\/strong><br \/>Melvin Neuber \u2013 Henrichsen4easy  <\/p><p><strong>Videoaufzeichnung zum Vortrag <span style=\"color: #ff9900\"><a style=\"color: #ff9900\" href=\"https:\/\/www.youtube.com\/watch?v=6w-i9NQxHFo&amp;list=PLFEHugVAM9eV-32BXXOUVijpfpXPsTiTH&amp;index=3\" target=\"_blank\" rel=\"noopener\">hier<\/a><\/span><\/strong><\/p>\n<p>Moderne Technologien in der Fl\u00e4che \u2013 aber analoge Abl\u00e4ufe in der Verwaltung? Bei vielen Innovatoren der Energiewende klafft eine L\u00fccke zwischen technologischer Innovation und interner Realit\u00e4t. Dieser Vortrag nimmt die Transformation dort in den Fokus, wo sie oft vergessen wird: in den t\u00e4glichen Abl\u00e4ufen, Dokumenten und Schnittstellen. Denn nachhaltiger Erfolg beginnt im Backoffice.\u200b<\/p>\n<h4>10:30 \u2013 10:45 Uhr<\/h4><p><strong>Speakers Time<\/strong><br \/>   <\/p><p>In der Speakers Time haben Sie die Gelegenheit, sich nach den Vortr\u00e4gen direkt mit den Referentinnen und Referenten auszutauschen.<\/p>\n<h4>10:45 \u2013 11:15 Uhr<\/h4><p><strong>KI jenseits der Turbine - wie KI-ready ist das Unternehmen?<\/strong><br \/>Uwe Rupp \u2013 boTec  <\/p><p><strong>Videoaufzeichnung zum Vortrag\u00a0<span style=\"color: #ff9900\"><a style=\"color: #ff9900\" href=\"https:\/\/www.youtube.com\/watch?v=JO-4ioOdZXQ&amp;list=PLFEHugVAM9eV-32BXXOUVijpfpXPsTiTH&amp;index=3\" target=\"_blank\" rel=\"noopener\">hier<\/a><\/span><\/strong><\/p>\n<p>Der Konflikt zwischen Windenergie und Artenschutz ist l\u00f6sbar. Erfahren Sie in diesem Vortrag, wie die Anwendung von K\u00fcnstlicher Intelligenz (KI) in Form der L\u00f6sung BirdVision zu einer Win-Win-Situation f\u00fchrt. Wir stellen vor, wie die komplexen Anforderungen des Artenschutzes in der Planungsphase integriert wird und wie KI den sp\u00e4teren Anlagenbetrieb hocheffizient steuert und fortlaufend optimiert. Lassen Sie sich inspirieren, wie diese neue Vorgehensweise Genehmigungsverfahren standardisiert und verk\u00fcrzt und die Akzeptanz Ihrer Projekte erh\u00f6ht.<\/p>\n<h4>11:15 \u2013 11:45 Uhr<\/h4><p><strong>KI und erneuerbare Energien \u2013 Innovationspotenziale rechtssicher nutzen<\/strong><br \/>Matthias Rosa \u2013 VARY.FY  <\/p><p><strong>Videoaufzeichnung zum Vortrag\u00a0<span style=\"color: #ff9900\"><a style=\"color: #ff9900\" href=\"https:\/\/www.youtube.com\/watch?v=TxNtLrPPqAc&amp;list=PLFEHugVAM9eV-32BXXOUVijpfpXPsTiTH&amp;index=8\" target=\"_blank\" rel=\"noopener\">hier<\/a><\/span><\/strong><\/p>\n<p>K\u00fcnstliche Intelligenz treibt die Energiewende voran \u2013 doch mit den Chancen wachsen auch die rechtlichen Anforderungen. Der Vortrag zeigt anhand praxisnaher Beispiele, wie Betreiber und Entwickler erneuerbarer Energien Innovation und Compliance in Einklang bringen k\u00f6nnen. Im Fokus stehen die zentralen Vorgaben von DSGVO, Data Act und KI-Verordnung \u2013 kompakt, verst\u00e4ndlich und anwendungsorientiert.<\/p>\n<h4>11:45 \u2013 12:00 Uhr<\/h4><p><strong>Speakers Time 2<\/strong><br \/>   <\/p><p>In der Speakers Time haben Sie die Gelegenheit, sich nach den Vortr\u00e4gen direkt mit den Referentinnen und Referenten auszutauschen.<\/p>\n<h4>12:00 \u2013 13:00 Uhr<\/h4><p><strong>Mittagspause<\/strong><br \/>   <\/p><h4>13:00 \u2013 13:30 Uhr<\/h4><p><strong>96-40-ALIEN: Wer ist hier eigentlich der Sch\u00f6pfer?<\/strong><br \/>Andreas Mertens \u2013 avameo  <\/p><p><strong>Videoaufzeichnung zum Vortrag\u00a0<span style=\"color: #00ccff\"><a style=\"color: #00ccff\" href=\"https:\/\/www.youtube.com\/watch?v=d-jACjb6z7c&amp;list=PLFEHugVAM9eV-32BXXOUVijpfpXPsTiTH&amp;index=7\" target=\"_blank\" rel=\"noopener\">hier<\/a><\/span><\/strong><\/p>\n<p>Der Vortrag zeigt, wie K\u00fcnstliche Intelligenz nicht nur Prozesse radikal beschleunigt und Kosten um bis zu 96 % senkt, sondern unsere Vorstellung von Kreativit\u00e4t und Sch\u00f6pfung herausfordert. Zwischen beeindruckenden Praxisbeispielen aus dem Unternehmensalltag und der philosophischen Frage nach einer von Maschinen geschaffenen Kultur f\u00fchrt der Vortrag in die neue \u00c4ra des intelligenten Wandels.<\/p>\n<h4>13:30 \u2013 14:00 Uhr<\/h4><p><strong>Wind der Ver\u00e4nderung: Wie F\u00fchrungskr\u00e4fte Transformation erm\u00f6glichen \u2013 oder: was wir von den Wildg\u00e4nsen lernen k\u00f6nnen<\/strong><br \/>Manja Kaubisch \u2013 Klartext Consulting  <\/p><p><strong>Videoaufzeichnung zum Vortrag\u00a0<span style=\"color: #00ccff\"><a style=\"color: #00ccff\" href=\"https:\/\/www.youtube.com\/watch?v=OdaU5visOw4&amp;list=PLFEHugVAM9eV-32BXXOUVijpfpXPsTiTH&amp;index=5\" target=\"_blank\" rel=\"noopener\">hier<\/a><\/span><\/strong><\/p>\n<p>Transformation ist kein Projekt, sondern ein Dauerzustand \u2013 besonders in der Energiebranche. Der Vortrag zeigt, warum F\u00fchrung der entscheidende Erfolgsfaktor f\u00fcr Wandel ist und was Unternehmen von den Wildg\u00e4nsen \u00fcber Zusammenarbeit, Vertrauen und gemeinsames Ziellernen lernen k\u00f6nnen. Inspirierend, praxisnah und mit \u00fcberraschenden Impulsen f\u00fcr F\u00fchrungskr\u00e4fte, die Ver\u00e4nderung wirklich erm\u00f6glichen wollen.<\/p>\n<h4>14:00 \u2013 14:15 Uhr<\/h4><p><strong>Speakers Time 3<\/strong><br \/>   <\/p><p>In der Speakers Time haben Sie die Gelegenheit, sich nach den Vortr\u00e4gen direkt mit den Referentinnen und Referenten auszutauschen.<\/p>\n<h4>14:15 \u2013 14:45 Uhr<\/h4><p><strong>Erl\u00f6se verstehen, pr\u00fcfen, optimieren \u2013 Energiedaten als Grundlage f\u00fcr die kaufm\u00e4nnische Betriebsf\u00fchrung<\/strong><br \/>Falco Meier-H\u00fcbner \u2013 node.energy  <\/p><p><strong>Videoaufzeichnung zum Vortrag\u00a0<span style=\"color: #00ccff\"><a style=\"color: #00ccff\" href=\"https:\/\/www.youtube.com\/watch?v=mOp_0_vzlDg&amp;list=PLFEHugVAM9eV-32BXXOUVijpfpXPsTiTH&amp;index=1\" target=\"_blank\" rel=\"noopener\">hier<\/a><\/span><\/strong><\/p>\n<p>Tats\u00e4chlichen Erl\u00f6se aus der Direktvermarktung sind oft intransparent \u2013 Abregelungen, Preise und Vertragsdetails bleiben oft un\u00fcbersichtlich. Wir zeigen Ihnen wie Sie Vermarktungserl\u00f6se transparent erfassen, strukturiert pr\u00fcfen und effizient optimieren.<\/p>\n<p><strong><a href=\"https:\/\/windenergietage.de\/2025\/wp-content\/uploads\/sites\/10\/2025\/10\/33WET13_F14_1415_node.energy.pdf\" target=\"_blank\">Vortrag zum Abruf als PDF<\/a><\/strong><p><h4>14:45 \u2013 15:15 Uhr<\/h4><p><strong>Das Ende des Stillstands? KI-gesteuerte Optimierung von Windenergie und Artenschutz<\/strong><br \/>Benjamin Braun \u2013 BirdVision  <\/p><p>Der Konflikt zwischen Windenergie und Artenschutz ist l\u00f6sbar. Erfahren Sie in diesem Vortrag, wie die Anwendung von K\u00fcnstlicher Intelligenz (KI) in Form der L\u00f6sung BirdVision zu einer Win-Win-Situation f\u00fchrt. Wir stellen vor, wie die komplexen Anforderungen des Artenschutzes in der Planungsphase integriert wird und wie KI den sp\u00e4teren Anlagenbetrieb hocheffizient steuert und fortlaufend optimiert. Lassen Sie sich inspirieren, wie diese neue Vorgehensweise Genehmigungsverfahren standardisiert und verk\u00fcrzt und die Akzeptanz Ihrer Projekte erh\u00f6ht.<\/p>\n<h4>15:15 \u2013 15:30 Uhr<\/h4><p><strong>Speakers Time 4<\/strong><br \/>   <\/p><p>In der Speakers Time haben Sie die Gelegenheit, sich nach den Vortr\u00e4gen direkt mit den Referentinnen und Referenten auszutauschen.<\/p>\n<h4>15:30 \u2013 16:00 Uhr<\/h4><p><strong>Geodatenmanagement f\u00fcr Projektierer: Welche Option passt zu Ihnen?<\/strong><br \/>Julia Nickel \u2013 CISS TDI, Dr. Alexander Willner \u2013 CISS TDI <\/p><p><strong>Videoaufzeichnung zum Vortrag\u00a0<span style=\"color: #00ccff\"><a style=\"color: #00ccff\" href=\"https:\/\/www.youtube.com\/watch?v=7Q-5Mi60vHg&amp;list=PLFEHugVAM9eV-32BXXOUVijpfpXPsTiTH&amp;index=6\" target=\"_blank\" rel=\"noopener\">hier<\/a><\/span><\/strong><\/p>\n<p>KI entscheidet nur so gut wie die Daten dahinter. Doch wie kommen Sie rechtssicher und effizient an hochwertige Geodaten \u2013 f\u00fcr z. B. Potenzialfl\u00e4chenanalysen? Wir vergleichen drei Wege der Datenarchitektur. Sie bekommen Entscheidungskriterien, Kosten-\/Risiko-Abw\u00e4gungen und Praxisbeispiele f\u00fcr Ihre Situation.<\/p>\n<h4>16:00 \u2013 17:00 Uhr<\/h4><p><strong>Was Journalist:innen wollen: Aktuelle PR-Trends und Tipps f\u00fcr die Medienarbeit<\/strong><br \/>Iris Krampitz \u2013 Krampitz Communications, Katharina Wolf \u2013 Erneuerbare Energien, Heiko Hamann \u2013 Neue Energie<\/p><p><strong>Videoaufzeichnung zum Vortrag<span style=\"color: #ff9900\">\u00a0<a style=\"color: #ff9900\" href=\"https:\/\/www.youtube.com\/watch?v=qwd6o2QHXsI&amp;list=PLFEHugVAM9eV-32BXXOUVijpfpXPsTiTH&amp;index=4\" target=\"_blank\" rel=\"noopener\">hier<\/a><\/span><\/strong><\/p>\n<p>Bei der von PR-Expertin Iris Krampitz moderierten Fragerunde geben Journalist:innen Einblicke in ihren Arbeitsalltag. Iris Krampitz gibt Tipps f\u00fcr die Medienarbeit.<br \/>\nWie informieren sich Journalisten heutzutage?<br \/>\nWelche Themen schaffen es in die Presse?<br \/>\nMit welchen Aktionen kann man Journalisten begeistern?<br \/>\nWas hat sich durch KI und die Digitalisierung ver\u00e4ndert und wie sollten PR-Verantwortliche darauf reagieren?<\/p>\n<h4>17:00 \u2013 18:30 Uhr<\/h4><p><strong>Feierabend op rheinisch!<\/strong><br \/>Iris Krampitz \u2013 Krampitz Communications  <\/p><p>Zum Start der neuen Karnevalssession am 11.11. l\u00e4dt Iris Krampitz, Karnevalistin und rheinische Frohnatur, zur Standparty ein: mit K\u00f6lsch, k\u00f6lschen Liedern \u2013 nat\u00fcrlich zum Mitsingen.<\/p>\n<\/div><\/div><\/div><div class=\"toggle group-field\"><div class=\"single-field odd\"><h3 class=\"field-title closed\">Forum 15 Vormittag \u2013 Windrecht Update Kompakt - tettau Partnerschaft<span class=\"ui-toggle-header-icon\"><\/span><\/h3><div class=\"field-text\" style=\"display:none;\"><div class=\"location-logos\"><div><a href=\"https:\/\/www.tettaupartners.de\/\" target=\"_blank\"><img loading=\"lazy\" decoding=\"async\" width=\"300\" height=\"114\" src=\"https:\/\/windenergietage.de\/2025\/wp-content\/uploads\/sites\/10\/2018\/01\/tettau-logo-300x114.png\" class=\"attachment-medium size-medium\" alt=\"\" srcset=\"https:\/\/windenergietage.de\/2025\/wp-content\/uploads\/sites\/10\/2018\/01\/tettau-logo-300x114.png 300w, https:\/\/windenergietage.de\/2025\/wp-content\/uploads\/sites\/10\/2018\/01\/tettau-logo.png 364w\" sizes=\"auto, (max-width: 300px) 100vw, 300px\" \/><\/a><\/div><\/div><p>Das Windrecht Update Kompakt am 13. November 2025 ist bereits ausgebucht.<\/p>\n<p>Gerne k\u00f6nnen Sie sich aber schon f\u00fcr das Windrecht Update am 17. + 18. Juni 2026 im Landgut Stober anmelden: <strong><a href=\"https:\/\/windrecht-update.de\/\" target=\"_blank\" rel=\"noopener\">Windrecht Update 2026<\/a><\/strong><\/p>\n<h4>09:30 \u2013 12:30 Uhr<\/h4><p><strong>Windrecht Update Kompakt<\/strong><br \/>Dr. Michael Rolshoven \u2013 tettau Partnerschaft, Philipp von Tettau \u2013 tettau Partnerschaft, Marion Westphal-Hansen \u2013 tettau Partnerschaft, Dominik Hanus \u2013 tettau Partenerschaft<\/p><p><strong>Windrecht-Update-Kompakt \u2013 13. November 2025 \u2013 9:30 bis 12:30 Uhr<\/strong><\/p>\n<p><strong>RED-III-Umsetzung, aktuelle Rechtsprechung und vieles mehr:<br \/>\nKonsequenzen f\u00fcr Ihre Windparkplanung und Fl\u00e4chensicherung<\/strong><\/p>\n<p>\u00dcberraschend schnell hat der Gesetzgeber im August \u201eRED-III\u201c umgesetzt. Planungs- und Genehmigungsrecht muss neu gedacht werden. Zudem gibt es wichtige Rechtsprechung zu den vielen Neuregelungen aus der \u201eAmpelzeit\u201c. In einem kompakten Forum vermitteln wir <strong>f\u00fcr erfahrene Projektierer\/innen<\/strong> \u00dcberblick und Vertiefung zu folgenden Themen:<\/p>\n<ol>\n<li><strong> Neues im Planungs- und Genehmigungsrecht (ca. 100 min), u.a. zu <\/strong><\/li>\n<\/ol>\n<ul>\n<li><strong>RED-III<\/strong> (kompakt): Konsequenzen f\u00fcr laufende und k\u00fcnftige Planungs- und Genehmigungsverfahren (ausf\u00fchrlicher am Vortag)<\/li>\n<li><strong>Vorbescheide und konkurrierende WEA-Planungen<br \/>\n<\/strong>\u2013 worauf Sie \u201eim Windhundrennen\u201c achten m\u00fcssen! (BVerwG, OVG BlnBbg)<\/li>\n<li><strong>Repowering <\/strong>im \u201eAusschlussbereich\u201c \u2013 da geht was! (OVG Magdeburg)<\/li>\n<li>vereinfachte<strong> Typen\u00e4nderung <\/strong>funktioniert \u2013 Praxis und Rechtsprechung (OVG BlnBbg)<\/li>\n<li><strong>Ersatzgeld oder Ma\u00dfnahme? <\/strong>\u2013 \u201eM\u00e4rkisches Modell\u201c, Beh\u00f6rdenpraxis (BVerwG)<\/li>\n<li><strong>Artenschutzrecht<\/strong> \u2013 wann noch ein Problem? (OVG L\u00fcneburg, BVerwG)<\/li>\n<li>und einiges<strong> mehr aus der aktuellen Rechtsprechung \u2026<\/strong><\/li>\n<\/ul>\n<p><em>\u2013 Kaffeepause \u2013<\/em><\/p>\n<ol>\n<li><strong> Neues im Recht der Fl\u00e4chensicherung und sonstigen Vertragsrecht (ca. 50 min)<\/strong><\/li>\n<\/ol>\n<ul>\n<li><strong>Laufzeit und K\u00fcndigung<\/strong>: Auswirkungen der Rechtsprechung auf die Vertragsgestaltung<\/li>\n<li><strong>Textform und (gewillk\u00fcrte) Schriftform<\/strong>: Neue Herausforderungen f\u00fcr die Praxis<\/li>\n<li><strong>Weitere aktuelle Rechtsprechung im Bereich der Fl\u00e4chensicherung<\/strong><\/li>\n<\/ul>\n<p>Ihre Referenten sind:<\/p>\n<p>Dr. Michael <strong>Rolshoven<\/strong> \/ Philipp <strong>v. Tettau<\/strong>\/<\/p>\n<p>Marion <strong>Westphal-Hansen<\/strong> \/ Dominik <strong>Hanus<\/strong><\/p>\n<p>Unser Forum bietet auch in diesem Jahr Platz f\u00fcr einen intensiven Austausch und Ihre Fragen in einem geschlossenen Rahmen. Bitte melden Sie sich nur an, wenn Sie sich Zeit f\u00fcr die gesamte Veranstaltung nehmen m\u00f6chten.<\/p>\n<p>Die Anzahl der Teilnehmenden ist begrenzt. Wenn Sie teilnehmen m\u00f6chten, ist eine <strong><u>rechtzeitige Anmeldung notwendig.<\/u><\/strong><\/p>\n<p>Sollten Sie trotz Anmeldung verhindert sein, melden Sie sich bitte ab, damit wir Ihren Platz weitervergeben k\u00f6nnen.<\/p>\n<p><em>Ihr Anwaltsteam der tettau Partnerschaft<\/em><\/p>\n<p><strong><a href=\"https:\/\/windenergietage.de\/2025\/wp-content\/uploads\/sites\/10\/2025\/10\/251113-Kompakt-Update.pdf\" target=\"_blank\">Vortrag zum Abruf als PDF<\/a><\/strong><p><\/div><\/div><\/div><div class=\"toggle group-field\"><div class=\"single-field odd\"><h3 class=\"field-title closed\">Forum 15 Nachmittag \u2013 enervis &amp; Friends: EnergieMarkt Forum<span class=\"ui-toggle-header-icon\"><\/span><\/h3><div class=\"field-text\" style=\"display:none;\"><div class=\"location-logos\"><div><a href=\"https:\/\/enervis.de\/\" target=\"_blank\"><img loading=\"lazy\" decoding=\"async\" width=\"300\" height=\"87\" src=\"https:\/\/windenergietage.de\/2025\/wp-content\/uploads\/sites\/10\/2018\/01\/enervis-Logo_small-300x87.png\" class=\"attachment-medium size-medium\" alt=\"\" srcset=\"https:\/\/windenergietage.de\/2025\/wp-content\/uploads\/sites\/10\/2018\/01\/enervis-Logo_small-300x87.png 300w, https:\/\/windenergietage.de\/2025\/wp-content\/uploads\/sites\/10\/2018\/01\/enervis-Logo_small.png 729w\" sizes=\"auto, (max-width: 300px) 100vw, 300px\" \/><\/a><\/div><\/div><p><strong>Keine Ver\u00f6ffentlichung der Vortr\u00e4ge<\/strong><\/p>\n<p><em>Im enervis Energiemarkt-Forum werden aktuelle energiewirtschaftliche Themen von enervis analysiert und diskutiert. Diesmal u.a. das Energiewendemonitoring des BMWE und seine Auswirkungen f\u00fcr die Branche, die \u00dcberzeichnungssituation in den EEG-Windauktionen, die m\u00f6gliche Einf\u00fchrung von Einspeisenetzentgelten sowie Gesch\u00e4ftsmodelle und Bewertungsans\u00e4tze f\u00fcr Gr\u00fcnstromspeicher. <\/em><\/p>\n<h4>14:00 \u2013 14:50 Uhr<\/h4><p><strong>BMWE-Energiewendemonitoring und EEG 2026<\/strong><br \/>Dr. Nicolai Herrmann  \u2013 enervis energy advisors GmbH, Katja R\u00f6per \u2013 enervis energy advisors GmbH<\/p><ul>\n<li>Wie viel darf&#8217;s denn sein? Erwarteter Bruttostrombedarf und Ableitung von EE-Mengen f\u00fcr 2030<\/li>\n<li>Wie k\u00f6nnte das Mengenger\u00fcst zuk\u00fcnftiger EEG-Ausschreibungen aussehen?<\/li>\n<li>Was erwartet uns dar\u00fcber hinaus im neuen EEG?<\/li>\n<li>Diskussions- und Fragerunde<\/li>\n<\/ul>\n<h4>15:00 \u2013 15:50 Uhr<\/h4><p><strong>How low can you go? Harter Wettbewerb in den EEG-Windausschreibungen und m\u00f6gliche Erl\u00f6salternativen<\/strong><br \/>Fritz Halla \u2013 enervis energy advisors GmbH<\/p><ul>\n<li>Entwicklung des Wettbewerbs und Analyse der letzten Ausschreibungsrunden f\u00fcr Wind an Land<\/li>\n<li>Blick auf Genehmigungen, Teilnahmequoten und Gebotsvolumina<\/li>\n<li>Gibt es Erl\u00f6salternativen im PPA-Markt?<\/li>\n<li>Diskussions- und Fragerunde<\/li>\n<\/ul>\n<h4>16:00 \u2013 16:50 Uhr<\/h4><p><strong>Einspeiseentgelte f\u00fcr EE? Das AgNes-Projekt und m\u00f6gliche Auswirkungen auf EE-Projekte und Batterien<\/strong><br \/>Dr. Tim H\u00f6fer \u2013 enervis energy advisors GmbH<\/p><ul>\n<li>Das AgNes-Projekt der BnetzA: Zielsetzung, Schritte und Zeitplan bis 2029<\/li>\n<li>Welche Ausgestaltungsoptionen f\u00fcr eine Beteiligung von Einspeisern an Netzkosten liegen auf dem Tisch?<\/li>\n<li>Erfahrungen aus europ\u00e4ischen M\u00e4rkten: gibt es eine Best Practice f\u00fcr Einspeise-Netzentgelte?<\/li>\n<li>M\u00f6gliche Auswirkungen auf EE-Projekte und Batterien<\/li>\n<li>Diskussions- und Fragerunde<\/li>\n<\/ul>\n<h4>17:00 \u2013 17:30 Uhr<\/h4><p><strong>Bewertungstools f\u00fcr bankable BESS-Projekte &amp; Ausblick Gr\u00fcnstromspeicher: Lohnt sich das?<\/strong><br \/>Lukas Ebner \u2013 enervis energy advisors GmbH<\/p><ul>\n<li>Gr\u00fcnstromspeicher als Gesch\u00e4ftsmodell<\/li>\n<li>Enervis-Bewertungsans\u00e4tze und Tools (enerstorage+)<\/li>\n<\/ul>\n<\/div><\/div><\/div><div class=\"toggle group-field\"><div class=\"single-field odd\"><h3 class=\"field-title closed\">Forum 16 \u2013 360\u00b0-Blick auf die Park-IT\/OT \u2013 alles \u00fcber SCADA-Daten, Steuerung &amp; Cybersecurity organisiert von ettex<span class=\"ui-toggle-header-icon\"><\/span><\/h3><div class=\"field-text\" style=\"display:none;\"><div class=\"location-logos\"><div><a href=\"https:\/\/ettex.de\/\" target=\"_blank\"><img loading=\"lazy\" decoding=\"async\" width=\"300\" height=\"75\" src=\"https:\/\/windenergietage.de\/2025\/wp-content\/uploads\/sites\/10\/2025\/04\/ettex-color-300x75.png\" class=\"attachment-medium size-medium\" alt=\"\" srcset=\"https:\/\/windenergietage.de\/2025\/wp-content\/uploads\/sites\/10\/2025\/04\/ettex-color-300x75.png 300w, https:\/\/windenergietage.de\/2025\/wp-content\/uploads\/sites\/10\/2025\/04\/ettex-color-768x193.png 768w, https:\/\/windenergietage.de\/2025\/wp-content\/uploads\/sites\/10\/2025\/04\/ettex-color.png 1000w\" sizes=\"auto, (max-width: 300px) 100vw, 300px\" \/><\/a><\/div><\/div><h4>09:30 \u2013 09:45 Uhr<\/h4><p><strong>Begr\u00fc\u00dfung  &amp; \u00dcberblick \u00fcber das Forum 16<\/strong><br \/>Thomas Zedler \u2013 ettex GmbH  <\/p><h4>09:45 \u2013 10:10 Uhr<\/h4><p><strong>5 key OT principles for tomorrow's renewable plants<\/strong><br \/>Eugene Cora \u2013 Ardexa GmbH  <\/p><p><strong><a href=\"https:\/\/windenergietage.de\/2025\/wp-content\/uploads\/sites\/10\/2025\/10\/33WET13_F16_0945_ARDEXA.pdf\" target=\"_blank\">Vortrag zum Abruf als PDF<\/a><\/strong><p><h4>10:15 \u2013 10:45 Uhr<\/h4><p><strong>OT und Cybersecurity als Basis f\u00fcr KI<\/strong><br \/>Thomas Zedler \u2013 ettex GmbH  <\/p><p>Die Pr\u00e4sentation zeigt: Operational Technology (OT) ist die technische Basis \u2013 sie setzt Cybersecurity in der Praxis um und liefert zugleich hochwertige Betriebsdaten. Damit erf\u00fcllt OT die gesetzlichen Anforderungen (u. a. NIS2) und schafft gleichzeitig die Datengrundlage f\u00fcr wirtschaftlichen Betrieb, hohe Verf\u00fcgbarkeit sowie datengetriebene Optimierung bis hin zu KI und pr\u00e4diktiver Wartung. Cybersecurity wird so von einem Kostenblock zu einer Investition in Qualit\u00e4t und Effizienz \u2013 erm\u00f6glicht durch eine sichere, strukturierte OT-Architektur.<\/p>\n<p><strong><a href=\"https:\/\/windenergietage.de\/2025\/wp-content\/uploads\/sites\/10\/2025\/10\/33WET13_F16_1015_ettex.pdf\" target=\"_blank\">Vortrag zum Abruf als PDF<\/a><\/strong><p><h4>10:45 \u2013 11:00 Uhr<\/h4><p><strong>Pause 1<\/strong><br \/>   <\/p><h4>11:00 \u2013 11:25 Uhr<\/h4><p><strong>Quo Vadis NIS2, EnWG und europ\u00e4ischer Kontext<\/strong><br \/>David Pohl \u2013 Xoitsolutions  <\/p><p><strong><a href=\"https:\/\/windenergietage.de\/2025\/wp-content\/uploads\/sites\/10\/2025\/10\/33WET13_F16_1100_Xoitsolutions.pdf\" target=\"_blank\">Vortrag zum Abruf als PDF<\/a><\/strong><p><h4>11:30 \u2013 12:00 Uhr<\/h4><p><strong>Ein System zur Angriffserkennung (SzA\/IDS) in der OT \u2013 Compliance als Basis, Business Value als Ziel<\/strong><br \/>Daniel Brenner \u2013 OMICRON electronics GmbH  <\/p><p><strong><a href=\"https:\/\/windenergietage.de\/2025\/wp-content\/uploads\/sites\/10\/2025\/10\/33WET13_F16_1130_OMICRONelectronicsGmbH.pdf\" target=\"_blank\">Vortrag zum Abruf als PDF<\/a><\/strong><p><h4>12:00 \u2013 14:00 Uhr<\/h4><p><strong>Mittagspause<\/strong><br \/>   <\/p><h4>14:00 \u2013 14:25 Uhr<\/h4><p><strong>NIS2 Compliance durch eine vollintegrierte Cybersecurity-Plattform<\/strong><br \/>Holger Ahrend \u2013 AIOSEC e.K.  <\/p><p><strong><a href=\"https:\/\/windenergietage.de\/2025\/wp-content\/uploads\/sites\/10\/2025\/10\/33WET13_F16_1400_AIOSECeK.pdf\" target=\"_blank\">Vortrag zum Abruf als PDF<\/a><\/strong><p><h4>14:30 \u2013 14:55 Uhr<\/h4><p><strong>Datenvorhaltung TR10: \"Was wir aus st\u00fcrmischen Zeiten gelernt haben - und wie wir jetzt mit R\u00fcckenwind gemeinsam durchstarten\"<\/strong><br \/>Martina Damaschke-Jensen \u2013 Pavana GmbH  <\/p><p><strong><a href=\"https:\/\/windenergietage.de\/2025\/wp-content\/uploads\/sites\/10\/2025\/10\/33WET13_F16_1430_Pavana.pdf\" target=\"_blank\">Vortrag zum Abruf als PDF<\/a><\/strong><p><h4>15:00 \u2013 15:25 Uhr<\/h4><p><strong>Cyber-sichere Integration einer Unterlegscheibe (!) in Cloud und CMS<\/strong><br \/>Volker Bibelhausen \u2013 Altosens GmbH  <\/p><p><strong><a href=\"https:\/\/windenergietage.de\/2025\/wp-content\/uploads\/sites\/10\/2025\/10\/33WET13_F16_1500_-Altosens.pdf\" target=\"_blank\">Vortrag zum Abruf als PDF<\/a><\/strong><p><h4>15:25 \u2013 15:35 Uhr<\/h4><p><strong>Pause<\/strong><br \/>   <\/p><h4>15:35 \u2013 16:20 Uhr<\/h4><p><strong>Zwischen Mehrwert und Pflicht: Cybersicherheit, Daten und OT<\/strong><br \/>Mohamed Harrou \u2013 Experte OT-Security f\u00fcr Erneuerbare  <\/p><p>Die Pr\u00e4sentation zeigt, dass IT-Sicherheit in erneuerbaren Anlagen nicht nur eine gesetzliche Pflicht, sondern ein klarer Mehrwert im laufenden Betrieb ist. Durch organisatorische Ma\u00dfnahmen, gezielte Technik und die Hoheit \u00fcber eigene Daten entstehen Effizienz, Transparenz und Resilienz. Dabei wird deutlich, wie moderne Systeme \u2013 von Zutrittskontrolle bis KI-gest\u00fctzter Datennutzung \u2013 Unternehmen nicht nur sch\u00fctzen, sondern auch smarter machen.<\/p>\n<p><strong><a href=\"https:\/\/windenergietage.de\/2025\/wp-content\/uploads\/sites\/10\/2025\/10\/33WET13_F16_1535_Mohamed_Harrou.pdf\" target=\"_blank\">Vortrag zum Abruf als PDF<\/a><\/strong><p><h4>16:20 \u2013 16:25 Uhr<\/h4><p><strong>Abschlu\u00df des Tages<\/strong><br \/>Thomas Zedler \u2013 ettex GmbH  <\/p><\/div><\/div><\/div><div class=\"toggle group-field\"><div class=\"single-field odd\"><h3 class=\"field-title closed\">Forum 17 Vormittag \u2013 Von Service generell zu Service speziell<span class=\"ui-toggle-header-icon\"><\/span><\/h3><div class=\"field-text\" style=\"display:none;\"><h4>09:30 \u2013 10:00 Uhr<\/h4><p><strong>Getriebe Wartung Instandsetzung<\/strong><br \/>Achim Oebel \u2013 Multigear GmbH  <\/p><p><strong><a href=\"https:\/\/windenergietage.de\/2025\/wp-content\/uploads\/sites\/10\/2025\/10\/33WET13_F17_0930_Multigear.pdf\" target=\"_blank\">Vortrag zum Abruf als PDF<\/a><\/strong><p><h4>10:00 \u2013 10:30 Uhr<\/h4><p><strong>Verschlei\u00dfschutz f\u00fcr Getriebe und Lager<\/strong><br \/>Mario Bingel \u2013 REWITEC GmbH  <\/p><p><strong><a href=\"https:\/\/windenergietage.de\/2025\/wp-content\/uploads\/sites\/10\/2025\/10\/33WET13_F17_1000_REWITECGmbH.pdf\" target=\"_blank\">Vortrag zum Abruf als PDF<\/a><\/strong><p><h4>10:30 \u2013 11:00 Uhr<\/h4><p><strong>ZF THRIVE Partnership<\/strong><br \/>Matthias Vittinghoff \u2013 ZF Industrieantriebe Witten GmbH  <\/p><p><strong><a href=\"https:\/\/windenergietage.de\/2025\/wp-content\/uploads\/sites\/10\/2025\/10\/33WET13_F17_1030_ZF-THRIVE-Customer-Presentation2025-E.pdf\" target=\"_blank\">Vortrag zum Abruf als PDF<\/a><\/strong><p><h4>11:00 \u2013 11:30 Uhr<\/h4><p><strong>Blattlagerrisse und Abhilfem\u00f6glichkeiten<\/strong><br \/>Felix Schuderer \u2013 IMO GmbH &amp; Co. KG  <\/p><p><strong><a href=\"https:\/\/windenergietage.de\/2025\/wp-content\/uploads\/sites\/10\/2025\/10\/33WET13_F17_1100_IMO-GmbH_Freigabe-fuer-Veroeffentlichung.pdf\" target=\"_blank\">Vortrag zum Abruf als PDF<\/a><\/strong><p><h4>11:30 \u2013 12:00 Uhr<\/h4><p><strong>Lightning sensors<\/strong><br \/>Peter Johansen \u2013 Jomitek  <\/p><p><strong><a href=\"https:\/\/windenergietage.de\/2025\/wp-content\/uploads\/sites\/10\/2025\/10\/33WET13_F17_1130_Jomitek.pdf\" target=\"_blank\">Vortrag zum Abruf als PDF<\/a><\/strong><p><h4>12:00 \u2013 12:30 Uhr<\/h4><p><strong>Riss\u00fcberwachung in WEA<\/strong><br \/>Dieter Frey \u2013 Ing.- B\u00fcro Frey  <\/p><p><strong><a href=\"https:\/\/windenergietage.de\/2025\/wp-content\/uploads\/sites\/10\/2025\/10\/33WET13_F17_1200_Frey_Rissueberwachung.pdf\" target=\"_blank\">Vortrag zum Abruf als PDF<\/a><\/strong><p><h4>12:30 \u2013 13:00 Uhr<\/h4><p><strong>Culture beats Company. Die richtigen Mitarbeiter gewinnen und halten - was ist eigentlich dieses New Work?<\/strong><br \/>Marc Altmeyer \u2013 Telis Energie Deutschland GmbH<\/p><p><strong><a href=\"https:\/\/windenergietage.de\/2025\/wp-content\/uploads\/sites\/10\/2025\/10\/33WET13_F17_1230_TelisEnergieDeutschlandGmbH-1.pdf\" target=\"_blank\">Vortrag zum Abruf als PDF<\/a><\/strong><p><\/div><\/div><\/div><div class=\"toggle group-field\"><div class=\"single-field odd\"><h3 class=\"field-title closed\">Forum 17 Nachmittag \u2013 FGH: Netzanschluss im Rahmen der \u00dcberbauung<span class=\"ui-toggle-header-icon\"><\/span><\/h3><div class=\"field-text\" style=\"display:none;\"><div class=\"location-logos\"><div><a href=\"https:\/\/www.fgh-ma.de\/de\/\" target=\"_blank\"><img loading=\"lazy\" decoding=\"async\" width=\"243\" height=\"208\" src=\"https:\/\/windenergietage.de\/2025\/wp-content\/uploads\/sites\/10\/2025\/10\/FGH.png\" class=\"attachment-medium size-medium\" alt=\"\" \/><\/a><\/div><\/div><p><strong>Keine Ver\u00f6ffentlichung der Vortr\u00e4ge.<\/strong><\/p>\n<h4>13:30 \u2013 14:15 Uhr<\/h4><p><strong>PV- und Windpotential und Auswirkungen auf die Anlagenzertifizierung<\/strong><br \/>Tom Borghard \u2013 FGH  <\/p><h4>14:30 \u2013 15:00 Uhr<\/h4><p><strong>UW Tuning<\/strong><br \/>Simon Ledwon \u2013 FGH, Maximilian Kunst \u2013 FGH <\/p><h4>15:00 \u2013 15:45 Uhr<\/h4><p><strong>Kaffeepause<\/strong><br \/>   <\/p><h4>15:45 \u2013 16:15 Uhr<\/h4><p><strong>Optimale Kabelauslastung<\/strong><br \/>Gregor Brammer \u2013 FGH  <\/p><h4>16:30 \u2013 17:00 Uhr<\/h4><p><strong>Zuk\u00fcnftige Vorgaben<\/strong><br \/>Simon Ledwon \u2013 FGH, Maximilian Kunst \u2013 FGH <\/p><\/div><\/div><\/div><div class=\"toggle group-field\"><div class=\"single-field odd\"><h3 class=\"field-title closed\">Forum 18 \u2013 Technische Optimierungen von Windenergieanlagen durch Service, Sicherheit und Sensorik<span class=\"ui-toggle-header-icon\"><\/span><\/h3><div class=\"field-text\" style=\"display:none;\"><h4>09:30 \u2013 10:00 Uhr<\/h4><p><strong>Blattwurzelbiegemoment-Messung zur lastarmen Windnachf\u00fchrung<\/strong><br \/>Dieter Frey \u2013 Ing.- B\u00fcro Frey  <\/p><p><strong><a href=\"https:\/\/windenergietage.de\/2025\/wp-content\/uploads\/sites\/10\/2025\/10\/33WET13_F18_0930_Frey_Rissueberwachung.pdf\" target=\"_blank\">Vortrag zum Abruf als PDF<\/a><\/strong><p><h4>10:00 \u2013 10:30 Uhr<\/h4><p><strong>Erstmalige Betrachtung der Auswirkungen von Rotorunwucht auf das Hauptlager<\/strong><br \/>Michael Melsheimer \u2013 Reprojekt GmbH, Werner G\u00f6bel \u2013 Change Engineering <\/p><p><strong><a href=\"https:\/\/windenergietage.de\/2025\/wp-content\/uploads\/sites\/10\/2025\/10\/33WET13_F18_1000_Melsheimer_Auswirkungen-Rotorunwucht.pdf\" target=\"_blank\">Vortrag zum Abruf als PDF<\/a><\/strong><p><h4>10:30 \u2013 11:00 Uhr<\/h4><p><strong>Ein Riss geht durch die Wand - Untersuchungen an einem Stahlrohrturm<\/strong><br \/>Christof Schwarz \u2013 Christof Schwarz Ingenieur Gesellschaft mbH  <\/p><h4>11:00 \u2013 11:30 Uhr<\/h4><p><strong>Gro\u00dfw\u00e4lzlager von Rothe Erde - Service Produkte<\/strong><br \/>Stefan Link \u2013 thyssenkrupp rothe erde Germany GmbH<\/p><p><strong><a href=\"https:\/\/windenergietage.de\/2025\/wp-content\/uploads\/sites\/10\/2025\/10\/33WET13_F18_1100_Thyssenkrupp_Grosswaelzlager-Service.pdf\" target=\"_blank\">Vortrag zum Abruf als PDF<\/a><\/strong><p><h4>11:30 \u2013 12:00 Uhr<\/h4><p><strong>Prozesssichere Verschraubung mit vernetzten Werkzeugen<\/strong><br \/>Alexander Grosser \u2013 STAHLWILLE Eduard Wille GmbH &amp; Co. KG  <\/p><p><strong><a href=\"https:\/\/windenergietage.de\/2025\/wp-content\/uploads\/sites\/10\/2025\/10\/33WET13_F18_1130_STAHLWILLE_Prozessichere-Verschraubungen.pdf\" target=\"_blank\">Vortrag zum Abruf als PDF<\/a><\/strong><p><h4>12:30 \u2013 13:00 Uhr<\/h4><p><strong>Operative technische Optimierungen im Service<\/strong><br \/>Christian Werner  <\/p><p><strong><a href=\"https:\/\/windenergietage.de\/2025\/wp-content\/uploads\/sites\/10\/2025\/10\/33WET13_F18_1230_Optimierung-von-Service-an-Windkraftanlagen.pdf\" target=\"_blank\">Vortrag zum Abruf als PDF<\/a><\/strong><p><h4>13:00 \u2013 13:30 Uhr<\/h4><p><strong>Mittagspause<\/strong><br \/>   <\/p><h4>13:30 \u2013 14:00 Uhr<\/h4><p><strong>Smart Connected Bolting: Wie intelligente Werkzeuge Herausforderungen der Windindustrie l\u00f6sen<\/strong><br \/>Kevin Pietrucha \u2013 Atlas Copco Tools Central Europe GmbH  <\/p><p><strong>Vortrag wird nicht ver\u00f6ffentlicht.<\/strong><\/p>\n<h4>14:00 \u2013 14:30 Uhr<\/h4><p><strong>Ausfall im Netzanschluss? Mobile Schaltanlage h\u00e4lt Windparks am Netz<\/strong><br \/>Thomas Grund \u2013 EMIS electrics GmbH  <\/p><p><strong><a href=\"https:\/\/windenergietage.de\/2025\/wp-content\/uploads\/sites\/10\/2025\/10\/33WET13_F18_1400_EMIS_Ausfall-Netzanschluss.pdf\" target=\"_blank\">Vortrag zum Abruf als PDF<\/a><\/strong><p><h4>14:30 \u2013 15:00 Uhr<\/h4><p><strong>Physische Sicherheit f\u00fcr Windenergieanlagen \u2013 Digitale Zutrittskontrolle mit IntelliLock<\/strong><br \/>Marco L\u00fctz \u2013 TIMM Technology GmbH  <\/p><p><strong><a href=\"https:\/\/windenergietage.de\/2025\/wp-content\/uploads\/sites\/10\/2025\/10\/33WET13_F18_1430_Timm_Physische-Sicherheit-WEA.pdf\" target=\"_blank\">Vortrag zum Abruf als PDF<\/a><\/strong><p><h4>15:30 \u2013 16:00 Uhr<\/h4><p><strong>Vortrag f\u00e4llt aus deshalb Kaffeepause \ud83d\ude42<\/strong><br \/>   <\/p><h4>16:00 \u2013 16:30 Uhr<\/h4><p><strong>Windenergie trifft Netz \u2013 Wie Modularit\u00e4t und Standardisierung die Energiewende beschleunigen<\/strong><br \/>Marc  Reitmaier \u2013 PHOENIX CONTACT Deutschland GmbH<\/p><p>Inspiriert vom Erfolg der IT-Branche, schaffen wir mit standardisierten und frei kombinierbaren Modulen die Basis f\u00fcr eine neue Generation von Netzanschl\u00fcssen. So werden Windparks und andere Erzeugungsanlagen nicht nur schneller und kosteneffizienter ans Netz gebracht \u2013 auch Digitalisierung, Fernwirktechnik und IT-Security sind von Anfang an integriert.<\/p>\n<p><strong><a href=\"https:\/\/windenergietage.de\/2025\/wp-content\/uploads\/sites\/10\/2025\/10\/33WET13_F18_1600_PHOENIX-CONTACT-Deutschland-GmbH.pdf\" target=\"_blank\">Vortrag zum Abruf als PDF<\/a><\/strong><p><h4>16:30 \u2013 17:00 Uhr<\/h4><p><strong>Gro\u00dfw\u00e4lzlager von Rothe Erde - Aftermarket Produkte<\/strong><br \/>Stefan Link \u2013 thyssenkrupp rothe erde Germany GmbH  <\/p><p><strong><a href=\"https:\/\/windenergietage.de\/2025\/wp-content\/uploads\/sites\/10\/2025\/10\/33WET13_F18_1630_Thyssenkrupp_Grosswaelzlager-Aftermarket.pdf\" target=\"_blank\">Vortrag zum Abruf als PDF<\/a><\/strong><p><\/div><\/div><\/div><div class=\"toggle group-field\"><div class=\"single-field odd\"><h3 class=\"field-title closed\">Forum 19 Vormittag \u2013 Zeit, dass sich was dreht: Aktuelle und zuk\u00fcnftige Entwicklungen in der Windbranche<span class=\"ui-toggle-header-icon\"><\/span><\/h3><div class=\"field-text\" style=\"display:none;\"><div class=\"location-logos\"><div><a href=\"https:\/\/light-guard.com\/\" target=\"_blank\"><img loading=\"lazy\" decoding=\"async\" width=\"200\" height=\"93\" src=\"https:\/\/windenergietage.de\/2025\/wp-content\/uploads\/sites\/10\/2021\/07\/Light-Guard-GmbH.png\" class=\"attachment-medium size-medium\" alt=\"\" \/><\/a><\/div><\/div><h4>09:30 \u2013 09:40 Uhr<\/h4><p><strong>Begr\u00fc\u00dfung<\/strong><br \/>Claudia Fl\u00f6rke \u2013 Light:Guard GmbH  <\/p><h4>09:40 \u2013 10:10 Uhr<\/h4><p><strong>BNK im Betrieb: Herausforderungen in der Betriebsf\u00fchrung und im Service<\/strong><br \/>Eric Schacht \u2013 Light:Guard GmbH  <\/p><p><strong><a href=\"https:\/\/windenergietage.de\/2025\/wp-content\/uploads\/sites\/10\/2025\/09\/33WET13_F19_0940_LightGuardGmbH.pdf\" target=\"_blank\">Vortrag zum Abruf als PDF<\/a><\/strong><p><h4>10:10 \u2013 10:40 Uhr<\/h4><p><strong>BNK in meinem Windpark \u00fcberwachen mit OWL von Light:Guard<\/strong><br \/>Marcel Dahms \u2013 Light:Guard GmbH<\/p><p><strong><a href=\"https:\/\/windenergietage.de\/2025\/wp-content\/uploads\/sites\/10\/2025\/09\/33WET13_F19_1010_LightGuardGmbH.pdf\" target=\"_blank\">Vortrag zum Abruf als PDF<\/a><\/strong><p><h4>10:40 \u2013 11:10 Uhr<\/h4><p><strong>Cybersecurity im Aufwind: Wie Windkraftbetreiber steigenden gesetzlichen Anforderungen gerecht werden<\/strong><br \/>Uwe Dietzmann \u2013 Rhebo GmbH<\/p><p><strong><a href=\"https:\/\/windenergietage.de\/2025\/wp-content\/uploads\/sites\/10\/2025\/10\/33WET13_F19_1040_Rhebo.pdf\" target=\"_blank\">Vortrag zum Abruf als PDF<\/a><\/strong><p><h4>11:10 \u2013 11:40 Uhr<\/h4><p><strong>Speicher im Fokus: Zeit f\u00fcr Datentransparenz von Batterien<\/strong><br \/>Dipl.-Ing. Claudius Jehle \u2013 volytica diagnostics GmbH  <\/p><p><strong><a href=\"https:\/\/windenergietage.de\/2025\/wp-content\/uploads\/sites\/10\/2025\/09\/33WET13_F19_1110_volyticadiagnostics.pdf\" target=\"_blank\">Vortrag zum Abruf als PDF<\/a><\/strong><p><h4>11:40 \u2013 12:10 Uhr<\/h4><p><strong>Zuverl\u00e4ssigkeit in der Entwicklung<\/strong><br \/>Dr.-Ing. Fabian Plinke \u2013 Institut f\u00fcr Qualit\u00e4ts- und Zuverl\u00e4ssigkeitsmanagement GmbH  <\/p><p><strong><a href=\"https:\/\/windenergietage.de\/2025\/wp-content\/uploads\/sites\/10\/2025\/09\/33WET13_F19_1140_IQZ.pdf\" target=\"_blank\">Vortrag zum Abruf als PDF<\/a><\/strong><p><h4>12:10 \u2013 12:40 Uhr<\/h4><p><strong>BNK im Betrieb: Erfahrungen als Projektierer<\/strong><br \/>Anja Spannaus \u2013 4:energy O&amp;M GmbH  <\/p><p>Kosten\/Nutzen, Licht-aus-Zeiten &amp; Akzeptanz in der Bev\u00f6lkerung<\/p>\n<p><strong><a href=\"https:\/\/windenergietage.de\/2025\/wp-content\/uploads\/sites\/10\/2025\/09\/33WET13_F19_1210_4energy.pdf\" target=\"_blank\">Vortrag zum Abruf als PDF<\/a><\/strong><p><\/div><\/div><\/div><div class=\"toggle group-field\"><div class=\"single-field odd\"><h3 class=\"field-title closed\">Forum 19 Nachmittag \u2013 Montel Energy<span class=\"ui-toggle-header-icon\"><\/span><\/h3><div class=\"field-text\" style=\"display:none;\"><div class=\"location-logos\"><div><a href=\"https:\/\/montel.energy\/\" target=\"_blank\"><img loading=\"lazy\" decoding=\"async\" width=\"300\" height=\"163\" src=\"https:\/\/windenergietage.de\/2025\/wp-content\/uploads\/sites\/10\/2025\/06\/Logo-Primary-Pine-Green1-300x163.png\" class=\"attachment-medium size-medium\" alt=\"\" srcset=\"https:\/\/windenergietage.de\/2025\/wp-content\/uploads\/sites\/10\/2025\/06\/Logo-Primary-Pine-Green1-300x163.png 300w, https:\/\/windenergietage.de\/2025\/wp-content\/uploads\/sites\/10\/2025\/06\/Logo-Primary-Pine-Green1-1024x558.png 1024w, https:\/\/windenergietage.de\/2025\/wp-content\/uploads\/sites\/10\/2025\/06\/Logo-Primary-Pine-Green1-768x418.png 768w, https:\/\/windenergietage.de\/2025\/wp-content\/uploads\/sites\/10\/2025\/06\/Logo-Primary-Pine-Green1.png 1520w\" sizes=\"auto, (max-width: 300px) 100vw, 300px\" \/><\/a><\/div><\/div><p><strong>Keine Ver\u00f6ffentlichung der Vortr\u00e4ge.<\/strong><\/p>\n<h4>14:00 \u2013 15:10 Uhr<\/h4><p><strong>Batteriespeicher im Fokus: Bewertung, Finanzierung und rechtliche Ausgestaltung<\/strong><br \/>Juri Schwartz \u2013 Montel Analytics, Bj\u00f6rn Heinemeyer \u2013 NORD\/LB, Margarete von Oppen \u2013 orka Partnerschaft mbB<\/p><p>In diesen drei Impulsvortr\u00e4gen beleuchten Expert:innen die wirtschaftlichen Chancen und Herausforderungen von Batteriespeicherprojekten. Im Mittelpunkt stehen Fragen der Bewertung und Erl\u00f6smodelle, die Finanzierungsperspektive von Banken sowie Besonderheiten in der vertraglichen und rechtlichen Ausgestaltung. Anschlie\u00dfend werden die Themen in einer gemeinsamen Diskussionsrunde vertieft. Die Bewertung von Batteriespeichererl\u00f6sen in verschiedenen Settings<\/p>\n<h4>14:00 \u2013 14:15 Uhr<\/h4><p><strong>Impulsvortrag: \"Die Bewertung von Batteriespeichererl\u00f6sen in verschiedenen Settings\"<\/strong><br \/>Juri Schwartz \u2013 Montel Analytics  <\/p><p>Batteriespeicher gelten als Schl\u00fcsseltechnologie f\u00fcr die Integration erneuerbarer Energien und die Stabilisierung der Stromm\u00e4rkte. Doch ihre Wirtschaftlichkeit h\u00e4ngt entscheidend von den zugrunde liegenden Erl\u00f6squellen ab \u2013 und diese variieren je nach Marktumfeld, technischer Auslegung und regulatorischen Rahmenbedingungen.<br \/>\nIn diesem Impulsvortrag wird beleuchtet, wie sich Batteriespeichererl\u00f6se in unterschiedlichen Settings \u2013 etwa am Spotmarkt und bei der Bereitstellung von Systemdienstleistungen \u2013 entwickeln k\u00f6nnen.<\/p>\n<h4>14:15 \u2013 14:30 Uhr<\/h4><p><strong>Non-recourse Finanzierungen f\u00fcr BESS Projekte<\/strong><br \/>Bj\u00f6rn Heinemeyer \u2013 NORD\/LB  <\/p><ul>\n<li style=\"list-style-type: none\">\n<ul>\n<li>\u00dcberblick \u00fcber den Markt f\u00fcr Projektfinanzierungen f\u00fcr gro\u00df-industrielle BESS Anlagen<\/li>\n<li>Anforderungen an die Due Diligence von Banken<\/li>\n<li>Wesentliche Finanzierungskriterien sowie Projektrisiken<\/li>\n<li>Umgang mit Marktpreisrisiken und Absicherungsm\u00f6glichkeiten<\/li>\n<\/ul>\n<\/li>\n<\/ul>\n<h4>14:30 \u2013 14:50 Uhr<\/h4><p><strong>Impulsvortrag: \"Besonderheiten bei Gestaltung von Vertr\u00e4gen \u00fcber die Vermarktung von Strom und Flexibilit\u00e4t aus Hybridanlagen und Batteriespeichersystemen.\"<\/strong><br \/>Margarete von Oppen \u2013 orka Partnerschaft mbB  <\/p><p>Die Kombination von Erneuerbare-Energien-Anlagen mit Batteriespeichersystemen er\u00f6ffnet neue Vermarktungsstrategien, stellt aber zugleich hohe Anforderungen an die Vertragsgestaltung. Im Unterschied zu klassischen bilateralen Vermarktungsvertr\u00e4gen m\u00fcssen bei Hybridanlagen neben der Stromerzeugung auch die Flexibilit\u00e4t des Speichers vertraglich ber\u00fccksichtigt werden.<br \/>\nDer Vortrag beleuchtet zentrale rechtliche Aspekte zwischen den Vertragspartnern in bezug auf die Ausgestaltung von Vertr\u00e4gen unter ber\u00fccksichtigung von Hybridenanlagen. Anhand praktischer Beispiele wird aufgezeigt, welche Vertragsklauseln besondere Relevanz haben und wie sich Fallstricke bei der Vermarktung von Strom und Flexibilit\u00e4t vermeiden lassen.<\/p>\n<h4>14:50 \u2013 15:10 Uhr<\/h4><p><strong>Diskussionsrunde: Perspektiven f\u00fcr Batteriespeicher in der Energiewende<\/strong><br \/>   <\/p><p>Diskussionsrunde mit Juri Schwartz, Bj\u00f6rn Heinemeyer und Margarete von Oppen zum Thema Batteriespeicher und derren Perspektiven. Moderator der Diskussionsrunde ist Tobias Kurth.<\/p>\n<h4>15:10 \u2013 15:40 Uhr<\/h4><p><strong>PPA Portfolios: Monte Carlo Werte, Hedges und Co-Located BESS<\/strong><br \/>Marc Hasenbeck \u2013 Montel price[it] GmbH, Erik Schreck \u2013 Montel price[it] GmbH <\/p><p>In diesem Vortrag wird aufgezeigt wie Wind- und PV-Anlagen in einem finanzmathematischen Rahmen bewertet und gesteuert werden k\u00f6nnen. Mithilfe von Monte-Carlo-Simulationen werden Risiken aus Volatilit\u00e4t, Spot- und Balancing-Markt analysiert (z.B. Profit-at-Risk &amp; Balancing-at-Risk), Capture Rates erkl\u00e4rt und Hedging-Strategien (sowie verbleibende Risiken) vorgestellt. Ein Praxisbeispiel verdeutlicht zudem den Einfluss eines co-located Batteriespeichers auf Erl\u00f6se und Risikoprofile. How Monte Carlo simulations help quantify wind-farm risk within a portfolio management framework.<\/p>\n<h4>15:40 \u2013 16:30 Uhr<\/h4><p><strong>Strommarktdesign im Wandel: Chancen und Risiken f\u00fcr die Windbranche<\/strong><br \/>Tobias Federico \u2013 Montel, Catharina Dreier \u2013 Vestas Northern & Central Europe <\/p><p>Zwei Impulsvortr\u00e4ge beleuchten die Auswirkungen der Ver\u00e4nderungen im deutschen Strommarktsdesign auf die Betreiber und Investoren in der Windenergiebranche. Im Fokus stehen Auswirkungen auf Erl\u00f6se, Investitionssicherheit und Marktintegration. Im Anschluss diskutieren die Referent:innen gemeinsam die Chancen und Risiken des neuen Strommarktdesigns f\u00fcr die Branche.<\/p>\n<h4>15:40 \u2013 15:55 Uhr<\/h4><p><strong>Impulsvortrag: \"Strommarktdesign in Deutschalnd: Was bedeutet ein R\u00fcckzahlungsmechanismus f\u00fcr die Windbranche? \"<\/strong><br \/>Tobias Federico \u2013 Montel  <\/p><p>Der geplante R\u00fcckzahlungsmechanismus im deutschen Strommarktdesign sorgt derzeit f\u00fcr intensive Diskussionen in der Branche. Was bedeutet er konkret f\u00fcr Betreiber von Windenergieanlagen, Investoren und Vermarkter?<br \/>\nIn diesem Impulsvortrag wird erl\u00e4utert, wie der Mechanismus funktioniert, welche Auswirkungen er auf Erl\u00f6se, Investitionssicherheit und Risikoprofile hat und wie sich die Rahmenbedingungen f\u00fcr die Windbranche dadurch ver\u00e4ndern k\u00f6nnten. Zudem werden Chancen und Herausforderungen beleuchtet, die sich aus einer st\u00e4rkeren Marktintegration erneuerbarer Energien ergeben.<\/p>\n<h4>15:55 \u2013 16:10 Uhr<\/h4><p><strong>Impulsvortrag:<\/strong><br \/>Catharina Dreier \u2013 Vestas Northern & Central Europe  <\/p><h4>16:10 \u2013 16:30 Uhr<\/h4><p><strong>Diskussionrunde \"Windenergie zwischen F\u00f6rderung und Markt: Zukunftsszenarien f\u00fcr die Branche\"<\/strong><br \/>   <\/p><p>Diskussionsrunde mit Tobias Federico und Catharina Dreier zu den Auswirkungen des Strommarktdesign auf die Windbranche. Moderator ist Tobias Kurth.<\/p>\n<h4>16:30 \u2013 17:00 Uhr<\/h4><p><strong>(No) Reasons to be negative - Analyse zur Entwicklung von negativen Strompreisen in Deutschland<\/strong><br \/>Josephine Steppat \u2013 Montel Analytics  <\/p><p>Der Vortrag erkl\u00e4rt zun\u00e4chste wie negative Preise an der B\u00f6rse enstehen und wie die histroische Entwicklung dieser Stunden in den letzten Jahren war. Prim\u00e4r wird jedoch anhand eines fiktiven Szenarios gezeigt, wie stark die Zahl negativer Strompreise in der Zukunft steigen kann, wenn Mechanismen wie flexible Nachfrage, Batteriespeicher oder regulatorische Eingriffe (\u00a7 51 EEG) bei der Modellierung von Strompreisen fehlen. In Sensitivit\u00e4tsanalysen wird dann anschlie\u00dfend verdeutlicht, welchen Beitrag die einzelne Faktoren leisten, um die Anzahl der negativen Stunden zu reduzieren, um daraus R\u00fcckschl\u00fcsse ziehen zu k\u00f6nnen welche Mechanismen bei der Reduzierung von negativen Stunden helfen.<\/p>\n<\/div><\/div><\/div><div class=\"toggle group-field\"><div class=\"single-field odd\"><h3 class=\"field-title closed\">Forum 20 \u2013 MASLATON: Energie mit Charakter \u2013 Authentika unter Strom<span class=\"ui-toggle-header-icon\"><\/span><\/h3><div class=\"field-text\" style=\"display:none;\"><div class=\"location-logos\"><div><a href=\"https:\/\/www.maslaton.de\/\" target=\"_blank\"><img loading=\"lazy\" decoding=\"async\" width=\"300\" height=\"101\" src=\"https:\/\/windenergietage.de\/2025\/wp-content\/uploads\/sites\/10\/2025\/09\/maslaton_Komplettes_Logo_blackBlue1_cmyk_2022-300x101.png\" class=\"attachment-medium size-medium\" alt=\"\" srcset=\"https:\/\/windenergietage.de\/2025\/wp-content\/uploads\/sites\/10\/2025\/09\/maslaton_Komplettes_Logo_blackBlue1_cmyk_2022-300x101.png 300w, https:\/\/windenergietage.de\/2025\/wp-content\/uploads\/sites\/10\/2025\/09\/maslaton_Komplettes_Logo_blackBlue1_cmyk_2022-1024x345.png 1024w, https:\/\/windenergietage.de\/2025\/wp-content\/uploads\/sites\/10\/2025\/09\/maslaton_Komplettes_Logo_blackBlue1_cmyk_2022-768x259.png 768w, https:\/\/windenergietage.de\/2025\/wp-content\/uploads\/sites\/10\/2025\/09\/maslaton_Komplettes_Logo_blackBlue1_cmyk_2022-1536x517.png 1536w, https:\/\/windenergietage.de\/2025\/wp-content\/uploads\/sites\/10\/2025\/09\/maslaton_Komplettes_Logo_blackBlue1_cmyk_2022-2048x689.png 2048w\" sizes=\"auto, (max-width: 300px) 100vw, 300px\" \/><\/a><\/div><\/div><h4>09:30 \u2013 10:30 Uhr<\/h4><p><strong>Begr\u00fc\u00dfungswort: Green Defense. Mehr als st\u00f6rend? Dezentrale Windenergie als R\u00fcckgrat im Verteidigungsfall<\/strong><br \/>Prof. Dr. Martin Maslaton \u2013 MASLATON Rechtsanwaltsgesellschaft mbH<\/p><h4>10:30 \u2013 11:30 Uhr<\/h4><p><strong>Batteriespeicher und PV \u2013 was muss vertraglich ber\u00fccksichtigt werden?<\/strong><br \/>Moritz M\u00fcller \u2013 MASLATON Rechtsanwaltsgesellschaft mbH<\/p><h4>11:30 \u2013 12:30 Uhr<\/h4><p><strong>Planung von Wind, PV und Batteriespeicher auf einer Fl\u00e4che<\/strong><br \/>Dr. Sabrina Warmuth \u2013 MASLATON Rechtsanwaltsgesellschaft mbH, Moritz M\u00fcller \u2013 MASLATON Rechtsanwaltsgesellschaft mbH<\/p><p>Exkurs zu PV-Anlagen im Landschaftsschutzgebiet von Moritz M\u00fcller<\/p>\n<p><strong><a href=\"https:\/\/windenergietage.de\/2025\/wp-content\/uploads\/sites\/10\/2025\/10\/1130_Mue-Se-Batteriespeicher-und-PV-Spreewindtage-13.11.2025.pptx.pdf\" target=\"_blank\">Vortrag zum Abruf als PDF<\/a><\/strong><p><h4>12:30 \u2013 13:30 Uhr<\/h4><p><strong>Mittagspause<\/strong><br \/> <\/p><h4>13:30 \u2013 14:30 Uhr<\/h4><p><strong>Luftverkehr aktuell aus Fliegersicht<\/strong><br \/>Prof. Dr. Martin Maslaton \u2013 MASLATON Rechtsanwaltsgesellschaft mbH, Tobias Krause \u2013 MASLATON Rechtsanwaltsgesellschaft mbH<\/p><p><strong><a href=\"https:\/\/windenergietage.de\/2025\/wp-content\/uploads\/sites\/10\/2025\/10\/1330_F20_MM_Kr_Se_Windenergie_und_Luftverkehr_aktuell_aus_Fliegersicht_Spreewind_13.11.2025.pptx.pdf\" target=\"_blank\">Vortrag zum Abruf als PDF<\/a><\/strong><p><h4>14:30 \u2013 15:30 Uhr<\/h4><p><strong>BGH: Game Over f\u00fcr strenge K\u00fcndigungsregeln<\/strong><br \/>Ingolf Sonntag \u2013 MASLATON Rechtsanwaltsgesellschaft mbH, Theresa Vogt \u2013 MASLATON Rechtsanwaltsgesellschaft mbH<\/p><p><strong><a href=\"https:\/\/windenergietage.de\/2025\/wp-content\/uploads\/sites\/10\/2025\/10\/1430_F20_Vortrag_Spreewind_121125_SoVo_revSo-002.pptx-eingefuegt-am-02.12.25-1518.pdf\" target=\"_blank\">Vortrag zum Abruf als PDF<\/a><\/strong><p><h4>15:30 \u2013 16:30 Uhr<\/h4><p><strong>Konkurrenzsicherung durch Vorbescheid? Die unendliche Geschichte II.<\/strong><br \/>Prof. Dr. Martin Maslaton \u2013 MASLATON Rechtsanwaltsgesellschaft mbH, Dr. Sabrina Warmuth \u2013 MASLATON Rechtsanwaltsgesellschaft mbH<\/p><p><strong><a href=\"https:\/\/windenergietage.de\/2025\/wp-content\/uploads\/sites\/10\/2025\/10\/1530_MM_War_Ha_Konkurrenzsicherung-durch-Vorbescheid-Die-unendliche-Geschichte-II._33.-Windenergietage_13.11.2025.pptx.pdf\" target=\"_blank\">Vortrag zum Abruf als PDF<\/a><\/strong><p><h4>16:30 \u2013 17:00 Uhr<\/h4><p><strong>Schlusswort und gemeinsamer Ausklang<\/strong><br \/> <\/p><\/div><\/div><\/div><div class=\"toggle group-field\"><div class=\"single-field odd\"><h3 class=\"field-title closed\">Forum 21 \u2013 Wind neu gedacht: Die digitale Plattform als Beschleuniger der Energiewende<span class=\"ui-toggle-header-icon\"><\/span><\/h3><div class=\"field-text\" style=\"display:none;\"><div class=\"location-logos\"><div><a href=\"https:\/\/www.caeli-wind.de\/\" target=\"_blank\"><img loading=\"lazy\" decoding=\"async\" width=\"300\" height=\"101\" src=\"https:\/\/windenergietage.de\/2025\/wp-content\/uploads\/sites\/10\/2025\/10\/Caeli_Wind_FOREST_GREEN_RGB-300x101.png\" class=\"attachment-medium size-medium\" alt=\"\" srcset=\"https:\/\/windenergietage.de\/2025\/wp-content\/uploads\/sites\/10\/2025\/10\/Caeli_Wind_FOREST_GREEN_RGB-300x101.png 300w, https:\/\/windenergietage.de\/2025\/wp-content\/uploads\/sites\/10\/2025\/10\/Caeli_Wind_FOREST_GREEN_RGB-1024x343.png 1024w, https:\/\/windenergietage.de\/2025\/wp-content\/uploads\/sites\/10\/2025\/10\/Caeli_Wind_FOREST_GREEN_RGB-768x258.png 768w, https:\/\/windenergietage.de\/2025\/wp-content\/uploads\/sites\/10\/2025\/10\/Caeli_Wind_FOREST_GREEN_RGB-1536x515.png 1536w, https:\/\/windenergietage.de\/2025\/wp-content\/uploads\/sites\/10\/2025\/10\/Caeli_Wind_FOREST_GREEN_RGB-2048x687.png 2048w\" sizes=\"auto, (max-width: 300px) 100vw, 300px\" \/><\/a><\/div><\/div><p><strong>Keine Ver\u00f6ffentlichung der Vortr\u00e4ge.<\/strong><\/p>\n<p>Wie l\u00e4sst sich der Windkraftausbau auf das n\u00e4chste Level heben?<\/p>\n<p>Caeli Wind zeigt, wie datenbasierte Analyse, digitale Plattformprozesse und neue Marktlogiken den Projekterfolg beschleunigen \u2013 von der Standortakquise bis zur internationalen Vermarktung.<\/p>\n<h4>09:30 \u2013 10:00 Uhr<\/h4><p><strong>Windfl\u00e4chen auf Knopfdruck \u2013 So funktioniert Standortakquise heute<\/strong><br \/>Heiko Bartels \u2013 Caeli Wind GmbH  <\/p><p>Digitale Datenr\u00e4ume, klare Prozesse, schnellere Entscheidungen: Wie Caeli Wind Fl\u00e4chen, Projektentwickler und Investoren vernetzt und den Markt in Bewegung bringt.<\/p>\n<h4>10:00 \u2013 10:30 Uhr<\/h4><p><strong>Struktur schafft Tempo \u2013 Wie digitale Standards Projektrechte marktf\u00e4hig machen<\/strong><br \/>Marten von Horsten \u2013 Caeli Wind GmbH  <\/p><p>Unsere Assetklasse II im Fokus: Warum Ready-to-Build-Projekte zur neuen W\u00e4hrung des Windmarkts werden \u2013 und wie Caeli Wind die Plattform daf\u00fcr bietet.<\/p>\n<h4>10:30 \u2013 11:30 Uhr<\/h4><p><strong>Design Thinking Werkstatt: Wir gestalten den digitalen Werkzeugkasten f\u00fcr die Zukunft der Windbranche<\/strong><br \/>Gero Stocksmeier \u2013 Caeli Wind GmbH, Felix Weichert \u2013 Caeli Wind GmbH <\/p><p>Von der Theorie zur Praxis: In dieser offenen Werkstatt laden wir dazu ein, gemeinsam neue digitale Ans\u00e4tze f\u00fcr Planung, Bewertung und Vermarktung von Windprojekten zu denken. Hands-on, kollaborativ, praxisnah \u2013 mit Fokus auf die Frage: Welche Tools braucht die Windbranche wirklich?<\/p>\n<h4>11:30 \u2013 12:00 Uhr<\/h4><p><strong>Der G\u00fctefaktor als Stellschraube \u2013 Was die \u00c4nderung beim Referenzertragsmodell bedeutet<\/strong><br \/>Marten von Horsten \u2013 Caeli Wind GmbH  <\/p><p>Regionale Windunterschiede, Wirtschaftlichkeit und Verg\u00fctungslogik: Eine datenbasierte Analyse, welche Standorte k\u00fcnftig profitieren.<\/p>\n<h4>12:00 \u2013 12:30 Uhr<\/h4><p><strong>Ein Marktplatz, viele M\u00e4rkte \u2013 Wie Caeli Wind den internationalen Ausbau beschleunigt<\/strong><br \/>Heiko Bartels \u2013 Caeli Wind GmbH  <\/p><p>Vom deutschen Erfolgsmodell zur europ\u00e4ischen Plattform: Wie Caeli Wind den internationalen Markteintritt gestaltet und digitale Vermarktung neu denkt.<\/p>\n<h4>12:30 \u2013 14:00 Uhr<\/h4><p><strong>PAUSE<\/strong><br \/>   <\/p><h4>14:00 \u2013 15:00 Uhr<\/h4><p><strong>Design Thinking Werkstatt: Wir gestalten den digitalen Werkzeugkasten f\u00fcr die Zukunft der Windbranche<\/strong><br \/>Gero Stocksmeier \u2013 Caeli Wind GmbH, Felix Weichert \u2013 Caeli Wind GmbH <\/p><p>Von der Theorie zur Praxis: In dieser offenen Werkstatt laden wir dazu ein, gemeinsam neue digitale Ans\u00e4tze f\u00fcr Planung, Bewertung und Vermarktung von Windprojekten zu denken. Hands-on, kollaborativ, praxisnah \u2013 mit Fokus auf die Frage: Welche Tools braucht die Windbranche wirklich?<\/p>\n<h4>15:00 \u2013 15:30 Uhr<\/h4><p><strong>Windfl\u00e4chen auf Knopfdruck \u2013 So funktioniert Standortakquise heute<\/strong><br \/>Heiko Bartels \u2013 Caeli Wind GmbH  <\/p><p>Digitale Datenr\u00e4ume, klare Prozesse, schnellere Entscheidungen: Wie Caeli Wind Fl\u00e4chen, Projektentwickler und Investoren vernetzt und den Markt in Bewegung bringt.<\/p>\n<h4>15:30 \u2013 16:00 Uhr<\/h4><p><strong>Struktur schafft Tempo \u2013 Wie digitale Standards Projektrechte marktf\u00e4hig machen<\/strong><br \/>Marten von Horsten \u2013 Caeli Wind GmbH  <\/p><p>Unsere Assetklasse II im Fokus: Warum Ready-to-Build-Projekte zur neuen W\u00e4hrung des Windmarkts werden \u2013 und wie Caeli Wind die Plattform daf\u00fcr bietet.<\/p>\n<h4>16:00 \u2013 16:30 Uhr<\/h4><p><strong>Der G\u00fctefaktor als Stellschraube \u2013 Was die \u00c4nderung beim Referenzertragsmodell bedeutet<\/strong><br \/>Marten von Horsten \u2013 Caeli Wind GmbH  <\/p><p>Regionale Windunterschiede, Wirtschaftlichkeit und Verg\u00fctungslogik: Eine datenbasierte Analyse, welche Standorte k\u00fcnftig profitieren.<\/p>\n<h4>16:30 \u2013 17:00 Uhr<\/h4><p><strong>Ein Marktplatz, viele M\u00e4rkte \u2013 Wie Caeli Wind den internationalen Ausbau beschleunigt<\/strong><br \/>Heiko Bartels \u2013 Caeli Wind GmbH  <\/p><p>Vom deutschen Erfolgsmodell zur europ\u00e4ischen Plattform: Wie Caeli Wind den internationalen Markteintritt gestaltet und digitale Vermarktung neu denkt.<\/p>\n<\/div><\/div><\/div><div class=\"toggle group-field\"><div class=\"single-field odd\"><h3 class=\"field-title closed\">Forum 22 \u2013 3D Windmodellierung mit AL-PRO - Meteodyn <span class=\"ui-toggle-header-icon\"><\/span><\/h3><div class=\"field-text\" style=\"display:none;\"><div class=\"location-logos\"><div><a href=\"https:\/\/al-pro.eu\/\" target=\"_blank\"><img loading=\"lazy\" decoding=\"async\" width=\"300\" height=\"159\" src=\"https:\/\/windenergietage.de\/2025\/wp-content\/uploads\/sites\/10\/2025\/09\/alpro-300x159.jpg\" class=\"attachment-medium size-medium\" alt=\"\" srcset=\"https:\/\/windenergietage.de\/2025\/wp-content\/uploads\/sites\/10\/2025\/09\/alpro-300x159.jpg 300w, https:\/\/windenergietage.de\/2025\/wp-content\/uploads\/sites\/10\/2025\/09\/alpro.jpg 590w\" sizes=\"auto, (max-width: 300px) 100vw, 300px\" \/><\/a><\/div><div><img loading=\"lazy\" decoding=\"async\" width=\"300\" height=\"55\" src=\"https:\/\/windenergietage.de\/2025\/wp-content\/uploads\/sites\/10\/2025\/09\/Logo-Meteodyn-CLS-red-grey-300x55.png\" class=\"attachment-medium size-medium\" alt=\"\" srcset=\"https:\/\/windenergietage.de\/2025\/wp-content\/uploads\/sites\/10\/2025\/09\/Logo-Meteodyn-CLS-red-grey-300x55.png 300w, https:\/\/windenergietage.de\/2025\/wp-content\/uploads\/sites\/10\/2025\/09\/Logo-Meteodyn-CLS-red-grey-1024x187.png 1024w, https:\/\/windenergietage.de\/2025\/wp-content\/uploads\/sites\/10\/2025\/09\/Logo-Meteodyn-CLS-red-grey-768x140.png 768w, https:\/\/windenergietage.de\/2025\/wp-content\/uploads\/sites\/10\/2025\/09\/Logo-Meteodyn-CLS-red-grey-1536x280.png 1536w, https:\/\/windenergietage.de\/2025\/wp-content\/uploads\/sites\/10\/2025\/09\/Logo-Meteodyn-CLS-red-grey.png 2041w\" sizes=\"auto, (max-width: 300px) 100vw, 300px\" \/><\/div><\/div><p><strong>Keine Ver\u00f6ffentlichung der Vortr\u00e4ge.<\/strong><\/p>\n<h4>09:30 \u2013 09:45 Uhr<\/h4><p><strong>Meteodyn : Softwares &amp; Services overview<\/strong><br \/>Frank Lancelot \u2013 Meteodyn SAS  <\/p><p><strong><a href=\"https:\/\/windenergietage.de\/2025\/wp-content\/uploads\/sites\/10\/2025\/09\/33WET13_F22_0930_Meteodyn_AL_PRO.pdf\" target=\"_blank\">Vortrag zum Abruf als PDF<\/a><\/strong><p><h4>09:45 \u2013 09:55 Uhr<\/h4><p><strong>Introduction Session 1 - Early Stage<\/strong><br \/>Robin Gummels \u2013 AL-PRO GmbH & Co. KG  <\/p><h4>09:55 \u2013 10:10 Uhr<\/h4><p><strong>Greenfield wind project solutions<\/strong><br \/>Eric Tromeur \u2013 Meteodyn SAS  <\/p><p>Development and planning of a wind turbine project from the early \u201dopen land\u201d stage until all the necessary permits and agreements need simple and affordable wind data to investigate mulitple options and select the best potential site. Meteodyn&#8216; solutions for Greenfields will be here introduced with the aim to provide to developers suitable data to assess the feasibility of a project.<\/p>\n<p><strong><a href=\"https:\/\/windenergietage.de\/2025\/wp-content\/uploads\/sites\/10\/2025\/09\/33WET13_F22_0955_Meteodyn_AL_PRO.pdf\" target=\"_blank\">Vortrag zum Abruf als PDF<\/a><\/strong><p><h4>10:10 \u2013 10:30 Uhr<\/h4><p><strong>The New Meteodyn Wind Data Portal<\/strong><br \/>Eric Tromeur \u2013 Meteodyn SAS  <\/p><p>To support developers in their development and planning of a wind turbine project, the new Meteodyn Wind Data Portal allows them to access to onshore and offshore wind times series (standard and Premium) as well as Energy Potential Trends based on climate change scenarios. A Wind Data Portal overview and a demo will be presented.<\/p>\n<p><strong><a href=\"https:\/\/windenergietage.de\/2025\/wp-content\/uploads\/sites\/10\/2025\/09\/33WET13_F22_1010_Meteodyn_AL_PRO.pdf\" target=\"_blank\">Vortrag zum Abruf als PDF<\/a><\/strong><p><h4>10:30 \u2013 10:50 Uhr<\/h4><p><strong>OnShore : From mesoscale to microscale level : a case study<\/strong><br \/>Edouard Leonard \u2013 Meteodyn SAS  <\/p><p>Onshore case studies in Italy are assessed via a downscaling approach from mesoscale to microscale level using premium mesoscale wind times series got from the Wind Data Portal.<\/p>\n<p><strong><a href=\"https:\/\/windenergietage.de\/2025\/wp-content\/uploads\/sites\/10\/2025\/09\/33WET13_F22_1030_Meteodyn_AL_PRO.pdf\" target=\"_blank\">Vortrag zum Abruf als PDF<\/a><\/strong><p><h4>10:50 \u2013 11:10 Uhr<\/h4><p><strong>Offshore : SARWind solutions: WRA based on HD Satellite Measurements<\/strong><br \/>Eric Tromeur \u2013 Meteodyn SAS  <\/p><p>Offshore premium solutions based on High Definition Satellite Measurements will be presented for Wind Resource Assessment using wind times series got from the Wind Data Portal.<\/p>\n<p><strong><a href=\"https:\/\/windenergietage.de\/2025\/wp-content\/uploads\/sites\/10\/2025\/09\/33WET13_F22_1050_Meteodyn_AL_PRO.pdf\" target=\"_blank\">Vortrag zum Abruf als PDF<\/a><\/strong><p><h4>11:10 \u2013 11:30 Uhr<\/h4><p><strong>Regional impact of Climate Change on Annual Energy Production<\/strong><br \/>Eric Tromeur \u2013 Meteodyn SAS  <\/p><p>The Climate Change may impact the potential of a wind farm project. Meteodyn Innovation Lab developed a new service to provide Future Energy Potential Trends to developpers and investers.<\/p>\n<p><strong><a href=\"https:\/\/windenergietage.de\/2025\/wp-content\/uploads\/sites\/10\/2025\/09\/33WET13_F22_1110_Meteodyn_AL_PRO.pdf\" target=\"_blank\">Vortrag zum Abruf als PDF<\/a><\/strong><p><h4>11:30 \u2013 11:45 Uhr<\/h4><p><strong>Coffee Break<\/strong><br \/>   <\/p><h4>11:45 \u2013 11:55 Uhr<\/h4><p><strong>Introduction Session 2 - WRA<\/strong><br \/>Carsten Albrecht \u2013 AL-PRO GmbH &amp; Co. KG  <\/p><p><strong><a href=\"https:\/\/windenergietage.de\/2025\/wp-content\/uploads\/sites\/10\/2025\/09\/33WET13_F22_1145_Introduction-AL-PRO-Gummels-Albrecht.pdf\" target=\"_blank\">Vortrag zum Abruf als PDF<\/a><\/strong><p><h4>11:55 \u2013 12:15 Uhr<\/h4><p><strong>WRA Methodology with Meteodyn WT<\/strong><br \/>Edouard Leonard \u2013 Meteodyn SAS  <\/p><p>Introduction of Meteodyn WT software : general methodolology, CFD computation, mesh creation, features results.<\/p>\n<p><strong><a href=\"https:\/\/windenergietage.de\/2025\/wp-content\/uploads\/sites\/10\/2025\/09\/33WET13_F22_1155_Meteodyn_AL_PRO.pdf\" target=\"_blank\">Vortrag zum Abruf als PDF<\/a><\/strong><p><h4>12:15 \u2013 12:35 Uhr<\/h4><p><strong>Influence of the atmospheric thermal stability class for your Wind Resource Assessment project<\/strong><br \/>Edouard Leonard \u2013 Meteodyn SAS  <\/p><p>Considering the atmospheric thermal stability conditions is a prerequisite to perform accurate WRA based on computational fluid dynamics (CFD). In this presentation, thermal stability determination methods available in Meteodyn WT will be illustrated on several projects showing significant effects (coastal site, desert area, negative shear&#8230;)<\/p>\n<p><strong><a href=\"https:\/\/windenergietage.de\/2025\/wp-content\/uploads\/sites\/10\/2025\/09\/33WET13_F22_1215_Meteodyn_AL_PRO.pdf\" target=\"_blank\">Vortrag zum Abruf als PDF<\/a><\/strong><p><h4>12:35 \u2013 12:55 Uhr<\/h4><p><strong>How to perform Wind Resource Assessment in complex forested area?<\/strong><br \/>Edouard Leonard \u2013 Meteodyn SAS  <\/p><p>Developers of wind farms are encountering difficulties in achieving high accuracy in wind speed simulations due to the significant impact of trees on wind flow. In order to achieve high accuracy in wooded areas, the Meteodyn WT forest model and the suggested methodology based on in situ data calibration will be presented.<\/p>\n<p><strong><a href=\"https:\/\/windenergietage.de\/2025\/wp-content\/uploads\/sites\/10\/2025\/09\/33WET13_F22_1235_Meteodyn_AL_PRO.pdf\" target=\"_blank\">Vortrag zum Abruf als PDF<\/a><\/strong><p><h4>12:55 \u2013 13:15 Uhr<\/h4><p><strong>Complex Coastal onshore Wind Resource assessment impacted by forest and stabilty<\/strong><br \/>Edouard Leonard \u2013 Meteodyn SAS  <\/p><p>Recently, Meteodyn WT has outperformed other competitive software in a coastal area in Japan that is influenced by thermal stability. We will present the detailled methodology applied on this site that is based on both forest and thermal stability calibration.<\/p>\n<p><strong><a href=\"https:\/\/windenergietage.de\/2025\/wp-content\/uploads\/sites\/10\/2025\/09\/33WET13_F22_1255_Meteodyn_AL_PRO.pdf\" target=\"_blank\">Vortrag zum Abruf als PDF<\/a><\/strong><p><h4>13:15 \u2013 13:45 Uhr<\/h4><p><strong>Lunch Break<\/strong><br \/>   <\/p><h4>13:45 \u2013 14:10 Uhr<\/h4><p><strong>Why is LIDAR data correction in complex terrains important ?<\/strong><br \/>Edouard Leonard \u2013 Meteodyn SAS  <\/p><p>Lidar data correction based on CFD approach is essential to get accurate measurement data in complex terrain. The Lidar correction module available in Meteodyn WT will be presented and illustrated on several validation cases.<\/p>\n<p><strong><a href=\"https:\/\/windenergietage.de\/2025\/wp-content\/uploads\/sites\/10\/2025\/09\/33WET13_F22_1345_Meteodyn_AL_PRO.pdf\" target=\"_blank\">Vortrag zum Abruf als PDF<\/a><\/strong><p><h4>14:10 \u2013 14:30 Uhr<\/h4><p><strong>Mesoscale-Microscale Coupling methodology &amp; validations<\/strong><br \/>Eric Tromeur \u2013 Meteodyn SAS  <\/p><p>Microscale wind simulations consider the atmospheric boundary layer stability through turbulent mixture. To account for thermal effects over large computational domains, METEODYN WT assimilates mesoscale wind data grid points not only as input and boundary conditions but also as volumetric forces into the CFD solver. The Mesoscale-Microscale Coupling (MMC) principle and recommendations will be explained with validation cases.<\/p>\n<p><strong><a href=\"https:\/\/windenergietage.de\/2025\/wp-content\/uploads\/sites\/10\/2025\/09\/33WET13_F22_1410_Meteodyn_AL_PRO.pdf\" target=\"_blank\">Vortrag zum Abruf als PDF<\/a><\/strong><p><h4>14:30 \u2013 15:15 Uhr<\/h4><p><strong>Meso-Micro, T-RIX und Unsicherheiten<\/strong><br \/>Carsten Albrecht \u2013 AL-PRO GmbH &amp; Co. KG  <\/p><p>Case study : Fallstudie Modellierung in komplexem Gel\u00e4nde mit 7 Windmessungen im Kontext der Vorgaben der TR 6<\/p>\n<p><strong><a href=\"https:\/\/windenergietage.de\/2025\/wp-content\/uploads\/sites\/10\/2025\/09\/33WET13_F22_1430_Spreewind-2025-AL-PRO-CA.pdf\" target=\"_blank\">Vortrag zum Abruf als PDF<\/a><\/strong><p><h4>15:15 \u2013 15:35 Uhr<\/h4><p><strong>Meteodyn Forecast solution: short-term prediction and beyond!<\/strong><br \/>Eric Tromeur \u2013 Meteodyn SAS  <\/p><p>Accurate wind power forecasts are crucial to maintaining the balance between power consumption and production, thereby reducing penalties and operating costs. The Meteodyn WInd Power Forecasting service automatically provides you with power production forecasts for your wind farms from very short-term (minutes) to medium-term (several months), with a delivery frequency ranging from once per day to four times per hour.<\/p>\n<p><strong><a href=\"https:\/\/windenergietage.de\/2025\/wp-content\/uploads\/sites\/10\/2025\/09\/33WET13_F22_1515_Meteodyn_AL_PRO.pdf\" target=\"_blank\">Vortrag zum Abruf als PDF<\/a><\/strong><p><h4>15:30 \u2013 15:45 Uhr<\/h4><p><strong>Coffee Break 2<\/strong><br \/>   <\/p><p><strong>Im Anschluss an die Pause geht es in Forum 7 weiter!<\/strong><\/p>\n<\/div><\/div><\/div><div class=\"toggle group-field\"><div class=\"single-field odd\"><h3 class=\"field-title closed\">Forum 22 Abends \u2013 Law &amp; Order Potsdam<span class=\"ui-toggle-header-icon\"><\/span><\/h3><div class=\"field-text\" style=\"display:none;\"><div class=\"location-logos\"><div><a href=\"https:\/\/bn-kollegen.de\/\" target=\"_blank\"><img loading=\"lazy\" decoding=\"async\" width=\"156\" height=\"56\" src=\"https:\/\/windenergietage.de\/2025\/wp-content\/uploads\/sites\/10\/2023\/09\/BNK_Logo_Name_positiv.png\" class=\"attachment-medium size-medium\" alt=\"\" \/><\/a><\/div><\/div><h4>Moderation: Dr. Florian Brahms<\/h4>\n<h4>16:00 &#8211; 18:00 Uhr<\/h4>\n<p><strong>M\u00f6rderische Liebe: Vorranggebiete, Windenergiegebiete und Beschleunigungsgebiete 2.0<\/strong><br \/>Dr. Julian Nebel \u2013 BNK, Niklas  Fietz  \u2013 G\u00f6rg<\/p><p>Mit dabei:<\/p>\n<p>Niklas Fietz von G\u00f6rg<\/p>\n<p>Engin B\u00fcy\u00fckkaya von EEF<\/p>\n<p>Sonja Pockrandt von EEF<\/p>\n<p><strong><a href=\"https:\/\/windenergietage.de\/2025\/wp-content\/uploads\/sites\/10\/2025\/10\/33WET13_F22_1600_BrahmsNebelKollegen.pdf\" target=\"_blank\">Vortrag zum Abruf als PDF<\/a><\/strong><p><p><strong>Special Victim: Auswirkungen der Rechtsprechung zur Kundenanlage<\/strong><br \/>Dr. Mirko Sauer \u2013 BNK  <\/p><p>Mit dabei:<\/p>\n<p>Rechtsanwalt Dr. Christian Hampel<\/p>\n<p><strong>Poison Ivy: Netzanschluss in der heutigen Zeit<\/strong><br \/>Dr. Florian Brahms \u2013 BNK  <\/p><p>Mit dabei sind:<\/p>\n<p><strong>Rechtsanw\u00e4ltin Alexandra M\u00fctzelburg <\/strong>von der Kanzlei fieldfisher<\/p>\n<p>Justiziarin <strong>Jana Kuhla<\/strong>\u00a0von M.M\u00fcnch Elektrotechnik GmbH &amp; Co. KG<\/p>\n<p>&nbsp;<\/p>\n<\/div><\/div><\/div><div class=\"toggle group-field\"><div class=\"single-field odd\"><h3 class=\"field-title closed\">Forum 23 \u2013 UKA: Lass mal was zusammen machen <span class=\"ui-toggle-header-icon\"><\/span><\/h3><div class=\"field-text\" style=\"display:none;\"><div class=\"location-logos\"><div><a href=\"https:\/\/www.uka-gruppe.de\/\" target=\"_blank\"><img loading=\"lazy\" decoding=\"async\" width=\"300\" height=\"208\" src=\"https:\/\/windenergietage.de\/2025\/wp-content\/uploads\/sites\/10\/2021\/10\/UKA-Logo-300x208.png\" class=\"attachment-medium size-medium\" alt=\"\" srcset=\"https:\/\/windenergietage.de\/2025\/wp-content\/uploads\/sites\/10\/2021\/10\/UKA-Logo-300x208.png 300w, https:\/\/windenergietage.de\/2025\/wp-content\/uploads\/sites\/10\/2021\/10\/UKA-Logo.png 354w\" sizes=\"auto, (max-width: 300px) 100vw, 300px\" \/><\/a><\/div><\/div><h4>09:25 \u2013 09:30 Uhr<\/h4><p><strong>Begr\u00fc\u00dfung<\/strong><br \/>Martin M\u00fcller \u2013 UKA Umweltgerechte Kraftanlagen GmbH & Co. KG, Lisa Fritsche \u2013 UKA Umweltgerechte Kraftanlagen GmbH & Co. KG <\/p><h4>09:30 \u2013 10:00 Uhr<\/h4><p><strong>Entwicklungen im Bereich der Standorteignung meistern, Verteilung der Turbulenzintensit\u00e4t k\u00fcnftig effektiv nutzen<\/strong><br \/>Oliver R\u00f6glin \u2013 I17-Wind GmbH &amp; Co. KG  <\/p><p><strong>Vortrag wird nicht ver\u00f6ffentlicht.<\/strong><\/p>\n<h4>10:00 \u2013 10:30 Uhr<\/h4><p><strong>Die Beschleunigungsgebiete im Praxischeck \u2013 wie Sie die REDIII-Gesetzgebung f\u00fcr Ihr Genehmigungsverfahren nutzen<\/strong><br \/>Tobias Ro\u00df \u2013 DOMBERT RECHTSANW\u00c4LTE  <\/p><p><strong><a href=\"https:\/\/windenergietage.de\/2025\/wp-content\/uploads\/sites\/10\/2025\/09\/F23_10.00_Tobias-Ross_Dombert-Rechtsanwaelte.pdf\" target=\"_blank\">Vortrag zum Abruf als PDF<\/a><\/strong><p><h4>10:30 \u2013 11:00 Uhr<\/h4><p><strong>Transaktionen im Aufwind: M&amp;A-Tipps f\u00fcr Windenergieparkentwickler<\/strong><br \/>Dr. Maik Hamann \u2013 UKA Umweltgerechte Kraftanlagen GmbH &amp; Co. KG  <\/p><p><strong><a href=\"https:\/\/windenergietage.de\/2025\/wp-content\/uploads\/sites\/10\/2025\/09\/F23_10.30_Maik-Hamann.pdf\" target=\"_blank\">Vortrag zum Abruf als PDF<\/a><\/strong><p><h4>11:00 \u2013 11:15 Uhr<\/h4><p><strong>Kaffeepause<\/strong><br \/> <\/p><h4>11:15 \u2013 11:45 Uhr<\/h4><p><strong>B\u00fcrger- und Gemeindenbeteiligung - Gesetzesnovelle aus MV: Sachstand und Erfahrungen<\/strong><br \/>J\u00f6rg K\u00f6nig \u2013 Landesverband Erneuerbare Energien MV  <\/p><p><strong><a href=\"https:\/\/windenergietage.de\/2025\/wp-content\/uploads\/sites\/10\/2025\/09\/F23_11.15_Joerg-Koenig_LEE.pdf\" target=\"_blank\">Vortrag zum Abruf als PDF<\/a><\/strong><p><h4>11:45 \u2013 12:15 Uhr<\/h4><p><strong>Transformation durch Transparenz - Die 360\u00b0 Story bei UKA (F\u00fchrungsprozesse zwischen Mut und Methode)<\/strong><br \/>Antje Heinrich \u2013 UKA Umweltgerechte Kraftanlagen GmbH &amp; Co. KG  <\/p><p><strong><a href=\"https:\/\/windenergietage.de\/2025\/wp-content\/uploads\/sites\/10\/2025\/09\/F23_11.45_Antje-Heinrich.pdf\" target=\"_blank\">Vortrag zum Abruf als PDF<\/a><\/strong><p><h4>12:15 \u2013 13:15 Uhr<\/h4><p><strong>Mittagspause<\/strong><br \/>   <\/p><h4>13:15 \u2013 13:45 Uhr<\/h4><p><strong>#25UKA = Feiern mit Konzept: Wie man ein Firmenjubil\u00e4um multimedial nach vorn bringt<\/strong><br \/>Lisa Fritsche \u2013 UKA Umweltgerechte Kraftanlagen GmbH & Co. KG  <\/p><h4>13:45 \u2013 14:15 Uhr<\/h4><p><strong>Einwirkungsbereich der TA L\u00e4rm nach dem BVerwG: Endlich alles klar \u2013 oder doch nicht?<\/strong><br \/>Christian Hoffmann \u2013 WIND-consult GmbH  <\/p><p><strong><a href=\"https:\/\/windenergietage.de\/2025\/wp-content\/uploads\/sites\/10\/2025\/09\/F23_13.45_Christian-Hoffmann_WIND-consult.pdf\" target=\"_blank\">Vortrag zum Abruf als PDF<\/a><\/strong><p><h4>14:15 \u2013 14:45 Uhr<\/h4><p><strong>Der goldene Mittelweg?! Ein Spaziergang mit der RED III<\/strong><br \/>Gabriele Necke \u2013 UKA Umweltgerechte Kraftanlagen GmbH &amp; Co. KG, Gabi Ikert-Tharun \u2013 Ikert-Tharun | W\u00e4hling und Partner Rechtsanw\u00e4lte PartG mbB<\/p><h4>14:45 \u2013 15:00 Uhr<\/h4><p><strong>Kaffeepause<\/strong><br \/>   <\/p><h4>15:00 \u2013 15:45 Uhr<\/h4><p><strong>Crashkurs der Vogelbestimmung - mit Tipps und Tricks zum richtigen Vogel<\/strong><br \/>Dennis Franke \u2013 UKA Umweltgerechte Kraftanlagen GmbH &amp; Co. KG  <\/p><p><strong><a href=\"https:\/\/windenergietage.de\/2025\/wp-content\/uploads\/sites\/10\/2025\/09\/F23_15.00_Dennis-Franke.pdf\" target=\"_blank\">Vortrag zum Abruf als PDF<\/a><\/strong><p><h4>15:45 \u2013 16:15 Uhr<\/h4><p><strong>Auf der Zielgeraden??? \u2013 Die Regionalplanung f\u00fcr Windenergie in Westmecklenburg<\/strong><br \/>Mark H\u00e4dicke \u2013 Gesch\u00e4ftsstelle Regionaler Planungsverband Westmecklenburg  <\/p><p><strong><a href=\"https:\/\/windenergietage.de\/2025\/wp-content\/uploads\/sites\/10\/2025\/09\/F23_15.45_Mark-Haedicke_AfRL-Westmecklenburg.pdf\" target=\"_blank\">Vortrag zum Abruf als PDF<\/a><\/strong><p><h4>16:15 \u2013 16:45 Uhr<\/h4><p><strong>Energie verbindet \u2013 So holen wir gemeinsam die Fachkr\u00e4fte von morgen (am Beispiel des Arbeitskreises Personal &amp; Recruiting)<\/strong><br \/>Jana Wegner \u2013 UKA Umweltgerechte Kraftanlagen GmbH &amp; Co. KG  <\/p><p><strong><a href=\"https:\/\/windenergietage.de\/2025\/wp-content\/uploads\/sites\/10\/2025\/09\/F23_16.15_Jana-Wegner.pdf\" target=\"_blank\">Vortrag zum Abruf als PDF<\/a><\/strong><p><h4>16:45 \u2013 17:00 Uhr<\/h4><p><strong>Verabschiedung &amp; Verlosung<\/strong><br \/>Martin M\u00fcller \u2013 UKA Umweltgerechte Kraftanlagen GmbH & Co. KG, Lisa Fritsche \u2013 UKA Umweltgerechte Kraftanlagen GmbH & Co. KG <\/p><\/div><\/div><\/div><div class=\"toggle group-field\"><div class=\"single-field odd\"><h3 class=\"field-title closed\">Forum 24 \u2013 Wenn Vertrauen z\u00e4hlt - DNV Energy Systems Germany GmbH<span class=\"ui-toggle-header-icon\"><\/span><\/h3><div class=\"field-text\" style=\"display:none;\"><div class=\"location-logos\"><div><a href=\"https:\/\/www.dnv.de\/\" target=\"_blank\"><img loading=\"lazy\" decoding=\"async\" width=\"300\" height=\"133\" src=\"https:\/\/windenergietage.de\/2025\/wp-content\/uploads\/sites\/10\/2018\/01\/DNV-Logo-300x133.png\" class=\"attachment-medium size-medium\" alt=\"\" srcset=\"https:\/\/windenergietage.de\/2025\/wp-content\/uploads\/sites\/10\/2018\/01\/DNV-Logo-300x133.png 300w, https:\/\/windenergietage.de\/2025\/wp-content\/uploads\/sites\/10\/2018\/01\/DNV-Logo.png 337w\" sizes=\"auto, (max-width: 300px) 100vw, 300px\" \/><\/a><\/div><\/div><p><strong>Keine Ver\u00f6ffentlichung der Vortr\u00e4ge.<\/strong><\/p>\n<h4>09:30 \u2013 09:40 Uhr<\/h4><p><strong>Begr\u00fc\u00dfung und Moderation<\/strong><br \/>Axel Sachse \u2013 DNV Energy Systems Germany<\/p><h4>09:40 \u2013 10:25 Uhr<\/h4><p><strong>LiDAR- Verifizierungsbericht und TR 6 &amp; Planung von Lidarmessungen und TR 6<\/strong><br \/>Stephan Fiedler \u2013 DNV Energy Systems Germany, Annette Westerhellweg \u2013 DNV Energy Systems Germany <\/p><h4>10:30 \u2013 11:00 Uhr<\/h4><p><strong>Analyse von Windenergieertrag in Abh\u00e4ngigkeit von Klima\u00e4nderung<\/strong><br \/>Wolfgang Winkler \u2013 DNV Energy Systems Germany  <\/p><h4>11:05 \u2013 11:35 Uhr<\/h4><p><strong>Wie gut ist unsere Energieinfrastruktur vor Cyberangriffen gesch\u00fctzt?<\/strong><br \/>Klaus Kursawe \u2013 DNV Energy Systems Germany  <\/p><h4>11:40 \u2013 12:10 Uhr<\/h4><p><strong>GPM Horizon in der Praxis<\/strong><br \/>Malgorzata Bartkowski \u2013 DNV Energy Systems Germany<\/p><h4>12:10 \u2013 13:25 Uhr<\/h4><p><strong>Mittagspause<\/strong><br \/>   <\/p><h4>13:25 \u2013 13:30 Uhr<\/h4><p><strong>Begr\u00fc\u00dfung und Moderation<\/strong><br \/>Axel Sachse \u2013 DNV Energy Systems Germany  <\/p><h4>13:30 \u2013 14:15 Uhr<\/h4><p><strong>DNV-Standorteignungsgutachten: Umgebungsturbulenz und Lasten im Fokus \u2013\u00a0f\u00fcr effiziente, sichere Planung und optimiertes Repowering<\/strong><br \/>Bj\u00f6rn Freiwald \u2013 DNV Energy Systems Germany  <\/p><h4>14:20 \u2013 14:50 Uhr<\/h4><p><strong>Leitfaden f\u00fcr Risikobewertungen von Windparks nach IEC 61400-31<\/strong><br \/>Alper Sevim \u2013 DNV Energy Systems Germany  <\/p><h4>14:55 \u2013 15:25 Uhr<\/h4><p><strong>Technische Verluste in Energieertragsberechnungen<\/strong><br \/>Marisa Ahrens \u2013 DNV Energy Systems Germany  <\/p><h4>15:30 \u2013 16:00 Uhr<\/h4><p><strong>Horizon Wind - Eine Datenplattform von der Pre-Konstruktionsphase bis zum Repowering<\/strong><br \/>Christoph Neufink \u2013 DNV Energy Systems Germany  <\/p><\/div><\/div><\/div><div class=\"toggle group-field\"><div class=\"single-field odd\"><h3 class=\"field-title closed\">Forum 24 Abends \u2013 Gold deckt, was Papier verspricht<span class=\"ui-toggle-header-icon\"><\/span><\/h3><div class=\"field-text\" style=\"display:none;\"><div class=\"location-logos\"><div><a href=\"https:\/\/xn--rckwert-n2a.ch\/\" target=\"_blank\"><img loading=\"lazy\" decoding=\"async\" width=\"300\" height=\"300\" src=\"https:\/\/windenergietage.de\/2025\/wp-content\/uploads\/sites\/10\/2025\/08\/RueckWert-300x300.jpg\" class=\"attachment-medium size-medium\" alt=\"\" srcset=\"https:\/\/windenergietage.de\/2025\/wp-content\/uploads\/sites\/10\/2025\/08\/RueckWert-300x300.jpg 300w, https:\/\/windenergietage.de\/2025\/wp-content\/uploads\/sites\/10\/2025\/08\/RueckWert-150x150.jpg 150w, https:\/\/windenergietage.de\/2025\/wp-content\/uploads\/sites\/10\/2025\/08\/RueckWert-768x768.jpg 768w, https:\/\/windenergietage.de\/2025\/wp-content\/uploads\/sites\/10\/2025\/08\/RueckWert.jpg 1024w\" sizes=\"auto, (max-width: 300px) 100vw, 300px\" \/><\/a><\/div><\/div><p>.<\/p>\n<h4>16:30 \u2013 17:00 Uhr<\/h4><p><strong>Gold deckt, was Papier verspricht<\/strong><br \/>Sabrina Baumann \u2013 R\u00fcckWert<\/p><p>R\u00fcckbaukautionen sind unverzichtbar \u2013 aber klassische B\u00fcrgschaften oder Konten bieten keine Sicherheit gegen Inflation oder Bankenrisiken.<\/p>\n<p>Dieser Vortrag zeigt, wie physisches Gold im gesicherten Depot eine stabile, inflationsgesch\u00fctzte und unabh\u00e4ngige L\u00f6sung schafft.<\/p>\n<p>&nbsp;<\/p>\n<p>Im Anschluss sind Sie auf ein Glas Sekt eingeladen.<\/p>\n<p><strong><a href=\"https:\/\/windenergietage.de\/2025\/wp-content\/uploads\/sites\/10\/2025\/10\/GOLDDE_1.pdf\" target=\"_blank\">Vortrag zum Abruf als PDF<\/a><\/strong><p><\/div><\/div><\/div><div class=\"toggle group-field\"><div class=\"single-field odd\"><h3 class=\"field-title closed\">Forum 25 Vormittag \u2013 R\u00fcckbau mit neowa<span class=\"ui-toggle-header-icon\"><\/span><\/h3><div class=\"field-text\" style=\"display:none;\"><div class=\"location-logos\"><div><a href=\"https:\/\/www.neowa.de\/\" target=\"_blank\"><img loading=\"lazy\" decoding=\"async\" width=\"300\" height=\"73\" src=\"https:\/\/windenergietage.de\/2025\/wp-content\/uploads\/sites\/10\/2021\/08\/neowa-Logo-300x73.png\" class=\"attachment-medium size-medium\" alt=\"\" srcset=\"https:\/\/windenergietage.de\/2025\/wp-content\/uploads\/sites\/10\/2021\/08\/neowa-Logo-300x73.png 300w, https:\/\/windenergietage.de\/2025\/wp-content\/uploads\/sites\/10\/2021\/08\/neowa-Logo.png 450w\" sizes=\"auto, (max-width: 300px) 100vw, 300px\" \/><\/a><\/div><\/div><h4>09:25 \u2013 09:30 Uhr<\/h4><p><strong>Begr\u00fc\u00dfung<\/strong><br \/>Jens Monsees \u2013 neowa GmbH  <\/p><h4>09:30 \u2013 09:55 Uhr<\/h4><p><strong>450\u00b0  - das neue Rund !<\/strong><br \/>Frank J. Kroll \u2013 Vidia GmbH  <\/p><p><strong><a href=\"https:\/\/windenergietage.de\/2025\/wp-content\/uploads\/sites\/10\/2025\/10\/33WET13_F25_0930_01Windenergietage-2025.pdf\" target=\"_blank\">Vortrag zum Abruf als PDF<\/a><\/strong><p><h4>09:55 \u2013 10:15 Uhr<\/h4><p><strong>Akzeptanz in der Bev\u00f6lkerung!<\/strong><br \/>Jannik Ott \u2013 neowa GmbH  <\/p><p>Sprechen, sprechen, sprechen<\/p>\n<p><strong><a href=\"https:\/\/windenergietage.de\/2025\/wp-content\/uploads\/sites\/10\/2025\/10\/33WET13_F25_0955_02neowa-JO-Spreewind.pdf\" target=\"_blank\">Vortrag zum Abruf als PDF<\/a><\/strong><p><h4>10:15 \u2013 10:45 Uhr<\/h4><p><strong>Mi\u00dfgeschicke beim R\u00fcckbau:<\/strong><br \/>Jens Monsees \u2013 neowa GmbH  <\/p><p>Was f\u00fcr ein Pech, oder h\u00e4tte es vermieden werden k\u00f6nnen!<\/p>\n<p><strong><a href=\"https:\/\/windenergietage.de\/2025\/wp-content\/uploads\/sites\/10\/2025\/10\/33WET13_F25_1015_03JENS-Praesentation1-Rueckbau-und-Ihr-Tuecken.pdf\" target=\"_blank\">Vortrag zum Abruf als PDF<\/a><\/strong><p><h4>10:45 \u2013 11:00 Uhr<\/h4><p><strong>Kaffee<\/strong><br \/>   <\/p><h4>11:00 \u2013 11:30 Uhr<\/h4><p><strong>Wiederverwendung statt Verschwendung!<\/strong><br \/>Mika Lange \u2013 neowa GmbH  <\/p><p>Der rechtsichere Umgang mit Komponenten und Abf\u00e4llen!<\/p>\n<p><strong><a href=\"https:\/\/windenergietage.de\/2025\/wp-content\/uploads\/sites\/10\/2025\/10\/33WET13_F25_1100_042025-11-11_Spreewind_neowa_ML_v1.pdf\" target=\"_blank\">Vortrag zum Abruf als PDF<\/a><\/strong><p><h4>11:30 \u2013 12:15 Uhr<\/h4><p><strong>R\u00fcckbaukosten: SOLL und IST mit Kostenauflistung !!!<\/strong><br \/>Jens Monsees \u2013 neowa GmbH  <\/p><p>Wieso hat mir dass keiner Vorher gesagt!<\/p>\n<h4>12:15 \u2013 13:00 Uhr<\/h4><p><strong>Podiumsdiskussion - Private Equity trifft Windkraft<\/strong><br \/>Frank J. Kroll \u2013 Vidia GmbH  <\/p><p>Kapital und Expertise vorausschauend investiert<\/p>\n<\/div><\/div><\/div><div class=\"toggle group-field\"><div class=\"single-field odd\"><h3 class=\"field-title closed\">Forum 25 Nachmittag \u2013 RDR Wind<span class=\"ui-toggle-header-icon\"><\/span><\/h3><div class=\"field-text\" style=\"display:none;\"><div class=\"location-logos\"><div><a href=\"https:\/\/www.rdrwind.de\/\" target=\"_blank\"><img loading=\"lazy\" decoding=\"async\" width=\"300\" height=\"77\" src=\"https:\/\/windenergietage.de\/2025\/wp-content\/uploads\/sites\/10\/2023\/10\/Logo_RDRWind_eV-300x77.png\" class=\"attachment-medium size-medium\" alt=\"\" srcset=\"https:\/\/windenergietage.de\/2025\/wp-content\/uploads\/sites\/10\/2023\/10\/Logo_RDRWind_eV-300x77.png 300w, https:\/\/windenergietage.de\/2025\/wp-content\/uploads\/sites\/10\/2023\/10\/Logo_RDRWind_eV-768x196.png 768w, https:\/\/windenergietage.de\/2025\/wp-content\/uploads\/sites\/10\/2023\/10\/Logo_RDRWind_eV.png 783w\" sizes=\"auto, (max-width: 300px) 100vw, 300px\" \/><\/a><\/div><\/div><h4>14:00 \u2013 14:05 Uhr<\/h4><p><strong>Gru\u00dfwort Spreewind<\/strong><br \/>V\u00e9ronique Seitz \u2013 Spreewind GmbH  <\/p><h4>14:05 \u2013 14:30 Uhr<\/h4><p><strong>Offene Pressekonferenz, Begr\u00fc\u00dfung, Vorstellung des Verbandes und der Teilnehmer<\/strong><br \/>Moritz M\u00fcller \u2013 RDRWind e.V., Dr. Detlef Spuziak- Salzenberg \u2013 RDR Wind e.V.<\/p><p>Vorstellung DIN- Norm<\/p>\n<h4>14:30 \u2013 14:50 Uhr<\/h4><p><strong>Vorstellung und Austausch zur DIN-Norm 4866 \u2013 ein Update der RDRWind e.V.<\/strong><br \/>Andrea Fehr \u2013 RDRWind e.V., Annette N\u00fcsslein \u2013 RDRWind e.V., Dr. Detlef Spuziak- Salzenberg \u2013 RDR Wind e.V.<\/p><p>DIN-Norm<\/p>\n<p><strong><a href=\"https:\/\/windenergietage.de\/2025\/wp-content\/uploads\/sites\/10\/2025\/09\/1_Vortrag-RTRWind-und-DIN-Entwurf-4866-final_eck.pdf\" target=\"_blank\">Vortrag zum Abruf als PDF<\/a><\/strong><p><h4>14:50 \u2013 15:05 Uhr<\/h4><p><strong>Statistik zum R\u00fcckbau von WKA<\/strong><br \/>Silke L\u00fcers \u2013 Deutsche WindGuard GmbH  <\/p><p>Zahlen, Daten, Fakten zum R\u00fcckbau<\/p>\n<p><strong><a href=\"https:\/\/windenergietage.de\/2025\/wp-content\/uploads\/sites\/10\/2025\/09\/20251113_Forum25_RDR_Rueckbau-Statistik_DeutscheWindGuard.pdf\" target=\"_blank\">Vortrag zum Abruf als PDF<\/a><\/strong><p><h4>15:05 \u2013 15:25 Uhr<\/h4><p><strong>Nachhaltigkeit mit Fokus auf Produkte und Recycling<\/strong><br \/>Alex Renk \u2013 Nordex SE  <\/p><h4>15:25 \u2013 15:40 Uhr<\/h4><p><strong>kurze Kaffeepause und Austausch<\/strong><br \/>   <\/p><h4>15:40 \u2013 16:00 Uhr<\/h4><p><strong>aktuelle Rechtsthemen<\/strong><br \/>Moritz M\u00fcller \u2013 MASLATON Rechtsanwaltsgesellschaft mbH \/ RDRWind e.V.  <\/p><p><strong><a href=\"https:\/\/windenergietage.de\/2025\/wp-content\/uploads\/sites\/10\/2025\/09\/4_Mue_Se_DIN_Norm_kommt_Was_nun_Spreewind_13.11.2025.pdf\" target=\"_blank\">Vortrag zum Abruf als PDF<\/a><\/strong><p><h4>16:00 \u2013 16:20 Uhr<\/h4><p><strong>R\u00fcckbau von WEA \u2013 eEG-Projekte bei enercity Erneuerbare GmbH<\/strong><br \/>Matthias Teichert \u2013 enercity Erneuerbare GmbH<\/p><p><strong><a href=\"https:\/\/windenergietage.de\/2025\/wp-content\/uploads\/sites\/10\/2025\/11\/5_-251113_RDR-Vortrag-Rueckbau_MT.pdf\" target=\"_blank\">Vortrag zum Abruf als PDF<\/a><\/strong><p><h4>16:20 \u2013 16:40 Uhr<\/h4><p><strong>Seefracht Markt Update \/ Vorstellung Projekt Logistik<\/strong><br \/>Constantin Baum \u2013 K\u00fchne + Nagel AG &amp; Co. KG  <\/p><h4>16:40 \u2013 17:00 Uhr<\/h4><p><strong>Schlu\u00dfrunde &amp; Diskussion Referenten<\/strong><br \/>   <\/p><\/div><\/div><\/div><div class=\"toggle group-field\"><div class=\"single-field odd\"><h3 class=\"field-title closed\">Forum 26 Vormittag \u2013 PROMETHEUS \u2013 LEIPZIGER WINDRECHTSFORUM ON TOUR<span class=\"ui-toggle-header-icon\"><\/span><\/h3><div class=\"field-text\" style=\"display:none;\"><div class=\"location-logos\"><div><a href=\"https:\/\/www.prometheus-recht.de\/\" target=\"_blank\"><img loading=\"lazy\" decoding=\"async\" width=\"283\" height=\"65\" src=\"https:\/\/windenergietage.de\/2025\/wp-content\/uploads\/sites\/10\/2025\/04\/PROMETHEUS_Logo_web_petrol.png\" class=\"attachment-medium size-medium\" alt=\"\" \/><\/a><\/div><\/div><h1 class=\"h3\">7. Leipziger Windrechtsforum<\/h1>\n<div class=\"post-body\">\n<p><strong>Probleme erkennen. Zukunft gestalten.<\/strong><\/p>\n<h4 class=\"title\">27.01.2026 &#8211; 28.01.2026<br \/>\n9:30 &#8211; 17:15 Uhr<br \/>\nLeipzig (Hybrid)<\/h4>\n<p>Weitere Informationen <span style=\"color: #008080\"><a style=\"color: #008080\" href=\"https:\/\/www.prometheus-recht.de\/veranstaltungen\/leipziger-windrechtsforum-7\/\" target=\"_blank\" rel=\"noopener\"><strong>HIER<\/strong><\/a><\/span><\/p>\n<\/div>\n<h4>09:30 \u2013 10:00 Uhr<\/h4><p><strong>Gut gemeint, schwer gemacht? Praxisfragen zu Landesbeteiligungsgesetzen<\/strong><br \/>Antje B\u00f6hlmann-Balan \u2013 PROMETHEUS Rechtsanwaltsgesellschaft mbH  <\/p><h4>10:00 \u2013 11:15 Uhr<\/h4><p><strong>Red Lights in der Umsetzung von RED III? - Erste Erfahrungen<\/strong><br \/>Christian Falke \u2013 PROMETHEUS Rechtsanwaltsgesellschaft mbH  <\/p><h4>11:15 \u2013 12:30 Uhr<\/h4><p><strong>Neuer Typ, schnell fingiert? - Anlagentypwechsel in der Wirklichkeit<\/strong><br \/>Peter Rauschenbach \u2013 PROMETHEUS Rechtsanwaltsgesellschaft mbH  <\/p><h4>12:30 \u2013 13:00 Uhr<\/h4><p><strong>Volle Leitung voraus! Netzanschluss und Netzausbau nach EEG - ein Realit\u00e4tscheck<\/strong><br \/>Dr. Christoph Richter \u2013 PROMETHEUS Rechtsanwaltsgesellschaft mbH  <\/p><\/div><\/div><\/div><div class=\"toggle group-field\"><div class=\"single-field odd\"><h3 class=\"field-title closed\">Forum 26 Nachmittag \u2013 Kompetenztag Wind und Solar 2025<span class=\"ui-toggle-header-icon\"><\/span><\/h3><div class=\"field-text\" style=\"display:none;\"><div class=\"location-logos\"><div><a href=\"https:\/\/www.fachagentur-wind-solar.de\/\" target=\"_blank\"><img loading=\"lazy\" decoding=\"async\" width=\"300\" height=\"70\" src=\"https:\/\/windenergietage.de\/2025\/wp-content\/uploads\/sites\/10\/2025\/03\/fachagentur.png\" class=\"attachment-medium size-medium\" alt=\"\" \/><\/a><\/div><\/div><h4>14:00 \u2013 14:25 Uhr<\/h4><p><strong>Akzeptanz von Photovoltaik \u2013 Freifl\u00e4chenanlagen. Ergebnisse der Akzeptanzumfrage Fr\u00fchjahr 2025<\/strong><br \/>Eva Eichenauer \u2013 Fachagentur Wind und Solar e. V.  <\/p><p><strong><a href=\"https:\/\/windenergietage.de\/2025\/wp-content\/uploads\/sites\/10\/2025\/09\/33WET13_F26_1400_Eichenauer_FA_Wind-Solar-.pdf\" target=\"_blank\">Vortrag zum Abruf als PDF<\/a><\/strong><p><h4>14:30 \u2013 14:55 Uhr<\/h4><p><strong>Umsetzung von \u00a7 6 EEG 2023 f\u00fcr Bestandsanlagen \u2013 Potenziale | Herausforderungen | Bedarfe<\/strong><br \/>Frank Sondershaus \u2013 Fachagentur Wind und Solar e. V.  <\/p><p><strong><a href=\"https:\/\/windenergietage.de\/2025\/wp-content\/uploads\/sites\/10\/2025\/09\/33WET13_F26_1430_Sondershaus_FA_Wind-Solar.pdf\" target=\"_blank\">Vortrag zum Abruf als PDF<\/a><\/strong><p><h4>15:00 \u2013 15:25 Uhr<\/h4><p><strong>Gute Gr\u00fcnde weitererz\u00e4hlen - Kommunikationshilfe f\u00fcr Windenergie<\/strong><br \/>Dr. Julia Steinhorst \u2013 Fachagentur Wind und Solar e. V.  <\/p><p><strong><a href=\"https:\/\/windenergietage.de\/2025\/wp-content\/uploads\/sites\/10\/2025\/09\/33WET13_F26_1500_Steinhorst_FA_Wind_und_Solar.pdf\" target=\"_blank\">Vortrag zum Abruf als PDF<\/a><\/strong><p><h4>15:30 \u2013 15:55 Uhr<\/h4><p><strong>Ein Mustervertrag zur \u00dcberbauung von Netzverkn\u00fcpfungspunkten entsteht<\/strong><br \/>Dr. Dirk Sudhaus \u2013 Fachagentur Wind und Solar e. V.  <\/p><p><strong><a href=\"https:\/\/windenergietage.de\/2025\/wp-content\/uploads\/sites\/10\/2025\/09\/33WET13_F26_1530_Sudhaus_FA_Wind-Solar.pdf\" target=\"_blank\">Vortrag zum Abruf als PDF<\/a><\/strong><p><h4>16:00 \u2013 16:25 Uhr<\/h4><p><strong>R\u00fcckbau und Recycling von Windenergieanlagen \u2013 ein \u00dcberblick<\/strong><br \/>Claudia Bredemann \u2013 Fachagentur Wind und Solar e. V.  <\/p><p><strong><a href=\"https:\/\/windenergietage.de\/2025\/wp-content\/uploads\/sites\/10\/2025\/09\/33WET13_F26_1600_Bredemann_FA_Wind-Solar.pdf\" target=\"_blank\">Vortrag zum Abruf als PDF<\/a><\/strong><p><h4>16:30 \u2013 16:55 Uhr<\/h4><p><strong>Status des Windenergieausbaus im Herbst 2025<\/strong><br \/>J\u00fcrgen Quentin \u2013 Fachagentur Wind und Solar e. V.  <\/p><p><strong><a href=\"https:\/\/windenergietage.de\/2025\/wp-content\/uploads\/sites\/10\/2025\/09\/33WET13_F26_1630_Quentin_FA_Wind-Solar.pdf\" target=\"_blank\">Vortrag zum Abruf als PDF<\/a><\/strong><p><\/div><\/div><\/div><div class=\"toggle group-field\"><div class=\"single-field odd\"><h3 class=\"field-title closed\">Forum 27 \u2013 BWE Forum: Wenn der Wind sich dreht \u2013 Strategien f\u00fcr die Energiewende <span class=\"ui-toggle-header-icon\"><\/span><\/h3><div class=\"field-text\" style=\"display:none;\"><div class=\"location-logos\"><div><a href=\"https:\/\/www.wind-energie.de\/\" target=\"_blank\"><img loading=\"lazy\" decoding=\"async\" width=\"300\" height=\"123\" src=\"https:\/\/windenergietage.de\/2025\/wp-content\/uploads\/sites\/10\/2018\/01\/BWE_Logo-300x123.jpg\" class=\"attachment-medium size-medium\" alt=\"\" srcset=\"https:\/\/windenergietage.de\/2025\/wp-content\/uploads\/sites\/10\/2018\/01\/BWE_Logo-300x123.jpg 300w, https:\/\/windenergietage.de\/2025\/wp-content\/uploads\/sites\/10\/2018\/01\/BWE_Logo.jpg 474w\" sizes=\"auto, (max-width: 300px) 100vw, 300px\" \/><\/a><\/div><\/div><h4>10:00 \u2013 10:30 Uhr<\/h4><p><strong>Deutsche Energiewende: Wo stehen wir?<\/strong><br \/>B\u00e4rbel  Heidebroek \u2013 Pr\u00e4sidentin des BWE<\/p><p><em>Keynote<\/em><\/p>\n<h4>10:30 \u2013 11:30 Uhr<\/h4><p><strong>BWE Policy Briefing: Aktuelle Entwicklungen der deutschen Energiepolitik<\/strong><br \/>Wolfram  Axthelm \u2013 Bundesverband WindEnergie e.V. (BWE)<\/p><p><em>mit Fragerunde<\/em><\/p>\n<h4>12:00 \u2013 12:30 Uhr<\/h4><p><strong>Milit\u00e4rische Belange und Windenergie \u2013 Im Dialog mit der Bundeswehr<\/strong><br \/>Dr. Andreas R\u00f6hsler \u2013 Fachreferent Technik und Betrieb, BWE<\/p><p><em>Aktueller Stand: Wo liegen die Herausforderungen im Spannungsfeld zwischen Windenergie und milit\u00e4rischen Belangen?<\/em><\/p>\n<h4>12:30 \u2013 13:30 Uhr<\/h4><p><strong>Podiumsdiskussion<\/strong><br \/> <\/p><ul>\n<li>Wolfram Axthelm, Gesch\u00e4ftsf\u00fchrer BWE<\/li>\n<li>B\u00e4rbel Heidebroek, Landwind Gruppe &amp; Pr\u00e4sidentin des BWE<\/li>\n<li>Heiko Scheer, Oberstleutnant, Referent Luftfahrtamt der Bundeswehr<br \/>\n<em>Moderation: Yannik John, Qualitas Energy<\/em><\/li>\n<\/ul>\n<h4>13:30 \u2013 14:00 Uhr<\/h4><p><strong>Das gro\u00dfe BWE-Quiz \u2013 Raten und Gewinnen<\/strong><br \/> <\/p><p><em>Moderation: Hildegard Th\u00fcring, Referentin Kommunikation, Bundesverband Erneuerbare Energie e.V.<\/em><\/p>\n<h4>14:00 \u2013 14:30 Uhr<\/h4><p><strong>Hinter den Kulissen des BWE-Betriebsf\u00fchrerbeirates: Aktuelle Trends und Herausforderungen<\/strong><br \/>Wolf St\u00f6tzel \u2013 Bundesverband WindEnergie e.V.<\/p><h4>14:30 \u2013 15:00 Uhr<\/h4><p><strong>Faire Netzentgelte? Herausforderungen und Perspektiven der Systematik<\/strong><br \/>Tristan Stengel \u2013 Bundesverband WindEnergie e.V.<\/p><h4>15:00 \u2013 15:30 Uhr<\/h4><p><strong>Gemeinsam Energie nutzen \u2013 Modelle und Perspektiven des Energy Sharings<\/strong><br \/>Christina Hasse \u2013 Bundesverband WindEnergie e.V.<\/p><h4>15:30 \u2013 16:00 Uhr<\/h4><p><strong>Realit\u00e4tscheck f\u00fcr Gebotszonen: Die Energiewende braucht ein stabiles Fundament<\/strong><br \/>Dr. Mathias Stark \u2013 Leiter Fachbereich Erneuerbare Energiesysteme, BEE<\/p><\/div><\/div><\/div><div class=\"toggle group-field\"><div class=\"single-field odd\"><h3 class=\"field-title closed\">Forum 27 Abends \u2013 w.one &amp; wine<span class=\"ui-toggle-header-icon\"><\/span><\/h3><div class=\"field-text\" style=\"display:none;\"><div class=\"location-logos\"><div><a href=\"https:\/\/womenofnewenergies.wildapricot.org\/\" target=\"_blank\"><img loading=\"lazy\" decoding=\"async\" width=\"300\" height=\"74\" src=\"https:\/\/windenergietage.de\/2025\/wp-content\/uploads\/sites\/10\/2025\/06\/w.one-neues-Logo-2024-2-300x74.png\" class=\"attachment-medium size-medium\" alt=\"\" srcset=\"https:\/\/windenergietage.de\/2025\/wp-content\/uploads\/sites\/10\/2025\/06\/w.one-neues-Logo-2024-2-300x74.png 300w, https:\/\/windenergietage.de\/2025\/wp-content\/uploads\/sites\/10\/2025\/06\/w.one-neues-Logo-2024-2-1024x252.png 1024w, https:\/\/windenergietage.de\/2025\/wp-content\/uploads\/sites\/10\/2025\/06\/w.one-neues-Logo-2024-2-768x189.png 768w, https:\/\/windenergietage.de\/2025\/wp-content\/uploads\/sites\/10\/2025\/06\/w.one-neues-Logo-2024-2-1536x378.png 1536w, https:\/\/windenergietage.de\/2025\/wp-content\/uploads\/sites\/10\/2025\/06\/w.one-neues-Logo-2024-2.png 1639w\" sizes=\"auto, (max-width: 300px) 100vw, 300px\" \/><\/a><\/div><\/div><h4>17:00 \u2013 17:45 Uhr<\/h4><p><strong>Meet &amp; Greet<\/strong><br \/>Lydia Eppler \u2013 ensight PartG mbB, Anja Spannaus \u2013 4:energy O&M GmbH <\/p><p>Vorstellung des Netzwerkes w.one mit seinen Aktivit\u00e4ten<\/p>\n<h4>17:45 \u2013 18:45 Uhr<\/h4><p><strong>Die Energiewende unter der neuen Bundesregierung<\/strong><br \/>Ursula Heinen-Esser \u2013 Bundesverband Erneuerbarer Energien, Dr. Anne Bendzulla \u2013 Enertrag AG, Anja Spannaus \u2013 4:energy O&amp;M GmbH<\/p><p><strong>Panel<\/strong><\/p>\n<h4>18:45 \u2013 19:00 Uhr<\/h4><p><strong>Ausklang &amp; Netzwerken<\/strong><br \/>Anja Spannaus \u2013 4:energy O&amp;M GmbH  <\/p><p>Mit Cremant &amp; Wein gesponsert von Sterr K\u00f6lln<\/p>\n<\/div><\/div><\/div><div class=\"toggle group-field\"><div class=\"single-field odd\"><h3 class=\"field-title closed\">Forum 28 \u2013 QUADRA - Piloting Renewable Energy<span class=\"ui-toggle-header-icon\"><\/span><\/h3><div class=\"field-text\" style=\"display:none;\"><div class=\"location-logos\"><div><a href=\"https:\/\/www.quadra-energy.com\/home\" target=\"_blank\"><img loading=\"lazy\" decoding=\"async\" width=\"300\" height=\"82\" src=\"https:\/\/windenergietage.de\/2025\/wp-content\/uploads\/sites\/10\/2018\/01\/quadra-energy-logo-300x82.png\" class=\"attachment-medium size-medium\" alt=\"\" srcset=\"https:\/\/windenergietage.de\/2025\/wp-content\/uploads\/sites\/10\/2018\/01\/quadra-energy-logo-300x82.png 300w, https:\/\/windenergietage.de\/2025\/wp-content\/uploads\/sites\/10\/2018\/01\/quadra-energy-logo.png 430w\" sizes=\"auto, (max-width: 300px) 100vw, 300px\" \/><\/a><\/div><\/div><h4>10:00 \u2013 11:20 Uhr<\/h4><p><strong>SESSION 1 - Strommarkt im Wandel \u2013 Herausforderungen &amp; Perspektiven<\/strong><br \/>   <\/p><h4>10:00 \u2013 10:10 Uhr<\/h4><p><strong>Er\u00f6ffnung &amp; Impuls: QUADRA energy \u2013 Piloting Renewable Energy<\/strong><br \/>Dr. Thomas Krings \u2013 QUADRA energy\u00a0  <\/p><p><strong><a href=\"https:\/\/windenergietage.de\/2025\/wp-content\/uploads\/sites\/10\/2025\/09\/0_Krings.pdf\" target=\"_blank\">Vortrag zum Abruf als PDF<\/a><\/strong><p><h4>10:10 \u2013 10:40 Uhr<\/h4><p><strong>Direktvermarktung 2025 \u2013 Wo bleibt der Wind?<\/strong><br \/>Dr. Jonas Berndt \u2013 QUADRA energy\u00a0  <\/p><p><strong><a href=\"https:\/\/windenergietage.de\/2025\/wp-content\/uploads\/sites\/10\/2025\/09\/1_Berndt.pdf\" target=\"_blank\">Vortrag zum Abruf als PDF<\/a><\/strong><p><h4>10:40 \u2013 11:00 Uhr<\/h4><p><strong>Von der Dunkelflaute bis Hellbrise - Wie Wetterextreme die Energiewelt herausfordern<\/strong><br \/>Jan-Bernd Gillrath \u2013 QUADRA energy\u00a0  <\/p><p><strong><a href=\"https:\/\/windenergietage.de\/2025\/wp-content\/uploads\/sites\/10\/2025\/09\/2_Langguth.pdf\" target=\"_blank\">Vortrag zum Abruf als PDF<\/a><\/strong><p><h4>11:00 \u2013 11:20 Uhr<\/h4><p><strong>Redispatch 2.0 - Neue Regeln, neue Chancen?<\/strong><br \/>Dr. Robin Stern \u2013 QUADRA energy\u00a0  <\/p><p><strong><a href=\"https:\/\/windenergietage.de\/2025\/wp-content\/uploads\/sites\/10\/2025\/09\/3_Stern.pdf\" target=\"_blank\">Vortrag zum Abruf als PDF<\/a><\/strong><p><h4>11:30 \u2013 12:30 Uhr<\/h4><p><strong>SESSION 2 - Zusatzerl\u00f6se f\u00fcr Betreiber \u2013 M\u00e4rkte, Modelle, M\u00f6glichkeiten<\/strong><br \/>   <\/p><h4>11:30 \u2013 11:50 Uhr<\/h4><p><strong>Wie volatil wird der Strommarkt? Risiko f\u00fcr alte Modelle, Chance f\u00fcr Flexibilit\u00e4t und Speicher<\/strong><br \/>Tim Steinert \u2013 envervis energy advisors GmbH  <\/p><h4>11:50 \u2013 12:10 Uhr<\/h4><p><strong>PPA-Marktrends - Erzeuger trifft Abnehmer<\/strong><br \/>Christian Karalis \u2013 QUADRA energy  <\/p><p><strong><a href=\"https:\/\/windenergietage.de\/2025\/wp-content\/uploads\/sites\/10\/2025\/09\/2_Karalis.pdf\" target=\"_blank\">Vortrag zum Abruf als PDF<\/a><\/strong><p><h4>12:10 \u2013 12:30 Uhr<\/h4><p><strong>Regelleistung aus Wind - Zusatzerl\u00f6se realisieren<\/strong><br \/>Damian Bartetzko \u2013 QUADRA energy  <\/p><h4>12:30 \u2013 14:00 Uhr<\/h4><p><strong>ES GIBT WAS AUF DEN L\u00d6FFEL UND INS GLAS -  Gulaschsuppe und D\u00fcsseldorfer Alt<\/strong><br \/> <\/p><h4>14:00 \u2013 15:30 Uhr<\/h4><p><strong>SESSION 3 - Wind &amp; Speicher - Die Zukunft ist Flexibilit\u00e4t<\/strong><br \/>   <\/p><h4>14:00 \u2013 14:10 Uhr<\/h4><p><strong>Er\u00f6ffnung &amp; Impuls<\/strong><br \/>Dr. Thomas Krings \u2013 QUADRA energy  <\/p><p><strong><a href=\"https:\/\/windenergietage.de\/2025\/wp-content\/uploads\/sites\/10\/2025\/09\/0_Krings-1.pdf\" target=\"_blank\">Vortrag zum Abruf als PDF<\/a><\/strong><p><h4>14:10 \u2013 14:30 Uhr<\/h4><p><strong>Volatilit\u00e4t als Chance - Batteriespeicher im Fokus<\/strong><br \/>Lukas Ebner \u2013 enervis energy advisors GmbH  <\/p><p><strong><a href=\"https:\/\/windenergietage.de\/2025\/wp-content\/uploads\/sites\/10\/2025\/09\/1_ebner.pdf\" target=\"_blank\">Vortrag zum Abruf als PDF<\/a><\/strong><p><h4>14:30 \u2013 14:50 Uhr<\/h4><p><strong>Batteriespeicher in Windparks - Genehmigung &amp; Planung im Fokus<\/strong><br \/>Natalie Kopplow \u2013 Osborne Clarke GmbH &amp; Co. KG<\/p><h4>14:50 \u2013 15:10 Uhr<\/h4><p><strong>Praxisbeispiel Himmelreich - Wind &amp; Speicher am Umspannwerk<\/strong><br \/>Dr. Martin Holzwei\u00dfig \u2013 Lackmann Phymetric  <\/p><p><strong><a href=\"https:\/\/windenergietage.de\/2025\/wp-content\/uploads\/sites\/10\/2025\/09\/3_Holzweissig.pdf\" target=\"_blank\">Vortrag zum Abruf als PDF<\/a><\/strong><p><h4>15:10 \u2013 15:30 Uhr<\/h4><p><strong>Batteriespeicher ganzheitlich optimieren - Erl\u00f6sversprechen vs. Realit\u00e4t<\/strong><br \/>Anton Schaefer-Kehnert \u2013 QUADRA energy  <\/p><h4>15:30 \u2013 17:00 Uhr<\/h4><p><strong>ES GIBT NOCH MEHR AUF DEN L\u00d6FFEL UND INS GLAS -  Gulaschsuppe und D\u00fcsseldorfer Alt<\/strong><br \/> <\/p><\/div><\/div><\/div><div class=\"toggle group-field\"><div class=\"single-field odd\"><h3 class=\"field-title closed\">Forum 29 Vormittag \u2013 GP JOULE - Lieber Wind machen als rumheulen<span class=\"ui-toggle-header-icon\"><\/span><\/h3><div class=\"field-text\" style=\"display:none;\"><div class=\"location-logos\"><div><a href=\"https:\/\/www.gp-joule.com\/de\/\" target=\"_blank\"><img loading=\"lazy\" decoding=\"async\" width=\"225\" height=\"225\" src=\"https:\/\/windenergietage.de\/2025\/wp-content\/uploads\/sites\/10\/2025\/04\/GP-Joule.png\" class=\"attachment-medium size-medium\" alt=\"\" srcset=\"https:\/\/windenergietage.de\/2025\/wp-content\/uploads\/sites\/10\/2025\/04\/GP-Joule.png 225w, https:\/\/windenergietage.de\/2025\/wp-content\/uploads\/sites\/10\/2025\/04\/GP-Joule-150x150.png 150w\" sizes=\"auto, (max-width: 225px) 100vw, 225px\" \/><\/a><\/div><\/div><h4>09:30 \u2013 10:10 Uhr<\/h4><p><strong>Genehmigungserleichterungen f\u00fcr Windenergieanlagen 2.0 \u2013 Ist \u00a7 6b WindBG besser als \u00a7 6 WindBG?<\/strong><br \/>Dr. Maximilian Schmidt \u2013 Kapellmann und Partner Rechtsanw\u00e4lte mbB  <\/p><p><strong><a href=\"https:\/\/windenergietage.de\/2025\/wp-content\/uploads\/sites\/10\/2025\/09\/33WET13_F29_09.30_KapellmannUndPartnerRechtsanwaeltembB.pdf\" target=\"_blank\">Vortrag zum Abruf als PDF<\/a><\/strong><p><h4>10:15 \u2013 10:45 Uhr<\/h4><p><strong>Glaubensfrage: Erneuerbar. Die Nordkirche setzt auf gr\u00fcne Energie \u2013 mit GP JOULE.<\/strong><br \/>Andr\u00e9 Steinau \u2013 GP JOULE GmbH  <\/p><p><strong><a href=\"https:\/\/windenergietage.de\/2025\/wp-content\/uploads\/sites\/10\/2025\/09\/33WET13_F29_10.15_GPJOULEGmbH.pdf\" target=\"_blank\">Vortrag zum Abruf als PDF<\/a><\/strong><p><h4>10:50 \u2013 11:20 Uhr<\/h4><p><strong>Siting \u2013 Faster.Harder.Smarter.<\/strong><br \/>Helge Schnehle \u2013 GP JOULE Projects GmbH &amp; Co. KG  <\/p><p><strong><a href=\"https:\/\/windenergietage.de\/2025\/wp-content\/uploads\/sites\/10\/2025\/09\/33WET13_F29_10.50_GPJOULEProjects.pdf\" target=\"_blank\">Vortrag zum Abruf als PDF<\/a><\/strong><p><h4>11:30 \u2013 12:05 Uhr<\/h4><p><strong>Optimieren und mit Volllast abgesichert in die Verl\u00e4ngerung \u2013 Monitoring, Pr\u00fcfung und Weiterbetrieb von Windparks<\/strong><br \/>Roman Wolff \u2013 GP JOULE Service GmbH &amp; Co. KG, Christian Hokamp \u2013 Weidm\u00fcller Interface GmbH &amp; Co. KG<\/p><h4>12:05 \u2013 12:25 Uhr<\/h4><p><strong>Gut gesch\u00fctzt mit (Schmier-)\u00d6l\u00fcberwachung \u2013 Von der Laboranalyse bis zu Online\u00fcberwachung<\/strong><br \/>Alexander Landes \u2013 HYDAC FILTER SYSTEMS GmbH <\/p><p><strong><a href=\"https:\/\/windenergietage.de\/2025\/wp-content\/uploads\/sites\/10\/2025\/09\/33WET13_F29_12.05_HYDACFILTERSYSTEMS.pdf\" target=\"_blank\">Vortrag zum Abruf als PDF<\/a><\/strong><p><h4>12:25 \u2013 12:30 Uhr<\/h4><p><strong>Round Table<\/strong><br \/> <\/p><\/div><\/div><\/div><div class=\"toggle group-field\"><div class=\"single-field odd\"><h3 class=\"field-title closed\">Forum 29 Nachmittag \u2013 ENERCON - HYBRIDE L\u00d6SUNGEN F\u00dcR DIE NEUE ENERGIEWELT<span class=\"ui-toggle-header-icon\"><\/span><\/h3><div class=\"field-text\" style=\"display:none;\"><div class=\"location-logos\"><div><a href=\"https:\/\/www.enercon.de\/de\" target=\"_blank\"><img loading=\"lazy\" decoding=\"async\" width=\"266\" height=\"166\" src=\"https:\/\/windenergietage.de\/2025\/wp-content\/uploads\/sites\/10\/2025\/09\/Enercon_Green-logo_white-background.jpg\" class=\"attachment-medium size-medium\" alt=\"\" \/><\/a><\/div><\/div><p><strong>Keine Ver\u00f6ffentlichung der Vortr\u00e4ge.<\/strong><\/p>\n<h4>13:30 \u2013 13:35 Uhr<\/h4><p><strong>Begr\u00fc\u00dfung<\/strong><br \/>Tilmar-Tobias Gr\u00e4hn \u2013 Senior Sales Manager Germany North-East ENERCON GmbH  <\/p><h4>13:35 \u2013 13:50 Uhr<\/h4><p><strong>Key note<\/strong><br \/>B\u00e4rbel Heidebroek \u2013 Vizepr\u00e4sident  BWE  <\/p><h4>13:50 \u2013 14:20 Uhr<\/h4><p><strong>Neue Bundesregierung - Auswirkungen und wie ENERCON darauf vorbereitet ist<\/strong><br \/>Benjamin Seifert \u2013 Regional Head Central & Northern Europe ENERCON GmbH, Melanie Niemann \u2013 Director Sales Germany ENERCON GmbH, Philipp Vohrer \u2013 Global Head of Corporate Affairs ENERCON GmbH<\/p><h4>14:20 \u2013 15:05 Uhr<\/h4><p><strong>Die zum EEG passende Technik<\/strong><br \/>Timo M\u00fcller \u2013 Senior Platform Manager EP5 ENERCON GmbH  <\/p><h4>15:05 \u2013 15:50 Uhr<\/h4><p><strong>Der hybride Windpark \u2013 Die intelligente Antwort auf aktuelle Herausforderungen<\/strong><br \/>Wolfgang Fellensiek \u2013 Head of PM Electrical Works ENERCON GmbH<\/p><h4>15:50 \u2013 16:30 Uhr<\/h4><p><strong>Podiumsdiskussion<\/strong><br \/>   <\/p><\/div><\/div><\/div><div class=\"toggle group-field\"><div class=\"single-field odd\"><h3 class=\"field-title closed\">Forum 30 \u2013 SkySpecs Next Level Wind Forum 2025 - Daten, Verantwortung, Performance <span class=\"ui-toggle-header-icon\"><\/span><\/h3><div class=\"field-text\" style=\"display:none;\"><div class=\"location-logos\"><div><a href=\"https:\/\/skyspecs.com\/\" target=\"_blank\"><img loading=\"lazy\" decoding=\"async\" width=\"300\" height=\"63\" src=\"https:\/\/windenergietage.de\/2025\/wp-content\/uploads\/sites\/10\/2018\/01\/SkySpecs_Logo_black-300x63.png\" class=\"attachment-medium size-medium\" alt=\"\" srcset=\"https:\/\/windenergietage.de\/2025\/wp-content\/uploads\/sites\/10\/2018\/01\/SkySpecs_Logo_black-300x63.png 300w, https:\/\/windenergietage.de\/2025\/wp-content\/uploads\/sites\/10\/2018\/01\/SkySpecs_Logo_black-1024x214.png 1024w, https:\/\/windenergietage.de\/2025\/wp-content\/uploads\/sites\/10\/2018\/01\/SkySpecs_Logo_black-768x161.png 768w, https:\/\/windenergietage.de\/2025\/wp-content\/uploads\/sites\/10\/2018\/01\/SkySpecs_Logo_black-1536x321.png 1536w, https:\/\/windenergietage.de\/2025\/wp-content\/uploads\/sites\/10\/2018\/01\/SkySpecs_Logo_black.png 1631w\" sizes=\"auto, (max-width: 300px) 100vw, 300px\" \/><\/a><\/div><\/div><h4>Moderation von Phillip Elflein und Stefan Rimbeck<\/h4>\n<h4>09:45 \u2013 10:30 Uhr<\/h4><p><strong>SkySpecs x RE.SQUARE - Warum Asset-Management-Know-How in der Betriebsdatenanalyse elementar ist<\/strong><br \/>Phillip Elflein \u2013 SkySpecs Inc., - Stefan Rimbeck \u2013 SkySpecs Inc. <\/p><p>Ist die reine Analyse von Betriebsdaten heutzutage \u00fcberhaupt noch aussagekr\u00e4ftig genug?<\/p>\n<h4>10:30 \u2013 11:15 Uhr<\/h4><p><strong>Rotor Blade TEI - Risikominimierung durch proaktives Blade Asset Management von SkySpecs<\/strong><br \/>Richard Distl \u2013 SkySpecs Inc.  <\/p><p>K\u00f6nnen durch Proaktivit\u00e4t und einem gezielten Management der Rotorbl\u00e4tter lange ungeplante Stillst\u00e4nde sowie ungew\u00fcnschte Folgekosten wirklich nachhaltig minimiert werden?<\/p>\n<h4>11:15 \u2013 11:30 Uhr<\/h4><p><strong>Kaffeepause &amp; Networking<\/strong><br \/>   <\/p><h4>11:30 \u2013 12:30 Uhr<\/h4><p><strong>Panel Discussion - Betreiberverantwortung in der Vorbeugenden Instandhaltung von WEA<\/strong><br \/> <\/p><p>Welche Herausforderungen sollten hierbei (unbedingt) bedacht werden und welche stehen uns noch (wom\u00f6glich unbewusst) bevor?<\/p>\n<p>Panel mit:<\/p>\n<p><strong>Richard Distl \u2013 SkySpecs<\/strong><\/p>\n<p><strong>Stefan Rimbeck \u2013 SkySpecs \/ RE.SQUARE<\/strong><\/p>\n<p><strong>Elisabeth Beyer \u2013 re:cap<\/strong><\/p>\n<p><strong>Jan Schingen \u2013 Commerz Real<\/strong><\/p>\n<h4>12:30 \u2013 13:30 Uhr<\/h4><p><strong>Mittagspause &amp; Networking<\/strong><br \/>   <\/p><h4>13:30 \u2013 14:15 Uhr<\/h4><p><strong>SkySpecs Performance - warum Datenanalyse eure Performance NICHT steigern wird<\/strong><br \/>Stefan Rimbeck \u2013 SkySpecs Inc.  <\/p><p>Reicht uns heutzutage noch die reine Erkennung von Anomalien in den Betriebsdaten, um eine (sichtbare) Performance-Steigerung zu erzielen?<\/p>\n<h4>14:15 \u2013 15:00 Uhr<\/h4><p><strong>re:cap x SkySpecs Performance - (mehr als ein) Sparring Partner im Asset Management<\/strong><br \/>Elisabeth Beyer \u2013 re:cap Global Investors AG, - Phillip Elflein \u2013 SkySpecs Inc. <\/p><p>Welche konkreten Vorteile bieten sich einem Betreiber, wenn er seine Daten durch Dritte analysieren l\u00e4sst?<\/p>\n<h4>15:00 \u2013 15:15 Uhr<\/h4><p><strong>Kaffeepause &amp; Networking<\/strong><br \/>   <\/p><h4>15:15 \u2013 16:00 Uhr<\/h4><p><strong>INMOX - eine neue Generation der Getriebe\u00fcberwachung<\/strong><br \/>Daniel Kagerbauer \u2013 Inmox GmbH  <\/p><p>Haben wir nicht schon genug Datenpunkte?<br \/>\nWarum ben\u00f6tigen wir zus\u00e4tzliche Hardware an unserem Getriebe?<\/p>\n<h4>16:00 \u2013 16:45 Uhr<\/h4><p><strong>SkySpecs Horizon CMS - Optimierung des Business Cases durch smartes Condition Monitoring innerhalb von Vollwartungsvertr\u00e4gen<\/strong><br \/>Richard Distl \u2013 SkySpecs Inc.  <\/p><p>Sind eure CMS-Berichte verst\u00e4ndlich genug?<br \/>\nWie k\u00f6nnen wir noch mehr aus den vorhandenen CMS-Signalen herausholen und Sekund\u00e4rschaden an unseren WEA vermeiden?<\/p>\n<h4>16:45 \u2013 17:00 Uhr<\/h4><p><strong>Wrap Up - Erkenntnisse des Tages<\/strong><br \/>   <\/p><p>Zusammenfassung der Erkenntnisse dieses Tages<\/p>\n<\/div><\/div><\/div><div class=\"toggle group-field\"><div class=\"single-field odd\"><h3 class=\"field-title closed\">Forum 31 \u2013 Arbeiten mit KI - best practices\" Prompting, Halluzinationen vermeiden, Umgang mit sensiblen Daten<span class=\"ui-toggle-header-icon\"><\/span><\/h3><div class=\"field-text\" style=\"display:none;\"><div class=\"location-logos\"><div><a href=\"https:\/\/www.digital-at-work.de\/\" target=\"_blank\"><img loading=\"lazy\" decoding=\"async\" width=\"225\" height=\"225\" src=\"https:\/\/windenergietage.de\/2025\/wp-content\/uploads\/sites\/10\/2025\/08\/digital@work.png\" class=\"attachment-medium size-medium\" alt=\"\" srcset=\"https:\/\/windenergietage.de\/2025\/wp-content\/uploads\/sites\/10\/2025\/08\/digital@work.png 225w, https:\/\/windenergietage.de\/2025\/wp-content\/uploads\/sites\/10\/2025\/08\/digital@work-150x150.png 150w\" sizes=\"auto, (max-width: 225px) 100vw, 225px\" \/><\/a><\/div><\/div><h4>13:00 \u2013 16:00 Uhr<\/h4><p><strong>Workshop \"Arbeiten mit KI - best practices\"<\/strong><br \/>Jens Kulenkampff \u2013 digital@work GmbH, Lisa Yilmaz \u2013 digital@work GmbH<\/p><p>Prompting, Halluzinationen vermeiden, Umgang mit sensiblen Daten &#8211; nur nach Anmeldung, limitierte Pl\u00e4tze, bring your Laptop &#8211; Anmeldung bitte <span style=\"color: #ff0000\"><strong><a style=\"color: #ff0000\" href=\"https:\/\/next.digital-at-work.de\/apps\/forms\/s\/qAqDEZemC426FD2NYbPq6ERs\" target=\"_blank\" rel=\"noopener\">HIER<\/a><\/strong><\/span><\/p>\n<p>&nbsp;<\/p>\n<\/div><\/div><\/div><div class=\"toggle group-field\"><div class=\"single-field odd\"><h3 class=\"field-title closed\">Forum 32 \u2013 BESSt Practice Germany \u2013 Von der Planung zur Umsetzung von Gro\u00dfbatteriespeichern mit Fluence<span class=\"ui-toggle-header-icon\"><\/span><\/h3><div class=\"field-text\" style=\"display:none;\"><div class=\"location-logos\"><div><a href=\"https:\/\/fluenceenergy.com\/\" target=\"_blank\"><img loading=\"lazy\" decoding=\"async\" width=\"300\" height=\"75\" src=\"https:\/\/windenergietage.de\/2025\/wp-content\/uploads\/sites\/10\/2025\/04\/fluence-energy-300x75.png\" class=\"attachment-medium size-medium\" alt=\"\" srcset=\"https:\/\/windenergietage.de\/2025\/wp-content\/uploads\/sites\/10\/2025\/04\/fluence-energy-300x75.png 300w, https:\/\/windenergietage.de\/2025\/wp-content\/uploads\/sites\/10\/2025\/04\/fluence-energy.png 451w\" sizes=\"auto, (max-width: 300px) 100vw, 300px\" \/><\/a><\/div><\/div><h4>09:30 \u2013 09:35 Uhr<\/h4><p><strong>Begr\u00fc\u00dfung<\/strong><br \/>Sales Director Germany Carsten Kr\u00fcger \u2013 Fluence  <\/p><p><strong><a href=\"https:\/\/windenergietage.de\/2025\/wp-content\/uploads\/sites\/10\/2025\/11\/Slidedeck_Spreewindtage2025_Forum-32_Fluence.pdf\" target=\"_blank\">Vortrag zum Abruf als PDF<\/a><\/strong><p><h4>09:35 \u2013 10:00 Uhr<\/h4><p><strong>Energiespeicher im Aufwind \u2013 Marktentwicklung und Trends in Deutschland<\/strong><br \/>Director Marketing, Policy and Public Affairs Lars Stephan \u2013 Fluence  <\/p><h4>10:00 \u2013 10:15 Uhr<\/h4><p><strong>Kaffeepause<\/strong><br \/> <\/p><h4>10:15 \u2013 11:45 Uhr<\/h4><p><strong>VORTRAGSBLOCK: Speicherstrategien im Fokus \u2013 Der Standalone &amp; Co-Location<\/strong><br \/>   <\/p><h4>10:15 \u2013 10:35 Uhr<\/h4><p><strong>Der Standalone Business Case<\/strong><br \/>Sales Director Germany Carsten Kr\u00fcger \u2013 Fluence  <\/p><h4>10:35 \u2013 10:55 Uhr<\/h4><p><strong>Statktraft:Vermarktung von PV Co-Location in der Praxis - Projekt Zerbst<\/strong><br \/>Yamil Van Ooyen  \u2013 Statkraft  <\/p><h4>10:55 \u2013 11:15 Uhr<\/h4><p><strong>Wind Co-location \u2013 Eine Machbarkeitsstudie von phelas<\/strong><br \/>Leon Haupt \u2013 phelas  <\/p><h4>11:15 \u2013 11:45 Uhr<\/h4><p><strong>Q&amp;A Panel<\/strong><br \/>   <\/p><h4>11:45 \u2013 12:15 Uhr<\/h4><p><strong>Vom Plan zur Realit\u00e4t \u2013 So gelingt das EPC-Projekt mit Fluence<\/strong><br \/>Director Delivery Andres Mendoza Cos  <\/p><h4>12:15 \u2013 13:15 Uhr<\/h4><p><strong>Lunch &amp; Networking<\/strong><br \/>   <\/p><h4>13:15 \u2013 13:45 Uhr<\/h4><p><strong>Wie Daten intelligenter machen  \u2013 BESS Analytics mit Fluence Nispera  (englischer Vortrag)<\/strong><br \/>Business Development Manager Northern Europe - Digital Products Nicolas Pe\u00f1uela \u2013 Fluence  <\/p><h4>13:45 \u2013 14:00 Uhr<\/h4><p><strong>Kaffeepause<\/strong><br \/> <\/p><h4>14:00 \u2013 14:30 Uhr<\/h4><p><strong>Sicher speichern \u2013 Brandschutz neu gedacht mit Fluence<\/strong><br \/>Systems Engineer \u2013 Regulatory compliance & Fire expert Ralf Schimanek \u2013 Fluence  <\/p><h4>14:30 \u2013 14:45 Uhr<\/h4><p><strong>Kaffeepause<\/strong><br \/>   <\/p><h4>14:45 \u2013 15:15 Uhr<\/h4><p><strong>Zuverl\u00e4ssigkeit trifft Expertise \u2013 Der Fluence Service im \u00dcberblick<\/strong><br \/>Sales Service Specialist Christian Geiger \u2013 Fluence  <\/p><h4>15:15 \u2013 15:20 Uhr<\/h4><p><strong>Room for further Q&amp;As and Networking<\/strong><br \/>   <\/p><\/div><\/div><\/div><div class=\"toggle group-field\"><div class=\"single-field odd\"><h3 class=\"field-title closed\">Forum 33 \u2013 Planung &amp; Genehmigung<span class=\"ui-toggle-header-icon\"><\/span><\/h3><div class=\"field-text\" style=\"display:none;\"><h4>09:30 \u2013 10:00 Uhr<\/h4><p><strong>Ermittlung der m\u00f6glichen Auswirkungen des Klimawandels auf die Ertragsabsch\u00e4tzungen von Windenergie in Europa<\/strong><br \/>Paul Hulsman \u2013 Ramboll Deutschland GmbH<\/p><p><strong><a href=\"https:\/\/windenergietage.de\/2025\/wp-content\/uploads\/sites\/10\/2025\/10\/33WET13_F33_0930_Ramboll.pdf\" target=\"_blank\">Vortrag zum Abruf als PDF<\/a><\/strong><p><h4>10:00 \u2013 10:30 Uhr<\/h4><p><strong>Einbindung von zeitreihenbasierten Klimamodelldaten in den Standortbewertungsprozess<\/strong><br \/>Bernhard Stoevesandt \u2013 Fraunhofer Institute for Wind Energy Systems IWES  <\/p><p><strong><a href=\"https:\/\/windenergietage.de\/2025\/wp-content\/uploads\/sites\/10\/2025\/09\/33WET13_F33_1000_Spreewindtage_Stoevesandt_2025_Klimamodelldaten_V1.pdf\" target=\"_blank\">Vortrag zum Abruf als PDF<\/a><\/strong><p><h4>10:30 \u2013 11:00 Uhr<\/h4><p><strong>Wie h\u00e4tten Sie Ihre Daten denn gern? \u2013 Datenbeschaffung \u00e0 la CISS<\/strong><br \/>Josephin Beer \u2013 CISS TDI GmbH  <\/p><p><strong><a href=\"https:\/\/windenergietage.de\/2025\/wp-content\/uploads\/sites\/10\/2025\/09\/33WET13_F33_1030_CISSTDIGmbH.pdf\" target=\"_blank\">Vortrag zum Abruf als PDF<\/a><\/strong><p><h4>11:00 \u2013 11:30 Uhr<\/h4><p><strong>Las(s)t mal besser machen \u2013 Strategien f\u00fcr optimierte Last-Curtailments mit windPRO finden<\/strong><br \/>Dr. Lasse Svenningsen \u2013 EMD Deutschland, Gudrun Potzka \u2013 EMD Deutschland<\/p><p><strong><a href=\"https:\/\/windenergietage.de\/2025\/wp-content\/uploads\/sites\/10\/2025\/09\/33WET13_F33_1100_EMD_Last-Optimizer.pdf\" target=\"_blank\">Vortrag zum Abruf als PDF<\/a><\/strong><p><h4>11:30 \u2013 12:00 Uhr<\/h4><p><strong>Beyond GIS:\u00a0Schluss mit Excel und Datenfrickelei \u2013 Wie digitalisierte Geodatenprozesse die Fl\u00e4chensicherung f\u00fcr Projektierer beschleunigen<\/strong><br \/>Dr. Stefan Henning \u2013 ACP IT Solutions GmbH, Dr. Alexander Willner \u2013 CISS TDI GmbH  <\/p><p><strong><a href=\"https:\/\/windenergietage.de\/2025\/wp-content\/uploads\/sites\/10\/2025\/09\/2025-11-14-Beyond-GIS-\u2014-skejlo-geobase-@-Windenergietage-2025.pdf\" target=\"_blank\">Vortrag zum Abruf als PDF<\/a><\/strong><p><h4>12:00 \u2013 12:30 Uhr<\/h4><p><strong>Alle Auflagen erf\u00fcllen, BNK, EZA, Vogelerkennung, Radar, Mahdabschaltung, Fledermaus<\/strong><br \/>Ingo Lange \u2013 Protea Tech GmbH &amp; Co. KG  <\/p><p>Keine Ver\u00f6ffentlichung<\/p>\n<h4>12:30 \u2013 13:00 Uhr<\/h4><p><strong>Batteriespeicher \u2013 Lost in Regulation<\/strong><br \/>Dr. Sebastian Helmes \u2013 Dentons Europe (Germany) GmbH &amp; Co. KG  <\/p><p><strong><a href=\"https:\/\/windenergietage.de\/2025\/wp-content\/uploads\/sites\/10\/2025\/10\/33WET13_F33_1230_Dentons_Helmes.pdf\" target=\"_blank\">Vortrag zum Abruf als PDF<\/a><\/strong><p><h4>13:00 \u2013 13:30 Uhr<\/h4><p><strong>Visualisierung von Windparks<\/strong><br \/>Gerhard Hinnah \u2013 aratall GmbH  <\/p><p><strong><a href=\"https:\/\/windenergietage.de\/2025\/wp-content\/uploads\/sites\/10\/2025\/09\/33WET13_F33_1300_artallGmbH_PDF-Download.pdf\" target=\"_blank\">Vortrag zum Abruf als PDF<\/a><\/strong><p><h4>13:30 \u2013 14:00 Uhr<\/h4><p><strong>Vom Bauchgef\u00fchl zur Berechnung \u2013 Ganzheitliche Layoutoptimierung mit TR 6-basierter Ertragsberechnung<\/strong><br \/>Steffen Schwarzwald \u2013 noxt! engineering GmbH<\/p><p>Keine Ver\u00f6ffentlichung<\/p>\n<h4>14:00 \u2013 14:30 Uhr<\/h4><p><strong>Energiespeicher in Polen \u2013 Perspektiven und Optimierungsma\u00dfnahmen bei der Windparkentwicklung<\/strong><br \/>Dominik So\u0142tysiak \u2013 BSJP | bnt attorneys in CEE   <\/p><p><strong><a href=\"https:\/\/windenergietage.de\/2025\/wp-content\/uploads\/sites\/10\/2025\/09\/33WET13_F33_1400_1430_BSJPbnt.pdf\" target=\"_blank\">Vortrag zum Abruf als PDF<\/a><\/strong><p><h4>14:30 \u2013 15:00 Uhr<\/h4><p><strong>Windkraft trifft Verteidigung: Zeit f\u00fcr klare Regeln<\/strong><br \/>Alexander Rabuske \u2013 Qualitas Energy  <\/p><p><strong><a href=\"https:\/\/windenergietage.de\/2025\/wp-content\/uploads\/sites\/10\/2025\/09\/33WET13_F33_1430_Qualitas.pdf\" target=\"_blank\">Vortrag zum Abruf als PDF<\/a><\/strong><p><h4>15:00 \u2013 15:30 Uhr<\/h4><p><strong>Gemeinsame Nutzung von Kabeltrassen und Umspannwerken - rechtliche Gestaltungsm\u00f6glichkeiten in der Fl\u00e4chensicherung<\/strong><br \/>Carolin Schr\u00f6der  \u2013 Sterr-K\u00f6lln &amp; Partner  <\/p><p><strong><a href=\"https:\/\/windenergietage.de\/2025\/wp-content\/uploads\/sites\/10\/2025\/10\/33WET13_F33_1500_Sterr-KoellnundPartner.pdf\" target=\"_blank\">Vortrag zum Abruf als PDF<\/a><\/strong><p><h4>15:30 \u2013 16:00 Uhr<\/h4><p><strong>Vom Mindesthaltbarkeitsdatum zur realen Restlebensdauer: Wie Batterien in Speichern wirklich altern<\/strong><br \/>Claudius Jehle  <\/p><p>keine Ver\u00f6ffentlichung<\/p>\n<h4>16:00 \u2013 16:30 Uhr<\/h4><p><strong>Batteriealterung als Kostenfaktor im Stromhandel: Echtzeit-Trading &amp; Batterieanalyse f\u00fcr mehr Ertrag bei weniger Verschlei\u00df<\/strong><br \/>Claudius Jehle \u2013 volytica diagnostics GmbH  <\/p><p>enspired &amp; volytica<\/p>\n<h4>16:30 \u2013 17:00 Uhr<\/h4><p><strong>Bankability von Batteriespeichern: Projekt- und Vermarktungsvertr\u00e4ge als Basis f\u00fcr die Projektfinanzierung<\/strong><br \/>Dr. Marleen Rheker \u2013 Osborne Clarke GmbH &amp; Co. KG, Marcus  Starke \u2013 NordLB<\/p><p><strong><a href=\"https:\/\/windenergietage.de\/2025\/wp-content\/uploads\/sites\/10\/2025\/10\/33WET13_F33_1630_NordLB-OC.pdf\" target=\"_blank\">Vortrag zum Abruf als PDF<\/a><\/strong><p><\/div><\/div><\/div><div class=\"toggle group-field\"><div class=\"single-field odd\"><h3 class=\"field-title closed\">Forum 34 \u2013 Dombert Rechtsanw\u00e4lte: Planung und Genehmigung von WEA \u2013 Gesetzes\u00e4nderung und aktuelle Rechtsprechung<span class=\"ui-toggle-header-icon\"><\/span><\/h3><div class=\"field-text\" style=\"display:none;\"><div class=\"location-logos\"><div><a href=\"https:\/\/dombert.de\/\" target=\"_blank\"><img loading=\"lazy\" decoding=\"async\" width=\"259\" height=\"60\" src=\"https:\/\/windenergietage.de\/2025\/wp-content\/uploads\/sites\/10\/2018\/01\/Dombert-e1544449708175.png\" class=\"attachment-medium size-medium\" alt=\"\" \/><\/a><\/div><\/div><h4>09:30 \u2013 12:00 Uhr<\/h4><p><strong>Planung und Genehmigung von WEA \u2013 Gesetzes\u00e4nderung und aktuelle Rechtsprechung<\/strong><br \/>Rechtsanwalt Janko Ge\u00dfner, Rechtsanwalt Prof. Dr. Jan Thiele, Rechtsanwalt Tobias Ro\u00df<\/p><p>Anwendung der BImSchG-Novelle, Anlagengenehmigung und -\u00e4nderung, Repowering von WEA und Priorit\u00e4tsprinzip, Umsetzung der RED III-Richtlinie, Netzanschluss, Planung von BESS und Elektrolyseur<\/p>\n<p><strong><a href=\"https:\/\/windenergietage.de\/2025\/wp-content\/uploads\/sites\/10\/2025\/09\/1_Planung-und-Genehmigung-WEA_33WET13_F34_0930_1200_DOMBERT-Rechtsanwaelte.pdf\" target=\"_blank\">Vortrag zum Abruf als PDF<\/a><\/strong><p><h4>12:00 \u2013 12:30 Uhr<\/h4><p><strong>Parkverdichtung - Standorteignung bewerten mit wake2e<\/strong><br \/>Dr. Thomas Hahm \u2013 F2E Fluid &amp; Energy Engineering GmbH &amp; Co. KG<\/p><p><strong><a href=\"https:\/\/windenergietage.de\/2025\/wp-content\/uploads\/sites\/10\/2025\/10\/2_33WET13_F34_1200_1230_DOMBERT_Rechtsanwaelte_und_Fluid_EnergyEngineering.pdf\" target=\"_blank\">Vortrag zum Abruf als PDF<\/a><\/strong><p><h4>12:30 \u2013 13:00 Uhr<\/h4><p><strong>Mittagspause<\/strong><br \/>   <\/p><h4>13:00 \u2013 14:00 Uhr<\/h4><p><strong>\u201eRecht am Limit\u201c \u2013 Netzanschluss im Spannungsfeld von Anspruch, Ablehnung und Ausbau<\/strong><br \/>Rechtsanw\u00e4ltin Judith Affeldt, Rechtsanw\u00e4ltin Natalie Carstens <\/p><p>Was gilt aktuell beim Netzanschluss von EEG-Anlagen? Was sind die Herausforderungen und wo fehlen Regelungen? Was wurde vom Gesetzgeber (nicht) umgesetzt? Wie soll die \u201e\u00dcberbauung von Netzverkn\u00fcpfungspunkten\u201c durch flexible Netzanschlussvereinbarungen \u201ehelfen\u201c? Exkurs: Was gilt bei Batteriespeichern im Hinblick auf den Netzanschluss?<\/p>\n<p><strong><a href=\"https:\/\/windenergietage.de\/2025\/wp-content\/uploads\/sites\/10\/2025\/10\/3_Netzanschluss_Recht-am-Limit_33WET13_F34_1300_1400_DOMBERT-Rechtsanwaelte.pdf\" target=\"_blank\">Vortrag zum Abruf als PDF<\/a><\/strong><p><h4>14:00 \u2013 14:30 Uhr<\/h4><p><strong>H\u00f6henbeschr\u00e4nkung und Konzentrationszonen - der alte Plan muss weg!<\/strong><br \/>Prof. Dr. Jan Thiele, Rechtsanwalt Michael Liesegang <\/p><p>Umgang mit (fehlerhafter) Bauleitplanung im Genehmigungsverfahren.<\/p>\n<p><strong><a href=\"https:\/\/windenergietage.de\/2025\/wp-content\/uploads\/sites\/10\/2025\/10\/4_Der-alte-Plan-muss-weg33WET13_F34_1400_1430_DOMBERT_Rechtsanwaelte.pdf\" target=\"_blank\">Vortrag zum Abruf als PDF<\/a><\/strong><p><h4>14:30 \u2013 15:00 Uhr<\/h4><p><strong>Artenschutz 2.0: WEA im Natura-2000-Gebiet und dessen Umgebung rechtssicher planen<\/strong><br \/>Rechtsanw\u00e4ltin Mareike Thiele, Rechtsanwalt Tobias Ro\u00df <\/p><p>Immer h\u00e4ufiger verz\u00f6gern sich Planungen in oder in der N\u00e4he von FFH- oder Vogelschutzgebieten. Beh\u00f6rden geben negative Stellungnahmen ab. Der Vortrag widmet sich aktuellen Entscheidungen zum Thema Gebietsschutz und Windenergie und zeigt M\u00f6glichkeiten auf, wie Projekte trotzdem gelingen k\u00f6nnen.<\/p>\n<p><strong><a href=\"https:\/\/windenergietage.de\/2025\/wp-content\/uploads\/sites\/10\/2025\/10\/5.FFH-Pruefung_33WET13_F34_1430_1500_DOMBERT_Rechtsanwaelte.pdf\" target=\"_blank\">Vortrag zum Abruf als PDF<\/a><\/strong><p><h4>15:00 \u2013 15:30 Uhr<\/h4><p><strong>Kaffeepause<\/strong><br \/>   <\/p><h4>15:30 \u2013 16:00 Uhr<\/h4><p><strong>Wenn\u2019s kompliziert wird: Wie Fachgutachter und Projektierer gemeinsam erfolgreich sind<\/strong><br \/>Rechtsanwalt Tobias Ro\u00df<\/p><p>Von Schall- und Schattenwurf bis Naturschutz: Fachgutachten sind die Grundlage jedes Genehmigungsantrages f\u00fcr Windenergieanlagen. Der Vortrag zeigt anhand von Praxisbeispielen auf, wie kritische Situationen durch Kommunikation, fr\u00fchzeitige Abstimmung gel\u00f6st werden k\u00f6nnen und welche vermittelnde Rolle die juristische Beratung bei der Erstellung von Gutachten\u00a0 im Austausch zwischen Gutachterb\u00fcro und Vorhabentr\u00e4ger spielen kann.<\/p>\n<p><strong><a href=\"https:\/\/windenergietage.de\/2025\/wp-content\/uploads\/sites\/10\/2025\/11\/6_Rechtliche-Due-Diligence_33WET13_F34_1530_1630_DOMBERT_Rechtsanwaelte.pdf\" target=\"_blank\">Vortrag zum Abruf als PDF<\/a><\/strong><p><h4>16:00 \u2013 16:30 Uhr<\/h4><p><strong>Rechtliche Due Diligence - worauf es bei der Transaktion von Projektrechten ankommt<\/strong><br \/>Rechtsanwalt Tobias Ro\u00df, Rechtsanw\u00e4ltin Tatjana Schmidt <\/p><p>Die Zahl der Transaktionen im Windbereich hat in den vergangenen Jahren deutlich zugenommen. Dementsprechend kommt einer rechtlichen Pr\u00fcfung der Werthaltigkeit von Projektrechten gro\u00dfe Bedeutung zu. Der Vortrag zeigt anhand aktueller Praxisbeispiele klassische Red Flags, aber auch, wie die Transaktion zur Zufriedenheit aller Seiten gelingen kann.<\/p>\n<p><strong><a href=\"https:\/\/windenergietage.de\/2025\/wp-content\/uploads\/sites\/10\/2025\/11\/6_Rechtliche-Due-Diligence_33WET13_F34_1530_1630_DOMBERT_Rechtsanwaelte.pdf\" target=\"_blank\">Vortrag zum Abruf als PDF<\/a><\/strong><p><h4>16:30 \u2013 17:15 Uhr<\/h4><p><strong>Wenn die Anlage nicht mehr passt - Anlagen\u00e4nderung und Windhundrennen<\/strong><br \/>Prof. Dr. Jan Thiele \u2013 DOMBERT Rechtsanw\u00e4lte  <\/p><p>Welche Fallstricke sind bei einer Anlagen\u00e4nderung vor und nach Genehmigung zu beachten? Verh\u00e4ltnis \u00a7\u00a7 16, 16b BImSchG<\/p>\n<p><strong><a href=\"https:\/\/windenergietage.de\/2025\/wp-content\/uploads\/sites\/10\/2025\/10\/7_Anlagenaenderung_Windhundrennen_33WET13_F34_1630_1715_DOMBERT_Rechtsanwaelte.pdf\" target=\"_blank\">Vortrag zum Abruf als PDF<\/a><\/strong><p><\/div><\/div><\/div><div class=\"toggle group-field\"><div class=\"single-field odd\"><h3 class=\"field-title closed\">Forum 35 Vormittag \u2013 4:energy &amp; re:cap - Performance &amp; Maintenance <span class=\"ui-toggle-header-icon\"><\/span><\/h3><div class=\"field-text\" style=\"display:none;\"><div class=\"location-logos\"><div><a href=\"https:\/\/four-energy.de\/\" target=\"_blank\"><img loading=\"lazy\" decoding=\"async\" width=\"300\" height=\"100\" src=\"https:\/\/windenergietage.de\/2025\/wp-content\/uploads\/sites\/10\/2025\/09\/4_energy_logo-300x100.png\" class=\"attachment-medium size-medium\" alt=\"\" srcset=\"https:\/\/windenergietage.de\/2025\/wp-content\/uploads\/sites\/10\/2025\/09\/4_energy_logo-300x100.png 300w, https:\/\/windenergietage.de\/2025\/wp-content\/uploads\/sites\/10\/2025\/09\/4_energy_logo-768x256.png 768w, https:\/\/windenergietage.de\/2025\/wp-content\/uploads\/sites\/10\/2025\/09\/4_energy_logo.png 1024w\" sizes=\"auto, (max-width: 300px) 100vw, 300px\" \/><\/a><\/div><div><a href=\"https:\/\/www.re-cap.ch\/\" target=\"_blank\"><img loading=\"lazy\" decoding=\"async\" width=\"300\" height=\"95\" src=\"https:\/\/windenergietage.de\/2025\/wp-content\/uploads\/sites\/10\/2025\/09\/recap-logo.png\" class=\"attachment-medium size-medium\" alt=\"\" \/><\/a><\/div><\/div><h4>09:30 \u2013 09:45 Uhr<\/h4><p><strong>Begr\u00fc\u00dfung<\/strong><br \/>Frau Anja Spannaus \u2013 4:energy O&M GmbH  <\/p><p>Preventive Maintenance im laufenden Betrieb<\/p>\n<h4>09:45 \u2013 10:30 Uhr<\/h4><p><strong>Portfolio Optimierung mit skyspecs - Vorteile aus der Betreibersicht<\/strong><br \/>Herr Philipp Elflein \u2013 SkySpecs, Frau Elisabeth Beyer \u2013 re:cap global investors ag <\/p><p>Betreiber-eigenes SCADA Monitoring<\/p>\n<h4>10:30 \u2013 11:00 Uhr<\/h4><p><strong>Umsetzung der flexibilisierten Stromvermarktung - Erfahrungen und lessons-learned aus Betreibersicht<\/strong><br \/>Herr Benedikt Klein \u2013 re:cap global investors ag  <\/p><p>Flexibilisierung der Stromvermarktung &#8211; technische Umsetzung und Erfahrung im laufenden Betrieb<\/p>\n<p><strong><a href=\"https:\/\/windenergietage.de\/2025\/wp-content\/uploads\/sites\/10\/2025\/09\/33WET13_F35_1030_recap-global-investors-ag.pdf\" target=\"_blank\">Vortrag zum Abruf als PDF<\/a><\/strong><p><h4>11:00 \u2013 11:30 Uhr<\/h4><p><strong>Drohnen im Einsatz<\/strong><br \/>Katja Wei\u00dfbach \u2013 TOP seven GmbH &amp; Co. KG, Lauritz Hamm \u2013 8p2 Obst &amp; Hamm, Anja Spannaus 4:energy O&amp;M GmbH<\/p><p>Panel &#8211; Erfahrungen von Drohnen bei Pr\u00fcfungen und Inspektionen<\/p>\n<h4>11:30 \u2013 12:00 Uhr<\/h4><p><strong>Schweizer Buffet<\/strong><br \/>Frau Anja Spannaus \u2013 4:energy O&M GmbH  <\/p><p>Netzwerken im Forum<\/p>\n<\/div><\/div><\/div><div class=\"toggle group-field\"><div class=\"single-field odd\"><h3 class=\"field-title closed\">Forum 35 Nachmittag \u2013 GO West Frankreich Sterr-K\u00f6lln &amp; Partner<span class=\"ui-toggle-header-icon\"><\/span><\/h3><div class=\"field-text\" style=\"display:none;\"><div class=\"location-logos\"><div><a href=\"https:\/\/www.sterr-koelln.com\/\" target=\"_blank\"><img loading=\"lazy\" decoding=\"async\" width=\"300\" height=\"74\" src=\"https:\/\/windenergietage.de\/2025\/wp-content\/uploads\/sites\/10\/2023\/05\/Sterr-Koelln-Partner-300x74.jpeg\" class=\"attachment-medium size-medium\" alt=\"\" srcset=\"https:\/\/windenergietage.de\/2025\/wp-content\/uploads\/sites\/10\/2023\/05\/Sterr-Koelln-Partner-300x74.jpeg 300w, https:\/\/windenergietage.de\/2025\/wp-content\/uploads\/sites\/10\/2023\/05\/Sterr-Koelln-Partner-1024x251.jpeg 1024w, https:\/\/windenergietage.de\/2025\/wp-content\/uploads\/sites\/10\/2023\/05\/Sterr-Koelln-Partner-768x188.jpeg 768w, https:\/\/windenergietage.de\/2025\/wp-content\/uploads\/sites\/10\/2023\/05\/Sterr-Koelln-Partner.jpeg 1200w\" sizes=\"auto, (max-width: 300px) 100vw, 300px\" \/><\/a><\/div><\/div><h4>14:00 \u2013 14:30 Uhr<\/h4><p><strong>EE in Frankreich \u2013 wohin geht die Reise ? - Versuch einer Standortbestimmung<\/strong><br \/>Hans Messmer \u2013 Sterr-K\u00f6lln &amp; Partner  <\/p><p><strong><a href=\"https:\/\/windenergietage.de\/2025\/wp-content\/uploads\/sites\/10\/2025\/10\/33WET13_F35_1400_Sterr-Koellnund-Partner.pdf\" target=\"_blank\">Vortrag zum Abruf als PDF<\/a><\/strong><p><h4>14:30 \u2013 15:00 Uhr<\/h4><p><strong>Steuerrechtliche Fragen bei grenz\u00fcberschreitenden Investitionen in Erneuerbare Energien<\/strong><br \/>Dr. Gregor Weimer \u2013 Grant Thornton AG Wirtschaftspr\u00fcfungsgesellschaft  <\/p><p><strong><a href=\"https:\/\/windenergietage.de\/2025\/wp-content\/uploads\/sites\/10\/2025\/10\/33WET13_F35_1430_GrantThornton.pdf\" target=\"_blank\">Vortrag zum Abruf als PDF<\/a><\/strong><p><h4>15:00 \u2013 15:30 Uhr<\/h4><p><strong>Neue Regelungen zu negativen Preisen und Anpassungsmechanismus<\/strong><br \/>Sylvain Hamanaka \u2013 Sterr-K\u00f6lln &amp; Partner  <\/p><p><strong><a href=\"https:\/\/windenergietage.de\/2025\/wp-content\/uploads\/sites\/10\/2025\/10\/33WET13_F35_1500_Sterr-KoellnundPartner.pdf\" target=\"_blank\">Vortrag zum Abruf als PDF<\/a><\/strong><p><h4>15:30 \u2013 16:00 Uhr<\/h4><p><strong>Beschleunigungsgebiete in Frankreich, ein dezentrales Konzept f\u00fcr die Raumplanung der erneuerbaren Energien<\/strong><br \/>Moritz L\u00fcnenborg \u2013 Deutsch-franz\u00f6sisches B\u00fcro f\u00fcr die Energiewende  <\/p><p><strong><a href=\"https:\/\/windenergietage.de\/2025\/wp-content\/uploads\/sites\/10\/2025\/10\/33WET13_F35_1530_SterrKoellnDFBEW.pdf\" target=\"_blank\">Vortrag zum Abruf als PDF<\/a><\/strong><p><h4>16:00 \u2013 16:30 Uhr<\/h4><p><strong>Repowering von WEA in Frankreich - Regulatorische Rahmenbedingungen<\/strong><br \/>Ann-Marie Schrader \u2013 Sterr-K\u00f6lln &amp; Partner  <\/p><p><strong><a href=\"https:\/\/windenergietage.de\/2025\/wp-content\/uploads\/sites\/10\/2025\/10\/33WET13_F35_1600_Sterr-KoellnundPartner.pdf\" target=\"_blank\">Vortrag zum Abruf als PDF<\/a><\/strong><p><\/div><\/div><\/div><div class=\"toggle group-field\"><div class=\"single-field odd\"><h3 class=\"field-title closed\">Forum 36 \u2013 Workshop: Mediation in der Windenergie \u2013 eine lebensnahe Simulation<span class=\"ui-toggle-header-icon\"><\/span><\/h3><div class=\"field-text\" style=\"display:none;\"><div class=\"location-logos\"><div><a href=\"https:\/\/www.bruhn-mediation.de\/\" target=\"_blank\"><img loading=\"lazy\" decoding=\"async\" width=\"300\" height=\"100\" src=\"https:\/\/windenergietage.de\/2025\/wp-content\/uploads\/sites\/10\/2025\/06\/Bruhn_Matthias_logo-300x100.png\" class=\"attachment-medium size-medium\" alt=\"\" srcset=\"https:\/\/windenergietage.de\/2025\/wp-content\/uploads\/sites\/10\/2025\/06\/Bruhn_Matthias_logo-300x100.png 300w, https:\/\/windenergietage.de\/2025\/wp-content\/uploads\/sites\/10\/2025\/06\/Bruhn_Matthias_logo-768x255.png 768w, https:\/\/windenergietage.de\/2025\/wp-content\/uploads\/sites\/10\/2025\/06\/Bruhn_Matthias_logo.png 1023w\" sizes=\"auto, (max-width: 300px) 100vw, 300px\" \/><\/a><\/div><\/div><h4>09:30 \u2013 12:00 Uhr<\/h4><p><strong>Mediation in Windenergieprojekten<\/strong><br \/>Dr. Matthias Bruhn \u2013 Dr. Matthias Bruhn  Ingenieurb\u00fcro, Mediation und Training <\/p><p>Dr. Matthias Bruhn \u2013 Dr. Matthias Bruhn Ingenieurb\u00fcro, Mediation und Training<\/p>\n<p>Infos und Anmeldung <a href=\"https:\/\/blog.bruhn-mediation.de\/2025\/08\/25\/forum-36-workshop-mediation-in-der-windenergie-eine-lebensnahe-simulation\/\">per online-Anmeldeformular<\/a> oder per E-Mail \u00fcber <a href=\"mailto:kontakt@bruhn-mediation.de\">kontakt@bruhn-mediation.de<\/a>.<\/p>\n<p>Bitte melden Sie sich nur an, wenn Sie sich Zeit f\u00fcr die ganze Veranstaltung nehmen m\u00f6chten.<\/p>\n<p>Weitere Informationen <strong><a href=\"https:\/\/windenergietage.de\/2025\/wp-content\/uploads\/sites\/10\/2025\/06\/Flyer_2Praxistage_Potsdam_v0_3_16Juni25.pdf\" target=\"_blank\" rel=\"noopener\">hier<\/a><\/strong><\/p>\n<\/div><\/div><\/div><div class=\"toggle group-field\"><div class=\"single-field odd\"><h3 class=\"field-title closed\">Forum 37 \u2013 Das Internationale Forum mit GEO-NET<span class=\"ui-toggle-header-icon\"><\/span><\/h3><div class=\"field-text\" style=\"display:none;\"><div class=\"location-logos\"><div><a href=\"https:\/\/www.geo-net.de\/de\/home.html\" target=\"_blank\"><img loading=\"lazy\" decoding=\"async\" width=\"142\" height=\"142\" src=\"https:\/\/windenergietage.de\/2025\/wp-content\/uploads\/sites\/10\/2018\/01\/Geo_Net.png\" class=\"attachment-medium size-medium\" alt=\"\" \/><\/a><\/div><\/div><h4>10:00 \u2013 10:30 Uhr<\/h4><p><strong>Einf\u00fchrung: internationale M\u00e4rkte<\/strong><br \/>Johannes Lange \u2013 GEO-NET  <\/p><h4>10:30 \u2013 11:00 Uhr<\/h4><p><strong>S\u00fcdafrika<\/strong><br \/>Johannes Lange \u2013 GEO-NET  <\/p><h4>11:00 \u2013 11:30 Uhr<\/h4><p><strong>Namibia<\/strong><br \/>Johannes Becker \u2013 GEO-NET Umweltconsulting GmbH  <\/p><h4>11:30 \u2013 12:00 Uhr<\/h4><p><strong>Trends in Finnish Renewables<\/strong><br \/>Pinja Borenius \u2013 Bergmann Att.  <\/p><p><strong><a href=\"https:\/\/windenergietage.de\/2025\/wp-content\/uploads\/sites\/10\/2025\/09\/33WET13_F37_1130_BergmannAttorneys.pdf\" target=\"_blank\">Vortrag zum Abruf als PDF<\/a><\/strong><p><h4>12:00 \u2013 12:30 Uhr<\/h4><p><strong>VORTRAG f\u00e4llt aus: Vergleich DE - USA<\/strong><br \/>Muteber Yalcin \u2013 Watson Farley &amp; Williams<\/p><p><span style=\"color: #ff0000\">VORTRAG F\u00c4LLT AUS<\/span><\/p>\n<h4>13:00 \u2013 14:00 Uhr<\/h4><p><strong>Mittagspause<\/strong><br \/> <\/p><h4>14:30 \u2013 15:00 Uhr<\/h4><p><strong>H\u00f6henwind<\/strong><br \/>Alexandra Hamel \u2013 Sky Sails  <\/p><h4>15:00 \u2013 15:30 Uhr<\/h4><p><strong>Herausforderungen bei der Windfeldmodellierung in verschiedenen Teilen der Welt am Beispiel des Modells FITNAH-3D<\/strong><br \/>Linda Schrempf \u2013 GEO-NET  <\/p><h4>16:00 \u2013 16:30 Uhr<\/h4><p><strong>Cost effective and sustainable decommissioning using digital solutions<\/strong><br \/>Fiachra Doherty \u2013 ReWind<\/p><\/div><\/div><\/div><div class=\"toggle group-field\"><div class=\"single-field odd\"><h3 class=\"field-title closed\">Forum 38 \u2013 Wirtschaftlichkeit von Windprojekten \u2013 von der Idee bis zur Kilowattstunde<span class=\"ui-toggle-header-icon\"><\/span><\/h3><div class=\"field-text\" style=\"display:none;\"><div class=\"location-logos\"><div><a href=\"https:\/\/www.rwe.com\/\" target=\"_blank\"><img loading=\"lazy\" decoding=\"async\" width=\"300\" height=\"158\" src=\"https:\/\/windenergietage.de\/2025\/wp-content\/uploads\/sites\/10\/2025\/09\/RWE-Logo-300x158.jpg\" class=\"attachment-medium size-medium\" alt=\"\" srcset=\"https:\/\/windenergietage.de\/2025\/wp-content\/uploads\/sites\/10\/2025\/09\/RWE-Logo-300x158.jpg 300w, https:\/\/windenergietage.de\/2025\/wp-content\/uploads\/sites\/10\/2025\/09\/RWE-Logo.jpg 310w\" sizes=\"auto, (max-width: 300px) 100vw, 300px\" \/><\/a><\/div><\/div><h4>09:30 \u2013 09:40 Uhr<\/h4><p><strong>Begr\u00fc\u00dfung &amp; Einleitung<\/strong><br \/>Jens Edler-Krupp \u2013 RWE Renewables  <\/p><h4>09:40 \u2013 10:50 Uhr<\/h4><p><strong>BLOCK 1: RAHMENBEDINGEN &amp; MARKTUMFELD<\/strong><br \/>   <\/p><h4>09:40 \u2013 10:15 Uhr<\/h4><p><strong>Wirtschaftlichkeit im regulatorischen Korsett \u2013 Was m\u00fcssen Projekte heute leisten?<\/strong><br \/>Michael Herr \u2013 RWE Renewables, Fabian F\u00f6rster \u2013 RWE Supply &amp; Trading GmbH <\/p><p>\u27a4 \u00dcberblick \u00fcber aktuelle rechtliche &amp; regulatorische Rahmenbedingungen (EEG, Ausschreibungen, Genehmigungen, EU-Vorgaben etc.)<br \/>\n\u27a4 Auswirkungen auf Rentabilit\u00e4t und Projektrisiken<\/p>\n<p><strong><a href=\"https:\/\/windenergietage.de\/2025\/wp-content\/uploads\/sites\/10\/2025\/10\/Block1_Vortrag-1_-Was-muessen-Projekte-kommerziell-leisten-Herr-Michel-und-Fabian-Foerster_final.pdf\" target=\"_blank\">Vortrag zum Abruf als PDF<\/a><\/strong><p><h4>10:20 \u2013 10:50 Uhr<\/h4><p><strong>Von der Idee zum Projekt: Wirtschaftliche Bewertung unter technischer Sicht in der fr\u00fchen Entwicklungsphase<\/strong><br \/>Judith Hagedorn \u2013 RWE Renewables  <\/p><p>\u27a4 Fokus: Standortanalyse (gezielte Fl\u00e4chensicherung), Netzanschluss<br \/>\n\u27a4 Wann ist ein Windprojekt aus technischer Sicht wirtschaftlich realisierbar?<\/p>\n<p><strong><a href=\"https:\/\/windenergietage.de\/2025\/wp-content\/uploads\/sites\/10\/2025\/10\/Block1_Vortrag2_Von-der-Idee-zum-Projekt_Wirtschaftliche-Bewertung-unter-technischer-Sicht.pdf\" target=\"_blank\">Vortrag zum Abruf als PDF<\/a><\/strong><p><h4>10:55 \u2013 12:20 Uhr<\/h4><p><strong>BLOCK 2: PROJEKTPLANUNG &amp; BAU<\/strong><br \/>   <\/p><h4>10:55 \u2013 11:40 Uhr<\/h4><p><strong>Geotechnische Herausforderungen bei der Errichtung von Windenergieanlagen auf rekultivierten Fl\u00e4chen im Rheinischen Revier<\/strong><br \/>Pierre Worringer \u2013 RWE Renewables, Paul Raabe \u2013 RWE Renewables <\/p><p>\u27a4 Planung &amp; Design unter Kosten-\/Nutzenaspekten<br \/>\n\u27a4 Bauzeitoptimierung, Ausschreibung und Vergabe, Logistik<\/p>\n<p><strong><a href=\"https:\/\/windenergietage.de\/2025\/wp-content\/uploads\/sites\/10\/2025\/10\/251113_Spreewind_GruenWinT_final_V3.pdf\" target=\"_blank\">Vortrag zum Abruf als PDF<\/a><\/strong><p><h4>11:45 \u2013 12:20 Uhr<\/h4><p><strong>Externe Perspektive: Wie Hersteller und EPCs zur Wirtschaftlichkeit beitragen<\/strong><br \/>Albrecht Sch\u00f6ttle \u2013 RWE Renewables, Stephan Kirchhoff \u2013 Nordex <\/p><p>\u27a4 Blick aus Sicht eines Herstellers oder EPC-Dienstleisters<br \/>\n\u27a4 Technologische Entwicklungen, Bauzeiten, Kostenhebel<\/p>\n<p><strong><a href=\"https:\/\/windenergietage.de\/2025\/wp-content\/uploads\/sites\/10\/2025\/10\/20251113_RWE-NORDEX-Vortrag-Spreewindtage_Technologische-Entwicklung_V.05_shared.pdf\" target=\"_blank\">Vortrag zum Abruf als PDF<\/a><\/strong><p><h4>12:20 \u2013 12:50 Uhr<\/h4><p><strong>MITTAGSPAUSE<\/strong><br \/>   <\/p><h4>12:50 \u2013 14:40 Uhr<\/h4><p><strong>BLOCK 3: BETRIEB &amp; OPTIMIERUNG<\/strong><br \/>   <\/p><h4>12:50 \u2013 13:25 Uhr<\/h4><p><strong>Operations &amp;\u00a0 Asset Management \u2013 Wirtschaftlich nach  Inbetriebnahme?<\/strong><br \/>Martin Haag \u2013 RWE Supply &amp; Trading GmbH, Franziska Goedeckemeyer \u2013 RWE Renewables <\/p><p>\u27a4 Geplanter Betrieb von Onshore-, Solar- und Batterieanlagen<br \/>\n\u27a4 Ungeplante Ereignisse im Betrieb und in der Vermarktung von erneuerbaren Energien<\/p>\n<p><strong><a href=\"https:\/\/windenergietage.de\/2025\/wp-content\/uploads\/sites\/10\/2025\/10\/Block3_Vortrag1_Operations-Asset-Management-Wirtschaftlich-nach-Inbetriebnahme-Franziska-Goedeckemeyer-und-Martin-Haag.pdf\" target=\"_blank\">Vortrag zum Abruf als PDF<\/a><\/strong><p><h4>13:30 \u2013 14:00 Uhr<\/h4><p><strong>Abweichung der Transferfunktion &amp; Wiedereinschalthysterese \u2013 versteckte Verluste im WEA-Betrieb<\/strong><br \/>Manuel Nitze \u2013 RWE Renewables  <\/p><p>\u27a4 Verluste durch Probleme mit der Tansferfunktion<br \/>\n\u27a4 Zus\u00e4tzliche Verluste durch Windeinschalthysterese<\/p>\n<p><strong><a href=\"https:\/\/windenergietage.de\/2025\/wp-content\/uploads\/sites\/10\/2025\/10\/20251111_Spreewindtage_2025_Manuel_Nitze_V01.pdf\" target=\"_blank\">Vortrag zum Abruf als PDF<\/a><\/strong><p><h4>14:05 \u2013 14:40 Uhr<\/h4><p><strong>Batteriespeicher als Erg\u00e4nzung \u2013 Spielt das zusammen?<\/strong><br \/>Max Kn\u00f6sel \u2013 RWE Renewables, Nils van Afferden \u2013 RWE Supply &amp; Trading GmbH <\/p><p>\u27a4 Wirtschaftlicher Einsatz und Vermarktung von Speichern zur Gl\u00e4ttung, Vermarktung, Netzdienlichkeit<br \/>\n\u27a4 Business Cases f\u00fcr Speicherintegration<\/p>\n<p><strong><a href=\"https:\/\/windenergietage.de\/2025\/wp-content\/uploads\/sites\/10\/2025\/10\/20251111_RWE_OPEA_Batteriespeicher-Windtage-Potsdam_DR.pdf\" target=\"_blank\">Vortrag zum Abruf als PDF<\/a><\/strong><p><h4>14:45 \u2013 16:00 Uhr<\/h4><p><strong>BLOCK 4: NETZ &amp; MARKTINTEGRATION<\/strong><br \/>   <\/p><h4>14:45 \u2013 15:20 Uhr<\/h4><p><strong>Flexible Netzanschlussvereinbarung  \u00a78a EEG<\/strong><br \/>Dr. Bernd Ochtendung \u2013 RWE Renewables, Daniel Bagusche \u2013 RWE Renewables <\/p><p>\u27a4 Wie geht es weiter \u2013 und was muss noch passieren?<br \/>\n\u27a4 Einblicke aus dem Arbeitskreis \u201eMustervertrag\u201c<\/p>\n<p><strong><a href=\"https:\/\/windenergietage.de\/2025\/wp-content\/uploads\/sites\/10\/2025\/10\/Bernd-Ochtendung-Flexible-Netzanschlussvereinbarung-nach-\u00a7-8a-EEG.pdf\" target=\"_blank\">Vortrag zum Abruf als PDF<\/a><\/strong><p><h4>15:25 \u2013 16:00 Uhr<\/h4><p><strong>Regelleistung als netzdienliche Systemleistungen und zus\u00e4tzlicher Value Pool f\u00fcr Windparks \/\/ Erfahrungsaustausch aus der Praxis<\/strong><br \/>Fabian F\u00f6rster \u2013 RWE Supply &amp; Trading GmbH, Nils van Afferden \u2013 RWE Supply &amp; Trading GmbH <\/p><p>\u27a4 Welche Rolle spielt Wind auch kommerziell bei der Energiewende ?<br \/>\n\u27a4 Pr\u00e4qualifikation von Windkraftanlagen und Vermarktung als SRL &#8211; Einblick in die Vermarktungspraxis RWEST (RWE Supply &amp; Trading)<\/p>\n<p><strong><a href=\"https:\/\/windenergietage.de\/2025\/wp-content\/uploads\/sites\/10\/2025\/10\/2025-11-11-Regelleistung-aus-Windkraft_Spreewindtage.pdf\" target=\"_blank\">Vortrag zum Abruf als PDF<\/a><\/strong><p><h4>16:00 \u2013 16:15 Uhr<\/h4><p><strong>KAFFEEPAUSE<\/strong><br \/>   <\/p><h4>16:15 \u2013 18:00 Uhr<\/h4><p><strong>BLOCK 5: VERMARKTUNG &amp; ERL\u00d6SMODELLE<\/strong><br \/>   <\/p><h4>16:15 \u2013 16:50 Uhr<\/h4><p><strong>Kommerzielle Optimierung der Vermarktungserl\u00f6se und Income Streams in der Direktvermarktung und PPA<\/strong><br \/>Fabian F\u00f6rster \u2013 RWE Supply &amp; Trading GmbH, Martin Haag \u2013 RWE Supply &amp; Trading GmbH <\/p><p>\u27a4 Direktvermarktung, gr\u00fcne PPAs, Flexibilit\u00e4tsvermarktung, Preisabsicherung<br \/>\n\u27a4 Welche Modelle funktionieren wirtschaftlich?<\/p>\n<p><strong><a href=\"https:\/\/windenergietage.de\/2025\/wp-content\/uploads\/sites\/10\/2025\/10\/Block-5_V1_Kommerzielle-Optimierung-der-Vermarktungserloese-und-Income-Streams-in-der-Direktvermarktung-und-PPA.pdf\" target=\"_blank\">Vortrag zum Abruf als PDF<\/a><\/strong><p><h4>16:55 \u2013 17:25 Uhr<\/h4><p><strong>Vermarktung von Batteriespeichern \u2013 Einblicke in die kommerzielle Optimierung und welche Verg\u00fctungsmodelle gibt es?<\/strong><br \/>Nils van Afferden \u2013 RWE Supply &amp; Trading GmbH  <\/p><p>\u27a4 Kommerzielle Einsatzoptimierung von Batteriespeichern \u00fcber alle Marktplattformen \u2013 Praxisorientierter Einblick in die Optimierung<br \/>\n\u27a4 F\u00fcr wen eignet sich welches Verg\u00fctungsmodell? Was leisten Tolling-Agreements zur Sicherstellung der Finanzierbarkeit und wie k\u00f6nnen Betreibermargen durch Merchant Agreements optimiert werden?<\/p>\n<p><strong><a href=\"https:\/\/windenergietage.de\/2025\/wp-content\/uploads\/sites\/10\/2025\/10\/2025-11-11-Batteriespeicher_Vermarktung-Erloesmodelle_Spreewindtage.pdf\" target=\"_blank\">Vortrag zum Abruf als PDF<\/a><\/strong><p><h4>17:30 \u2013 18:00 Uhr<\/h4><p><strong>Gr\u00fcnstrom f\u00fcr Wasserstoffprojekte: erste Erfahrungen aus der Praxis<\/strong><br \/>Matthias Pohl \u2013 RWE Supply &amp; Trading GmbH  <\/p><p>\u27a4 Erfahrung mit RFNBO-Zertifizierung von Erzeugungsanlagen<br \/>\n\u27a4 Anforderungen an Stromliefervertr\u00e4ge f\u00fcr Wasserstoffproduktion aktuell und<br \/>\nin Zukunft<\/p>\n<p><strong><a href=\"https:\/\/windenergietage.de\/2025\/wp-content\/uploads\/sites\/10\/2025\/10\/Gruenstrom-fuer-Wasserstoffprojekte.pdf\" target=\"_blank\">Vortrag zum Abruf als PDF<\/a><\/strong><p><\/div><\/div><\/div><div class=\"toggle group-field\"><div class=\"single-field odd\"><h3 class=\"field-title closed\">Forum 39 \u2013 People Power \u2013 Wie Talente, Teams und Kompetenzen \u00fcber den Erfolg der Energiewende entscheiden<span class=\"ui-toggle-header-icon\"><\/span><\/h3><div class=\"field-text\" style=\"display:none;\"><div class=\"location-logos\"><div><a href=\"https:\/\/www.birn-partners.com\/\" target=\"_blank\"><img loading=\"lazy\" decoding=\"async\" width=\"247\" height=\"44\" src=\"https:\/\/windenergietage.de\/2025\/wp-content\/uploads\/sites\/10\/2025\/10\/Bild1.png\" class=\"attachment-medium size-medium\" alt=\"\" \/><\/a><\/div><\/div><p>Moderierte Gespr\u00e4chsrunden \u00fcber Fachkr\u00e4ftebedarf, Organisationsentwicklung und neue Jobprofile in einer sich wandelnden Energiewirtschaft.<\/p>\n<p>Anmeldung bitte per E-Mail an: <strong><a href=\"mailto:amd@birn-partners.com\">amd@birn-partners.com<\/a><\/strong><\/p>\n<h4>10:30 \u2013 11:30 Uhr<\/h4><p><strong>Fachgespr\u00e4ch I: War for Green Talent \u2013 Welche Profile entscheiden \u00fcber den Erfolg der Energiewende?<\/strong><br \/>Arwid Detlefs \u2013 Birn Executive Search + Consulting GmbH<\/p><p><strong>Ziel: <\/strong>Den aktuellen und zuk\u00fcnftigen Personalbedarf in der EE-Branche sichtbar machen und L\u00f6sungsans\u00e4tze f\u00fcr Fachkr\u00e4ftemangel und Kompetenzaufbau diskutieren.<\/p>\n<h4>15:00 \u2013 16:00 Uhr<\/h4><p><strong>Fachgespr\u00e4ch II: People as Infrastructure \u2013 Warum Personalstrategie so wichtig ist wie Netzanschluss und Fl\u00e4chenzugang<\/strong><br \/>Arwid Detlefs \u2013 Birn Executive Search + Consulting GmbH<\/p><p>Ziel: Personalplanung als strategisches Element begreifen und systematisch in Projekt- und Unternehmensentwicklung integrieren.<\/p>\n<\/div><\/div><\/div><div class=\"toggle group-field\"><div class=\"single-field odd\"><h3 class=\"field-title closed\">Forum 41 Bus \u2013 ALKIS, QGIS und alle Dokumente im Team<span class=\"ui-toggle-header-icon\"><\/span><\/h3><div class=\"field-text\" style=\"display:none;\"><div class=\"location-logos\"><div><a href=\"https:\/\/rkdrei.de\/\" target=\"_blank\"><img loading=\"lazy\" decoding=\"async\" width=\"300\" height=\"180\" src=\"https:\/\/windenergietage.de\/2025\/wp-content\/uploads\/sites\/10\/2025\/09\/rk3_logo_transp-300x180.png\" class=\"attachment-medium size-medium\" alt=\"\" srcset=\"https:\/\/windenergietage.de\/2025\/wp-content\/uploads\/sites\/10\/2025\/09\/rk3_logo_transp-300x180.png 300w, https:\/\/windenergietage.de\/2025\/wp-content\/uploads\/sites\/10\/2025\/09\/rk3_logo_transp.png 559w\" sizes=\"auto, (max-width: 300px) 100vw, 300px\" \/><\/a><\/div><\/div><h4>11:00 \u2013 11:30 Uhr<\/h4><p><strong>Alle Flurst\u00fccksinformationen von allen Projekten zentral erfassen und verwalten<\/strong><br \/>Lars Roskoden \u2013 rkDrei GmbH, Bj\u00f6rn Kilian \u2013 rkDrei GmbH<\/p><p>Vortrag zum Abruf <a href=\"https:\/\/rkdrei.de\/vortraege\/wet2025\/vortrag01.html\" target=\"_blank\" rel=\"noopener\"><strong>HIER<\/strong><\/a><\/p>\n<h4>11:30 \u2013 12:00 Uhr<\/h4><p><strong>Mit QGIS im Team die Projektierung vereinfachen und beschleunigen<\/strong><br \/>Lars Roskoden \u2013 rkDrei GmbH, Bj\u00f6rn Kilian \u2013 rkDrei GmbH<\/p><p>Vortrag zum Abruf <a href=\"https:\/\/rkdrei.de\/vortraege\/wet2025\/vortrag02.html\" target=\"_blank\" rel=\"noopener\"><strong>HIER<\/strong><\/a><\/p>\n<h4>12:00 \u2013 12:30 Uhr<\/h4><p><strong>Alles im Blick: Personen, Karten und Dokumente direkt im Intranet-Browser<\/strong><br \/>Lars Roskoden \u2013 rkDrei GmbH, Bj\u00f6rn Kilian \u2013 rkDrei GmbH<\/p><p>Vortrag zum Abruf <a href=\"https:\/\/rkdrei.de\/vortraege\/wet2025\/vortrag03.html\" target=\"_blank\" rel=\"noopener\"><strong>HIER<\/strong><\/a><\/p>\n<h4>12:30 \u2013 13:00 Uhr<\/h4><p><strong>Das Ringen um Ordnung: DokumentenManagementSystem vs. Dateiserver \u2013 Was passt wann?<\/strong><br \/>Lars Roskoden \u2013 rkDrei GmbH, Bj\u00f6rn Kilian \u2013 rkDrei GmbH<\/p><p>Vortrag zum Abruf <a href=\"https:\/\/rkdrei.de\/vortraege\/wet2025\/vortrag04.html\" target=\"_blank\" rel=\"noopener\"><strong>HIER<\/strong><\/a><\/p>\n<h4>13:00 \u2013 13:30 Uhr<\/h4><p><strong>Vom Dokumentenchaos zur Datenbank - Erfahrungsbericht zur digitalen Transformation eines regionalen Windkraftb\u00fcros<\/strong><br \/>Fridolin Vach \u2013 UmweltPlan<\/p><h4>13:30 \u2013 14:00 Uhr<\/h4><p><strong>Unsere Daten, unsere Cloud: Strategien f\u00fcr souver\u00e4nes Hosting<\/strong><br \/>Lars Roskoden \u2013 rkDrei GmbH, Bj\u00f6rn Kilian \u2013 rkDrei GmbH<\/p><p>Vortrag zum Abruf <a href=\"https:\/\/rkdrei.de\/vortraege\/wet2025\/vortrag06.html\" target=\"_blank\" rel=\"noopener\"><strong>HIER<\/strong><\/a><\/p>\n<\/div><\/div><\/div><div class=\"toggle group-field\"><div class=\"single-field odd\"><h3 class=\"field-title closed\">Forum 42 \u2013 ENERTRAG Powersystem<span class=\"ui-toggle-header-icon\"><\/span><\/h3><div class=\"field-text\" style=\"display:none;\"><div class=\"location-logos\"><div><img loading=\"lazy\" decoding=\"async\" width=\"300\" height=\"96\" src=\"https:\/\/windenergietage.de\/2025\/wp-content\/uploads\/sites\/10\/2018\/01\/ENERTRAG-300x96.png\" class=\"attachment-medium size-medium\" alt=\"\" srcset=\"https:\/\/windenergietage.de\/2025\/wp-content\/uploads\/sites\/10\/2018\/01\/ENERTRAG-300x96.png 300w, https:\/\/windenergietage.de\/2025\/wp-content\/uploads\/sites\/10\/2018\/01\/ENERTRAG.png 396w\" sizes=\"auto, (max-width: 300px) 100vw, 300px\" \/><\/div><\/div><p><strong>Keine Ver\u00f6ffentlichung der Vortr\u00e4ge.<\/strong><\/p>\n<h4>09:30 \u2013 10:15 Uhr<\/h4><p><strong>Cybersecurity und Kritis \u2013 Experten packen aus<\/strong><br \/>Mohamed Harrou \u2013 OT Security Ingenieur Offshore bei Amprion GmbH, Dr. Felix B\u00fcbl \u2013 Leiter Softwareentwicklung bei ENERTRAG SE <\/p><h4>10:15 \u2013 11:00 Uhr<\/h4><p><strong>Zeit sparen bei Inspektionen<\/strong><br \/>Elena Piras \u2013 Key Account Manager bei ENERTRAG SE  <\/p><h4>11:00 \u2013 11:45 Uhr<\/h4><p><strong>Vermeidbaren Ertragsausfall erkennen<\/strong><br \/>Dr. Felix B\u00fcbl \u2013 Leiter Softwareentwicklung bei ENERTRAG SE, Dr. Pierre-Yves Bourguignon \u2013 Leiter Data Science bei ENERTRAG SE <\/p><\/div><\/div><\/div><\/div><\/div><\/article><article class=\"talk-date\"><header class=\"field-title closed\"><h2 class=\"post-title\">14. November 2025 (09:30 \u2013 13:00 Uhr)<\/h2><span class=\"ui-toggle-header-icon\"><\/span><\/header><div class=\"post-wrapper\" style=\"display:none;\"><div class=\"post-content\"><div class=\"toggle group-field\"><div class=\"single-field odd\"><h3 class=\"field-title closed\">Forum 1 \u2013 Kofferlager<span class=\"ui-toggle-header-icon\"><\/span><\/h3><div class=\"field-text\" style=\"display:none;\"><p>Programm folgt!<\/p><\/div><\/div><\/div><div class=\"toggle group-field\"><div class=\"single-field odd\"><h3 class=\"field-title closed\">Forum 2 \u2013 W\u00c4R HET'S ERFUNDE? mit Basler &amp; Hofmann AG<span class=\"ui-toggle-header-icon\"><\/span><\/h3><div class=\"field-text\" style=\"display:none;\"><div class=\"location-logos\"><div><a href=\"https:\/\/www.baslerhofmann.ch\/\" target=\"_blank\"><img loading=\"lazy\" decoding=\"async\" width=\"300\" height=\"58\" src=\"https:\/\/windenergietage.de\/2025\/wp-content\/uploads\/sites\/10\/2025\/06\/Logo-BH-300x58.jpg\" class=\"attachment-medium size-medium\" alt=\"\" srcset=\"https:\/\/windenergietage.de\/2025\/wp-content\/uploads\/sites\/10\/2025\/06\/Logo-BH-300x58.jpg 300w, https:\/\/windenergietage.de\/2025\/wp-content\/uploads\/sites\/10\/2025\/06\/Logo-BH.jpg 474w\" sizes=\"auto, (max-width: 300px) 100vw, 300px\" \/><\/a><\/div><\/div><h4>Moderation Basler&amp;Hofmann und ja es gibt &#8222;Ricola&#8220;<\/h4>\n<h4>09:30 \u2013 09:35 Uhr<\/h4><p><strong>Begr\u00fc\u00dfung<\/strong><br \/>Dipl. Ing. Peter Schwer \u2013 Basler&Hofmann AG  <\/p><h4>09:35 \u2013 10:00 Uhr<\/h4><p><strong>Gold deckt, was Papier verspricht<\/strong><br \/>Sabrina Baumann \u2013 R\u00fcckWert- ein Projekt der PREVALO GmbH  <\/p><p>R\u00fcckbaukautionen sind unverzichtbar \u2013 aber klassische B\u00fcrgschaften oder Konten bieten keine Sicherheit gegen Inflation oder Bankenrisiken. Dieser Vortrag zeigt, wie physisches Gold im gesicherten Depot eine stabile, inflationsgesch\u00fctzte und unabh\u00e4ngige L\u00f6sung schafft.<\/p>\n<p><strong><a href=\"https:\/\/windenergietage.de\/2025\/wp-content\/uploads\/sites\/10\/2025\/10\/GOLDDE_1.pdf\" target=\"_blank\">Vortrag zum Abruf als PDF<\/a><\/strong><p><h4>10:00 \u2013 10:30 Uhr<\/h4><p><strong>Aerosense - aerodynamic and structural assessment for wind turbine blades<\/strong><br \/>Dr. Imad Abdallah \u2013 RTDT Laboratories AG  <\/p><h4>10:30 \u2013 11:00 Uhr<\/h4><p><strong>\"Horizon Wind - Eine Datenplattform von der Pre-Konstruktionsphase bis zum Repowering\"<\/strong><br \/>Christoph Neufink \u2013 GreenPowerMonitor (a DNV Company)  <\/p><p>GPM Horizon ist eine Plattform f\u00fcr die Fern\u00fcberwachung, Performanceanalyse und pr\u00e4diktive Diagnose von Wind-, Solar- und Energiespeicheranlagen (BESS). Neulich haben wir Messdaten zu Wind- und Sonneneinstrahlungsressourcen von &#8222;pre-construction&#8220; Phase in dieselbe Plattform integriert. Dieser Vortrag zeigt wie die Assetmanager diese Messdaten der Ressourcen f\u00fcr Performanceanalyse aber auch f\u00fcr Bewertungen im Zusammenhang mit der Verl\u00e4ngerung der Lebensdauer oder der Repowering von Anlagen effizient n\u00fctzen k\u00f6nnen.<\/p>\n<\/div><\/div><\/div><div class=\"toggle group-field\"><div class=\"single-field odd\"><h3 class=\"field-title closed\">Forum 3 \u2013 Forschung, smarte Technologien und Innovation mit windmesse.de<span class=\"ui-toggle-header-icon\"><\/span><\/h3><div class=\"field-text\" style=\"display:none;\"><div class=\"location-logos\"><div><a href=\"https:\/\/w3.windmesse.de\/\" target=\"_blank\"><img loading=\"lazy\" decoding=\"async\" width=\"300\" height=\"64\" src=\"https:\/\/windenergietage.de\/2025\/wp-content\/uploads\/sites\/10\/2018\/01\/windmesse-1-scaled-1-300x64.jpg\" class=\"attachment-medium size-medium\" alt=\"\" srcset=\"https:\/\/windenergietage.de\/2025\/wp-content\/uploads\/sites\/10\/2018\/01\/windmesse-1-scaled-1-300x64.jpg 300w, https:\/\/windenergietage.de\/2025\/wp-content\/uploads\/sites\/10\/2018\/01\/windmesse-1-scaled-1-1024x219.jpg 1024w, https:\/\/windenergietage.de\/2025\/wp-content\/uploads\/sites\/10\/2018\/01\/windmesse-1-scaled-1-768x164.jpg 768w, https:\/\/windenergietage.de\/2025\/wp-content\/uploads\/sites\/10\/2018\/01\/windmesse-1-scaled-1-1536x329.jpg 1536w, https:\/\/windenergietage.de\/2025\/wp-content\/uploads\/sites\/10\/2018\/01\/windmesse-1-scaled-1-2048x438.jpg 2048w\" sizes=\"auto, (max-width: 300px) 100vw, 300px\" \/><\/a><\/div><\/div><h4>09:30 \u2013 10:00 Uhr<\/h4><p><strong>Innovative Model for Airspace Integration of High Altitude Wind Energy Systems<\/strong><br \/>Alexandra Hamel \u2013 SkySails Power GmbH  <\/p><p><strong><a href=\"https:\/\/windenergietage.de\/2025\/wp-content\/uploads\/sites\/10\/2025\/10\/33WET14_F03_0930_SkySails-Power-GmbH.pdf\" target=\"_blank\">Vortrag zum Abruf als PDF<\/a><\/strong><p><h4>10:00 \u2013 10:30 Uhr<\/h4><p><strong>Dauerhafte akustische Messungen zur Detektion von Teilentladungen an Isolierungen von Hochspannungskomponenten<\/strong><br \/>Jael Masury \u2013 Omexom Renewable Energies Offshore GmbH  <\/p><p><strong><a href=\"https:\/\/windenergietage.de\/2025\/wp-content\/uploads\/sites\/10\/2025\/10\/33WET14_F03_1000_20251114_ACOUSTISCAN_Windenergietage_Forum3_DEVersion.pdf\" target=\"_blank\">Vortrag zum Abruf als PDF<\/a><\/strong><p><h4>10:30 \u2013 11:00 Uhr<\/h4><p><strong>PINNs \u2013 Genauere Surrogate-Modelle f\u00fcr die Sch\u00e4tzung von Lasten bei elektrischen Komponenten<\/strong><br \/>Christian G\u00fcck \u2013 Fraunhofer-Institut f\u00fcr Energiewirtschaft und Energiesystemtechnik IEE  <\/p><p><strong><a href=\"https:\/\/windenergietage.de\/2025\/wp-content\/uploads\/sites\/10\/2025\/10\/33WET14_F03_1030_Vortrag_PINNs_Windenergietage.pdf\" target=\"_blank\">Vortrag zum Abruf als PDF<\/a><\/strong><p><h4>11:00 \u2013 11:30 Uhr<\/h4><p><strong>Meteorologie und Nachlaufforschung im Forschungspark Windenergie Krummendeich WiValdi<\/strong><br \/>Gerard Kilroy  \u2013 Deutsches Zentrum f\u00fcr Luft- und Raumfahrt. Institut f\u00fcr Physik der Atmosph\u00e4re  <\/p><p><strong><a href=\"https:\/\/windenergietage.de\/2025\/wp-content\/uploads\/sites\/10\/2025\/10\/33WET14_F03_1100_Kilroy_33Windenergietage_V2.pdf\" target=\"_blank\">Vortrag zum Abruf als PDF<\/a><\/strong><p><h4>11:30 \u2013 12:00 Uhr<\/h4><p><strong>BLADEcontrol NXT \u2013 neue leistungsstarke Technik, noch mehr Kundennutzen!<\/strong><br \/>Dr.-Ing. Daniel Schingnitz \u2013 Weidm\u00fcller Monitoring Systems GmbH  <\/p><p><strong><a href=\"https:\/\/windenergietage.de\/2025\/wp-content\/uploads\/sites\/10\/2025\/10\/33WET14_F03_1130_Weidmueller_BCNXT.pdf\" target=\"_blank\">Vortrag zum Abruf als PDF<\/a><\/strong><p><\/div><\/div><\/div><div class=\"toggle group-field\"><div class=\"single-field odd\"><h3 class=\"field-title closed\">Forum 4 \u2013 windConsultant: Europa innovativ und kosteneffizient!<span class=\"ui-toggle-header-icon\"><\/span><\/h3><div class=\"field-text\" style=\"display:none;\"><div class=\"location-logos\"><div><a href=\"https:\/\/www.windconsultant.de\" target=\"_blank\"><img loading=\"lazy\" decoding=\"async\" width=\"300\" height=\"78\" src=\"https:\/\/windenergietage.de\/2025\/wp-content\/uploads\/sites\/10\/2025\/10\/windconsul-300x78.png\" class=\"attachment-medium size-medium\" alt=\"\" srcset=\"https:\/\/windenergietage.de\/2025\/wp-content\/uploads\/sites\/10\/2025\/10\/windconsul-300x78.png 300w, https:\/\/windenergietage.de\/2025\/wp-content\/uploads\/sites\/10\/2025\/10\/windconsul.png 711w\" sizes=\"auto, (max-width: 300px) 100vw, 300px\" \/><\/a><\/div><\/div><h4>09:30 \u2013 09:45 Uhr<\/h4><p><strong>EnergyTConsultant: Pioniere schaffen L\u00f6sungen \u2013 Mehrwert Innovationen<\/strong><br \/>Annette N\u00fcsslein \u2013 EnergyTConsultant - Annette N\u00fcsslein  <\/p><p><strong><a href=\"https:\/\/windenergietage.de\/2025\/wp-content\/uploads\/sites\/10\/2025\/10\/Praesentation-ETC-final-14112025_24112025.pdf\" target=\"_blank\">Vortrag zum Abruf als PDF<\/a><\/strong><p><h4>09:45 \u2013 10:15 Uhr<\/h4><p><strong>T\u00dcV Th\u00fcringen: Druckspeicherpr\u00fcfung innovativ und effizient \u2013 kostensenkend<\/strong><br \/>Ralf Gehrz \u2013 T\u00dcV Th\u00fcringen Industrie Service  <\/p><p><strong><a href=\"https:\/\/windenergietage.de\/2025\/wp-content\/uploads\/sites\/10\/2025\/10\/PP-ID-E-Potsdam-33.-Windenergietage-2025.pdf\" target=\"_blank\">Vortrag zum Abruf als PDF<\/a><\/strong><p><h4>10:15 \u2013 10:45 Uhr<\/h4><p><strong>ERREKA: Bolted Joint Integrity Through Preload Control (mit Live-Pr\u00e4sentation)<\/strong><br \/>Maria Amondarain \u2013 ERREKA Smart Fastening, Gaizka Arregi \u2013 ERREKA Smart Fastening <\/p><p><strong><a href=\"https:\/\/windenergietage.de\/2025\/wp-content\/uploads\/sites\/10\/2025\/10\/ERREKA-SMART-FASTENING.pdf\" target=\"_blank\">Vortrag zum Abruf als PDF<\/a><\/strong><p><h4>10:45 \u2013 11:15 Uhr<\/h4><p><strong>Entrix: Vermarktung in der Praxis: KI-gest\u00fctzter Handel von Stand-Alone-Speichern und Co-Location-Anlagen<\/strong><br \/>Christophe Theis \u2013 Entrix  <\/p><p><strong><a href=\"https:\/\/windenergietage.de\/2025\/wp-content\/uploads\/sites\/10\/2025\/10\/2511_Vortrag_Entrix_Windenergietage_vf.pdf\" target=\"_blank\">Vortrag zum Abruf als PDF<\/a><\/strong><p><h4>11:15 \u2013 11:45 Uhr<\/h4><p><strong>Biome Renewables\u00ae: FeatherEdge\u00ae - Silence is Power<\/strong><br \/>Robin Borgert \u2013 Biome Renewables  <\/p><p><strong><a href=\"https:\/\/windenergietage.de\/2025\/wp-content\/uploads\/sites\/10\/2025\/10\/Feather-Edge-Sales-Presentation-2025-11-10.pdf\" target=\"_blank\">Vortrag zum Abruf als PDF<\/a><\/strong><p><h4>11:45 \u2013 12:15 Uhr<\/h4><p><strong>Abschussdiskussion mit G\u00e4sten: Was treibt uns an? Was macht uns stark?<\/strong><br \/>   <\/p><\/div><\/div><\/div><div class=\"toggle group-field\"><div class=\"single-field odd\"><h3 class=\"field-title closed\">Forum 5 \u2013 Transport &amp; Logistik mit Heavy Path <span class=\"ui-toggle-header-icon\"><\/span><\/h3><div class=\"field-text\" style=\"display:none;\"><div class=\"location-logos\"><div><a href=\"https:\/\/heavy-path.de\/\" target=\"_blank\"><img loading=\"lazy\" decoding=\"async\" width=\"300\" height=\"129\" src=\"https:\/\/windenergietage.de\/2025\/wp-content\/uploads\/sites\/10\/2025\/06\/heavy-path-300x129.png\" class=\"attachment-medium size-medium\" alt=\"\" srcset=\"https:\/\/windenergietage.de\/2025\/wp-content\/uploads\/sites\/10\/2025\/06\/heavy-path-300x129.png 300w, https:\/\/windenergietage.de\/2025\/wp-content\/uploads\/sites\/10\/2025\/06\/heavy-path.png 342w\" sizes=\"auto, (max-width: 300px) 100vw, 300px\" \/><\/a><\/div><\/div><h4>09:30 \u2013 10:00 Uhr<\/h4><p><strong>Aktuelle Forschungsprojekte im Bereich Gro\u00dfraum- und Schwertransporte<\/strong><br \/>Dr. Ren\u00e9 Degen \u2013 CAD CAM Center Cologne der Technischen Hochschule K\u00f6ln<\/p><p><strong><a href=\"https:\/\/windenergietage.de\/2025\/wp-content\/uploads\/sites\/10\/2025\/10\/2025-11-14_Spreewinddtage_4C_v03.pdf\" target=\"_blank\">Vortrag zum Abruf als PDF<\/a><\/strong><p><h4>10:00 \u2013 10:30 Uhr<\/h4><p><strong>Windenergielogistik: \u201eWas geht\u201c<\/strong><br \/>Andreas Petzold \u2013 Nordex Germany GmbH<\/p><p><strong><a href=\"https:\/\/windenergietage.de\/2025\/wp-content\/uploads\/sites\/10\/2025\/11\/WE-Tage-Potsdam-Nov25-Forum-5-NX-APE.pdf\" target=\"_blank\">Vortrag zum Abruf als PDF<\/a><\/strong><p><h4>10:30 \u2013 11:00 Uhr<\/h4><p><strong>Wenn Wege zu Engp\u00e4ssen werden - Infrastruktur am Limit der Windkraft.<\/strong><br \/>Tim Raschemann \u2013 Energiequelle GmbH<\/p><p><strong><a href=\"https:\/\/windenergietage.de\/2025\/wp-content\/uploads\/sites\/10\/2025\/10\/20251114_Wenn-Wege-zu-Engpaessen-werden-Infrastruktur-am-Limit-der-Windkraft_Raschemann-Tim.pdf\" target=\"_blank\">Vortrag zum Abruf als PDF<\/a><\/strong><p><h4>11:00 \u2013 11:30 Uhr<\/h4><p><strong>Modulare Machbarkeitsstudien f\u00fcr Windkrafttransporte \u2013 Von der Routenplanung bis zur 3D-Simulation<\/strong><br \/>Lucas R\u00fcggeberg \u2013 Heavy Path <\/p><p><strong><a href=\"https:\/\/windenergietage.de\/2025\/wp-content\/uploads\/sites\/10\/2025\/10\/HP_Unternehmensvorstellung_Spreewindtage.pdf\" target=\"_blank\">Vortrag zum Abruf als PDF<\/a><\/strong><p><h4>11:30 \u2013 12:00 Uhr<\/h4><p><strong>Von der Stra\u00dfe zur Windkraftanlage \u2013 So gelingt Schwerlastlogistik im Projektgesch\u00e4ft<\/strong><br \/>Olaf Beckedorf \u2013 Big Move AG <\/p><p><strong><a href=\"https:\/\/windenergietage.de\/2025\/wp-content\/uploads\/sites\/10\/2025\/11\/BIGMOVE-_Vortrag_Spreewindtage_WEA_12112025.pdf\" target=\"_blank\">Vortrag zum Abruf als PDF<\/a><\/strong><p><h4>12:00 \u2013 12:30 Uhr<\/h4><p><strong>Podiumsdiskussion mit allen Vortragenden<\/strong><br \/> <\/p><\/div><\/div><\/div><div class=\"toggle group-field\"><div class=\"single-field odd\"><h3 class=\"field-title closed\">Forum 6 \u2013 orka Partnerschaft mbB<span class=\"ui-toggle-header-icon\"><\/span><\/h3><div class=\"field-text\" style=\"display:none;\"><div class=\"location-logos\"><div><a href=\"https:\/\/orka.law\/\" target=\"_blank\"><img loading=\"lazy\" decoding=\"async\" width=\"300\" height=\"168\" src=\"https:\/\/windenergietage.de\/2025\/wp-content\/uploads\/sites\/10\/2025\/06\/orka-Partnerschaft-mbB.png\" class=\"attachment-medium size-medium\" alt=\"\" \/><\/a><\/div><\/div><h4>09:30 \u2013 10:00 Uhr<\/h4><p><strong>Vorstellung und Beginn<\/strong><br \/>Margarete von Oppen \u2013 orka Partnerschaft mbB, Maximilian Grett \u2013 orka Partnerschaft mbB<\/p><h4>09:40 \u2013 10:15 Uhr<\/h4><p><strong>Zwischen Acker und Amt: Agri PV in der Praxis \u2013 Projekte, Stolpersteine, Entwicklungen<\/strong><br \/>Ursula  Mayr \u2013 Kumandra Energy GmbH &amp; Co. KG<\/p><h4>10:15 \u2013 10:45 Uhr<\/h4><p><strong>Kundenanlage, EuGH, BGH \u2013 ist die Versorgung von Industriekunden aus PV-Freifl\u00e4chenanlagen \u00fcber eine direkte Leitung noch zu retten?<\/strong><br \/>Margarete von Oppen \u2013 Partnerin, orka Partnerschaft mbB<\/p><h4>10:45 \u2013 11:15 Uhr<\/h4><p><strong>PAUSE<\/strong><br \/> <\/p><h4>11:15 \u2013 11:45 Uhr<\/h4><p><strong>Moor PV - Ein Teil der L\u00f6sung oder nur nasse F\u00fc\u00dfe - ein Erfahrungsbericht<\/strong><br \/>Andreas Thomas \u2013 beaufort 9 GmbH<\/p><h4>11:45 \u2013 12:30 Uhr<\/h4><p><strong>Win-Win-Win-Konzept Mieterstrom<\/strong><br \/>Ralph Guttenberger \u2013 Gr\u00fcnder und Gesch\u00e4ftsf\u00fchrer; Kalipe Grundst\u00fccksservice und Vertriebs-GmbH<\/p><\/div><\/div><\/div><div class=\"toggle group-field\"><div class=\"single-field odd\"><h3 class=\"field-title closed\">Forum 7 \u2013 Kontinuit\u00e4t oder Neustart? \u2013 Wie geht es weiter bei Genehmigungen, EEG-F\u00f6rderung und Netzanschl\u00fcssen?<span class=\"ui-toggle-header-icon\"><\/span><\/h3><div class=\"field-text\" style=\"display:none;\"><div class=\"location-logos\"><div><a href=\"https:\/\/stiftung-umweltenergierecht.de\/\" target=\"_blank\"><img loading=\"lazy\" decoding=\"async\" width=\"300\" height=\"146\" src=\"https:\/\/windenergietage.de\/2025\/wp-content\/uploads\/sites\/10\/2025\/08\/SUER_LOGO_RGB_NEU-300x146.png\" class=\"attachment-medium size-medium\" alt=\"\" srcset=\"https:\/\/windenergietage.de\/2025\/wp-content\/uploads\/sites\/10\/2025\/08\/SUER_LOGO_RGB_NEU-300x146.png 300w, https:\/\/windenergietage.de\/2025\/wp-content\/uploads\/sites\/10\/2025\/08\/SUER_LOGO_RGB_NEU-1024x500.png 1024w, https:\/\/windenergietage.de\/2025\/wp-content\/uploads\/sites\/10\/2025\/08\/SUER_LOGO_RGB_NEU-768x375.png 768w, https:\/\/windenergietage.de\/2025\/wp-content\/uploads\/sites\/10\/2025\/08\/SUER_LOGO_RGB_NEU.png 1045w\" sizes=\"auto, (max-width: 300px) 100vw, 300px\" \/><\/a><\/div><\/div><h4>09:30 \u2013 10:20 Uhr<\/h4><p><strong>Genehmigungsbeschleunigung<\/strong><br \/>Maria Deutinger \u2013 Stiftung Umweltenergierecht  <\/p><p><strong><a href=\"https:\/\/windenergietage.de\/2025\/wp-content\/uploads\/sites\/10\/2025\/09\/Deutinger_Genehmigungsbeschleunigung_Windenergietage_final_2025-11-14.pdf\" target=\"_blank\">Vortrag zum Abruf als PDF<\/a><\/strong><p><h4>10:30 \u2013 11:20 Uhr<\/h4><p><strong>Neues F\u00f6rderdesign im EEG<\/strong><br \/>Dr. Markus Kahles \u2013 Stiftung Umweltenergierecht  <\/p><p><strong><a href=\"https:\/\/windenergietage.de\/2025\/wp-content\/uploads\/sites\/10\/2025\/09\/Kahles_Neues-Foerderdesign-im-EEG_Windenergietage_2025-11-14.pdf\" target=\"_blank\">Vortrag zum Abruf als PDF<\/a><\/strong><p><h4>11:30 \u2013 12:20 Uhr<\/h4><p><strong>Flexible Netzanschlussvereinbarungen (FCA)<\/strong><br \/>Dr. Yvonne Kerth \u2013 Stiftung Umweltenergierecht  <\/p><p><strong><a href=\"https:\/\/windenergietage.de\/2025\/wp-content\/uploads\/sites\/10\/2025\/09\/Kerth_Flexible-Netzanschlussvereinbarungen_Windenergietage_2025-11-14.pdf\" target=\"_blank\">Vortrag zum Abruf als PDF<\/a><\/strong><p><h4>12:20 \u2013 13:00 Uhr<\/h4><p><strong>Gelegenheit zum Austausch mit den Referierenden<\/strong><br \/>Dr. Yvonne Kerth \u2013 Stiftung Umweltenergierecht  <\/p><\/div><\/div><\/div><div class=\"toggle group-field\"><div class=\"single-field odd\"><h3 class=\"field-title closed\">Forum 8 \u2013 Wasserstoff<span class=\"ui-toggle-header-icon\"><\/span><\/h3><div class=\"field-text\" style=\"display:none;\"><h4>09:30 \u2013 10:00 Uhr<\/h4><p><strong>Status Quo Wind und Wasserstoff<\/strong><br \/>Prof. Dr. Carsten Fichter \u2013 Bremerhaven University of Applied Sciences  <\/p><p><strong><a href=\"https:\/\/windenergietage.de\/2025\/wp-content\/uploads\/sites\/10\/2025\/10\/33WET14_F08_09301000_Bremerhaven-University-of-Applied-Sciences.pdf\" target=\"_blank\">Vortrag zum Abruf als PDF<\/a><\/strong><p><h4>10:00 \u2013 10:30 Uhr<\/h4><p><strong>Rettung des Wasserstoffhochlaufs durch Neuerungen bei der THG-Quote?<\/strong><br \/>Veronika Thalhammer \u2013 Osborne Clarke PartmbB  <\/p><p><strong><a href=\"https:\/\/windenergietage.de\/2025\/wp-content\/uploads\/sites\/10\/2025\/10\/33WET14_F08_1000_OsborneClarke.pdf\" target=\"_blank\">Vortrag zum Abruf als PDF<\/a><\/strong><p><h4>10:30 \u2013 11:00 Uhr<\/h4><p><strong>tba<\/strong><br \/>Christian Wolff \u2013 Ramboll Deutschland GmbH<\/p><p>VORTRAG F\u00c4LLT AUS<\/p>\n<h4>11:00 \u2013 11:30 Uhr<\/h4><p><strong>Mehr als Wind: Hybridparks als Schl\u00fcssel zur Energiewende 2.0<\/strong><br \/>Nina Riechelmann \u2013 EEF Erneuerbare Energien Fabrik GmbH  <\/p><p><strong><a href=\"https:\/\/windenergietage.de\/2025\/wp-content\/uploads\/sites\/10\/2025\/10\/33WET14_F08_1100_EEF_Riechelmann.pdf\" target=\"_blank\">Vortrag zum Abruf als PDF<\/a><\/strong><p><h4>11:30 \u2013 12:00 Uhr<\/h4><p><strong>Wie verkauft man Wasserstoff \u2013 Hydrogen Purchase Agreements (HPAs)<\/strong><br \/>Michael Grabau \u2013 LPA LAW TAX<\/p><\/div><\/div><\/div><div class=\"toggle group-field\"><div class=\"single-field odd\"><h3 class=\"field-title closed\">Forum 9 \u2013 Recht &amp; Paragraphenreiterei<span class=\"ui-toggle-header-icon\"><\/span><\/h3><div class=\"field-text\" style=\"display:none;\"><h4>09:30 \u2013 10:00 Uhr<\/h4><p><strong>Repowering und \u201eGrundz\u00fcge\u201c (OVG MD), Vorbescheid und \u201eWindhundprinzip\u201c (OVG BlnBbg) \u2013 aktueller Report aus dem Gerichtssaal, f\u00fcr Projektierer!<\/strong><br \/>Dr. Michael Rolshoven \u2013 tettau Partnerschaft  <\/p><p><strong><a href=\"https:\/\/windenergietage.de\/2025\/wp-content\/uploads\/sites\/10\/2025\/10\/251107-Repowering-final.pdf\" target=\"_blank\">Vortrag zum Abruf als PDF<\/a><\/strong><p><h4>10:00 \u2013 10:30 Uhr<\/h4><p><strong>Bauleitplanung f\u00fcr Gro\u00dfbatteriespeicher<\/strong><br \/>Dr. Katharina Bader-Plabst, LL.M. (Auckland)  \u2013 Kapellmann und Partner Rechtsanw\u00e4lte  <\/p><p><strong><a href=\"https:\/\/windenergietage.de\/2025\/wp-content\/uploads\/sites\/10\/2025\/10\/33WET14_F09_1000_Kapellmann.pdf\" target=\"_blank\">Vortrag zum Abruf als PDF<\/a><\/strong><p><h4>10:30 \u2013 11:00 Uhr<\/h4><p><strong>Green Lights durch Umsetzung von RED III?<\/strong><br \/>Alexander Fleischer \u2013 PROMETHEUS  Rechtsanwaltsgesellschaft mbH  <\/p><p><strong><a href=\"https:\/\/windenergietage.de\/2025\/wp-content\/uploads\/sites\/10\/2025\/10\/33WET14_F09_1030_prometheus-003.pdf\" target=\"_blank\">Vortrag zum Abruf als PDF<\/a><\/strong><p><h4>11:00 \u2013 11:30 Uhr<\/h4><p><strong>Genossenschaft statt KG oder Nachrangdarlehen? Welche Beteiligungsform ist die passende?<\/strong><br \/>Dr. Ferdinand Unzicker \u2013 Unzicker Rechtsanw\u00e4lte PartGmbB  <\/p><p><strong><a href=\"https:\/\/windenergietage.de\/2025\/wp-content\/uploads\/sites\/10\/2025\/10\/33WET14_F09_1100_Unzicker.pdf\" target=\"_blank\">Vortrag zum Abruf als PDF<\/a><\/strong><p><h4>11:30 \u2013 12:00 Uhr<\/h4><p><strong>Privilegiert gespeichert? Planungs- und Genehmigungsrecht f\u00fcr Batteriespeicher<\/strong><br \/>Dr. Patrick Schulz \u2013 Brahms, Nebel &amp; Kollegen  <\/p><p><strong><a href=\"https:\/\/windenergietage.de\/2025\/wp-content\/uploads\/sites\/10\/2025\/10\/33WET14_F09_1130_BrahmsNebelKollegen_neu.pdf\" target=\"_blank\">Vortrag zum Abruf als PDF<\/a><\/strong><p><\/div><\/div><\/div><div class=\"toggle group-field\"><div class=\"single-field odd\"><h3 class=\"field-title closed\">Forum 10 \u2013 KI<span class=\"ui-toggle-header-icon\"><\/span><\/h3><div class=\"field-text\" style=\"display:none;\"><p>Moderation von Ralph &amp; Nathan Brendler<\/p>\n<h4>09:30 \u2013 10:15 Uhr<\/h4><p><strong>Reality Check:\u00a0Wie viel KI braucht Ihr Unternehmen wirklich?<\/strong><br \/>Dr. Stefan Hennig \u2013 ACP IT Solutions GmbH, Jan Oldigs \u2013 ACP IT Solutions GmbH <\/p><h4>10:15 \u2013 10:45 Uhr<\/h4><p><strong>Hochspezialisierte KI Assistenz bei Due Diligence Verfahren<\/strong><br \/>Jens Kulenkampff \u2013 digital@work &amp; 8.2, Timmo Seebo \u2013 8.2 Consulting AG<\/p><p><strong><a href=\"https:\/\/windenergietage.de\/2025\/wp-content\/uploads\/sites\/10\/2025\/10\/33WET14_F10_1015_1145_digital-at-work-GmbH.pdf\" target=\"_blank\">Vortrag zum Abruf als PDF<\/a><\/strong><p><h4>10:45 \u2013 11:15 Uhr<\/h4><p><strong>KI Forschung und Ultraschallpr\u00fcfverfahren<\/strong><br \/>Nils Langhein \u2013 C.A.R Vertriebsgesellschaft  <\/p><p>Vortrag f\u00e4llt aus<\/p>\n<p><strong><a href=\"https:\/\/windenergietage.de\/2025\/wp-content\/uploads\/sites\/10\/2025\/10\/33WET14_F10_1115_Praesentation_KI-im-BCM.pdf\" target=\"_blank\">Vortrag zum Abruf als PDF<\/a><\/strong><p><h4>11:15 \u2013 11:45 Uhr<\/h4><p><strong>KI in der Vorbereitung auf die Krise<\/strong><br \/>Wiebke Seydel \u2013 BCM Seydel<\/p><p><strong>Weitere Informationen unter: <a href=\"https:\/\/bcm-seydel.de\/\" target=\"_blank\" rel=\"noopener\">https:\/\/bcm-seydel.de\/<\/a><\/strong><\/p>\n<p><strong><a href=\"https:\/\/windenergietage.de\/2025\/wp-content\/uploads\/sites\/10\/2025\/11\/Praesentation_KI-im-BCM.pdf\" target=\"_blank\">Vortrag zum Abruf als PDF<\/a><\/strong><p><\/div><\/div><\/div><div class=\"toggle group-field\"><div class=\"single-field odd\"><h3 class=\"field-title closed\">Forum 11 \u2013 BESS<span class=\"ui-toggle-header-icon\"><\/span><\/h3><div class=\"field-text\" style=\"display:none;\"><h4>09:30 \u2013 10:00 Uhr<\/h4><p><strong>Batteriespeicher \u2013 Contracts and Confusion<\/strong><br \/>Dr. Kerstin Henrich \u2013 Dentons Europe (Germany) GmbH &amp; Co. KG  <\/p><p><strong><a href=\"https:\/\/windenergietage.de\/2025\/wp-content\/uploads\/sites\/10\/2025\/10\/33WET14_F11_0930_Dentons_Henrich.pdf\" target=\"_blank\">Vortrag zum Abruf als PDF<\/a><\/strong><p><h4>10:00 \u2013 10:30 Uhr<\/h4><p><strong>BESS-Projekte zwischen Genehmigung, Netz und Realit\u00e4t - wie die erfolgreiche Umsetzung komplexer Speicherprojekte gelingt<\/strong><br \/>Marco Pape \u2013 INTILION AG  <\/p><p><strong><a href=\"https:\/\/windenergietage.de\/2025\/wp-content\/uploads\/sites\/10\/2025\/10\/Praesentation_Windtage_B.D._2025.pdf\" target=\"_blank\">Vortrag zum Abruf als PDF<\/a><\/strong><p><h4>10:30 \u2013 11:00 Uhr<\/h4><p><strong>Gro\u00dfbatteriespeicher: Die Antwort auf negative Strompreise<\/strong><br \/>Nick Uhlmann \u2013 EnBW Energie Baden-W\u00fcrttemberg AG  <\/p><p><strong><a href=\"https:\/\/windenergietage.de\/2025\/wp-content\/uploads\/sites\/10\/2025\/10\/33WET14_F11_1030_EnBWAG.pdf\" target=\"_blank\">Vortrag zum Abruf als PDF<\/a><\/strong><p><h4>11:00 \u2013 11:30 Uhr<\/h4><p><strong>Batteriespeicher<\/strong><br \/>Daniel Pinho \u2013 AXSOL GmbH  <\/p><p>Vortrag f\u00e4llt aus<\/p>\n<\/div><\/div><\/div><div class=\"toggle group-field\"><div class=\"single-field odd\"><h3 class=\"field-title closed\">Forum 12 \u2013 Artenschutz<span class=\"ui-toggle-header-icon\"><\/span><\/h3><div class=\"field-text\" style=\"display:none;\"><h4>09:30 \u2013 10:00 Uhr<\/h4><p><strong>Aktuelle artenschutzrechtliche Herausforderungen bei der Genehmigung von Windenergieanlagen<\/strong><br \/>Dr. Markus Behnisch \u2013 Ga\u00dfner, Groth, Siederer & Coll  <\/p><h4>10:00 \u2013 10:30 Uhr<\/h4><p><strong>Ertragsverlustberechnungen zum Schutz kollisionsgef\u00e4hrdeter Vogelarten - IdentiFlight als zumutbare Schutzma\u00dfnahme<\/strong><br \/>Eva Schuster \u2013 IdentiFlight Deutschland  <\/p><p><strong><a href=\"https:\/\/windenergietage.de\/2025\/wp-content\/uploads\/sites\/10\/2025\/10\/251114_Ertragsverlustberechnung_IdentiFlight_Schuster.pdf\" target=\"_blank\">Vortrag zum Abruf als PDF<\/a><\/strong><p><h4>10:30 \u2013 11:00 Uhr<\/h4><p><strong>Anwendung des Pr\u00fcfrahmen AKS aus Sicht einer unabh\u00e4ngigen Stelle<\/strong><br \/>Dr. Jan Hauschild \u2013 T\u00dcV NORD EnSys GmbH &amp; Co. KG  <\/p><p><strong><a href=\"https:\/\/windenergietage.de\/2025\/wp-content\/uploads\/sites\/10\/2025\/10\/33WET14_F12_1030_TUeV-NORD-EnSys.pdf\" target=\"_blank\">Vortrag zum Abruf als PDF<\/a><\/strong><p><h4>11:00 \u2013 11:30 Uhr<\/h4><p><strong>Das Probalilistik-Konzept des Bundes - \"Cargo-Cult Science\"?<\/strong><br \/>Dr. Hartwig Schl\u00fcter \u2013 EnerPlan Projektentwicklung GmbH  <\/p><p><strong><a href=\"https:\/\/windenergietage.de\/2025\/wp-content\/uploads\/sites\/10\/2025\/10\/251114SpreewindVortr-2PDF.pdf\" target=\"_blank\">Vortrag zum Abruf als PDF<\/a><\/strong><p><h4>11:30 \u2013 12:00 Uhr<\/h4><p><strong>Habitatmodellierung und Prognose des Kollisionsrisikos f\u00fcr den Rotmilan<\/strong><br \/>Dr. Rainer Raab \u2013 TB Raab GmbH  <\/p><p><strong><a href=\"https:\/\/windenergietage.de\/2025\/wp-content\/uploads\/sites\/10\/2025\/10\/33WET14_F12_1130_TBRaabGmbH.pdf\" target=\"_blank\">Vortrag zum Abruf als PDF<\/a><\/strong><p><\/div><\/div><\/div><div class=\"toggle group-field\"><div class=\"single-field odd\"><h3 class=\"field-title closed\">Forum 13 \u2013 Rechts- und Steuerberatung f\u00fcr WKA in Polen: VON ZANTHIER &amp; DACHOWSKI<span class=\"ui-toggle-header-icon\"><\/span><\/h3><div class=\"field-text\" style=\"display:none;\"><div class=\"location-logos\"><div><a href=\"https:\/\/www.vonzanthier.com\/de\" target=\"_blank\"><img loading=\"lazy\" decoding=\"async\" width=\"225\" height=\"144\" src=\"https:\/\/windenergietage.de\/2025\/wp-content\/uploads\/sites\/10\/2025\/06\/von-zanthier.jpg\" class=\"attachment-medium size-medium\" alt=\"\" \/><\/a><\/div><\/div><h3><strong>GO EAST POLEN<\/strong><\/h3>\n<h4>Rechts- und Steuerberatung f\u00fcr WKA in Polen: VON ZANTHIER &amp; DACHOWSKI<\/h4>\n<p>Bitte melden sie sich f\u00fcr dieses Forum an unter <strong><a href=\"mailto:info@spreewind.de\" target=\"_blank\" rel=\"noopener\">info@spreewind.de<\/a><\/strong><\/p>\n<p><em>Moderation: RA\/radca prawny Henning von Zanthier, LL.M.; Berlin+Poznan<\/em><\/p>\n<p><strong>Neues WE-Eldorado Polen ? Neue Gesetze, u.a.Liberalisierung der 10H-Regelung<\/strong><br \/>RA Jakub Wysocki \u2013 VON ZANTHIER &amp; DACHOWSKI<\/p><p><strong>Finanzielle Aspekte der Entwicklung eines Windparks in Polen<\/strong><br \/>n.n.  \u2013 FUNK International Polska GmbH<\/p><p><strong>Green way from wind measurements to comprehensive maintenance of the wind farm<\/strong><br \/>Maciej \u0141az \u2013 Windhunter Service<\/p><p><strong>Herausforderungen eines Windparksdevelopers in Polen<\/strong><br \/>Eryk Lach \u2013 ONDE AG<\/p><p><strong>Rechtstipps vom Praktiker f\u00fcr den Praktiker<\/strong><br \/>RAe Justyna Loretanska \u2013 VON ZANTHIER &amp; DACHOWSKI, RA Jakub Wysocki \u2013 VON ZANTHIER &amp; DACHOWSKI<\/p><\/div><\/div><\/div><div class=\"toggle group-field\"><div class=\"single-field odd\"><h3 class=\"field-title closed\">Forum 14 \u2013 KI-Forum mit Tedexa <span class=\"ui-toggle-header-icon\"><\/span><\/h3><div class=\"field-text\" style=\"display:none;\"><div class=\"location-logos\"><div><a href=\"https:\/\/www.tedexa.de\/\" target=\"_blank\"><img loading=\"lazy\" decoding=\"async\" width=\"200\" height=\"49\" src=\"https:\/\/windenergietage.de\/2025\/wp-content\/uploads\/sites\/10\/2025\/03\/tedexa_trans.png\" class=\"attachment-medium size-medium\" alt=\"\" \/><\/a><\/div><div><a href=\"https:\/\/www.avameo.de\/\" target=\"_blank\"><img loading=\"lazy\" decoding=\"async\" width=\"200\" height=\"49\" src=\"https:\/\/windenergietage.de\/2025\/wp-content\/uploads\/sites\/10\/2025\/03\/avameo_trans.png\" class=\"attachment-medium size-medium\" alt=\"\" \/><\/a><\/div><div><a href=\"https:\/\/varyfy.de\/\" target=\"_blank\"><img loading=\"lazy\" decoding=\"async\" width=\"300\" height=\"108\" src=\"https:\/\/windenergietage.de\/2025\/wp-content\/uploads\/sites\/10\/2025\/10\/Logo-RZ-300x108.png\" class=\"attachment-medium size-medium\" alt=\"\" srcset=\"https:\/\/windenergietage.de\/2025\/wp-content\/uploads\/sites\/10\/2025\/10\/Logo-RZ-300x108.png 300w, https:\/\/windenergietage.de\/2025\/wp-content\/uploads\/sites\/10\/2025\/10\/Logo-RZ-1024x367.png 1024w, https:\/\/windenergietage.de\/2025\/wp-content\/uploads\/sites\/10\/2025\/10\/Logo-RZ-768x275.png 768w, https:\/\/windenergietage.de\/2025\/wp-content\/uploads\/sites\/10\/2025\/10\/Logo-RZ.png 1196w\" sizes=\"auto, (max-width: 300px) 100vw, 300px\" \/><\/a><\/div><\/div><p>Weiterf\u00fchrende Informationen <span style=\"color: #00ccff\"><a style=\"color: #00ccff\" href=\"https:\/\/tedexa.de\/downloads\/tedexa-booklet-spreewind-2025-web.pdf\" target=\"_blank\" rel=\"noopener\"><strong>HIER<\/strong><\/a><\/span><\/p>\n<h4>09:00 \u2013 10:30 Uhr<\/h4><p><strong>Workshop 1 - Vibe-Coding<\/strong><br \/>Ferdinand Biere \u2013 DeepMetis, Michael Darnieder \u2013 TEDEXA <\/p><p>Prompting war gestern \u2013 jetzt kommt Vibe Coding.<br \/>\nIn diesem Workshop erleben Sie live, wie Mensch und KI gemeinsam Software erschaffen. Statt starre Befehle zu tippen, steuern Sie intelligente Agenten, die Code generieren, testen und verbessern. Sie lernen, wie man aus einer Idee in Rekordzeit eine funktionierende App baut \u2013 mit KI als Co-Developer.<\/p>\n<h4>10:30 \u2013 10:45 Uhr<\/h4><p><strong>Kaffepause<\/strong><br \/>   <\/p><h4>10:45 \u2013 12:15 Uhr<\/h4><p><strong>Workshop 2 - Vibe-Coding<\/strong><br \/>Ferdinand Biere \u2013 DeepMetis, Michael Darnieder \u2013 TEDEXA <\/p><p>Wer Workshop 1 verpasst hat, bekommt hier die zweite Chance!<\/p>\n<\/div><\/div><\/div><div class=\"toggle group-field\"><div class=\"single-field odd\"><h3 class=\"field-title closed\">Forum 15 \u2013 Energie mit Charakter \u2013 Authentika unter Strom Was Sie schon immer \u00fcber \u2026 EE \u2026 wissen wollten, aber nie zu fragen wagten.<span class=\"ui-toggle-header-icon\"><\/span><\/h3><div class=\"field-text\" style=\"display:none;\"><div class=\"location-logos\"><div><a href=\"https:\/\/www.maslaton.de\/\" target=\"_blank\"><img loading=\"lazy\" decoding=\"async\" width=\"300\" height=\"101\" src=\"https:\/\/windenergietage.de\/2025\/wp-content\/uploads\/sites\/10\/2025\/09\/maslaton_Komplettes_Logo_blackBlue1_cmyk_2022-300x101.png\" class=\"attachment-medium size-medium\" alt=\"\" srcset=\"https:\/\/windenergietage.de\/2025\/wp-content\/uploads\/sites\/10\/2025\/09\/maslaton_Komplettes_Logo_blackBlue1_cmyk_2022-300x101.png 300w, https:\/\/windenergietage.de\/2025\/wp-content\/uploads\/sites\/10\/2025\/09\/maslaton_Komplettes_Logo_blackBlue1_cmyk_2022-1024x345.png 1024w, https:\/\/windenergietage.de\/2025\/wp-content\/uploads\/sites\/10\/2025\/09\/maslaton_Komplettes_Logo_blackBlue1_cmyk_2022-768x259.png 768w, https:\/\/windenergietage.de\/2025\/wp-content\/uploads\/sites\/10\/2025\/09\/maslaton_Komplettes_Logo_blackBlue1_cmyk_2022-1536x517.png 1536w, https:\/\/windenergietage.de\/2025\/wp-content\/uploads\/sites\/10\/2025\/09\/maslaton_Komplettes_Logo_blackBlue1_cmyk_2022-2048x689.png 2048w\" sizes=\"auto, (max-width: 300px) 100vw, 300px\" \/><\/a><\/div><\/div><h4>09:30 \u2013 12:00 Uhr<\/h4><p><strong>Begr\u00fc\u00dfungswort<\/strong><br \/>Prof. Dr. Martin Maslaton \u2013 MASLATON Rechtsanwaltsgesellschaft mbH, Dr. Sabrina Warmuth \u2013 MASLATON Rechtsanwaltsgesellschaft mbH, Moritz M\u00fcller \u2013 MASLATON Rechtsanwaltsgesellschaft mbH, Ingolf Sonntag \u2013 MASLATON Rechtsanwaltsgesellschaft mbH<\/p><p>Rechtsberatung auf der Spreewind? Gibt es (leider) nicht kostenlos. Aber eine gute Idee hatten wir dennoch:<\/p>\n<p>Diskussionsrunde zum Rechtsrahmen der Energiewende<\/p>\n<p>In unserem Forum geben unsere Experten einen \u00dcberblick \u00fcber Ihre Rechtsfragen aus der Praxis \u2013 verst\u00e4ndlich und praxisnah.<\/p>\n<h4>12:00 \u2013 12:30 Uhr<\/h4><p><strong>Schlusswort<\/strong><br \/>Prof. Dr. Martin Maslaton \u2013 MASLATON Rechtsanwaltsgesellschaft mbH<\/p><\/div><\/div><\/div><div class=\"toggle group-field\"><div class=\"single-field odd\"><h3 class=\"field-title closed\">Forum 16 \u2013 Mit mehr Gelassenheit zu mehr Erfolg! \u2013 Und zwar so\u2026<span class=\"ui-toggle-header-icon\"><\/span><\/h3><div class=\"field-text\" style=\"display:none;\"><div class=\"location-logos\"><div><a href=\"https:\/\/josefin-hahn.de\/\" target=\"_blank\"><img loading=\"lazy\" decoding=\"async\" width=\"300\" height=\"257\" src=\"https:\/\/windenergietage.de\/2025\/wp-content\/uploads\/sites\/10\/2025\/09\/logo_josefinhahn_2c_hoch_rgb-300x257.png\" class=\"attachment-medium size-medium\" alt=\"\" srcset=\"https:\/\/windenergietage.de\/2025\/wp-content\/uploads\/sites\/10\/2025\/09\/logo_josefinhahn_2c_hoch_rgb-300x257.png 300w, https:\/\/windenergietage.de\/2025\/wp-content\/uploads\/sites\/10\/2025\/09\/logo_josefinhahn_2c_hoch_rgb-1024x876.png 1024w, https:\/\/windenergietage.de\/2025\/wp-content\/uploads\/sites\/10\/2025\/09\/logo_josefinhahn_2c_hoch_rgb-768x657.png 768w, https:\/\/windenergietage.de\/2025\/wp-content\/uploads\/sites\/10\/2025\/09\/logo_josefinhahn_2c_hoch_rgb.png 1403w\" sizes=\"auto, (max-width: 300px) 100vw, 300px\" \/><\/a><\/div><\/div><h4>09:30 \u2013 11:00 Uhr<\/h4><p><strong>Mit mehr Gelassenheit zu mehr Erfolg! \u2013 Und zwar so\u2026<\/strong><br \/>Josefin Hahn \u2013 Josefin Hahn UG <\/p><p>Druck, hohe Erwartungen und st\u00e4ndige Erreichbarkeit \u2013 unser Alltag f\u00fchlt sich oft an wie ein Berg, nur ohne Gipfel.<\/p>\n<p>Besonders im Berufsleben sorgen Ver\u00e4nderungsprozesse, steigende Verantwortung und Arbeitsbelastung, schwierige Teamdynamiken und der Druck, Unternehmensziele mit immer weniger Ressourcen zu erreichen, f\u00fcr Stress. Doch wer st\u00e4ndig unter Spannung steht, verliert den Blick f\u00fcrs Wesentliche, trifft schlechtere Entscheidungen und sch\u00f6pft sein Potenzial nicht aus.<\/p>\n<p>In diesem interaktiven Forum zeigt Dir Bergsteigerin (6.000 m +), Juristin und Life &amp; Balance Coachin Josefin Hahn, wie Du mit mehr Gelassenheit entspannt auf dem Gipfel ankommst. Es wird darum gehen, warum es sich lohnt, auf die Bremse zu treten, um damit weiter zu kommen als zuvor. Denn wer den R\u00fcckenwind des Wandels zu nutzen wei\u00df, kann seine Energie gezielt einsetzen, anstatt gegen den Sturm anzuk\u00e4mpfen.<\/p>\n<p>Du erf\u00e4hrst unter anderem,<\/p>\n<ul>\n<li>wie Du es schaffst, nach dem Feierabend nicht st\u00e4ndig an den Job zu denken, um die Zeit mit der Familie bewusst zu erleben.<\/li>\n<li>wie Du innere Unruhe aufl\u00f6st, um auch in stressigen Momenten ruhig zu bleiben und<\/li>\n<li>warum Du mit kleinen Schritten die n\u00e4chste Karrierestufe erreichst, ohne auszubrennen.<\/li>\n<\/ul>\n<p><strong>Unter allen Teilnehmern werden f\u00fcnf Pl\u00e4tze f\u00fcr ein 30-min\u00fctiges Vorgespr\u00e4ch verlost.<\/strong> Wir besprechen Deine konkrete Situation und Du erh\u00e4ltst Vorschl\u00e4ge, die Du schon am n\u00e4chsten Tag um 9 Uhr umsetzen kannst \u2013 um gelassener in Deinem Job zu agieren und dennoch den gleichen oder gr\u00f6\u00dfere Erfolge zu erzielen.<\/p>\n<h4>Anmeldung:<\/h4>\n<p>Die <strong>Teilnehmerzahl ist begrenzt<\/strong>. Um sich einen Platz und damit die Chance auf das 30-min\u00fctige Vorgespr\u00e4ch zu sichern, melde Dich an unter <a href=\"mailto:kontakt@josefin-hahn.de\">kontakt@josefin-hahn.de<\/a><\/p>\n<p>&nbsp;<\/p>\n<p>Wenn Du Dich schon vorab in entspannten Gedanken \u00fcben m\u00f6chtest, kannst Du in meinen Podcast <strong>\u201eInner Silence | Der Podcast f\u00fcr entspannte Gedanken\u201c<\/strong> hineinh\u00f6ren. Es gibt ihn \u00fcberall, wo Du Podcasts streamen kannst.<\/p>\n<p><strong><a href=\"https:\/\/windenergietage.de\/2025\/wp-content\/uploads\/sites\/10\/2025\/09\/klein_33.-Windenergietage-Potsdam-14.11.2025-Mit-mehr-Gelassenheit-zu-mehr-Erfolg-und-zwar-so.pdf\" target=\"_blank\">Vortrag zum Abruf als PDF<\/a><\/strong><p><\/div><\/div><\/div><div class=\"toggle group-field\"><div class=\"single-field odd\"><h3 class=\"field-title closed\">Forum 21 \u2013 ALKIS, QGIS und alle Dokumente im Team<span class=\"ui-toggle-header-icon\"><\/span><\/h3><div class=\"field-text\" style=\"display:none;\"><div class=\"location-logos\"><div><a href=\"https:\/\/rkdrei.de\/\" target=\"_blank\"><img loading=\"lazy\" decoding=\"async\" width=\"300\" height=\"180\" src=\"https:\/\/windenergietage.de\/2025\/wp-content\/uploads\/sites\/10\/2025\/09\/rk3_logo_transp-300x180.png\" class=\"attachment-medium size-medium\" alt=\"\" srcset=\"https:\/\/windenergietage.de\/2025\/wp-content\/uploads\/sites\/10\/2025\/09\/rk3_logo_transp-300x180.png 300w, https:\/\/windenergietage.de\/2025\/wp-content\/uploads\/sites\/10\/2025\/09\/rk3_logo_transp.png 559w\" sizes=\"auto, (max-width: 300px) 100vw, 300px\" \/><\/a><\/div><\/div><h4>09:30 \u2013 10:00 Uhr<\/h4><p><strong>Alle Flurst\u00fccksinformationen von allen Projekten zentral erfassen und verwalten<\/strong><br \/>Lars Roskoden \u2013 rkDrei GmbH, Bj\u00f6rn Kilian \u2013 rkDrei GmbH<\/p><p>Vortrag zum Abruf <a href=\"https:\/\/rkdrei.de\/vortraege\/wet2025\/vortrag01.html\" target=\"_blank\" rel=\"noopener\"><strong>HIER<\/strong><\/a><\/p>\n<h4>10:00 \u2013 10:30 Uhr<\/h4><p><strong>Mit QGIS im Team die Projektierung vereinfachen und beschleunigen<\/strong><br \/>Lars Roskoden \u2013 rkDrei GmbH, Bj\u00f6rn Kilian \u2013 rkDrei GmbH<\/p><p>Vortrag zum Abruf <a href=\"https:\/\/rkdrei.de\/vortraege\/wet2025\/vortrag02.html\" target=\"_blank\" rel=\"noopener\"><strong>HIER<\/strong><\/a><\/p>\n<h4>10:30 \u2013 11:00 Uhr<\/h4><p><strong>Alles im Blick: Personen, Karten und Dokumente direkt im Intranet-Browser<\/strong><br \/>Lars Roskoden \u2013 rkDrei GmbH, Bj\u00f6rn Kilian \u2013 rkDrei GmbH<\/p><p>Vortrag zum Abruf <a href=\"https:\/\/rkdrei.de\/vortraege\/wet2025\/vortrag03.html\" target=\"_blank\" rel=\"noopener\"><strong>HIER<\/strong><\/a><\/p>\n<h4>11:00 \u2013 11:30 Uhr<\/h4><p><strong>Das Ringen um Ordnung: DokumentenManagementSystem vs. Dateiserver \u2013 Was passt wann?<\/strong><br \/>Lars Roskoden \u2013 rkDrei GmbH, Bj\u00f6rn Kilian \u2013 rkDrei GmbH<\/p><p>Vortrag zum Abruf <a href=\"https:\/\/rkdrei.de\/vortraege\/wet2025\/vortrag04.html\" target=\"_blank\" rel=\"noopener\"><strong>HIER<\/strong><\/a><\/p>\n<h4>11:30 \u2013 12:00 Uhr<\/h4><p><strong>Kleine Firma, gro\u00dfe Wirkung: Erfahrungsbericht, warum digitale Abl\u00e4ufe den Unterschied machen<\/strong><br \/>Lars Roskoden \u2013 rkDrei GmbH, Bj\u00f6rn Kilian \u2013 rkDrei GmbH<\/p><p>Vortrag zum Abruf <a href=\"https:\/\/rkdrei.de\/vortraege\/wet2025\/vortrag05.html\" target=\"_blank\" rel=\"noopener\"><strong>HIER<\/strong><\/a><\/p>\n<h4>12:00 \u2013 12:30 Uhr<\/h4><p><strong>Unsere Daten, unsere Cloud: Strategien f\u00fcr souver\u00e4nes Hosting<\/strong><br \/>Lars Roskoden \u2013 rkDrei GmbH, Bj\u00f6rn Kilian \u2013 rkDrei GmbH<\/p><p>Vortrag zum Abruf <a href=\"https:\/\/rkdrei.de\/vortraege\/wet2025\/vortrag06.html\" target=\"_blank\" rel=\"noopener\"><strong>HIER<\/strong><\/a><\/p>\n<\/div><\/div><\/div><div class=\"toggle group-field\"><div class=\"single-field odd\"><h3 class=\"field-title closed\">Forum 22 \u2013 Wind trifft Wirklichkeit - Zwischen Auflagen und Ausnahmen<span class=\"ui-toggle-header-icon\"><\/span><\/h3><div class=\"field-text\" style=\"display:none;\"><h4>09:30 \u2013 10:00 Uhr<\/h4><p><strong>Til\u00b4s Eulenspiegel: B\u00fcrokratische Liebhaberst\u00fccke zwischen Illusion und Recht?<\/strong><br \/>Tilman Kluge \u2013 Tilman Kluge  <\/p><p><strong><a href=\"https:\/\/windenergietage.de\/2025\/wp-content\/uploads\/sites\/10\/2025\/10\/33WET14_F22_0930_WET25-3.pdf\" target=\"_blank\">Vortrag zum Abruf als PDF<\/a><\/strong><p><h4>10:00 \u2013 10:30 Uhr<\/h4><p><strong>Aversion oder Attraktion \u2013 Flederm\u00e4use haben die Wahl<\/strong><br \/>Dr. Simon Ghanem \u2013 KS Umweltgutachten GmbH  <\/p><p><strong><a href=\"https:\/\/windenergietage.de\/2025\/wp-content\/uploads\/sites\/10\/2025\/10\/20251113_Heckenstudie_Vortrag_oeffentlich.pdf\" target=\"_blank\">Vortrag zum Abruf als PDF<\/a><\/strong><p><h4>10:30 \u2013 11:00 Uhr<\/h4><p><strong>Gut vorbereitet auf den TR10-Nachweis: Datenanforderungen und Vorabsch\u00e4tzungen<\/strong><br \/> GEO-NET Umweltconsulting GmbH  <\/p><h4>11:00 \u2013 11:30 Uhr<\/h4><p><strong>\u201eGrid-Tinder\u201c \u2013 Pr\u00fcfung und Vermittlung von Netzanschlusspunkten mit dvlp.energy<\/strong><br \/>Dr. Fabio Oldenburg \u2013 dvlp.energy GmbH <\/p><p><strong><a href=\"https:\/\/windenergietage.de\/2025\/wp-content\/uploads\/sites\/10\/2025\/11\/33WET14_F22_1100_dvlpenergyGmbH.pdf\" target=\"_blank\">Vortrag zum Abruf als PDF<\/a><\/strong><p><h4>11:30 \u2013 12:00 Uhr<\/h4><p><strong>Zwischen Windkraft und Kulturerbe \u2013 Neue Entwicklungen im Spannungsfeld von Denkmalschutz und Arch\u00e4ologie<\/strong><br \/>Dr. Philip L\u00fcth \u2013 Dr. Philip L\u00fcth  <\/p><p><strong><a href=\"https:\/\/windenergietage.de\/2025\/wp-content\/uploads\/sites\/10\/2025\/10\/33WET14_F22_1130_Dr_Philip_Lueth_Archaeologie_Beratung-.pdf\" target=\"_blank\">Vortrag zum Abruf als PDF<\/a><\/strong><p><\/div><\/div><\/div><div class=\"toggle group-field\"><div class=\"single-field odd\"><h3 class=\"field-title closed\">Forum 24 \u2013 Sicherheit und Stabilit\u00e4t im Anlagenbetrieb<span class=\"ui-toggle-header-icon\"><\/span><\/h3><div class=\"field-text\" style=\"display:none;\"><h4>09:30 \u2013 10:00 Uhr<\/h4><p><strong>VORTRAG F\u00c4LLT AUS: Havariemanagementkonzept \u2013 L\u00e4stige Nebenbestimmung oder hilfreiches Werkzeug beim Umweltschaden?<\/strong><br \/>Alexander Diemon \u2013 13 Consult - Schadstoffgutachter  <\/p><p><span style=\"color: #ff0000\">VORTRAG F\u00c4LLT AUS<\/span><\/p>\n<h4>10:00 \u2013 10:30 Uhr<\/h4><p><strong>Betriebssicherheit mit Intelligente Sensoren, KI-gest\u00fctzte Live Zustandsbewertung, klare Handlungsempfehlungen,<\/strong><br \/>Marco Staiti \u2013 Machinenfabrik Reinhausen GmbH  <\/p><p><strong><a href=\"https:\/\/windenergietage.de\/2025\/wp-content\/uploads\/sites\/10\/2025\/10\/33WET14_F24_1000_Maschinenfabrik-Reinhausen.pdf\" target=\"_blank\">Vortrag zum Abruf als PDF<\/a><\/strong><p><h4>10:30 \u2013 11:00 Uhr<\/h4><p><strong>Evacuation from heights during an emergency situation.<\/strong><br \/>Bart Thiele \u2013 TeSuCon Evacuator B.V.  <\/p><p><strong><a href=\"https:\/\/windenergietage.de\/2025\/wp-content\/uploads\/sites\/10\/2025\/10\/33WET14_F24_1030_TeSuCon.pdf\" target=\"_blank\">Vortrag zum Abruf als PDF<\/a><\/strong><p><h4>11:00 \u2013 11:30 Uhr<\/h4><p><strong>Cybersicherheit und Kritis-Dachgesetz<\/strong><br \/>Dr.  Mirko Sauer \u2013 BN\/\/K<\/p><p><strong><a href=\"https:\/\/windenergietage.de\/2025\/wp-content\/uploads\/sites\/10\/2025\/11\/33WET14_F24_1100-1130_KritisV_Mirko_Sauer.pdf\" target=\"_blank\">Vortrag zum Abruf als PDF<\/a><\/strong><p><\/div><\/div><\/div><div class=\"toggle group-field\"><div class=\"single-field odd\"><h3 class=\"field-title closed\">Forum 25 \u2013 Neue Energiekonzepte: Wind, PV und Speicher im Zusammenspiel<span class=\"ui-toggle-header-icon\"><\/span><\/h3><div class=\"field-text\" style=\"display:none;\"><h4>09:30 \u2013 10:00 Uhr<\/h4><p><strong>HybridNetze f\u00fcr das Post EEG Zeitalter<\/strong><br \/>Wolfgang Krauss \u2013 acteno GmbH  <\/p><p><strong><a href=\"https:\/\/windenergietage.de\/2025\/wp-content\/uploads\/sites\/10\/2025\/10\/33WET14_F25_0930_251112-acteno-Spreewind-Forum-22-v2.pdf\" target=\"_blank\">Vortrag zum Abruf als PDF<\/a><\/strong><p><h4>10:00 \u2013 10:30 Uhr<\/h4><p><strong>Potenzial und Herausforderungen geteilter Netzanschlusspunkte<\/strong><br \/>Dr. Fabio Oldenburg \u2013 dvlp.energy GmbH <\/p><p><strong><a href=\"https:\/\/windenergietage.de\/2025\/wp-content\/uploads\/sites\/10\/2025\/11\/33WET14_F25_1000_dvlpenergyGmbH.pdf\" target=\"_blank\">Vortrag zum Abruf als PDF<\/a><\/strong><p><h4>10:30 \u2013 11:00 Uhr<\/h4><p><strong>PV und Speicherprojekten<\/strong><br \/>Yvonne Strzys \u2013 Maxsolar GmbH  <\/p><p><strong><a href=\"https:\/\/windenergietage.de\/2025\/wp-content\/uploads\/sites\/10\/2025\/10\/33WET14_F25_1030_20251113_Windenergietage_Colocation_MaxSolar_Yvonne-Strzys.pdf\" target=\"_blank\">Vortrag zum Abruf als PDF<\/a><\/strong><p><h4>11:00 \u2013 11:30 Uhr<\/h4><p><strong>KI-gest\u00fctzte Vermarktung: Erl\u00f6spotenziale f\u00fcr Co-Located Batteriespeicher und erneuerbare Energien erschlie\u00dfen<\/strong><br \/>Dr. Lennard Wilkening \u2013 suena GmbH  <\/p><p><strong><a href=\"https:\/\/windenergietage.de\/2025\/wp-content\/uploads\/sites\/10\/2025\/10\/33WET14_F25_1100_202511_suena_Presentation_co-located_Spreewindtage.pdf\" target=\"_blank\">Vortrag zum Abruf als PDF<\/a><\/strong><p><h4>11:30 \u2013 12:00 Uhr<\/h4><p><strong>Erl\u00f6spotenzial der Regelenergievermarktung f\u00fcr Windanlagen<\/strong><br \/>Max Fydrich \u2013 Aurora Energy Research  <\/p><p><strong><a href=\"https:\/\/windenergietage.de\/2025\/wp-content\/uploads\/sites\/10\/2025\/10\/33WET14_F25_1130_Aurora-Energy-Research.pdf\" target=\"_blank\">Vortrag zum Abruf als PDF<\/a><\/strong><p><\/div><\/div><\/div><div class=\"toggle group-field\"><div class=\"single-field odd\"><h3 class=\"field-title closed\">Forum 26 \u2013 Netzanschluss in der Praxis \u2013 Wege, Herausforderungen und L\u00f6sungen<span class=\"ui-toggle-header-icon\"><\/span><\/h3><div class=\"field-text\" style=\"display:none;\"><h4>09:30 \u2013 10:00 Uhr<\/h4><p><strong>Durchsetzung eines Netzanschluss(punkts) f\u00fcr WEA<\/strong><br \/>Christoph Lamy \u2013 Becker B\u00fcttner Held  <\/p><p><strong><a href=\"https:\/\/windenergietage.de\/2025\/wp-content\/uploads\/sites\/10\/2025\/10\/33WET14_F26_0930_Vortrag-Lamy-Forum-26-Durchsetzung-eines-Netzanschlusspunkts-fuer-WEA-Bearbeiten.pdf\" target=\"_blank\">Vortrag zum Abruf als PDF<\/a><\/strong><p><h4>10:00 \u2013 10:30 Uhr<\/h4><p><strong>Einblicke ins Stromnetz und freie Netzanschlusspunkte finden<\/strong><br \/>Niklas Reinhardt \u2013 Blindleister GmbH  <\/p><p><strong><a href=\"https:\/\/windenergietage.de\/2025\/wp-content\/uploads\/sites\/10\/2025\/10\/33WET14_F26_1000_BlindleisterGmbH.pdf\" target=\"_blank\">Vortrag zum Abruf als PDF<\/a><\/strong><p><h4>10:30 \u2013 11:00 Uhr<\/h4><p><strong>Praxiserfahrungen zur vertraglichen Gestaltung von Netz\u00fcberbauung<\/strong><br \/>Dr. Lena-Sophie Dei\u00dfler \u2013 Kapellmann und Partner Rechtsanw\u00e4lte  <\/p><p><strong><a href=\"https:\/\/windenergietage.de\/2025\/wp-content\/uploads\/sites\/10\/2025\/10\/33WET14_F26_1030_251113_Spreewind-Ueberbauung20132663.1.pdf\" target=\"_blank\">Vortrag zum Abruf als PDF<\/a><\/strong><p><h4>11:00 \u2013 11:30 Uhr<\/h4><p><strong>Einhaltung Netzanschlussbedingungen (Batteriespeicher) mit Blindleistungsbereitstellung<\/strong><br \/>Mirko Danzmann \u2013 GRIDSIDE Energy Consult GmbH  <\/p><p><strong><a href=\"https:\/\/windenergietage.de\/2025\/wp-content\/uploads\/sites\/10\/2025\/10\/33WET14_F26_1100_2025-11-14_GRIDSIDE_Netzanschlussbedingungen-mit-BESS.pdf\" target=\"_blank\">Vortrag zum Abruf als PDF<\/a><\/strong><p><h4>11:30 \u2013 12:00 Uhr<\/h4><p><strong>Netzkonformit\u00e4t hybrider Kraftwerke - Fallbeispiele und L\u00f6sungen<\/strong><br \/>Jan Dujesiefken \u2013 Emerson Process Management GmbH  <\/p><p><strong><a href=\"https:\/\/windenergietage.de\/2025\/wp-content\/uploads\/sites\/10\/2025\/10\/33WET14_F26_1130_Emerson.pdf\" target=\"_blank\">Vortrag zum Abruf als PDF<\/a><\/strong><p><h4>12:00 \u2013 12:30 Uhr<\/h4><p><strong>Joint Forces: Netzanschl\u00fcsse gemeinsam nutzen<\/strong><br \/>Dr. Florian Brahms \u2013 Brahms, Nebel & Kollegen  <\/p><\/div><\/div><\/div><div class=\"toggle group-field\"><div class=\"single-field odd\"><h3 class=\"field-title closed\">Forum 27 \u2013 Turm, Fundament &amp; Baugrund<span class=\"ui-toggle-header-icon\"><\/span><\/h3><div class=\"field-text\" style=\"display:none;\"><h4>09:30 \u2013 10:00 Uhr<\/h4><p><strong>Alte Anlagen - alte Probleme.\u00a0Neue Anlagen - neue Probleme. Fundament- und Turmsanierungen von Hybridt\u00fcrmen<\/strong><br \/>Klaus Deininger<\/p><p><strong><a href=\"https:\/\/windenergietage.de\/2025\/wp-content\/uploads\/sites\/10\/2025\/10\/33WET14_F27_930_KTW-GmbH.pdf\" target=\"_blank\">Vortrag zum Abruf als PDF<\/a><\/strong><p><h4>10:00 \u2013 10:30 Uhr<\/h4><p><strong>GICON-HWT mit 300m Nabenh\u00f6he \u2013 Errichtung einer Pilotanlage auf einer Hochkippe<\/strong><br \/>Dr. Frank Adam \u2013 GICON Energy<\/p><p>Keine Ver\u00f6ffentlichung<\/p>\n<h4>10:30 \u2013 11:00 Uhr<\/h4><p><strong>Wenn der Baugrund zum Problem wird \u2013 smarte L\u00f6sungen f\u00fcr Zuwegungen und Kranstellfl\u00e4chen mit Hilfe moderner Geobaustoffe<\/strong><br \/>Ralph Werner \u2013 Naue GmbH &amp; Co. KG  <\/p><p><strong><a href=\"https:\/\/windenergietage.de\/2025\/wp-content\/uploads\/sites\/10\/2025\/10\/33WET14_F27_1030_Geokunststoffe-von-Naue-33.-Windenergietage-Potsdam14.11.2025.pdf\" target=\"_blank\">Vortrag zum Abruf als PDF<\/a><\/strong><p><h4>11:00 \u2013 11:30 Uhr<\/h4><p><strong>Wind trifft Wald: Holz-Hybrid-T\u00fcrme skalierbar bis \u00fcber 200 m Hubh\u00f6hen<\/strong><br \/>Dipl.-Ing. Karl  Fatrdla \u2013 Vertriebsleiter HASSLACHER Green Tower GmbH<\/p><p><strong><a href=\"https:\/\/windenergietage.de\/2025\/wp-content\/uploads\/sites\/10\/2025\/10\/33WET14_F27_1100_HGT-Sales-DE.pdf\" target=\"_blank\">Vortrag zum Abruf als PDF<\/a><\/strong><p><h4>11:30 \u2013 12:00 Uhr<\/h4><p><strong>Herausforderung Gel\u00e4nde \u2013 Bausteine zur Minimierung von Erdbewegungen beim Bau von Windenergieanlagen<\/strong><br \/>Lukas Gierse \u2013 Gesch\u00e4ftsf\u00fchrer IGK Ingenieurgesellschaft Gierse-Klauke<\/p><p><strong><a href=\"https:\/\/windenergietage.de\/2025\/wp-content\/uploads\/sites\/10\/2025\/11\/33WET14_F27_1130_251112_Windenergietage-Potsdam_Praesentation-IGK.pdf\" target=\"_blank\">Vortrag zum Abruf als PDF<\/a><\/strong><p><h4>12:00 \u2013 12:30 Uhr<\/h4><p><strong>Innovation im Rekordtempo \u2013 der FUCHS.Hybridturm erreicht die Marktreife<\/strong><br \/>J\u00fcrgen Joos \u2013 FUCHS Europoles Wind<\/p><p>Keine Ver\u00f6ffentlichung<\/p>\n<\/div><\/div><\/div><div class=\"toggle group-field\"><div class=\"single-field odd\"><h3 class=\"field-title closed\">Forum 37 \u2013 Windbranche im Wandel: Was sind die Folgen f\u00fcr Personal und Qualifizierung? <span class=\"ui-toggle-header-icon\"><\/span><\/h3><div class=\"field-text\" style=\"display:none;\"><div class=\"location-logos\"><div><a href=\"https:\/\/uol.de\/weiterbildung-windenergie\/20-jahre-windstudium\" target=\"_blank\"><img loading=\"lazy\" decoding=\"async\" width=\"200\" height=\"120\" src=\"https:\/\/windenergietage.de\/2025\/wp-content\/uploads\/sites\/10\/2025\/10\/windstudium.jpg\" class=\"attachment-medium size-medium\" alt=\"\" \/><\/a><\/div><\/div><p>20 Jahre Windstudium &#8211; nach einer kurzen Vorstellung der erfolgreichen Weiterbildung und den Neuentwicklungen an der Universit\u00e4t Oldenburg freuen wir uns auf hochkar\u00e4tige G\u00e4ste aus der Branche.<\/p>\n<p>Mit <strong>Wolfram Axthelm<\/strong> (BWE), <strong>Dominique Gouillou<\/strong> (LEAG Renewables), <strong>Stefanie M\u00fcller<\/strong> (Alterric) beleuchten wir die politischen Rahmenbedingungen, die Chancen f\u00fcr eine erfolgreichen Transformation sowie neue Strategien f\u00fcr Personal und Qualifizierung.<\/p>\n<h4>09:30 \u2013 09:55 Uhr<\/h4><p><strong>20 Jahre Windstudium -- Weiterbildung und Netzwerkarbeit f\u00fcr die Windenergie sowie Wasserstoff  und Genehmigungspraxis<\/strong><br \/>Moses K\u00e4rn \u2013 C3L - Universit\u00e4t Oldenburg<\/p><p><strong><a href=\"https:\/\/windenergietage.de\/2025\/wp-content\/uploads\/sites\/10\/2025\/10\/33WET14_F37_0930_Windstudium_Kaern_20251114.pdf\" target=\"_blank\">Vortrag zum Abruf als PDF<\/a><\/strong><p><h4>10:00 \u2013 10:05 Uhr<\/h4><p><strong>Begr\u00fc\u00dfung zum Schwerpunktthema Windbranche im Wandel: Was sind die Folgen f\u00fcr Personal und Qualifizierung?<\/strong><br \/>Moses K\u00e4rn \u2013 C3L - Universit\u00e4t Oldenburg<\/p><p>In unserem Themenschwerpunkt diskutieren wir, wie sich die Branche der Windenergie ver\u00e4ndern wird und was das f\u00fcr die Unternehmen und Besch\u00e4ftigten bedeutet? Wie wirken die politischen Rahmenbedingungen auf die Entwicklung der Besch\u00e4ftigung? Gelingt es in gro\u00dfem Ma\u00dfstab, Besch\u00e4ftigte aus traditionellen Industrien f\u00fcr die Windbranche (und andere Erneuerbare Energien) zu gewinnen? Gibt es ausreichend Akzeptanz f\u00fcr diese pers\u00f6nliche und strukturelle Ver\u00e4nderung? Und wie ver\u00e4ndern sich aus Sicht eines Projektierers angesichts zunehmender Marktorientierung und Sektorenkopplung die Jobprofile in der Windenergie und die Strategien im Recruiting und Personalmanagement. Wie \u00e4ndert sich die Bedeutung von Qualifizierung und Weiterbildung in diesen Ver\u00e4nderungsprozessen?<\/p>\n<h4>10:05 \u2013 10:20 Uhr<\/h4><p><strong>Projektierer im Wandel: neue Strategien im Recruiting und die Zusammenarbeit im BWE-Arbeitskreis Recruiting<\/strong><br \/>Stefanie M\u00fcller \u2013 Alterric Deutschland GmbH<\/p><h4>10:25 \u2013 10:40 Uhr<\/h4><p><strong>Die GigawattFactory in der Lausitz - ein Modell f\u00fcr eine erfolgreiche Transformation?<\/strong><br \/>Dominique  Guillou \u2013 LEAG Renewables GmbH<\/p><p><strong><a href=\"https:\/\/windenergietage.de\/2025\/wp-content\/uploads\/sites\/10\/2025\/10\/33WET14_F37_1025_LEAG_Guillou_20251114.pdf\" target=\"_blank\">Vortrag zum Abruf als PDF<\/a><\/strong><p><h4>10:45 \u2013 11:00 Uhr<\/h4><p><strong>Politische Rahmenbedingungen f\u00fcr die Besch\u00e4ftigungsentwicklung in der Windbranche<\/strong><br \/>Wolfram Axthelm \u2013 Bundesverband WindEnergie e.V. (BWE)<\/p><p><strong><a href=\"https:\/\/windenergietage.de\/2025\/wp-content\/uploads\/sites\/10\/2025\/10\/33WET14_F37_1045_BWE_Axthelm_20251114.pdf\" target=\"_blank\">Vortrag zum Abruf als PDF<\/a><\/strong><p><h4>11:05 \u2013 11:55 Uhr<\/h4><p><strong>Podiumsdiskussion mit den Vortragenden und G\u00e4sten im Publikum<\/strong><br \/>Christoph Schwarzer \u2013 Moderator und Windparkmanager<\/p><h4>12:00 \u2013 12:30 Uhr<\/h4><p><strong>Fachkr\u00e4ftemangel entgegen wirken durch ausl\u00e4ndische Fachkr\u00e4fte<\/strong><br \/>Uwe Geiling \u2013 BZEE Network GmbH<\/p><p><strong><a href=\"https:\/\/windenergietage.de\/2025\/wp-content\/uploads\/sites\/10\/2025\/10\/33WET14_F37_1200_BZEE_Geiling_20251114.pdf\" target=\"_blank\">Vortrag zum Abruf als PDF<\/a><\/strong><p><h4>12:30 \u2013 13:00 Uhr<\/h4><p><strong>F\u00fchrung in Bewegung: Was neue F\u00fchrungskr\u00e4fte stark macht<\/strong><br \/>Mariola Wittek Mourao \u2013 tealfox - Wir entwickeln die Organisation der Zukunft <\/p><p>Was macht gute F\u00fchrung aus, wenn es darum geht, tats\u00e4chlich etwas zu bewegen \u2013 und kann man das lernen?<\/p>\n<p>In diesem interaktiven Vortrag gibt die Co-Gr\u00fcnderin von Tealfox Einblicke, wie die Lernreise hin zu guter F\u00fchrung gelingt. In \u00dcbungen erleben die Teilnehmenden, worauf es bei wirksamer F\u00fchrung ankommt \u2013 und nehmen Impulse mit, die sich direkt im Alltag umsetzen lassen.<\/p>\n<p>Ob neu in der Rolle oder mit Erfahrung: Dieser Vortrag ist f\u00fcr alle, die unabh\u00e4ngig von Titeln die ganze Klaviatur der F\u00fchrung spielen wollen \u2013 um gemeinsam mehr zu erreichen.<\/p>\n<p>Als Geschenk erhalten die Teilnehmenden die Tealfox-F\u00fchrungsstilkarten \u2013 ein praktisches Tool zum Mitnehmen, Ausprobieren und Weiterdenken.<\/p>\n<p><strong><a href=\"https:\/\/windenergietage.de\/2025\/wp-content\/uploads\/sites\/10\/2025\/10\/33WET14_F37_1230_TEALFOX_Mariola_20251114.pdf\" target=\"_blank\">Vortrag zum Abruf als PDF<\/a><\/strong><p><\/div><\/div><\/div><div class=\"toggle group-field\"><div class=\"single-field odd\"><h3 class=\"field-title closed\">Forum 39 \u2013 People Power \u2013 Wie Talente, Teams und Kompetenzen \u00fcber den Erfolg der Energiewende entscheiden<span class=\"ui-toggle-header-icon\"><\/span><\/h3><div class=\"field-text\" style=\"display:none;\"><div class=\"location-logos\"><div><a href=\"https:\/\/www.birn-partners.com\/\" target=\"_blank\"><img loading=\"lazy\" decoding=\"async\" width=\"247\" height=\"44\" src=\"https:\/\/windenergietage.de\/2025\/wp-content\/uploads\/sites\/10\/2025\/10\/Bild1.png\" class=\"attachment-medium size-medium\" alt=\"\" \/><\/a><\/div><\/div><p>Moderierte Gespr\u00e4chsrunden \u00fcber Fachkr\u00e4ftebedarf, Organisationsentwicklung und neue Jobprofile in einer sich wandelnden Energiewirtschaft.<\/p>\n<p>Anmeldung bitte per E-Mail an: <strong><a href=\"mailto:amd@birn-partners.com\">amd@birn-partners.com<\/a><\/strong><\/p>\n<h4>10:30 \u2013 11:30 Uhr<\/h4><p><strong>Fachgespr\u00e4ch III: Skills 2035 \u2013 Welche neuen Jobprofile entstehen in der Erneuerbaren-Branche?<\/strong><br \/>Arwid Detlefs \u2013 Birn Executive Search + Consulting GmbH<\/p><p><strong>Ziel: <\/strong>Zukunftsrelevante Kompetenzen identifizieren und Anforderungen an Ausbildung und Weiterbildung definieren.<\/p>\n<\/div><\/div><\/div><\/div><\/div><\/article><\/div>\n<p>&nbsp;<\/p>\n<h2>Programm ThemenTische<\/h2>\n<p><span style=\"color: #ff0000\">Melden Sie sich bitte f\u00fcr Ihre Teilnahme vorher an.<br \/>\nEine spontane Teilnahme ist nur teilweise m\u00f6glich.<\/span><\/p>\n<div class=\"list event-list toggle\"><article class=\"talk-date\"><header class=\"field-title closed\"><h2 class=\"post-title\">12. November 2025 (17:00 \u2013 19:00 Uhr)<\/h2><span class=\"ui-toggle-header-icon\"><\/span><\/header><div class=\"post-wrapper\" style=\"display:none;\"><div class=\"post-content\"><div class=\"toggle group-field\"><div class=\"single-field odd\"><h3 class=\"field-title closed\">Thementisch 1 \u2013 H10 und andere gesetzlichen \u00c4nderungen in Polen;  RAE VON ZANTHIER &amp; DACHOWSKI <span class=\"ui-toggle-header-icon\"><\/span><\/h3><div class=\"field-text\" style=\"display:none;\"><div class=\"location-logos\"><div><a href=\"https:\/\/www.vonzanthier.com\/de\" target=\"_blank\"><img loading=\"lazy\" decoding=\"async\" width=\"225\" height=\"144\" src=\"https:\/\/windenergietage.de\/2025\/wp-content\/uploads\/sites\/10\/2025\/06\/von-zanthier.jpg\" class=\"attachment-medium size-medium\" alt=\"\" \/><\/a><\/div><\/div><h4>17:00 \u2013 19:00 Uhr<\/h4><p><strong>H10 und andere gesetzlichen \u00c4nderungen in Polen<\/strong><br \/>RA Jakub Wysocki \u2013 VON ZANTHIER &amp; DACHOWSKI<\/p><p>Bitte melden Sie sich f\u00fcr diesen Thementisch an unter<\/p>\n<p><strong><a href=\"mailto:poznan@vonzanthier.com\" target=\"_blank\" rel=\"noopener\">poznan@vonzanthier.com<\/a><\/strong><\/p>\n<\/div><\/div><\/div><div class=\"toggle group-field\"><div class=\"single-field odd\"><h3 class=\"field-title closed\">Thementisch 2 \u2013 Herausforderungen eines Windparkdevelopers in Polen, Eryk Lach \u2013 ONDE  AG<span class=\"ui-toggle-header-icon\"><\/span><\/h3><div class=\"field-text\" style=\"display:none;\"><div class=\"location-logos\"><div><img loading=\"lazy\" decoding=\"async\" width=\"225\" height=\"144\" src=\"https:\/\/windenergietage.de\/2025\/wp-content\/uploads\/sites\/10\/2025\/06\/von-zanthier.jpg\" class=\"attachment-medium size-medium\" alt=\"\" \/><\/div><\/div><h4>17:00 \u2013 19:00 Uhr<\/h4><p><strong>Herausforderungen eines Windparkdevelopers in Polen<\/strong><br \/>Eryk Lach \u2013 ONDE AG<\/p><p>Bitte melden Sie sich f\u00fcr diesen Thementisch an unter<\/p>\n<p><strong><a href=\"mailto:poznan@vonzanthier.com\" target=\"_blank\" rel=\"noopener\">poznan@vonzanthier.com<\/a><\/strong><\/p>\n<\/div><\/div><\/div><div class=\"toggle group-field\"><div class=\"single-field odd\"><h3 class=\"field-title closed\">Thementisch 3 \u2013 Steuerliche Optimierungen bei Development und Betrieb eines Windparks, RAE VON ZANTHIER &amp; DACHOWSKI.<span class=\"ui-toggle-header-icon\"><\/span><\/h3><div class=\"field-text\" style=\"display:none;\"><div class=\"location-logos\"><div><img loading=\"lazy\" decoding=\"async\" width=\"225\" height=\"144\" src=\"https:\/\/windenergietage.de\/2025\/wp-content\/uploads\/sites\/10\/2025\/06\/von-zanthier.jpg\" class=\"attachment-medium size-medium\" alt=\"\" \/><\/div><\/div><h4>17:00 \u2013 19:00 Uhr<\/h4><p><strong>Steuerliche Optimierungen bei Development und Betrieb eines Windparks<\/strong><br \/>RA \u0141ukasz Dachowski \u2013 VON ZANTHIER &amp; DACHOWSKI<\/p><p>Bitte melden Sie sich mit dem Stichwort &#8222;Thementisch 3&#8220; f\u00fcr diesen Thementisch an unter<\/p>\n<p><strong><a href=\"mailto:poznan@vonzanthier.com\" target=\"_blank\" rel=\"noopener\">poznan@vonzanthier.com<\/a><\/strong><\/p>\n<\/div><\/div><\/div><div class=\"toggle group-field\"><div class=\"single-field odd\"><h3 class=\"field-title closed\">Thementisch 4 \u2013 R\u00fcckWert<span class=\"ui-toggle-header-icon\"><\/span><\/h3><div class=\"field-text\" style=\"display:none;\"><div class=\"location-logos\"><div><a href=\"https:\/\/xn--rckwert-n2a.ch\/\" target=\"_blank\"><img loading=\"lazy\" decoding=\"async\" width=\"300\" height=\"300\" src=\"https:\/\/windenergietage.de\/2025\/wp-content\/uploads\/sites\/10\/2025\/08\/RueckWert-300x300.jpg\" class=\"attachment-medium size-medium\" alt=\"\" srcset=\"https:\/\/windenergietage.de\/2025\/wp-content\/uploads\/sites\/10\/2025\/08\/RueckWert-300x300.jpg 300w, https:\/\/windenergietage.de\/2025\/wp-content\/uploads\/sites\/10\/2025\/08\/RueckWert-150x150.jpg 150w, https:\/\/windenergietage.de\/2025\/wp-content\/uploads\/sites\/10\/2025\/08\/RueckWert-768x768.jpg 768w, https:\/\/windenergietage.de\/2025\/wp-content\/uploads\/sites\/10\/2025\/08\/RueckWert.jpg 1024w\" sizes=\"auto, (max-width: 300px) 100vw, 300px\" \/><\/a><\/div><\/div><h4>17:00 \u2013 19:00 Uhr<\/h4><p><strong>Deckt die R\u00fcckbaukaution in 20 Jahren die R\u00fcckbaukosten noch ab?<\/strong><br \/>Sabrina  Baumann  \u2013 R\u00fcckWert<\/p><p>Die Kreisverwaltungen fordern bei der Genehmigung von Windkraftanlagen eine finanzielle Absicherung f\u00fcr den sp\u00e4teren R\u00fcckbau \u2013 die R\u00fcckbaukaution.<\/p>\n<p>Doch wie inflationssicher ist Ihr \u201eGeld\u201c \u00fcber 20, 30 Jahre hinweg?<\/p>\n<p>Informieren Sie sich \u00fcber ein werterhaltendes, flexibles und f\u00fcr Sie kalkulierbares Gesamtpaket \u2013 eine Alternative zur klassischen Barkaution in Kombination mit der Bankb\u00fcrgschaft:<\/p>\n<p>a) die R\u00fcckdeckung durch Gold oder Edelmetalle \u2013 sicher, transparent und inflationsgesch\u00fctzt in Kombination mit<\/p>\n<p>b) einer Absicherung, um jedes Risiko auszuschlie\u00dfen und Sie als Betreiber und\/oder Grundst\u00fcckseigent\u00fcmer vor Sch\u00e4den und Regressanspr\u00fcchen zu sch\u00fctzen.<\/p>\n<p><strong>Anmeldung \u00fcber <a href=\"mailto:Info@R\u00fcckwert.ch\">Info@R\u00fcckwert.ch<\/a><\/strong><\/p>\n<\/div><\/div><\/div><div class=\"toggle group-field\"><div class=\"single-field odd\"><h3 class=\"field-title closed\">Thementisch 5 \u2013 Gezielter Dialog oder Mediation mit B\u00fcrgern und Gemeinden \u2013 Wann und wie k\u00f6nnen wir Spannungen im Projektumfeld abbauen?<span class=\"ui-toggle-header-icon\"><\/span><\/h3><div class=\"field-text\" style=\"display:none;\"><div class=\"location-logos\"><div><a href=\"https:\/\/www.bruhn-mediation.de\/\" target=\"_blank\"><img loading=\"lazy\" decoding=\"async\" width=\"300\" height=\"100\" src=\"https:\/\/windenergietage.de\/2025\/wp-content\/uploads\/sites\/10\/2025\/06\/Bruhn_Matthias_logo-300x100.png\" class=\"attachment-medium size-medium\" alt=\"\" srcset=\"https:\/\/windenergietage.de\/2025\/wp-content\/uploads\/sites\/10\/2025\/06\/Bruhn_Matthias_logo-300x100.png 300w, https:\/\/windenergietage.de\/2025\/wp-content\/uploads\/sites\/10\/2025\/06\/Bruhn_Matthias_logo-768x255.png 768w, https:\/\/windenergietage.de\/2025\/wp-content\/uploads\/sites\/10\/2025\/06\/Bruhn_Matthias_logo.png 1023w\" sizes=\"auto, (max-width: 300px) 100vw, 300px\" \/><\/a><\/div><\/div><h4>17:00 \u2013 19:00 Uhr<\/h4><p><strong>Gezielter Dialog oder Mediation mit B\u00fcrgern und Gemeinden \u2013 Wann und wie k\u00f6nnen wir Spannungen im Projektumfeld abbauen<\/strong><br \/>Dr. Matthias Bruhn \u2013 Dr. Matthias Bruhn  Ingenieurb\u00fcro, Mediation und Training<\/p><p>Dr. Matthias Bruhn \u2013 Dr. Matthias Bruhn Ingenieurb\u00fcro, Mediation und Training<\/p>\n<p>Anmeldung bitte \u00fcber <a href=\"mailto:kontakt@Bruhn-Mediation.de\">kontakt@Bruhn-Mediation.de<\/a><\/p>\n<\/div><\/div><\/div><div class=\"toggle group-field\"><div class=\"single-field odd\"><h3 class=\"field-title closed\">Thementisch 6 \u2013 Wie wir mit Digitalisierung und KI die Projektierung vereinfachen und beschleunigen.<span class=\"ui-toggle-header-icon\"><\/span><\/h3><div class=\"field-text\" style=\"display:none;\"><div class=\"location-logos\"><div><a href=\"https:\/\/rkdrei.de\/\" target=\"_blank\"><img loading=\"lazy\" decoding=\"async\" width=\"300\" height=\"180\" src=\"https:\/\/windenergietage.de\/2025\/wp-content\/uploads\/sites\/10\/2025\/09\/rk3_logo_transp-300x180.png\" class=\"attachment-medium size-medium\" alt=\"\" srcset=\"https:\/\/windenergietage.de\/2025\/wp-content\/uploads\/sites\/10\/2025\/09\/rk3_logo_transp-300x180.png 300w, https:\/\/windenergietage.de\/2025\/wp-content\/uploads\/sites\/10\/2025\/09\/rk3_logo_transp.png 559w\" sizes=\"auto, (max-width: 300px) 100vw, 300px\" \/><\/a><\/div><\/div><p>&#8222;Digitalisierung&#8220; ist ein gro\u00dfes Wort &#8211; &#8222;KI&#8220; beinahe schon eine Verhei\u00dfung.<\/p>\n<p>Als Dienstleister f\u00fcr die Projektierung von Wind- und Solarparks mit langj\u00e4hriger Erfahrung haben wir uns selbst digitale Werkzeuge gebaut, um unsere Routinearbeiten vor allem bzgl. Eigent\u00fcmer- und Vertragsverwaltung zu vereinfachen und zu beschleunigen.<\/p>\n<p>Unsere Kunden fragen uns verst\u00e4rkt auch nach Unterst\u00fctzung bzgl. Digitalisierung ihrer Arbeitsprozesse. Reicht es z.B. ein Dokument statt auf Papier in einem Aktenordner abgeheftet nun als pdf-Datei in einem Dateiordner abgelegt zu haben?<\/p>\n<p>Was ist mit dem Schutz personenbezogener Daten von Eigent\u00fcmern und Mitarbeitenden? Wie k\u00f6nnen Geodaten von Flurst\u00fccksgrenzen oder WEA-Standorten mit Nutzungsvertr\u00e4gen und Eigent\u00fcmerinformationen effizient verbunden und verarbeitet werden?<\/p>\n<p>Wir m\u00f6chten mit Ihnen dar\u00fcber ins Gespr\u00e4ch kommen, was mit Digitalisierung \u00fcberhaupt gemeint sein kann und wie wir sie f\u00fcr eine effizientere Projektierung einsetzen. Und: wo ist KI aktuell tats\u00e4chlich hilfreich?<\/p>\n<h4>17:00 \u2013 19:00 Uhr<\/h4><p><strong>Mit Digitalisierung und KI die Projektierung vereinfachen und beschleunigen.<\/strong><br \/>Lars  Roskoden \u2013 rkDrei GmbH<\/p><p>Anmeldung bitte an: <a href=\"mailto:thementisch@rkdrei.de\">thementisch@rkdrei.de<\/a><\/p>\n<\/div><\/div><\/div><div class=\"toggle group-field\"><div class=\"single-field odd\"><h3 class=\"field-title closed\">Thementisch 7 \u2013 2 Stunden, 2 Themen: Visualisierung und M\u00e4rkisches Modell<span class=\"ui-toggle-header-icon\"><\/span><\/h3><div class=\"field-text\" style=\"display:none;\"><div class=\"location-logos\"><div><a href=\"https:\/\/aratall.com\/\" target=\"_blank\"><img loading=\"lazy\" decoding=\"async\" width=\"300\" height=\"193\" src=\"https:\/\/windenergietage.de\/2025\/wp-content\/uploads\/sites\/10\/2025\/10\/aratell-300x193.png\" class=\"attachment-medium size-medium\" alt=\"\" srcset=\"https:\/\/windenergietage.de\/2025\/wp-content\/uploads\/sites\/10\/2025\/10\/aratell-300x193.png 300w, https:\/\/windenergietage.de\/2025\/wp-content\/uploads\/sites\/10\/2025\/10\/aratell.png 640w\" sizes=\"auto, (max-width: 300px) 100vw, 300px\" \/><\/a><\/div><div><img loading=\"lazy\" decoding=\"async\" width=\"300\" height=\"62\" src=\"https:\/\/windenergietage.de\/2025\/wp-content\/uploads\/sites\/10\/2025\/10\/Logo-Landplan.jpg\" class=\"attachment-medium size-medium\" alt=\"\" \/><\/div><\/div><p>Wie k\u00f6nnen Genehmigungsverfahren und somit Projekte durch Visualisierungen beschleunigt werden?<\/p>\n<p>Was sind die technischen und inhaltlichen Herausforderungen des M\u00e4rkischen Modells?<\/p>\n<p>Anmeldung mit dem Betreff \u201eThementisch \u201c an <a href=\"mailto:g.hinnah@aratall.com\">g.hinnah@aratall.com<\/a><\/p>\n<h4>17:00 \u2013 19:00 Uhr<\/h4><p><strong>Gespr\u00e4chsrunde mit Gerhard Hinnah Head of Sales<\/strong><br \/> aratall GmbH<\/p><\/div><\/div><\/div><div class=\"toggle group-field\"><div class=\"single-field odd\"><h3 class=\"field-title closed\">Thementisch 9 \u2013 Wind Services Group: 450\u00b0 - Das neue Rund<span class=\"ui-toggle-header-icon\"><\/span><\/h3><div class=\"field-text\" style=\"display:none;\"><p>Moderne Windkraftanlagen werden immer gr\u00f6\u00dfer, die R\u00e4ume und die Budgets f\u00fcr den erfolgreichen Betrieb von Windparks nicht! Gleichzeitig beeinflussen verschiedene Variablen den Zeitpunkt und die Umsetzung beim Bau neuer Windparks und in die Jahre gekommenen Windkraftanlagen sollen bestenfalls bis zur Installation der neuen Windkraftanlage verl\u00e4ssliche Ertr\u00e4ge liefern.<\/p>\n<p>Als Wind Services Group bewegen uns zwei Fragen:<\/p>\n<p><em>Ist es nicht Zeit, einen neuen Gedanken zu bekannten Fragen um den Lebenszyklus zu entwickeln?<\/em><\/p>\n<p><em>Wie lassen sich Leistungen wirkungsvoll integrieren, Potentiale erschlie\u00dfen und die CoE im Griff behalten?<\/em><\/p>\n<p><strong>Anmeldung unter <a href=\"mailto:sophie.moser@vidiaequity.com\">sophie.moser@vidiaequity.com<\/a><\/strong><\/p>\n<h4>17:00 \u2013 19:00 Uhr<\/h4><p><strong>Gespr\u00e4chsrunde mit J\u00f6rg Fuchs &amp; Frank Kroll<\/strong><br \/> Wind Services Group<\/p><\/div><\/div><\/div><\/div><\/div><\/article><article class=\"talk-date\"><header class=\"field-title closed\"><h2 class=\"post-title\">13. November 2025 (09:30 \u2013 16:30 Uhr)<\/h2><span class=\"ui-toggle-header-icon\"><\/span><\/header><div class=\"post-wrapper\" style=\"display:none;\"><div class=\"post-content\"><div class=\"toggle group-field\"><div class=\"single-field odd\"><h3 class=\"field-title closed\">Thementisch 1 Vormittag \u2013 DKB: Thema: Finanzierung im Wandel: Wie neue Standards Windenergieprojekte schneller umsetzbar machen!<span class=\"ui-toggle-header-icon\"><\/span><\/h3><div class=\"field-text\" style=\"display:none;\"><div class=\"location-logos\"><div><a href=\"https:\/\/www.dkb.de\/\" target=\"_blank\"><img loading=\"lazy\" decoding=\"async\" width=\"156\" height=\"118\" src=\"https:\/\/windenergietage.de\/2025\/wp-content\/uploads\/sites\/10\/2016\/10\/DKB_web.png\" class=\"attachment-medium size-medium\" alt=\"\" \/><\/a><\/div><\/div><p><strong>Anmeldung bitte an Frau Dembek<\/strong> <a href=\"mailto:Stefanie.Dembek@dkb.ag\">Stefanie.Dembek@dkb.ag<\/a><\/p>\n<h4>09:30 \u2013 10:15 Uhr<\/h4><p><strong>Gespr\u00e4chsrunde EINS mit Anja Senkel<\/strong><br \/> <\/p><h4>10:30 \u2013 11:15 Uhr<\/h4><p><strong>Gespr\u00e4chsrunde ZWEI mit Anja Senkel<\/strong><br \/> <\/p><\/div><\/div><\/div><div class=\"toggle group-field\"><div class=\"single-field odd\"><h3 class=\"field-title closed\">Thementisch 1 Nachmittag \u2013 PROMETHEUS: RED III in der Umsetzung \u2013 Zwischen R\u00fcckenwind und Rechtsunsicherheit <span class=\"ui-toggle-header-icon\"><\/span><\/h3><div class=\"field-text\" style=\"display:none;\"><div class=\"location-logos\"><div><a href=\"https:\/\/www.prometheus-recht.de\/\" target=\"_blank\"><img loading=\"lazy\" decoding=\"async\" width=\"283\" height=\"65\" src=\"https:\/\/windenergietage.de\/2025\/wp-content\/uploads\/sites\/10\/2025\/04\/PROMETHEUS_Logo_web_petrol.png\" class=\"attachment-medium size-medium\" alt=\"\" \/><\/a><\/div><\/div><p>F\u00fcr die Teilnahme bitten wir um Anmeldung.<\/p>\n<p>Die Anmeldungen k\u00f6nnen interessierte Teilnehmende an <strong><a href=\"mailto:windrechtsforum@prometheus-recht.de\">windrechtsforum@prometheus-recht.de<\/a><\/strong> richten.<\/p>\n<h4>14:30 \u2013 15:25 Uhr<\/h4><p><strong>Gespr\u00e4chsrunde EINS mit<\/strong><br \/>Dr.  Peter Sittig-Behm \u2013 PROMETHEUS  Rechtsanwaltsgesellschaft mbH<\/p><h4>15:35 \u2013 16:30 Uhr<\/h4><p><strong>Gespr\u00e4chsrunde ZWEI mit<\/strong><br \/>Dr.  Peter Sittig-Behm \u2013 PROMETHEUS  Rechtsanwaltsgesellschaft mbH<\/p><\/div><\/div><\/div><div class=\"toggle group-field\"><div class=\"single-field odd\"><h3 class=\"field-title closed\">Thementisch 2 Vormittag \u2013 DKB: Kreditentscheidungsprozess unter Strom \u2013 Herausforderungen zwischen Risiko, Tempo und Transparenz!<span class=\"ui-toggle-header-icon\"><\/span><\/h3><div class=\"field-text\" style=\"display:none;\"><p><strong>Anmeldung bitte an Frau Dembek<\/strong> <a href=\"mailto:Stefanie.Dembek@dkb.ag\">Stefanie.Dembek@dkb.ag<\/a><\/p>\n<h4>09:30 \u2013 10:15 Uhr<\/h4><p><strong>Gespr\u00e4chsrunde EINS mit Christian J\u00e4ckel<\/strong><br \/> <\/p><h4>10:30 \u2013 11:15 Uhr<\/h4><p><strong>Gespr\u00e4chsrunde ZWEI mit Christian J\u00e4ckel<\/strong><br \/> <\/p><\/div><\/div><\/div><div class=\"toggle group-field\"><div class=\"single-field odd\"><h3 class=\"field-title closed\">Thementisch 2 Nachmittag \u2013 PROMETHEUS: Gut gemeint, schwer gemacht? Praxisfragen zu Landesbeteiligungsgesetzen<span class=\"ui-toggle-header-icon\"><\/span><\/h3><div class=\"field-text\" style=\"display:none;\"><div class=\"location-logos\"><div><a href=\"https:\/\/www.prometheus-recht.de\/\" target=\"_blank\"><img loading=\"lazy\" decoding=\"async\" width=\"283\" height=\"65\" src=\"https:\/\/windenergietage.de\/2025\/wp-content\/uploads\/sites\/10\/2025\/04\/PROMETHEUS_Logo_web_petrol.png\" class=\"attachment-medium size-medium\" alt=\"\" \/><\/a><\/div><\/div><h1 class=\"h3\">7. Leipziger Windrechtsforum<\/h1>\n<div class=\"post-body\">\n<p><strong>Probleme erkennen. Zukunft gestalten.<\/strong><\/p>\n<h4 class=\"title\">27.01.2026 &#8211; 28.01.2026<br \/>\n9:30 &#8211; 17:15 Uhr<br \/>\nLeipzig (Hybrid)<\/h4>\n<p>Weitere Informationen <span style=\"color: #008080\"><a style=\"color: #008080\" href=\"https:\/\/www.prometheus-recht.de\/veranstaltungen\/leipziger-windrechtsforum-7\/\" target=\"_blank\" rel=\"noopener\"><strong>HIER<\/strong><\/a><\/span><\/p>\n<\/div>\n<p>&nbsp;<\/p>\n<p>F\u00fcr die Teilnahme bitten wir um Anmeldung.<\/p>\n<p>Die Anmeldungen k\u00f6nnen interessierte Teilnehmende an <strong><a href=\"mailto:windrechtsforum@prometheus-recht.de\">windrechtsforum@prometheus-recht.de<\/a><\/strong> richten.<\/p>\n<h4>14:30 \u2013 15:25 Uhr<\/h4><p><strong>Gespr\u00e4chsrunde EINS mit<\/strong><br \/>Antje B\u00f6hlmann \u2013 PROMETHEUS  Rechtsanwaltsgesellschaft mbH<\/p><h4>15:35 \u2013 16:30 Uhr<\/h4><p><strong>Gespr\u00e4chsrunde ZWEI mit<\/strong><br \/>Lena Dziemballa \u2013 PROMETHEUS  Rechtsanwaltsgesellschaft mbH<\/p><\/div><\/div><\/div><div class=\"toggle group-field\"><div class=\"single-field odd\"><h3 class=\"field-title closed\">Thementisch 3 Vormittag \u2013 DKB: Stand Alone, Gr\u00fcnstrom oder Graustrom \u2013 welcher Batteriespeicher ist bankable?<span class=\"ui-toggle-header-icon\"><\/span><\/h3><div class=\"field-text\" style=\"display:none;\"><div class=\"location-logos\"><div><a href=\"https:\/\/www.dkb.de\/\" target=\"_blank\"><img loading=\"lazy\" decoding=\"async\" width=\"156\" height=\"118\" src=\"https:\/\/windenergietage.de\/2025\/wp-content\/uploads\/sites\/10\/2016\/10\/DKB_web.png\" class=\"attachment-medium size-medium\" alt=\"\" \/><\/a><\/div><\/div><p><strong>Anmeldung bitte an Frau Dembek<\/strong> <a href=\"mailto:Stefanie.Dembek@dkb.ag\">Stefanie.Dembek@dkb.ag<\/a><\/p>\n<h4>09:30 \u2013 10:15 Uhr<\/h4><p><strong>Gespr\u00e4chsrunde EINS mit Marco Sparmann<\/strong><br \/> <\/p><h4>10:30 \u2013 11:15 Uhr<\/h4><p><strong>Gespr\u00e4chsrunde ZWEI mit Thomas Osburg<\/strong><br \/> <\/p><\/div><\/div><\/div><div class=\"toggle group-field\"><div class=\"single-field odd\"><h3 class=\"field-title closed\">Thementisch 3 Nachmittag \u2013 PROMETHEUS: Vom Rauschen des Windes bis zum Flie\u00dfen des Stroms<span class=\"ui-toggle-header-icon\"><\/span><\/h3><div class=\"field-text\" style=\"display:none;\"><div class=\"location-logos\"><div><a href=\"https:\/\/www.prometheus-recht.de\/\" target=\"_blank\"><img loading=\"lazy\" decoding=\"async\" width=\"283\" height=\"65\" src=\"https:\/\/windenergietage.de\/2025\/wp-content\/uploads\/sites\/10\/2025\/04\/PROMETHEUS_Logo_web_petrol.png\" class=\"attachment-medium size-medium\" alt=\"\" \/><\/a><\/div><\/div><h1 class=\"h3\">7. Leipziger Windrechtsforum<\/h1>\n<div class=\"post-body\">\n<p><strong>Probleme erkennen. Zukunft gestalten.<\/strong><\/p>\n<h4 class=\"title\">27.01.2026 &#8211; 28.01.2026<br \/>\n9:30 &#8211; 17:15 Uhr<br \/>\nLeipzig (Hybrid)<\/h4>\n<p>Weitere Informationen <span style=\"color: #008080\"><a style=\"color: #008080\" href=\"https:\/\/www.prometheus-recht.de\/veranstaltungen\/leipziger-windrechtsforum-7\/\" target=\"_blank\" rel=\"noopener\"><strong>HIER<\/strong><\/a><\/span><\/p>\n<\/div>\n<p>&nbsp;<\/p>\n<p>F\u00fcr die Teilnahme bitten wir um Anmeldung.<\/p>\n<p>Die Anmeldungen k\u00f6nnen interessierte Teilnehmende an <strong><a href=\"mailto:windrechtsforum@prometheus-recht.de\">windrechtsforum@prometheus-recht.de<\/a><\/strong> richten.<\/p>\n<h4>14:30 \u2013 15:25 Uhr<\/h4><p><strong>Wenn der Wind zum Nachbarn spricht \u2013 Aktuelle Entwicklungen im Schall<\/strong><br \/>Christian  Falke  \u2013 PROMETHEUS  Rechtsanwaltsgesellschaft mbH<\/p><h4>15:35 \u2013 16:30 Uhr<\/h4><p><strong>Netzausbau und Netzanschluss: Geht das noch zusammen?<\/strong><br \/>Dr. Christoph Richter \u2013 PROMETHEUS  Rechtsanwaltsgesellschaft mbH, Mirko Danzmann \u2013 GRIDSIDE Energy Consult<\/p><\/div><\/div><\/div><div class=\"toggle group-field\"><div class=\"single-field odd\"><h3 class=\"field-title closed\">Thementisch 4 Vormittag \u2013 Genehmigungsverfahren \u2013 Was l\u00e4uft gut, wo hakt es und welche L\u00f6sungen gibt es?<span class=\"ui-toggle-header-icon\"><\/span><\/h3><div class=\"field-text\" style=\"display:none;\"><div class=\"location-logos\"><div><a href=\"https:\/\/rittershaus.net\/startseite.html\" target=\"_blank\"><img loading=\"lazy\" decoding=\"async\" width=\"300\" height=\"62\" src=\"https:\/\/windenergietage.de\/2025\/wp-content\/uploads\/sites\/10\/2025\/01\/Rittershaus-300x62.png\" class=\"attachment-medium size-medium\" alt=\"\" srcset=\"https:\/\/windenergietage.de\/2025\/wp-content\/uploads\/sites\/10\/2025\/01\/Rittershaus-300x62.png 300w, https:\/\/windenergietage.de\/2025\/wp-content\/uploads\/sites\/10\/2025\/01\/Rittershaus.png 600w\" sizes=\"auto, (max-width: 300px) 100vw, 300px\" \/><\/a><\/div><\/div><p>F\u00fcr die Teilnahme an diesem Thementisch bitten wir um Anmeldung.<\/p>\n<p>Anmeldung bitte an: <strong>info@spreewind.de<\/strong><\/p>\n<p>Die Zahlen der f\u00fcr Windprojekte erteilten Genehmigungen sind erfreulicherweise seit dem Jahr 2024 deutlich angestiegen. Insbesondere die Durchbrechung der Negativplanungen zum Ausschluss der Windenergie und umfangreiche Verfahrenserleichterungen sind daf\u00fcr verantwortlich. Dies ist eine erfreuliche Entwicklung. Auch wenn dies sehr positiv ist, sehen wir in der Praxis auch einige Probleme, die bereits jetzt oder k\u00fcnftig die Erteilung von Genehmigungen verhindern oder erschweren k\u00f6nnen. Das betrifft insbesondere die folgenden Themen<\/p>\n<p><strong>&#8211; Antragskonkurrenzen,<\/strong><\/p>\n<p><strong>&#8211; Unsicherheiten bez\u00fcglich des Baurechts f\u00fcr Windenergieanlagen bis und nach Erreichen der Fl\u00e4chenbeitragsziele und<\/strong><\/p>\n<p><strong>&#8211; die Dauer der Genehmigungsverfahren.<\/strong><\/p>\n<p>Lassen Sie uns diese Themen und die von Ihnen in der Praxis festgestellten Probleme sowie m\u00f6gliche L\u00f6sungen gemeinsam diskutieren.<\/p>\n<h4>09:30 \u2013 11:30 Uhr<\/h4><p><strong>Gespr\u00e4chsrunde mit<\/strong><br \/>Ulrich Loetz \u2013 RITTERSHAUS Rechtsanw\u00e4lte PartmbB<\/p><\/div><\/div><\/div><div class=\"toggle group-field\"><div class=\"single-field odd\"><h3 class=\"field-title closed\">Thementisch 4 Nachmittag \u2013 4initia GmbH - Repowering und Umgenehmigung: \u00a7 16b BImSchG im Jahr 2025<span class=\"ui-toggle-header-icon\"><\/span><\/h3><div class=\"field-text\" style=\"display:none;\"><div class=\"location-logos\"><div><a href=\"https:\/\/newsletter.4initia.de\/\" target=\"_blank\"><img loading=\"lazy\" decoding=\"async\" width=\"300\" height=\"85\" src=\"https:\/\/windenergietage.de\/2025\/wp-content\/uploads\/sites\/10\/2018\/01\/4initia_logo-300x85.jpg\" class=\"attachment-medium size-medium\" alt=\"\" srcset=\"https:\/\/windenergietage.de\/2025\/wp-content\/uploads\/sites\/10\/2018\/01\/4initia_logo-300x85.jpg 300w, https:\/\/windenergietage.de\/2025\/wp-content\/uploads\/sites\/10\/2018\/01\/4initia_logo-1024x291.jpg 1024w, https:\/\/windenergietage.de\/2025\/wp-content\/uploads\/sites\/10\/2018\/01\/4initia_logo-768x218.jpg 768w, https:\/\/windenergietage.de\/2025\/wp-content\/uploads\/sites\/10\/2018\/01\/4initia_logo-1536x436.jpg 1536w, https:\/\/windenergietage.de\/2025\/wp-content\/uploads\/sites\/10\/2018\/01\/4initia_logo-2048x581.jpg 2048w\" sizes=\"auto, (max-width: 300px) 100vw, 300px\" \/><\/a><\/div><\/div><p>Bitte melden sie sich f\u00fcr unsere Thementischen unter folgendem Link an:<\/p>\n<p><a href=\"https:\/\/share-eu1.hsforms.com\/1aDqzH7CzQXeE0vcPbtQnfQf62vn\" target=\"_blank\" rel=\"noopener\"><strong>Anmeldung<\/strong><\/a><\/p>\n<h4>14:30 \u2013 15:30 Uhr<\/h4><p><strong>Repowering und Umgenehmigung: \u00a7 16b BImSchG im Jahr 2025<\/strong><br \/> 4initia GmbH<\/p><h4>15:30 \u2013 16:30 Uhr<\/h4><p><strong>Repowering und Umgenehmigung: \u00a7 16b BImSchG im Jahr 2025<\/strong><br \/> 4initia GmbH<\/p><\/div><\/div><\/div><div class=\"toggle group-field\"><div class=\"single-field odd\"><h3 class=\"field-title closed\">Thementisch 5 Vormittag \u2013 Umsetzung RED III \u2013 Was bringen die neuen Regelungen wirklich?<span class=\"ui-toggle-header-icon\"><\/span><\/h3><div class=\"field-text\" style=\"display:none;\"><div class=\"location-logos\"><div><a href=\"https:\/\/rittershaus.net\/startseite.html\" target=\"_blank\"><img loading=\"lazy\" decoding=\"async\" width=\"300\" height=\"62\" src=\"https:\/\/windenergietage.de\/2025\/wp-content\/uploads\/sites\/10\/2025\/01\/Rittershaus-300x62.png\" class=\"attachment-medium size-medium\" alt=\"\" srcset=\"https:\/\/windenergietage.de\/2025\/wp-content\/uploads\/sites\/10\/2025\/01\/Rittershaus-300x62.png 300w, https:\/\/windenergietage.de\/2025\/wp-content\/uploads\/sites\/10\/2025\/01\/Rittershaus.png 600w\" sizes=\"auto, (max-width: 300px) 100vw, 300px\" \/><\/a><\/div><\/div><p>F\u00fcr die Teilnahme an diesem Thementisch bitten wir um Anmeldung.<\/p>\n<p>Anmeldung bitte an: <strong>info@spreewind.de<\/strong><\/p>\n<p><em>Sind die neuen Fristen zur Verfahrensbeschleunigung der Durchbruch und wie funktioniert k\u00fcnftig das Verfahrensmanagement?<\/em><\/p>\n<ul>\n<li><em> 16b BImSchG \u2013 zus\u00e4tzliche Erschwernis oder endlich Klarheit?<\/em><\/li>\n<\/ul>\n<ul>\n<li><em> 6 WindBG oder \u00a7 6b WindBG oder altes Regime \u2013 Ist \u00a7 6b WindBG der nat\u00fcrliche Nachfolger von \u00a7 6 WindBG oder erm\u00f6glicht das nachgelagerte Verfahren zur Ausweisung von Beschleunigungsgebieten, \u00a7 6b WindBG faktisch auf wenige Ausnahmen zu begrenzen?<\/em><\/li>\n<\/ul>\n<ul>\n<li><em> 6 \/ \u00a7 6b WindBG \u2013 ein Vergleich: Was wird besser? <\/em><\/li>\n<\/ul>\n<p><em>Wie passt die naturschutzrechtliche Ausnahme ins System?<\/em><\/p>\n<p><em>Was passiert k\u00fcnftig mit den Rotmilandichtezentren?<\/em><\/p>\n<p><em>Was, wenn sich die Ausweisung des Beschleunigungsgebiets als unwirksam herausstellt?<\/em><\/p>\n<p><em>Zuletzt: Kein Windkraftprojekt ohne Privilegierung nach Fl\u00e4chenzielerreichung \u2013 Klarstellung oder Einschr\u00e4nkung?<\/em><\/p>\n<p><em>Fazit?<\/em><\/p>\n<p><em>Dies und anderes m\u00f6chten wir mit Ihnen diskutieren!<\/em><\/p>\n<h4>09:30 \u2013 11:30 Uhr<\/h4><p><strong>Gespr\u00e4chsrunde mit<\/strong><br \/>Dr. Wolfgang Patzelt \u2013 RITTERSHAUS Rechtsanw\u00e4lte PartmbB<\/p><\/div><\/div><\/div><div class=\"toggle group-field\"><div class=\"single-field odd\"><h3 class=\"field-title closed\">Thementisch 5 Nachmittag \u2013 4initia GmbH - Energiespeicher zwischen Technik, Business Case und Netzrealit\u00e4t<span class=\"ui-toggle-header-icon\"><\/span><\/h3><div class=\"field-text\" style=\"display:none;\"><div class=\"location-logos\"><div><a href=\"https:\/\/newsletter.4initia.de\/\" target=\"_blank\"><img loading=\"lazy\" decoding=\"async\" width=\"300\" height=\"85\" src=\"https:\/\/windenergietage.de\/2025\/wp-content\/uploads\/sites\/10\/2018\/01\/4initia_logo-300x85.jpg\" class=\"attachment-medium size-medium\" alt=\"\" srcset=\"https:\/\/windenergietage.de\/2025\/wp-content\/uploads\/sites\/10\/2018\/01\/4initia_logo-300x85.jpg 300w, https:\/\/windenergietage.de\/2025\/wp-content\/uploads\/sites\/10\/2018\/01\/4initia_logo-1024x291.jpg 1024w, https:\/\/windenergietage.de\/2025\/wp-content\/uploads\/sites\/10\/2018\/01\/4initia_logo-768x218.jpg 768w, https:\/\/windenergietage.de\/2025\/wp-content\/uploads\/sites\/10\/2018\/01\/4initia_logo-1536x436.jpg 1536w, https:\/\/windenergietage.de\/2025\/wp-content\/uploads\/sites\/10\/2018\/01\/4initia_logo-2048x581.jpg 2048w\" sizes=\"auto, (max-width: 300px) 100vw, 300px\" \/><\/a><\/div><\/div><p>Bitte melden sie sich f\u00fcr unsere Thementischen unter folgendem Link an:<\/p>\n<p><a href=\"https:\/\/share-eu1.hsforms.com\/1aDqzH7CzQXeE0vcPbtQnfQf62vn\" target=\"_blank\" rel=\"noopener\"><strong>Anmeldung<\/strong><\/a><\/p>\n<h4>14:30 \u2013 15:30 Uhr<\/h4><p><strong>Energiespeicher zwischen Technik, Business Case und Netzrealit\u00e4t<\/strong><br \/> 4initia GmbH<\/p><h4>15:30 \u2013 16:30 Uhr<\/h4><p><strong>Energiespeicher zwischen Technik, Business Case und Netzrealit\u00e4t<\/strong><br \/> 4initia GmbH<\/p><\/div><\/div><\/div><div class=\"toggle group-field\"><div class=\"single-field odd\"><h3 class=\"field-title closed\">Thementisch 6 Vormittag \u2013 Iberdrola Deutschland: Netzanschl\u00fcsse, regulatorischer Hintergrund, Vor- und Nachteile sowie Hybridisierung von Anlagen<span class=\"ui-toggle-header-icon\"><\/span><\/h3><div class=\"field-text\" style=\"display:none;\"><div class=\"location-logos\"><div><a href=\"https:\/\/www.iberdrola.de\/\" target=\"_blank\"><img loading=\"lazy\" decoding=\"async\" width=\"300\" height=\"137\" src=\"https:\/\/windenergietage.de\/2025\/wp-content\/uploads\/sites\/10\/2018\/01\/iberdrola-logo-300x137.jpg\" class=\"attachment-medium size-medium\" alt=\"\" srcset=\"https:\/\/windenergietage.de\/2025\/wp-content\/uploads\/sites\/10\/2018\/01\/iberdrola-logo-300x137.jpg 300w, https:\/\/windenergietage.de\/2025\/wp-content\/uploads\/sites\/10\/2018\/01\/iberdrola-logo.jpg 332w\" sizes=\"auto, (max-width: 300px) 100vw, 300px\" \/><\/a><\/div><\/div><p>Grid Connections, regulatory background, pros and cons and hybridization of assets<\/p>\n<p><strong>Anmeldung zum Thementisch bitte an Sebastian Bottcher:<\/strong> <a href=\"mailto:sbottcher@iberdrola.de\">sbottcher@iberdrola.de<\/a><\/p>\n<h4>09:30 \u2013 11:30 Uhr<\/h4><p><strong>Gespr\u00e4chsrunde mit Sebastian Boettcher<\/strong><br \/> <\/p><\/div><\/div><\/div><div class=\"toggle group-field\"><div class=\"single-field odd\"><h3 class=\"field-title closed\">Thementisch 6 Nachmittag \u2013 4initia GmbH - Vom Betrieb zum Wert: Wo trennen sich technische Betriebsf\u00fchrung und Assetmanagement?<span class=\"ui-toggle-header-icon\"><\/span><\/h3><div class=\"field-text\" style=\"display:none;\"><div class=\"location-logos\"><div><a href=\"https:\/\/newsletter.4initia.de\/\" target=\"_blank\"><img loading=\"lazy\" decoding=\"async\" width=\"300\" height=\"85\" src=\"https:\/\/windenergietage.de\/2025\/wp-content\/uploads\/sites\/10\/2018\/01\/4initia_logo-300x85.jpg\" class=\"attachment-medium size-medium\" alt=\"\" srcset=\"https:\/\/windenergietage.de\/2025\/wp-content\/uploads\/sites\/10\/2018\/01\/4initia_logo-300x85.jpg 300w, https:\/\/windenergietage.de\/2025\/wp-content\/uploads\/sites\/10\/2018\/01\/4initia_logo-1024x291.jpg 1024w, https:\/\/windenergietage.de\/2025\/wp-content\/uploads\/sites\/10\/2018\/01\/4initia_logo-768x218.jpg 768w, https:\/\/windenergietage.de\/2025\/wp-content\/uploads\/sites\/10\/2018\/01\/4initia_logo-1536x436.jpg 1536w, https:\/\/windenergietage.de\/2025\/wp-content\/uploads\/sites\/10\/2018\/01\/4initia_logo-2048x581.jpg 2048w\" sizes=\"auto, (max-width: 300px) 100vw, 300px\" \/><\/a><\/div><\/div><p>Bitte melden sie sich f\u00fcr unsere Thementischen unter folgendem Link an:<\/p>\n<p><a href=\"https:\/\/share-eu1.hsforms.com\/1aDqzH7CzQXeE0vcPbtQnfQf62vn\" target=\"_blank\" rel=\"noopener\"><strong>Anmeldung<\/strong><\/a><\/p>\n<h4>14:30 \u2013 15:30 Uhr<\/h4><p><strong>Vom Betrieb zum Wert: Wo trennen sich technische Betriebsf\u00fchrung und Assetmanagement?<\/strong><br \/> 4initia GmbH<\/p><h4>15:30 \u2013 16:30 Uhr<\/h4><p><strong>Vom Betrieb zum Wert: Wo trennen sich technische Betriebsf\u00fchrung und Assetmanagement?<\/strong><br \/> 4initia GmbH<\/p><\/div><\/div><\/div><div class=\"toggle group-field\"><div class=\"single-field odd\"><h3 class=\"field-title closed\">Thementisch 7 Vormittag \u2013 TEALFOX: K\u00f6nner von der Seite: Die geheime Zutat im Fachkr\u00e4fte-Rezept<span class=\"ui-toggle-header-icon\"><\/span><\/h3><div class=\"field-text\" style=\"display:none;\"><div class=\"location-logos\"><div><a href=\"https:\/\/www.tealfox.io\/\" target=\"_blank\"><img loading=\"lazy\" decoding=\"async\" width=\"225\" height=\"225\" src=\"https:\/\/windenergietage.de\/2025\/wp-content\/uploads\/sites\/10\/2025\/08\/tealfox.png\" class=\"attachment-medium size-medium\" alt=\"\" srcset=\"https:\/\/windenergietage.de\/2025\/wp-content\/uploads\/sites\/10\/2025\/08\/tealfox.png 225w, https:\/\/windenergietage.de\/2025\/wp-content\/uploads\/sites\/10\/2025\/08\/tealfox-150x150.png 150w\" sizes=\"auto, (max-width: 225px) 100vw, 225px\" \/><\/a><\/div><\/div><p><strong>Featuring: Live-Session mit Franziska Fischer, BEERMANN Energiesysteme<\/strong><\/p>\n<p>Der Fachkr\u00e4ftemangel bremst \u2013 doch Quereinsteiger:innen k\u00f6nnen den Unterschied machen. Franziska Fischer, einst Bereichsleiterin in der IT, wechselte aus einer Sinnkrise heraus in die Erneuerbaren und gestaltet heute bei BEERMANN Energiesysteme aktiv die Energiewende mit. Sie ist ein Beispiel f\u00fcr das Potenzial mutiger Neuanf\u00e4nge.<\/p>\n<p>Moderiert von den Gr\u00fcnderinnen von Tealfox, l\u00e4dt dieser Thementisch dazu ein, Auswahl-, Onboarding- und Entwicklung neu zu denken.<\/p>\n<p>Wer sich fragt,<br \/>\n\u2013 ob das eigene Unternehmen Fachkr\u00e4ftemangel nur verwaltet oder aktiv gestaltet,<br \/>\n\u2013 wie bewusst Chancen f\u00fcr Quereinsteiger:innen genutzt werden,<br \/>\n\u2013 und wo ungenutztes Potenzial im System schlummert,<br \/>\nist hier genau richtig.<\/p>\n<p>Dieser Thementisch ist ein Mutmacher f\u00fcr beide Seiten \u2013 Unternehmen und Quereinsteiger:innen \u2013, die Fachkr\u00e4ftemangel nicht beklagen, sondern gestalten wollen.<\/p>\n<p><strong>Anmeldung f\u00fcr den Thementisch bitte an: stella@tealfox.io<\/strong><\/p>\n<h4>09:30 \u2013 11:30 Uhr<\/h4><p><strong>Gespr\u00e4chsrunde mit Stella Willborn und Mariola Wittek<\/strong><br \/> tealfox - Wir entwickeln die Organisation der Zukunft <\/p><\/div><\/div><\/div><div class=\"toggle group-field\"><div class=\"single-field odd\"><h3 class=\"field-title closed\">Thementisch 7 Nachmittag \u2013 Iberdrola Deutschland: Fremder Wind im heimischen Wald \u2013 Wie Akzeptanz trotzdem gelingt<span class=\"ui-toggle-header-icon\"><\/span><\/h3><div class=\"field-text\" style=\"display:none;\"><div class=\"location-logos\"><div><a href=\"https:\/\/www.iberdrola.de\/\" target=\"_blank\"><img loading=\"lazy\" decoding=\"async\" width=\"300\" height=\"137\" src=\"https:\/\/windenergietage.de\/2025\/wp-content\/uploads\/sites\/10\/2018\/01\/iberdrola-logo-300x137.jpg\" class=\"attachment-medium size-medium\" alt=\"\" srcset=\"https:\/\/windenergietage.de\/2025\/wp-content\/uploads\/sites\/10\/2018\/01\/iberdrola-logo-300x137.jpg 300w, https:\/\/windenergietage.de\/2025\/wp-content\/uploads\/sites\/10\/2018\/01\/iberdrola-logo.jpg 332w\" sizes=\"auto, (max-width: 300px) 100vw, 300px\" \/><\/a><\/div><\/div><p>Windparks stellen f\u00fcr Gemeinden eine Ver\u00e4nderung dar \u2013 ganz besonders, wenn das Projekt im \u2018heiligen\u2019 Wald liegt. Bei diesem Tisch wollen wir dar\u00fcber diskutieren<\/p>\n<ul>\n<li>Wie das \u2018Gewohnheitstier\u2019 Mensch auf diese Ver\u00e4nderung reagiert<\/li>\n<li>Welche emotionalen Mechanismen dahinter stecken<\/li>\n<li>Wie man souverain damit umgeht und zielgerichtet kommunizieren kann, um Akzeptanz zu erh\u00f6hen<\/li>\n<li>Wie man Promotoren fuer das Projekt mobilisiert und st\u00e4rkt und Gegnern begegnet<\/li>\n<\/ul>\n<p><strong>Anmeldung zum Thementisch an: Markus Kissing &#8211; <a href=\"mailto:mkissing@iberdrola.de\">mkissing@iberdrola.de<\/a><\/strong><\/p>\n<h4>14:30 \u2013 16:30 Uhr<\/h4><p><strong>Gespr\u00e4chsrunde mit Markus Kissing<\/strong><br \/> <\/p><\/div><\/div><\/div><div class=\"toggle group-field\"><div class=\"single-field odd\"><h3 class=\"field-title closed\">Thementisch 8 Vormittag \u2013 digital@work: Digitalisierungspflicht nach RED III<span class=\"ui-toggle-header-icon\"><\/span><\/h3><div class=\"field-text\" style=\"display:none;\"><div class=\"location-logos\"><div><a href=\"https:\/\/www.digital-at-work.de\/\" target=\"_blank\"><img loading=\"lazy\" decoding=\"async\" width=\"225\" height=\"225\" src=\"https:\/\/windenergietage.de\/2025\/wp-content\/uploads\/sites\/10\/2025\/08\/digital@work.png\" class=\"attachment-medium size-medium\" alt=\"\" srcset=\"https:\/\/windenergietage.de\/2025\/wp-content\/uploads\/sites\/10\/2025\/08\/digital@work.png 225w, https:\/\/windenergietage.de\/2025\/wp-content\/uploads\/sites\/10\/2025\/08\/digital@work-150x150.png 150w\" sizes=\"auto, (max-width: 225px) 100vw, 225px\" \/><\/a><\/div><\/div><p><strong>Anmeldungen f\u00fcr den Thementisch bitte an: lisa.yilmaz@digital-at-work.de<\/strong><\/p>\n<h4>09:30 \u2013 11:00 Uhr<\/h4><p><strong>Digitalisierungspflicht nach RED III \u2013 wie setzen wir das schlau um?!<\/strong><br \/>Jens Kulenkampff \u2013 digital@work GmbH<\/p><\/div><\/div><\/div><div class=\"toggle group-field\"><div class=\"single-field odd\"><h3 class=\"field-title closed\">Thementisch 8 Nachmittag \u2013 TEALFOX: Z\u00fcndeln erlaubt - l\u00f6schen auch: Wie Konflikte Unternehmen voran bringen<span class=\"ui-toggle-header-icon\"><\/span><\/h3><div class=\"field-text\" style=\"display:none;\"><div class=\"location-logos\"><div><a href=\"https:\/\/www.tealfox.io\/\" target=\"_blank\"><img loading=\"lazy\" decoding=\"async\" width=\"225\" height=\"225\" src=\"https:\/\/windenergietage.de\/2025\/wp-content\/uploads\/sites\/10\/2025\/08\/tealfox.png\" class=\"attachment-medium size-medium\" alt=\"\" srcset=\"https:\/\/windenergietage.de\/2025\/wp-content\/uploads\/sites\/10\/2025\/08\/tealfox.png 225w, https:\/\/windenergietage.de\/2025\/wp-content\/uploads\/sites\/10\/2025\/08\/tealfox-150x150.png 150w\" sizes=\"auto, (max-width: 225px) 100vw, 225px\" \/><\/a><\/div><\/div><p>In Projekten, in Teams, zwischen Anspruch und Alltag: Konflikte entstehen \u00fcberall dort, wo Menschen etwas bewegen wollen.<\/p>\n<p>Wo in deinem Arbeitsalltag sp\u00fcrst du Reibung \u2013 und wie gehst du damit um?<\/p>\n<p>Was vermeidest du lieber: Konflikte oder Klartext? Welche Haltung zu Konflikten sp\u00fcrst du im Alltag eurer Organisation?<\/p>\n<p>In dieser interaktiven Session der Gr\u00fcnderinnen von Tealfox, erfahrene Begleiterinnen von Mediationsprozessen, entdecken die Teilnehmenden, wie Konflikte wirken, welche eigenen Muster dabei aktiv werden \u2013 und wie daraus neue Handlungsr\u00e4ume entstehen k\u00f6nnen.<\/p>\n<p>Mit an Board: Mini-\u00dcbungen, Selbstchecks und eigene Praxisf\u00e4lle bearbeiten. Ein Thementisch f\u00fcr alle, die Konflikte als Antrieb statt als Blockade nutzen wollen.<\/p>\n<p><strong>Anmeldung f\u00fcr den Thementisch bitte an: stella@tealfox.io<\/strong><\/p>\n<h4>14:30 \u2013 16:30 Uhr<\/h4><p><strong>Gespr\u00e4chsrunde mit Stella Willborn und Mariola Wittek<\/strong><br \/> tealfox - Wir entwickeln die Organisation der Zukunft <\/p><\/div><\/div><\/div><div class=\"toggle group-field\"><div class=\"single-field odd\"><h3 class=\"field-title closed\">Thementisch 9 Vormittag \u2013 Hendricks &amp; Schwartz: Fakten oder Gef\u00fchle? Wie begegnen Sie emotionalem Widerstand gegen Windenergieprojekte?<span class=\"ui-toggle-header-icon\"><\/span><\/h3><div class=\"field-text\" style=\"display:none;\"><div class=\"location-logos\"><div><a href=\"https:\/\/www.hendricks-schwartz.com\/\" target=\"_blank\"><img loading=\"lazy\" decoding=\"async\" width=\"300\" height=\"43\" src=\"https:\/\/windenergietage.de\/2025\/wp-content\/uploads\/sites\/10\/2025\/08\/Hendricks-Schwartz-300x43.png\" class=\"attachment-medium size-medium\" alt=\"\" srcset=\"https:\/\/windenergietage.de\/2025\/wp-content\/uploads\/sites\/10\/2025\/08\/Hendricks-Schwartz-300x43.png 300w, https:\/\/windenergietage.de\/2025\/wp-content\/uploads\/sites\/10\/2025\/08\/Hendricks-Schwartz.png 594w\" sizes=\"auto, (max-width: 300px) 100vw, 300px\" \/><\/a><\/div><\/div><h4>09:30 \u2013 11:30 Uhr<\/h4><p><strong>Gespr\u00e4chsrunde mit Arnold Vitez<\/strong><br \/>Arnold Vitez \u2013 Director, Prokurist Hendricks &amp; Schwartz GmbH<\/p><p>Windenergieprojekte sind technisch durchdacht und genehmigungsrechtlich fundiert \u2013 und sto\u00dfen dennoch oft auf massiven Widerstand. Emotionen, \u00c4ngste und lokale Identit\u00e4ten pr\u00e4gen die \u00f6ffentliche Wahrnehmung oft st\u00e4rker als Fakten. Wie k\u00f6nnen Projektierer diesen Dynamiken begegnen, ohne ihre sachliche Linie zu verlieren? Welche Kommunikationsstrategien helfen, Vertrauen aufzubauen und Konflikte zu entsch\u00e4rfen? Dieser Thementisch l\u00e4dt zur Diskussion \u00fcber Erfahrungen, Fallstricke und wirksame Ans\u00e4tze im Umgang mit emotionalem Widerstand ein.<\/p>\n<p><strong>Ihre Anmeldung<\/strong> zum Thementisch richten Sie bitte an <strong>Arnold Vitez <\/strong>unter <strong><a href=\"mailto:av@hendricks-schwartz.com\">av@hendricks-schwartz.com<\/a><\/strong><\/p>\n<\/div><\/div><\/div><div class=\"toggle group-field\"><div class=\"single-field odd\"><h3 class=\"field-title closed\">Thementisch 9 Nachmittag \u2013 Orange Cyberdefense: Regulatorik in der OT-Security. Show-Stopper oder Enabler?<span class=\"ui-toggle-header-icon\"><\/span><\/h3><div class=\"field-text\" style=\"display:none;\"><div class=\"location-logos\"><div><a href=\"https:\/\/www.orangecyberdefense.com\/\" target=\"_blank\"><img loading=\"lazy\" decoding=\"async\" width=\"300\" height=\"45\" src=\"https:\/\/windenergietage.de\/2025\/wp-content\/uploads\/sites\/10\/2025\/08\/Orange-Cyberdefense-300x45.png\" class=\"attachment-medium size-medium\" alt=\"\" srcset=\"https:\/\/windenergietage.de\/2025\/wp-content\/uploads\/sites\/10\/2025\/08\/Orange-Cyberdefense-300x45.png 300w, https:\/\/windenergietage.de\/2025\/wp-content\/uploads\/sites\/10\/2025\/08\/Orange-Cyberdefense.png 578w\" sizes=\"auto, (max-width: 300px) 100vw, 300px\" \/><\/a><\/div><\/div><p>In Zeiten von hybrider Kriegsf\u00fchrung und regierungssubventionierter Angreifergruppen wie Volt, Flax oder Salt ist es f\u00fcr Energieunternehmen wichtig, Verteidigungsmechanismen und Angriffserkennung zu integrieren. Regulatorische Frameworks (wie NIS2, IEC62443, KRITIS oder auch der CRA) k\u00f6nnen uns dabei helfen, die Voraussetzungen daf\u00fcr zu schaffen.<\/p>\n<p>&nbsp;<\/p>\n<p><span style=\"color: #ff6600\"><strong>Anmeldung f\u00fcr die Teilnahme an: leon.theis@orangecyberdefense.com<\/strong><\/span><\/p>\n<h4>14:30 \u2013 16:30 Uhr<\/h4><p><strong>Gespr\u00e4chsrunde mit Leon Theis<\/strong><br \/> <\/p><\/div><\/div><\/div><div class=\"toggle group-field\"><div class=\"single-field odd\"><h3 class=\"field-title closed\">Thementisch 10 Vormittag \u2013 Copernicus Netzwerkb\u00fcro Energie: Anforderungen an kostenfreie Daten f\u00fcr die Windenergiebranche<span class=\"ui-toggle-header-icon\"><\/span><\/h3><div class=\"field-text\" style=\"display:none;\"><div class=\"location-logos\"><div><a href=\"https:\/\/www.d-copernicus.de\/\" target=\"_blank\"><img loading=\"lazy\" decoding=\"async\" width=\"299\" height=\"168\" src=\"https:\/\/windenergietage.de\/2025\/wp-content\/uploads\/sites\/10\/2025\/08\/Copernicus-Netzwerkbuero-Energie.jpg\" class=\"attachment-medium size-medium\" alt=\"\" \/><\/a><\/div><\/div><p><strong><u>\u201eW\u00fcnsch-dir-was-Box\u201c Windenergie-Edition: \u00a0frei zug\u00e4ngliche, kostenfreie Erdbeobachtungs- und Modeldaten\u201c<\/u><\/strong><\/p>\n<p>Diese Box steht unabh\u00e4ngig von der Teilnahme am Thementisch den Besuchern der Veranstaltung zur Verf\u00fcgung, um Ihre Bedarfe und Anforderungen zur Nutzung von Copernicus-Daten und -Diensten und weiteren Datens\u00e4tzen anonym zu \u00e4u\u00dfern. Gleichzeitig soll die Box die Chance bieten, W\u00fcnsche an die Verf\u00fcgbarkeit und Bereitstellung, techn. Anforderungen, die Art der Produkte, die Formate der Daten und \u00c4hnliches zu stellen.<\/p>\n<h4>09:30 \u2013 10:25 Uhr<\/h4><p><strong>Themeninsel Teil A: Die Nutzung von Copernicus-Daten und -Diensten in der Windenergie<\/strong><br \/>Eileen Kuhl, Jaqueline Dr\u00fccke<\/p><p>Der erste Teil des Thementisches besch\u00e4ftigt sich mit dem IST-Zustand. Wir wollen gemeinsam analysieren, in welchen Bereichen der Windenergiebranche Copernicus-Daten und -Dienste und weitere Datens\u00e4tze (z.B. Leistungen des Deutschen Wetterdienstes) genutzt werden und auf welche Art und Weise dies geschieht.<\/p>\n<ul>\n<li>Welche Daten und Produkte werden f\u00fcr welche Art der Anwendung genutzt?<\/li>\n<li>Warum werden diese Produkte genutzt?<\/li>\n<li>Warum werden Daten und Produkte nicht benutzt?<\/li>\n<li>Welche Tools sind bekannt?<\/li>\n<li>K\u00f6nnen Dienste von Copernicus identifiziert werden, die in der Windenergiebranche vermehrt genutzt werden?<\/li>\n<li>Welche Daten sind relevant f\u00fcr (Umwelt)-Monitoring\/ Umweltvertr\u00e4glichkeitspr\u00fcfungen\/ f\u00fcr die Windparkprojektierung\/ Potenzialfl\u00e4chenanalysen (z. B. Fl\u00e4chenumnutzungen)?<\/li>\n<li>Datengrundlagen und Unterschiede im On- und Offshore-Bereich?<\/li>\n<\/ul>\n<p><strong>Anmeldung via E-Mail \u00fcber: <\/strong><a href=\"mailto:copernicus-energie@dwd.de\">copernicus-energie@dwd.de<\/a><\/p>\n<p><u>Bitte folgenden Betreff angeben<\/u>:<strong> Anmeldung Windenergietage Themeninsel Copernicus Netzwerkb\u00fcro Energie [hier Nachname einf\u00fcgen]<\/strong><\/p>\n<p><u>Bitte geben Sie an, an welcher Runde Sie teilnehmen m\u00f6chten<\/u><strong>. <\/strong><\/p>\n<p><strong>\u00a0<\/strong><\/p>\n<p>Bei freien Pl\u00e4tzen ist eine spontane Teilnahme m\u00f6glich.<\/p>\n<h4>10:35 \u2013 11:30 Uhr<\/h4><p><strong>Themeninsel Teil B: Was braucht es (Neues)?<\/strong><br \/>Eileen Kuhl, Jaqueline Dr\u00fccke<\/p><p>Im zweiten Teil besch\u00e4ftigen wir uns mit den Anforderungen und Neuerungen, die es braucht, um die Anwendung der Copernicus-Daten und -Dienste im Windenergiesektor erfolgreicher zu machen. Dies beginnt bei dem Bedarf an Produkten und geht bis hin zu kommunikativen Aspekten und Schulungsmaterialien.<\/p>\n<ul>\n<li>Welche Produkte fehlen Ihnen?<\/li>\n<li>Welche (r\u00e4umlichen und zeitlichen) Aufl\u00f6sungen m\u00fcssen je nach Anwendungsfeld vorhanden sein?<\/li>\n<li>Welche kostenfreien Datens\u00e4tze w\u00fcrden helfen, um Projektierung\/ Monitoring\/ UVPs\/ Potenzialfl\u00e4chenanalysen kosteng\u00fcnstiger zu gestalten?<\/li>\n<li>Welche Tools m\u00fcssten bereitstehen, um eine Anwendung der Daten zu f\u00f6rdern?<\/li>\n<li>Welche Art von Schulungen oder Tutorials w\u00e4ren sinnvoll und zielf\u00fchrend?<\/li>\n<\/ul>\n<p><strong>Anmeldung via E-Mail \u00fcber: <\/strong><a href=\"mailto:copernicus-energie@dwd.de\">copernicus-energie@dwd.de<\/a><\/p>\n<p><u>Bitte folgenden Betreff angeben<\/u>:<strong> Anmeldung Windenergietage Themeninsel Copernicus Netzwerkb\u00fcro Energie [hier Nachname einf\u00fcgen]<\/strong><\/p>\n<p><u>Bitte geben Sie an, an welcher Runde Sie teilnehmen m\u00f6chten<\/u>.<\/p>\n<p>Bei freien Pl\u00e4tzen ist eine spontane Teilnahme m\u00f6glich.<\/p>\n<\/div><\/div><\/div><div class=\"toggle group-field\"><div class=\"single-field odd\"><h3 class=\"field-title closed\">Thementisch 10 Nachmittag \u2013 Wind und Speicher: Synergien f\u00fcr das Energiesystem von morgen<span class=\"ui-toggle-header-icon\"><\/span><\/h3><div class=\"field-text\" style=\"display:none;\"><div class=\"location-logos\"><div><a href=\"https:\/\/www.suena.energy\/\" target=\"_blank\"><img loading=\"lazy\" decoding=\"async\" width=\"270\" height=\"148\" src=\"https:\/\/windenergietage.de\/2025\/wp-content\/uploads\/sites\/10\/2025\/10\/suena.jpg\" class=\"attachment-medium size-medium\" alt=\"\" \/><\/a><\/div><\/div><p>Die Zukunft der Windenergie liegt nicht nur im Wind, sondern in der Verbindung mit Speichertechnologien. Lassen Sie uns gemeinsam erkunden, wie diese Synergie das Energiesystem transformiert \u2013 von der Stromerzeugung bis zur Vermarktung.<\/p>\n<p><strong>Anmeldung bitte an<\/strong> <a href=\"mailto:info@suena.energy\">info@suena.energy<\/a><\/p>\n<h4>14:30 \u2013 16:30 Uhr<\/h4><p><strong>Gespr\u00e4chsrunde mit Phillip Goethe (Head of Business Development &amp; Sales)<\/strong><br \/> suena GmbH<\/p><\/div><\/div><\/div><\/div><\/div><\/article><article class=\"talk-date\"><header class=\"field-title closed\"><h2 class=\"post-title\">14. November 2025 (09:30 \u2013 11:30 Uhr)<\/h2><span class=\"ui-toggle-header-icon\"><\/span><\/header><div class=\"post-wrapper\" style=\"display:none;\"><div class=\"post-content\"><div class=\"toggle group-field\"><div class=\"single-field odd\"><h3 class=\"field-title closed\">Thementisch 1 \u2013 R\u00fcckWert<span class=\"ui-toggle-header-icon\"><\/span><\/h3><div class=\"field-text\" style=\"display:none;\"><div class=\"location-logos\"><div><a href=\"https:\/\/xn--rckwert-n2a.ch\/\" target=\"_blank\"><img loading=\"lazy\" decoding=\"async\" width=\"300\" height=\"300\" src=\"https:\/\/windenergietage.de\/2025\/wp-content\/uploads\/sites\/10\/2025\/08\/RueckWert-300x300.jpg\" class=\"attachment-medium size-medium\" alt=\"\" srcset=\"https:\/\/windenergietage.de\/2025\/wp-content\/uploads\/sites\/10\/2025\/08\/RueckWert-300x300.jpg 300w, https:\/\/windenergietage.de\/2025\/wp-content\/uploads\/sites\/10\/2025\/08\/RueckWert-150x150.jpg 150w, https:\/\/windenergietage.de\/2025\/wp-content\/uploads\/sites\/10\/2025\/08\/RueckWert-768x768.jpg 768w, https:\/\/windenergietage.de\/2025\/wp-content\/uploads\/sites\/10\/2025\/08\/RueckWert.jpg 1024w\" sizes=\"auto, (max-width: 300px) 100vw, 300px\" \/><\/a><\/div><\/div><h4>09:30 \u2013 12:00 Uhr<\/h4><p><strong>Deckt die R\u00fcckbaukaution in 20 Jahren die R\u00fcckbaukosten noch ab?<\/strong><br \/>Sabrina Baumann  \u2013 R\u00fcckWert<\/p><p>Die Kreisverwaltungen fordern bei der Genehmigung von Windkraftanlagen eine finanzielle Absicherung f\u00fcr den sp\u00e4teren R\u00fcckbau \u2013 die R\u00fcckbaukaution.<\/p>\n<p>Doch wie inflationssicher ist Ihr \u201eGeld\u201c \u00fcber 20, 30 Jahre hinweg?<\/p>\n<p>Informieren Sie sich \u00fcber ein werterhaltendes, flexibles und f\u00fcr Sie kalkulierbares Gesamtpaket \u2013 eine Alternative zur klassischen Barkaution in Kombination mit der Bankb\u00fcrgschaft:<\/p>\n<p>a) die R\u00fcckdeckung durch Gold oder Edelmetalle \u2013 sicher, transparent und inflationsgesch\u00fctzt in Kombination mit<\/p>\n<p>b) einer Absicherung, um jedes Risiko auszuschlie\u00dfen und Sie als Betreiber und\/oder Grundst\u00fcckseigent\u00fcmer vor Sch\u00e4den und Regressanspr\u00fcchen zu sch\u00fctzen.<\/p>\n<p><strong>Anmeldung \u00fcber <a href=\"mailto:Info@R\u00fcckwert.ch\">Info@R\u00fcckwert.ch<\/a><\/strong><\/p>\n<\/div><\/div><\/div><\/div><\/div><\/article><\/div>\n<p>&nbsp;<\/p>\n<p style=\"font-weight: 400\"><strong>Was ist eigentlich ein Thementisch ?<\/strong><\/p>\n<p style=\"font-weight: 400\">Austausch und Vernetzung sind die Treiber von Innovationen und neuen Kooperationen f\u00fcr die Energiewende.<\/p>\n<p style=\"font-weight: 400\">Daher wurde 2021 das Format Thementisch von einer Teilnehmerin entwickelt und sehr erfolgreich umgesetzt.<\/p>\n<p style=\"font-weight: 400\">Organisieren Sie ein interaktives Wissens- und Gespr\u00e4chsformat auf den Windenergietagen.<\/p>\n<p style=\"font-weight: 400\">Nehmen Sie an runden Tische Platz und diskutieren Sie nach einem kurzen, fachlichen Impuls mit den Branchenakteuren.<\/p>\n<p style=\"font-weight: 400\">Die Tische bieten Platz f\u00fcr 9 Personen und dem Impulsgeber. Gerne auch mehrere Tische.<\/p>\n<p style=\"font-weight: 400\">Ort: Restaurant Zeppelin<\/p>\n<p style=\"font-weight: 400\">12.11: 17 \u2013 19 Uhr, danach Abendessen<br \/>\n13.11: 9:30 \u2013 11:30 Uhr \u2013 Mittagessen \u2013 14:30 \u2013 16:30 Uhr<br \/>\n14.11: 9:30 \u2013 11:30 Uhr \u2013 Mittagessen<\/p>\n<div class=\"clear line\"><\/div>\n<h2>Weitere Veranstaltungen<\/h2>\n<ul>\n<li><strong><a href=\"https:\/\/spreewindrunde.de\/\" target=\"_blank\" rel=\"noopener\">16. Juni 2026 Spreewindrunde &#8211; Landgut Stober<\/a><\/strong><\/li>\n<li><a href=\"https:\/\/windrecht-update.de\/\" target=\"_blank\" rel=\"noopener\"><strong>17. + 18. Juni 2026 Windrecht Update &#8211; Landgut Stober<\/strong><\/a><\/li>\n<li><strong><a href=\"https:\/\/windenergietage.de\/2026\/\" target=\"_blank\" rel=\"noopener\">10. &#8211; 12. November 2026 Windenergietage 2026 in Linstow<\/a><\/strong><\/li>\n<\/ul>\n<p>Informationen zu den Veranstaltungen finden Sie auf <strong><a href=\"https:\/\/spreewind.de\/\" target=\"_blank\" rel=\"noopener\">spreewind.de<\/a><\/strong><\/p>\n\n<div class=\"clear line\"><\/div>\n","protected":false},"excerpt":{"rendered":"<p>Entscheidungen &#8211; denn es ist ihre Welt &nbsp; Gerne k\u00f6nnen Sie sich bereits f\u00fcr die Windenergietage 2026 in Linstow anmelden: Anmeldung Windenergietage 2026 DAS PROGRAMMHEFT ALS PDF DER SPREEWINDSPIEGEL ALS&#8230;<\/p>\n","protected":false},"author":1,"featured_media":0,"parent":0,"menu_order":0,"comment_status":"closed","ping_status":"closed","template":"","meta":{"_acf_changed":false,"footnotes":""},"class_list":["post-613","page","type-page","status-publish","hentry"],"acf":[],"_links":{"self":[{"href":"https:\/\/windenergietage.de\/2025\/wp-json\/wp\/v2\/pages\/613","targetHints":{"allow":["GET"]}}],"collection":[{"href":"https:\/\/windenergietage.de\/2025\/wp-json\/wp\/v2\/pages"}],"about":[{"href":"https:\/\/windenergietage.de\/2025\/wp-json\/wp\/v2\/types\/page"}],"author":[{"embeddable":true,"href":"https:\/\/windenergietage.de\/2025\/wp-json\/wp\/v2\/users\/1"}],"replies":[{"embeddable":true,"href":"https:\/\/windenergietage.de\/2025\/wp-json\/wp\/v2\/comments?post=613"}],"version-history":[{"count":132,"href":"https:\/\/windenergietage.de\/2025\/wp-json\/wp\/v2\/pages\/613\/revisions"}],"predecessor-version":[{"id":8055,"href":"https:\/\/windenergietage.de\/2025\/wp-json\/wp\/v2\/pages\/613\/revisions\/8055"}],"wp:attachment":[{"href":"https:\/\/windenergietage.de\/2025\/wp-json\/wp\/v2\/media?parent=613"}],"curies":[{"name":"wp","href":"https:\/\/api.w.org\/{rel}","templated":true}]}}